{"id":19,"date":"2017-04-28T12:34:18","date_gmt":"2017-04-28T10:34:18","guid":{"rendered":"http:\/\/re-preprod-entreprendre.fr\/93\/?page_id=19"},"modified":"2025-10-17T17:56:06","modified_gmt":"2025-10-17T15:56:06","slug":"contact","status":"publish","type":"page","link":"https:\/\/www.reseau-entreprendre.org\/93\/contact\/","title":{"rendered":"Contact"},"content":{"rendered":"\n<h2 class=\"wp-block-heading\" id=\"vous-souhaitez-etre-accompagne\">Vous souhaitez&#8230;<\/h2>\n\n\n\n<div style=\"height:20px\" aria-hidden=\"true\" class=\"wp-block-spacer\"><\/div>\n\n\n\n<div class=\"wp-block-group is-content-justification-left is-nowrap is-layout-flex wp-container-core-group-is-layout-f56a869c wp-block-group-is-layout-flex\">\n<div class=\"wp-block-buttons is-layout-flex wp-block-buttons-is-layout-flex\">\n<div class=\"wp-block-button is-style-outline is-style-outline--1\"><a class=\"wp-block-button__link has-re-red-color has-text-color wp-element-button\" href=\"https:\/\/www.reseau-entreprendre.org\/93\/deposer-une-demande\/\" style=\"border-radius:4px\"><strong>ENTREPRENDRE<\/strong><\/a><\/div>\n<\/div>\n\n\n\n<div class=\"wp-block-buttons is-layout-flex wp-block-buttons-is-layout-flex\">\n<div class=\"wp-block-button has-custom-width wp-block-button__width-100 is-style-outline is-style-outline--2\"><a class=\"wp-block-button__link has-re-yellow-color has-text-color wp-element-button\" href=\"https:\/\/www.reseau-entreprendre.org\/93\/formulaire-benevole\/\" style=\"border-radius:4px\"><strong>\u00caTRE MEMBRE<\/strong><\/a><\/div>\n<\/div>\n\n\n\n<div class=\"wp-block-buttons is-layout-flex wp-block-buttons-is-layout-flex\">\n<div class=\"wp-block-button is-style-outline is-style-outline--3\"><a class=\"wp-block-button__link has-re-blue-color has-text-color wp-element-button\" href=\"https:\/\/www.reseau-entreprendre.org\/93\/formulaire-partenaire\/\" style=\"border-radius:4px\"><strong>SOUTENIR<\/strong><\/a><\/div>\n<\/div>\n<\/div>\n\n\n\n<div style=\"height:34px\" aria-hidden=\"true\" class=\"wp-block-spacer\"><\/div>\n\n\n\n<h2 class=\"wp-block-heading\" id=\"vous-souhaitez-devenir-mentor\">Vous souhaitez devenir mentor ?<\/h2>\n\n\n\n<div style=\"height:20px\" aria-hidden=\"true\" class=\"wp-block-spacer\"><\/div>\n\n\n\n<div class=\"wp-block-buttons is-layout-flex wp-block-buttons-is-layout-flex\">\n<div class=\"wp-block-button is-style-outline is-style-outline--4\"><a class=\"wp-block-button__link has-re-blue-color has-text-color wp-element-button\" href=\"https:\/\/www.reseau-entreprendre.org\/93\/deposer-une-demande\/\" style=\"border-radius:6px\">Cliquez ici pour prendre contact avec notre \u00e9quipe<\/a><\/div>\n<\/div>\n\n\n\n<div style=\"height:34px\" aria-hidden=\"true\" class=\"wp-block-spacer\"><\/div>\n\n\n\n<hr class=\"wp-block-separator has-css-opacity\" \/>\n\n\n\n<div style=\"height:34px\" aria-hidden=\"true\" class=\"wp-block-spacer\"><\/div>\n\n\n\n<h2 class=\"wp-block-heading\" id=\"pour-contacter-votre-association-93\">Pour contacter votre association 93  :<\/h2>\n\n\n\n<div style=\"height:34px\" aria-hidden=\"true\" class=\"wp-block-spacer\"><\/div>\n\n\n\n<div class=\"wp-block-columns is-layout-flex wp-container-core-columns-is-layout-9d6595d7 wp-block-columns-is-layout-flex\">\n<div class=\"wp-block-column is-layout-flow wp-block-column-is-layout-flow\" style=\"flex-basis:30%\">\n<div class=\"wp-block-columns is-layout-flex wp-container-core-columns-is-layout-9d6595d7 wp-block-columns-is-layout-flex\">\n<div class=\"wp-block-column is-layout-flow wp-block-column-is-layout-flow\" style=\"flex-basis:30px\">\n<figure class=\"wp-block-image size-large\"><img loading=\"lazy\" decoding=\"async\" width=\"36\" height=\"113\" src=\"https:\/\/www.reseau-entreprendre.org\/93\/wp-content\/uploads\/sites\/22\/2021\/10\/icon-map-marker.svg\" alt=\"\" class=\"wp-image-2006\" \/><\/figure>\n<\/div>\n\n\n\n<div class=\"wp-block-column is-vertically-aligned-center ml-3 is-layout-flow wp-block-column-is-layout-flow\">\n<p>RESEAU ENTREPRENDRE 93<\/p>\n\n\n\n<p class=\"has-normal-font-size\">Now Connected<br>10 avenue du Stade de France <br>93210 Saint-Denis<\/p>\n<\/div>\n<\/div>\n<\/div>\n\n\n\n<div class=\"wp-block-column is-layout-flow wp-block-column-is-layout-flow\">\n<div class=\"wp-block-columns is-layout-flex wp-container-core-columns-is-layout-9d6595d7 wp-block-columns-is-layout-flex\">\n<div class=\"wp-block-column is-layout-flow wp-block-column-is-layout-flow\" style=\"flex-basis:30px\">\n<figure class=\"wp-block-image size-large\"><img loading=\"lazy\" decoding=\"async\" width=\"36\" height=\"113\" src=\"https:\/\/www.reseau-entreprendre.org\/93\/wp-content\/uploads\/sites\/22\/2021\/10\/icon-mail.svg\" alt=\"\" class=\"wp-image-2007\" \/><\/figure>\n<\/div>\n\n\n\n<div class=\"wp-block-column is-vertically-aligned-center ml-3 is-layout-flow wp-block-column-is-layout-flow\">\n<p class=\"has-normal-font-size\"><a href=\"mailto:93@reseau-entreprendre.org\">93@reseau-entreprendre.org<\/a><\/p>\n<\/div>\n<\/div>\n<\/div>\n\n\n\n<div class=\"wp-block-column is-layout-flow wp-block-column-is-layout-flow\" style=\"flex-basis:20%\">\n<div class=\"wp-block-columns is-layout-flex wp-container-core-columns-is-layout-9d6595d7 wp-block-columns-is-layout-flex\">\n<div class=\"wp-block-column is-layout-flow wp-block-column-is-layout-flow\" style=\"flex-basis:30px\">\n<figure class=\"wp-block-image size-large\"><img loading=\"lazy\" decoding=\"async\" width=\"37\" height=\"113\" src=\"https:\/\/www.reseau-entreprendre.org\/93\/wp-content\/uploads\/sites\/22\/2021\/10\/icon-tel.svg\" alt=\"\" class=\"wp-image-2008\" \/><\/figure>\n<\/div>\n\n\n\n<div class=\"wp-block-column is-vertically-aligned-center ml-3 is-layout-flow wp-block-column-is-layout-flow\">\n<p class=\"has-normal-font-size\">01 41 71 39 01<\/p>\n<\/div>\n<\/div>\n<\/div>\n<\/div>\n","protected":false},"excerpt":{"rendered":"<p>Vous souhaitez&#8230; Vous souhaitez devenir mentor ? Pour contacter votre<\/p>\n","protected":false},"author":22,"featured_media":0,"parent":0,"menu_order":0,"comment_status":"closed","ping_status":"closed","template":"","meta":{"_acf_changed":false,"_monsterinsights_skip_tracking":false,"_monsterinsights_sitenote_active":false,"_monsterinsights_sitenote_note":"","_monsterinsights_sitenote_category":0,"footnotes":""},"class_list":["post-19","page","type-page","status-publish","hentry"],"acf":[],"yoast_head":"<!-- This site is optimized with the Yoast SEO plugin v27.4 - https:\/\/yoast.com\/product\/yoast-seo-wordpress\/ -->\n<title>Contact | Reseau Entreprendre 93<\/title>\n<meta name=\"description\" content=\"Contactez R\u00e9seau Entreprendre 93 pour \u00eatre accompagn\u00e9 par un chef d&#039;entreprise de votre r\u00e9gion, devenir membre ou partenaire\" \/>\n<meta name=\"robots\" content=\"index, follow, max-snippet:-1, max-image-preview:large, max-video-preview:-1\" \/>\n<link rel=\"canonical\" href=\"https:\/\/www.reseau-entreprendre.org\/93\/contact\/\" \/>\n<meta property=\"og:locale\" content=\"fr_FR\" \/>\n<meta property=\"og:type\" content=\"article\" \/>\n<meta property=\"og:title\" content=\"Contact | Reseau Entreprendre 93\" \/>\n<meta property=\"og:description\" content=\"Contactez R\u00e9seau Entreprendre 93 pour \u00eatre accompagn\u00e9 par un chef d&#039;entreprise de votre r\u00e9gion, devenir membre ou partenaire\" \/>\n<meta property=\"og:url\" content=\"https:\/\/www.reseau-entreprendre.org\/93\/contact\/\" \/>\n<meta property=\"og:site_name\" content=\"R\u00e9seau Entreprendre 93\" \/>\n<meta property=\"article:modified_time\" content=\"2025-10-17T15:56:06+00:00\" \/>\n<meta name=\"twitter:card\" content=\"summary_large_image\" \/>\n<meta name=\"twitter:label1\" content=\"Dur\u00e9e de lecture estim\u00e9e\" \/>\n\t<meta name=\"twitter:data1\" content=\"1 minute\" \/>\n<script type=\"application\/ld+json\" class=\"yoast-schema-graph\">{\"@context\":\"https:\\\/\\\/schema.org\",\"@graph\":[{\"@type\":\"WebPage\",\"@id\":\"https:\\\/\\\/www.reseau-entreprendre.org\\\/93\\\/contact\\\/\",\"url\":\"https:\\\/\\\/www.reseau-entreprendre.org\\\/93\\\/contact\\\/\",\"name\":\"Contact | Reseau Entreprendre 93\",\"isPartOf\":{\"@id\":\"https:\\\/\\\/www.reseau-entreprendre.org\\\/93\\\/#website\"},\"primaryImageOfPage\":{\"@id\":\"https:\\\/\\\/www.reseau-entreprendre.org\\\/93\\\/contact\\\/#primaryimage\"},\"image\":{\"@id\":\"https:\\\/\\\/www.reseau-entreprendre.org\\\/93\\\/contact\\\/#primaryimage\"},\"thumbnailUrl\":\"https:\\\/\\\/www.reseau-entreprendre.org\\\/93\\\/wp-content\\\/uploads\\\/sites\\\/22\\\/2021\\\/10\\\/icon-map-marker.svg\",\"datePublished\":\"2017-04-28T10:34:18+00:00\",\"dateModified\":\"2025-10-17T15:56:06+00:00\",\"description\":\"Contactez R\u00e9seau Entreprendre 93 pour \u00eatre accompagn\u00e9 par un chef d'entreprise de votre r\u00e9gion, devenir membre ou partenaire\",\"breadcrumb\":{\"@id\":\"https:\\\/\\\/www.reseau-entreprendre.org\\\/93\\\/contact\\\/#breadcrumb\"},\"inLanguage\":\"fr-FR\",\"potentialAction\":[{\"@type\":\"ReadAction\",\"target\":[\"https:\\\/\\\/www.reseau-entreprendre.org\\\/93\\\/contact\\\/\"]}]},{\"@type\":\"ImageObject\",\"inLanguage\":\"fr-FR\",\"@id\":\"https:\\\/\\\/www.reseau-entreprendre.org\\\/93\\\/contact\\\/#primaryimage\",\"url\":\"https:\\\/\\\/www.reseau-entreprendre.org\\\/93\\\/wp-content\\\/uploads\\\/sites\\\/22\\\/2021\\\/10\\\/icon-map-marker.svg\",\"contentUrl\":\"https:\\\/\\\/www.reseau-entreprendre.org\\\/93\\\/wp-content\\\/uploads\\\/sites\\\/22\\\/2021\\\/10\\\/icon-map-marker.svg\",\"width\":36,\"height\":113},{\"@type\":\"BreadcrumbList\",\"@id\":\"https:\\\/\\\/www.reseau-entreprendre.org\\\/93\\\/contact\\\/#breadcrumb\",\"itemListElement\":[{\"@type\":\"ListItem\",\"position\":1,\"name\":\"Accueil\",\"item\":\"https:\\\/\\\/www.reseau-entreprendre.org\\\/93\\\/\"},{\"@type\":\"ListItem\",\"position\":2,\"name\":\"Contact\"}]},{\"@type\":\"WebSite\",\"@id\":\"https:\\\/\\\/www.reseau-entreprendre.org\\\/93\\\/#website\",\"url\":\"https:\\\/\\\/www.reseau-entreprendre.org\\\/93\\\/\",\"name\":\"R\u00e9seau Entreprendre 93\",\"description\":\"Un site utilisant Les sites de R\u00e9seau Entreprendre\",\"potentialAction\":[{\"@type\":\"SearchAction\",\"target\":{\"@type\":\"EntryPoint\",\"urlTemplate\":\"https:\\\/\\\/www.reseau-entreprendre.org\\\/93\\\/?s={search_term_string}\"},\"query-input\":{\"@type\":\"PropertyValueSpecification\",\"valueRequired\":true,\"valueName\":\"search_term_string\"}}],\"inLanguage\":\"fr-FR\"}]}<\/script>\n<!-- \/ Yoast SEO plugin. -->","yoast_head_json":{"title":"Contact | Reseau Entreprendre 93","description":"Contactez R\u00e9seau Entreprendre 93 pour \u00eatre accompagn\u00e9 par un chef d'entreprise de votre r\u00e9gion, devenir membre ou partenaire","robots":{"index":"index","follow":"follow","max-snippet":"max-snippet:-1","max-image-preview":"max-image-preview:large","max-video-preview":"max-video-preview:-1"},"canonical":"https:\/\/www.reseau-entreprendre.org\/93\/contact\/","og_locale":"fr_FR","og_type":"article","og_title":"Contact | Reseau Entreprendre 93","og_description":"Contactez R\u00e9seau Entreprendre 93 pour \u00eatre accompagn\u00e9 par un chef d'entreprise de votre r\u00e9gion, devenir membre ou partenaire","og_url":"https:\/\/www.reseau-entreprendre.org\/93\/contact\/","og_site_name":"R\u00e9seau Entreprendre 93","article_modified_time":"2025-10-17T15:56:06+00:00","twitter_card":"summary_large_image","twitter_misc":{"Dur\u00e9e de lecture estim\u00e9e":"1 minute"},"schema":{"@context":"https:\/\/schema.org","@graph":[{"@type":"WebPage","@id":"https:\/\/www.reseau-entreprendre.org\/93\/contact\/","url":"https:\/\/www.reseau-entreprendre.org\/93\/contact\/","name":"Contact | Reseau Entreprendre 93","isPartOf":{"@id":"https:\/\/www.reseau-entreprendre.org\/93\/#website"},"primaryImageOfPage":{"@id":"https:\/\/www.reseau-entreprendre.org\/93\/contact\/#primaryimage"},"image":{"@id":"https:\/\/www.reseau-entreprendre.org\/93\/contact\/#primaryimage"},"thumbnailUrl":"https:\/\/www.reseau-entreprendre.org\/93\/wp-content\/uploads\/sites\/22\/2021\/10\/icon-map-marker.svg","datePublished":"2017-04-28T10:34:18+00:00","dateModified":"2025-10-17T15:56:06+00:00","description":"Contactez R\u00e9seau Entreprendre 93 pour \u00eatre accompagn\u00e9 par un chef d'entreprise de votre r\u00e9gion, devenir membre ou partenaire","breadcrumb":{"@id":"https:\/\/www.reseau-entreprendre.org\/93\/contact\/#breadcrumb"},"inLanguage":"fr-FR","potentialAction":[{"@type":"ReadAction","target":["https:\/\/www.reseau-entreprendre.org\/93\/contact\/"]}]},{"@type":"ImageObject","inLanguage":"fr-FR","@id":"https:\/\/www.reseau-entreprendre.org\/93\/contact\/#primaryimage","url":"https:\/\/www.reseau-entreprendre.org\/93\/wp-content\/uploads\/sites\/22\/2021\/10\/icon-map-marker.svg","contentUrl":"https:\/\/www.reseau-entreprendre.org\/93\/wp-content\/uploads\/sites\/22\/2021\/10\/icon-map-marker.svg","width":36,"height":113},{"@type":"BreadcrumbList","@id":"https:\/\/www.reseau-entreprendre.org\/93\/contact\/#breadcrumb","itemListElement":[{"@type":"ListItem","position":1,"name":"Accueil","item":"https:\/\/www.reseau-entreprendre.org\/93\/"},{"@type":"ListItem","position":2,"name":"Contact"}]},{"@type":"WebSite","@id":"https:\/\/www.reseau-entreprendre.org\/93\/#website","url":"https:\/\/www.reseau-entreprendre.org\/93\/","name":"R\u00e9seau Entreprendre 93","description":"Un site utilisant Les sites de R\u00e9seau Entreprendre","potentialAction":[{"@type":"SearchAction","target":{"@type":"EntryPoint","urlTemplate":"https:\/\/www.reseau-entreprendre.org\/93\/?s={search_term_string}"},"query-input":{"@type":"PropertyValueSpecification","valueRequired":true,"valueName":"search_term_string"}}],"inLanguage":"fr-FR"}]}},"_links":{"self":[{"href":"https:\/\/www.reseau-entreprendre.org\/93\/wp-json\/wp\/v2\/pages\/19","targetHints":{"allow":["GET"]}}],"collection":[{"href":"https:\/\/www.reseau-entreprendre.org\/93\/wp-json\/wp\/v2\/pages"}],"about":[{"href":"https:\/\/www.reseau-entreprendre.org\/93\/wp-json\/wp\/v2\/types\/page"}],"author":[{"embeddable":true,"href":"https:\/\/www.reseau-entreprendre.org\/93\/wp-json\/wp\/v2\/users\/22"}],"replies":[{"embeddable":true,"href":"https:\/\/www.reseau-entreprendre.org\/93\/wp-json\/wp\/v2\/comments?post=19"}],"version-history":[{"count":0,"href":"https:\/\/www.reseau-entreprendre.org\/93\/wp-json\/wp\/v2\/pages\/19\/revisions"}],"wp:attachment":[{"href":"https:\/\/www.reseau-entreprendre.org\/93\/wp-json\/wp\/v2\/media?parent=19"}],"curies":[{"name":"wp","href":"https:\/\/api.w.org\/{rel}","templated":true}]}}