{"id":11,"date":"2018-01-16T12:00:20","date_gmt":"2018-01-16T11:00:20","guid":{"rendered":"http:\/\/re-preprod-entreprendre.fr\/alpes-du-sud\/?page_id=11"},"modified":"2023-07-06T16:40:39","modified_gmt":"2023-07-06T14:40:39","slug":"qui-sommes-nous-2-2","status":"publish","type":"page","link":"https:\/\/www.reseau-entreprendre.org\/alpes-du-sud\/qui-sommes-nous-2-2\/","title":{"rendered":"Qui sommes-nous ?"},"content":{"rendered":"\n<h2 class=\"wp-block-heading\" id=\"un-reseau-100-chefs-d-entreprise\">Un r\u00e9seau 100% chefs d\u2019entreprise<\/h2>\n\n\n\n<p>Le financement des associations du r\u00e9seau est essentiellement priv\u00e9. Une cotisation est ainsi demand\u00e9e aux membres qui souhaitent int\u00e9grer le R\u00e9seau Entreprendre. Gr\u00e2ce \u00e0 l\u2019entraide b\u00e9n\u00e9vole des chefs d\u2019entreprise, le R\u00e9seau Entreprendre est une v\u00e9ritable communaut\u00e9 de solidarit\u00e9 sans fronti\u00e8res !<\/p>\n\n\n\n<h3 class=\"wp-block-heading\" id=\"objectif-de-reseau-entreprendre-alpes-du-sud-faire-reussir-de-nouveaux-entrepreneurs-grace-a-l-accompagnement-de-chefs-d-entreprise\">Objectif de R\u00e9seau Entreprendre <strong>\u00ae&nbsp;<\/strong>Alpes du Sud :&nbsp;Faire r\u00e9ussir de nouveaux entrepreneurs gr\u00e2ce \u00e0 l&#8217;accompagnement de chefs d&#8217;entreprise !<\/h3>\n\n\n\n<p><strong>Le Mot des Pr\u00e9sidents,<\/strong><\/p>\n\n\n\n<p>\u00ab Notre association, R\u00e9seau Entreprendre Alpes du Sud, est une jeune association cr\u00e9\u00e9e en 2017, activit\u00e9 commenc\u00e9e en 2018.<\/p>\n\n\n\n<p>Elle a pour objectif de dynamiser le tissu \u00e9conomique local en soutenant des entrepreneurs d\u00e9sireux de cr\u00e9er, d\u00e9velopper leur entreprise ou reprendre une structure porteuse de richesses et d\u2019au moins 3 emplois sur les Hautes-Alpes et les&nbsp;Alpes de Haute-Provence.<\/p>\n\n\n\n<p>Aujourd\u2019hui en 2023, l\u2019association compte une&nbsp;quarantaine&nbsp;de membres chefs d\u2019entreprise en activit\u00e9s, engag\u00e9s b\u00e9n\u00e9volement \u00e0 conseiller, orienter et accompagner les porteurs de projets avec des m\u00e9thodes d\u2019entreprise.<\/p>\n\n\n\n<p>Outre cet accompagnement pr\u00e9cieux, le R\u00e9seau Entreprendre Alpes du Sud soutient \u00e9galement les dirigeants par un dispositif de pr\u00eats d\u2019honneur qui s\u00e9curise le plan de financement et donne une vraie cr\u00e9dibilit\u00e9 aupr\u00e8s des banques.<\/p>\n\n\n\n<p>L\u2019accompagnement humain et financier de R\u00e9seau Entreprendre Alpes du Sud a permis \u00e0 14 entreprises depuis 2018, de cr\u00e9er et maintenir plus de 90 emplois \u00e0 aujourd\u2019hui, avec une projection&nbsp;de 40 emplois suppl\u00e9mentaires d\u2019ici 3 ans.<\/p>\n\n\n\n<p>R\u00e9seau Entreprendre\u00ae&nbsp;a \u00e9t\u00e9 reconnu d\u2019utilit\u00e9 publique en 2003.<\/p>\n\n\n\n<p>Bas\u00e9e sur des valeurs fortes de comp\u00e9tences, de b\u00e9n\u00e9volat et de gratuit\u00e9, une \u00e9thique rigoureuse s\u2019applique aussi bien lors de la s\u00e9lection et de la validation des projets, que lors des d\u00e9cisions des comit\u00e9s d\u2019engagement&nbsp;; tous comme l\u2019accompagnement individuel et collectif des laur\u00e9ats.&nbsp;\u00bb<\/p>\n\n\n\n<p><strong>R\u00e9seau Entreprendre\u00ae&nbsp;Alpes du Sud accompagne les entreprises cr\u00e9atrices d\u2019emplois et de richesses sur les Alpes du Sud.<\/strong><\/p>\n\n\n\n<p><strong><em>\u00ab&nbsp;Pour cr\u00e9er des emplois, cr\u00e9ons des employeurs.&nbsp;\u00bb&nbsp;Andr\u00e9 Mulliez<\/em><\/strong><\/p>\n\n\n<div class=\"wp-block-image\">\n<figure class=\"alignleft size-full is-resized\"><img loading=\"lazy\" decoding=\"async\" src=\"https:\/\/www.reseau-entreprendre.org\/alpes-du-sud\/wp-content\/uploads\/sites\/80\/2023\/07\/image-8.png\" alt=\"\" class=\"wp-image-2656\" width=\"135\" height=\"135\" srcset=\"https:\/\/www.reseau-entreprendre.org\/alpes-du-sud\/wp-content\/uploads\/sites\/80\/2023\/07\/image-8.png 395w, https:\/\/www.reseau-entreprendre.org\/alpes-du-sud\/wp-content\/uploads\/sites\/80\/2023\/07\/image-8-298x300.png 298w, https:\/\/www.reseau-entreprendre.org\/alpes-du-sud\/wp-content\/uploads\/sites\/80\/2023\/07\/image-8-150x150.png 150w, https:\/\/www.reseau-entreprendre.org\/alpes-du-sud\/wp-content\/uploads\/sites\/80\/2023\/07\/image-8-300x300.png 300w, https:\/\/www.reseau-entreprendre.org\/alpes-du-sud\/wp-content\/uploads\/sites\/80\/2023\/07\/image-8-129x130.png 129w\" sizes=\"auto, (max-width: 135px) 100vw, 135px\" \/><\/figure>\n<\/div>\n\n<div class=\"wp-block-image\">\n<figure class=\"alignleft size-thumbnail is-resized\"><img loading=\"lazy\" decoding=\"async\" src=\"https:\/\/www.reseau-entreprendre.org\/alpes-du-sud\/wp-content\/uploads\/sites\/80\/2022\/02\/Photo-BO-1-150x150.jpg\" alt=\"\" class=\"wp-image-1902\" width=\"135\" height=\"135\" srcset=\"https:\/\/www.reseau-entreprendre.org\/alpes-du-sud\/wp-content\/uploads\/sites\/80\/2022\/02\/Photo-BO-1-150x150.jpg 150w, https:\/\/www.reseau-entreprendre.org\/alpes-du-sud\/wp-content\/uploads\/sites\/80\/2022\/02\/Photo-BO-1-300x300.jpg 300w\" sizes=\"auto, (max-width: 135px) 100vw, 135px\" \/><\/figure>\n<\/div>\n\n\n<p><strong>Franck BEUNECHE et B\u00e9atrice OLIVE<br>Co-Pr\u00e9sidents de R\u00e9seau Entreprendre\u00ae Alpes du Sud<\/strong><\/p>\n\n\n\n<p><em>&#8220;Le c\u0153ur de cible de R\u00e9seau Entreprendre Alpes du Sud est constitu\u00e9 de projets potentiellement destin\u00e9s \u00e0 devenir des PME, c&#8217;est-\u00e0-dire des cr\u00e9ations, reprises ou d\u00e9veloppement d&#8217;entreprises d&#8217;au moins 3 emplois \u00e0 5  emplois \u00e0 3 ans&#8221;.<\/em><\/p>\n\n\n\n<div style=\"height:100px\" aria-hidden=\"true\" class=\"wp-block-spacer\"><\/div>\n\n\n\n<h2 class=\"wp-block-heading\">Le Conseil d&#8217;administration <\/h2>\n\n\n\n<div style=\"height:39px\" aria-hidden=\"true\" class=\"wp-block-spacer\"><\/div>\n\n\n<div class=\"wp-block-image\">\n<figure class=\"aligncenter size-full\"><img loading=\"lazy\" decoding=\"async\" width=\"623\" height=\"429\" src=\"https:\/\/www.reseau-entreprendre.org\/alpes-du-sud\/wp-content\/uploads\/sites\/80\/2023\/07\/CA.png\" alt=\"\" class=\"wp-image-2669\" srcset=\"https:\/\/www.reseau-entreprendre.org\/alpes-du-sud\/wp-content\/uploads\/sites\/80\/2023\/07\/CA.png 623w, https:\/\/www.reseau-entreprendre.org\/alpes-du-sud\/wp-content\/uploads\/sites\/80\/2023\/07\/CA-300x207.png 300w, https:\/\/www.reseau-entreprendre.org\/alpes-du-sud\/wp-content\/uploads\/sites\/80\/2023\/07\/CA-189x130.png 189w\" sizes=\"auto, (max-width: 623px) 100vw, 623px\" \/><\/figure>\n<\/div>\n\n\n<div style=\"height:100px\" aria-hidden=\"true\" class=\"wp-block-spacer\"><\/div>\n\n\n\n<h2 class=\"wp-block-heading\">Les membres de R\u00e9seau Entreprendre Alpes du Sud <\/h2>\n\n\n\n<div style=\"height:38px\" aria-hidden=\"true\" class=\"wp-block-spacer\"><\/div>\n\n\n<div class=\"wp-block-image\">\n<figure class=\"aligncenter size-large\"><img loading=\"lazy\" decoding=\"async\" width=\"724\" height=\"1024\" src=\"https:\/\/www.reseau-entreprendre.org\/alpes-du-sud\/wp-content\/uploads\/sites\/80\/2023\/07\/trombinoscope-4-724x1024.png\" alt=\"\" class=\"wp-image-2671\" srcset=\"https:\/\/www.reseau-entreprendre.org\/alpes-du-sud\/wp-content\/uploads\/sites\/80\/2023\/07\/trombinoscope-4-724x1024.png 724w, https:\/\/www.reseau-entreprendre.org\/alpes-du-sud\/wp-content\/uploads\/sites\/80\/2023\/07\/trombinoscope-4-212x300.png 212w, https:\/\/www.reseau-entreprendre.org\/alpes-du-sud\/wp-content\/uploads\/sites\/80\/2023\/07\/trombinoscope-4-768x1086.png 768w, https:\/\/www.reseau-entreprendre.org\/alpes-du-sud\/wp-content\/uploads\/sites\/80\/2023\/07\/trombinoscope-4-1086x1536.png 1086w, https:\/\/www.reseau-entreprendre.org\/alpes-du-sud\/wp-content\/uploads\/sites\/80\/2023\/07\/trombinoscope-4-92x130.png 92w, https:\/\/www.reseau-entreprendre.org\/alpes-du-sud\/wp-content\/uploads\/sites\/80\/2023\/07\/trombinoscope-4.png 1414w\" sizes=\"auto, (max-width: 724px) 100vw, 724px\" \/><\/figure>\n<\/div>","protected":false},"excerpt":{"rendered":"<p>Un r\u00e9seau 100% chefs d\u2019entreprise Le financement des associations du<\/p>\n","protected":false},"author":99,"featured_media":1497,"parent":0,"menu_order":0,"comment_status":"closed","ping_status":"closed","template":"","meta":{"_acf_changed":false,"_monsterinsights_skip_tracking":false,"_monsterinsights_sitenote_active":false,"_monsterinsights_sitenote_note":"","_monsterinsights_sitenote_category":0,"footnotes":""},"class_list":["post-11","page","type-page","status-publish","has-post-thumbnail","hentry"],"acf":[],"yoast_head":"<!-- This site is optimized with the Yoast SEO plugin v27.4 - https:\/\/yoast.com\/product\/yoast-seo-wordpress\/ -->\n<title>Qui sommes-nous ? | R\u00e9seau Entreprendre Alpes du Sud<\/title>\n<meta name=\"description\" content=\"R\u00e9seau Entreprendre Alpes du Sud est l&#039;association des chefs d&#039;entreprise de votre r\u00e9gion.\" \/>\n<meta name=\"robots\" content=\"index, follow, max-snippet:-1, max-image-preview:large, max-video-preview:-1\" \/>\n<link rel=\"canonical\" href=\"https:\/\/www.reseau-entreprendre.org\/alpes-du-sud\/qui-sommes-nous-2-2\/\" \/>\n<meta property=\"og:locale\" content=\"fr_FR\" \/>\n<meta property=\"og:type\" content=\"article\" \/>\n<meta property=\"og:title\" content=\"Qui sommes-nous ? | R\u00e9seau Entreprendre Alpes du Sud\" \/>\n<meta property=\"og:description\" content=\"R\u00e9seau Entreprendre Alpes du Sud est l&#039;association des chefs d&#039;entreprise de votre r\u00e9gion.\" \/>\n<meta property=\"og:url\" content=\"https:\/\/www.reseau-entreprendre.org\/alpes-du-sud\/qui-sommes-nous-2-2\/\" \/>\n<meta property=\"og:site_name\" content=\"R\u00e9seau Entreprendre Alpes du Sud\" \/>\n<meta property=\"article:modified_time\" content=\"2023-07-06T14:40:39+00:00\" \/>\n<meta property=\"og:image\" content=\"https:\/\/www.reseau-entreprendre.org\/alpes-du-sud\/wp-content\/uploads\/sites\/80\/2019\/11\/yves-honor\u00e9.jpg\" \/>\n\t<meta property=\"og:image:width\" content=\"500\" \/>\n\t<meta property=\"og:image:height\" content=\"500\" \/>\n\t<meta property=\"og:image:type\" content=\"image\/jpeg\" \/>\n<meta name=\"twitter:card\" content=\"summary_large_image\" \/>\n<meta name=\"twitter:label1\" content=\"Dur\u00e9e de lecture estim\u00e9e\" \/>\n\t<meta name=\"twitter:data1\" content=\"3 minutes\" \/>\n<script type=\"application\/ld+json\" class=\"yoast-schema-graph\">{\"@context\":\"https:\\\/\\\/schema.org\",\"@graph\":[{\"@type\":\"WebPage\",\"@id\":\"https:\\\/\\\/www.reseau-entreprendre.org\\\/alpes-du-sud\\\/qui-sommes-nous-2-2\\\/\",\"url\":\"https:\\\/\\\/www.reseau-entreprendre.org\\\/alpes-du-sud\\\/qui-sommes-nous-2-2\\\/\",\"name\":\"Qui sommes-nous ? | R\u00e9seau Entreprendre Alpes du Sud\",\"isPartOf\":{\"@id\":\"https:\\\/\\\/www.reseau-entreprendre.org\\\/alpes-du-sud\\\/#website\"},\"primaryImageOfPage\":{\"@id\":\"https:\\\/\\\/www.reseau-entreprendre.org\\\/alpes-du-sud\\\/qui-sommes-nous-2-2\\\/#primaryimage\"},\"image\":{\"@id\":\"https:\\\/\\\/www.reseau-entreprendre.org\\\/alpes-du-sud\\\/qui-sommes-nous-2-2\\\/#primaryimage\"},\"thumbnailUrl\":\"https:\\\/\\\/www.reseau-entreprendre.org\\\/alpes-du-sud\\\/wp-content\\\/uploads\\\/sites\\\/80\\\/2019\\\/11\\\/yves-honor\u00e9.jpg\",\"datePublished\":\"2018-01-16T11:00:20+00:00\",\"dateModified\":\"2023-07-06T14:40:39+00:00\",\"description\":\"R\u00e9seau Entreprendre Alpes du Sud est l'association des chefs d'entreprise de votre r\u00e9gion.\",\"breadcrumb\":{\"@id\":\"https:\\\/\\\/www.reseau-entreprendre.org\\\/alpes-du-sud\\\/qui-sommes-nous-2-2\\\/#breadcrumb\"},\"inLanguage\":\"fr-FR\",\"potentialAction\":[{\"@type\":\"ReadAction\",\"target\":[\"https:\\\/\\\/www.reseau-entreprendre.org\\\/alpes-du-sud\\\/qui-sommes-nous-2-2\\\/\"]}]},{\"@type\":\"ImageObject\",\"inLanguage\":\"fr-FR\",\"@id\":\"https:\\\/\\\/www.reseau-entreprendre.org\\\/alpes-du-sud\\\/qui-sommes-nous-2-2\\\/#primaryimage\",\"url\":\"https:\\\/\\\/www.reseau-entreprendre.org\\\/alpes-du-sud\\\/wp-content\\\/uploads\\\/sites\\\/80\\\/2019\\\/11\\\/yves-honor\u00e9.jpg\",\"contentUrl\":\"https:\\\/\\\/www.reseau-entreprendre.org\\\/alpes-du-sud\\\/wp-content\\\/uploads\\\/sites\\\/80\\\/2019\\\/11\\\/yves-honor\u00e9.jpg\",\"width\":500,\"height\":500},{\"@type\":\"BreadcrumbList\",\"@id\":\"https:\\\/\\\/www.reseau-entreprendre.org\\\/alpes-du-sud\\\/qui-sommes-nous-2-2\\\/#breadcrumb\",\"itemListElement\":[{\"@type\":\"ListItem\",\"position\":1,\"name\":\"Accueil\",\"item\":\"https:\\\/\\\/www.reseau-entreprendre.org\\\/alpes-du-sud\\\/\"},{\"@type\":\"ListItem\",\"position\":2,\"name\":\"Qui sommes-nous ?\"}]},{\"@type\":\"WebSite\",\"@id\":\"https:\\\/\\\/www.reseau-entreprendre.org\\\/alpes-du-sud\\\/#website\",\"url\":\"https:\\\/\\\/www.reseau-entreprendre.org\\\/alpes-du-sud\\\/\",\"name\":\"R\u00e9seau Entreprendre Alpes du Sud\",\"description\":\"Un site utilisant Les sites de R\u00e9seau Entreprendre\",\"publisher\":{\"@id\":\"https:\\\/\\\/www.reseau-entreprendre.org\\\/alpes-du-sud\\\/#organization\"},\"potentialAction\":[{\"@type\":\"SearchAction\",\"target\":{\"@type\":\"EntryPoint\",\"urlTemplate\":\"https:\\\/\\\/www.reseau-entreprendre.org\\\/alpes-du-sud\\\/?s={search_term_string}\"},\"query-input\":{\"@type\":\"PropertyValueSpecification\",\"valueRequired\":true,\"valueName\":\"search_term_string\"}}],\"inLanguage\":\"fr-FR\"},{\"@type\":\"Organization\",\"@id\":\"https:\\\/\\\/www.reseau-entreprendre.org\\\/alpes-du-sud\\\/#organization\",\"name\":\"R\u00e9seau Entreprendre Alpes du Sud\",\"url\":\"https:\\\/\\\/www.reseau-entreprendre.org\\\/alpes-du-sud\\\/\",\"logo\":{\"@type\":\"ImageObject\",\"inLanguage\":\"fr-FR\",\"@id\":\"https:\\\/\\\/www.reseau-entreprendre.org\\\/alpes-du-sud\\\/#\\\/schema\\\/logo\\\/image\\\/\",\"url\":\"https:\\\/\\\/www.reseau-entreprendre.org\\\/alpes-du-sud\\\/wp-content\\\/uploads\\\/sites\\\/80\\\/2022\\\/05\\\/logo_200-e1653996972738.png\",\"contentUrl\":\"https:\\\/\\\/www.reseau-entreprendre.org\\\/alpes-du-sud\\\/wp-content\\\/uploads\\\/sites\\\/80\\\/2022\\\/05\\\/logo_200-e1653996972738.png\",\"width\":120,\"height\":84,\"caption\":\"R\u00e9seau Entreprendre Alpes du Sud\"},\"image\":{\"@id\":\"https:\\\/\\\/www.reseau-entreprendre.org\\\/alpes-du-sud\\\/#\\\/schema\\\/logo\\\/image\\\/\"}}]}<\/script>\n<!-- \/ Yoast SEO plugin. -->","yoast_head_json":{"title":"Qui sommes-nous ? | R\u00e9seau Entreprendre Alpes du Sud","description":"R\u00e9seau Entreprendre Alpes du Sud est l'association des chefs d'entreprise de votre r\u00e9gion.","robots":{"index":"index","follow":"follow","max-snippet":"max-snippet:-1","max-image-preview":"max-image-preview:large","max-video-preview":"max-video-preview:-1"},"canonical":"https:\/\/www.reseau-entreprendre.org\/alpes-du-sud\/qui-sommes-nous-2-2\/","og_locale":"fr_FR","og_type":"article","og_title":"Qui sommes-nous ? | R\u00e9seau Entreprendre Alpes du Sud","og_description":"R\u00e9seau Entreprendre Alpes du Sud est l'association des chefs d'entreprise de votre r\u00e9gion.","og_url":"https:\/\/www.reseau-entreprendre.org\/alpes-du-sud\/qui-sommes-nous-2-2\/","og_site_name":"R\u00e9seau Entreprendre Alpes du Sud","article_modified_time":"2023-07-06T14:40:39+00:00","og_image":[{"width":500,"height":500,"url":"https:\/\/www.reseau-entreprendre.org\/alpes-du-sud\/wp-content\/uploads\/sites\/80\/2019\/11\/yves-honor\u00e9.jpg","type":"image\/jpeg"}],"twitter_card":"summary_large_image","twitter_misc":{"Dur\u00e9e de lecture estim\u00e9e":"3 minutes"},"schema":{"@context":"https:\/\/schema.org","@graph":[{"@type":"WebPage","@id":"https:\/\/www.reseau-entreprendre.org\/alpes-du-sud\/qui-sommes-nous-2-2\/","url":"https:\/\/www.reseau-entreprendre.org\/alpes-du-sud\/qui-sommes-nous-2-2\/","name":"Qui sommes-nous ? | R\u00e9seau Entreprendre Alpes du Sud","isPartOf":{"@id":"https:\/\/www.reseau-entreprendre.org\/alpes-du-sud\/#website"},"primaryImageOfPage":{"@id":"https:\/\/www.reseau-entreprendre.org\/alpes-du-sud\/qui-sommes-nous-2-2\/#primaryimage"},"image":{"@id":"https:\/\/www.reseau-entreprendre.org\/alpes-du-sud\/qui-sommes-nous-2-2\/#primaryimage"},"thumbnailUrl":"https:\/\/www.reseau-entreprendre.org\/alpes-du-sud\/wp-content\/uploads\/sites\/80\/2019\/11\/yves-honor\u00e9.jpg","datePublished":"2018-01-16T11:00:20+00:00","dateModified":"2023-07-06T14:40:39+00:00","description":"R\u00e9seau Entreprendre Alpes du Sud est l'association des chefs d'entreprise de votre r\u00e9gion.","breadcrumb":{"@id":"https:\/\/www.reseau-entreprendre.org\/alpes-du-sud\/qui-sommes-nous-2-2\/#breadcrumb"},"inLanguage":"fr-FR","potentialAction":[{"@type":"ReadAction","target":["https:\/\/www.reseau-entreprendre.org\/alpes-du-sud\/qui-sommes-nous-2-2\/"]}]},{"@type":"ImageObject","inLanguage":"fr-FR","@id":"https:\/\/www.reseau-entreprendre.org\/alpes-du-sud\/qui-sommes-nous-2-2\/#primaryimage","url":"https:\/\/www.reseau-entreprendre.org\/alpes-du-sud\/wp-content\/uploads\/sites\/80\/2019\/11\/yves-honor\u00e9.jpg","contentUrl":"https:\/\/www.reseau-entreprendre.org\/alpes-du-sud\/wp-content\/uploads\/sites\/80\/2019\/11\/yves-honor\u00e9.jpg","width":500,"height":500},{"@type":"BreadcrumbList","@id":"https:\/\/www.reseau-entreprendre.org\/alpes-du-sud\/qui-sommes-nous-2-2\/#breadcrumb","itemListElement":[{"@type":"ListItem","position":1,"name":"Accueil","item":"https:\/\/www.reseau-entreprendre.org\/alpes-du-sud\/"},{"@type":"ListItem","position":2,"name":"Qui sommes-nous ?"}]},{"@type":"WebSite","@id":"https:\/\/www.reseau-entreprendre.org\/alpes-du-sud\/#website","url":"https:\/\/www.reseau-entreprendre.org\/alpes-du-sud\/","name":"R\u00e9seau Entreprendre Alpes du Sud","description":"Un site utilisant Les sites de R\u00e9seau Entreprendre","publisher":{"@id":"https:\/\/www.reseau-entreprendre.org\/alpes-du-sud\/#organization"},"potentialAction":[{"@type":"SearchAction","target":{"@type":"EntryPoint","urlTemplate":"https:\/\/www.reseau-entreprendre.org\/alpes-du-sud\/?s={search_term_string}"},"query-input":{"@type":"PropertyValueSpecification","valueRequired":true,"valueName":"search_term_string"}}],"inLanguage":"fr-FR"},{"@type":"Organization","@id":"https:\/\/www.reseau-entreprendre.org\/alpes-du-sud\/#organization","name":"R\u00e9seau Entreprendre Alpes du Sud","url":"https:\/\/www.reseau-entreprendre.org\/alpes-du-sud\/","logo":{"@type":"ImageObject","inLanguage":"fr-FR","@id":"https:\/\/www.reseau-entreprendre.org\/alpes-du-sud\/#\/schema\/logo\/image\/","url":"https:\/\/www.reseau-entreprendre.org\/alpes-du-sud\/wp-content\/uploads\/sites\/80\/2022\/05\/logo_200-e1653996972738.png","contentUrl":"https:\/\/www.reseau-entreprendre.org\/alpes-du-sud\/wp-content\/uploads\/sites\/80\/2022\/05\/logo_200-e1653996972738.png","width":120,"height":84,"caption":"R\u00e9seau Entreprendre Alpes du Sud"},"image":{"@id":"https:\/\/www.reseau-entreprendre.org\/alpes-du-sud\/#\/schema\/logo\/image\/"}}]}},"_links":{"self":[{"href":"https:\/\/www.reseau-entreprendre.org\/alpes-du-sud\/wp-json\/wp\/v2\/pages\/11","targetHints":{"allow":["GET"]}}],"collection":[{"href":"https:\/\/www.reseau-entreprendre.org\/alpes-du-sud\/wp-json\/wp\/v2\/pages"}],"about":[{"href":"https:\/\/www.reseau-entreprendre.org\/alpes-du-sud\/wp-json\/wp\/v2\/types\/page"}],"author":[{"embeddable":true,"href":"https:\/\/www.reseau-entreprendre.org\/alpes-du-sud\/wp-json\/wp\/v2\/users\/99"}],"replies":[{"embeddable":true,"href":"https:\/\/www.reseau-entreprendre.org\/alpes-du-sud\/wp-json\/wp\/v2\/comments?post=11"}],"version-history":[{"count":0,"href":"https:\/\/www.reseau-entreprendre.org\/alpes-du-sud\/wp-json\/wp\/v2\/pages\/11\/revisions"}],"wp:featuredmedia":[{"embeddable":true,"href":"https:\/\/www.reseau-entreprendre.org\/alpes-du-sud\/wp-json\/wp\/v2\/media\/1497"}],"wp:attachment":[{"href":"https:\/\/www.reseau-entreprendre.org\/alpes-du-sud\/wp-json\/wp\/v2\/media?parent=11"}],"curies":[{"name":"wp","href":"https:\/\/api.w.org\/{rel}","templated":true}]}}