{"id":17,"date":"2018-01-16T11:12:01","date_gmt":"2018-01-16T10:12:01","guid":{"rendered":"http:\/\/re-preprod-entreprendre.fr\/alpes-du-sud\/?page_id=17"},"modified":"2023-07-06T16:12:35","modified_gmt":"2023-07-06T14:12:35","slug":"soutenir","status":"publish","type":"page","link":"https:\/\/www.reseau-entreprendre.org\/alpes-du-sud\/soutenir\/","title":{"rendered":"Nous rejoindre"},"content":{"rendered":"\n<h3 class=\"wp-block-heading has-re-red-color has-text-color\">Pourquoi devenir partenaire du R\u00e9seau Entreprendre&nbsp;<strong>\u00ae<\/strong> Alpes du Sud ?<\/h3>\n\n\n\n<p>\u00catre partenaire du R\u00e9seau Entreprendre <strong>\u00ae&nbsp;<\/strong>Alpes du Sud, c\u2019est une invitation permanente \u00e0 d\u00e9ployer &#8220;l&#8217;esprit du r\u00e9seau&#8221; sur notre magnifique territoire des Alpes de Haute-Provence et des Hautes-Alpes :<\/p>\n\n\n\n<p><strong>L&#8217;important, c&#8217;est la personne,<\/strong><\/p>\n\n\n\n<p><strong>Le principe, c&#8217;est la gratuit\u00e9,<\/strong><\/p>\n\n\n\n<p><strong>L&#8217;esprit, c&#8217;est la r\u00e9ciprocit\u00e9, <\/strong><\/p>\n\n\n\n<p><strong>Le moteur, c&#8217;est la bienveillance, <\/strong><\/p>\n\n\n\n<p><strong>Ce qui nous anime, c&#8217;est la solidarit\u00e9 &#8230; <\/strong><\/p>\n\n\n\n<p>C&#8217;est \u00e9galement la satisfaction de contribuer activement \u00e0 une action porteuse de sens et d\u2019enjeux \u00e9conomiques et de concourir ainsi \u00e0 la richesse de ce territoire, \u00e0 son rayonnement et \u00e0 son attractivit\u00e9.<\/p>\n\n\n\n<p>Vous pourrez participer \u00e0 nos \u00e9v\u00e9nements (f\u00eate des laur\u00e9ats, remises de ch\u00e8ques, soir\u00e9es et \u00e9v\u00e9nements divers&#8230;) et&nbsp;aurez l\u2019opportunit\u00e9 d&#8217;appara\u00eetre sur nos diff\u00e9rents supports de communication (votre logo sera visible sur le site internet et sur les plaquettes) ainsi que sur nos \u00e9v\u00e9nements&nbsp;les plus importants.<\/p>\n\n\n\n<p>N&#8217;h\u00e9sitez pas \u00e0 nous contacter&#8230;.<\/p>\n","protected":false},"excerpt":{"rendered":"<p>Pourquoi devenir partenaire du R\u00e9seau Entreprendre&nbsp;\u00ae Alpes du Sud ?<\/p>\n","protected":false},"author":99,"featured_media":0,"parent":0,"menu_order":0,"comment_status":"closed","ping_status":"closed","template":"","meta":{"_acf_changed":false,"_monsterinsights_skip_tracking":false,"_monsterinsights_sitenote_active":false,"_monsterinsights_sitenote_note":"","_monsterinsights_sitenote_category":0,"footnotes":""},"class_list":["post-17","page","type-page","status-publish","hentry"],"acf":[],"yoast_head":"<!-- This site is optimized with the Yoast SEO plugin v27.4 - https:\/\/yoast.com\/product\/yoast-seo-wordpress\/ -->\n<title>Soutenir | R\u00e9seau Entreprendre \u00ae Alpes du Sud<\/title>\n<meta name=\"description\" content=\"Partenaire, vous souhaitez soutenir un r\u00e9seau 100% chefs d&#039;entreprise ? Rejoignez R\u00e9seau Entreprendre \u00ae Alpes du Sud\" \/>\n<meta name=\"robots\" content=\"index, follow, max-snippet:-1, max-image-preview:large, max-video-preview:-1\" \/>\n<link rel=\"canonical\" href=\"https:\/\/www.reseau-entreprendre.org\/alpes-du-sud\/soutenir\/\" \/>\n<meta property=\"og:locale\" content=\"fr_FR\" \/>\n<meta property=\"og:type\" content=\"article\" \/>\n<meta property=\"og:title\" content=\"Soutenir | R\u00e9seau Entreprendre \u00ae Alpes du Sud\" \/>\n<meta property=\"og:description\" content=\"Partenaire, vous souhaitez soutenir un r\u00e9seau 100% chefs d&#039;entreprise ? Rejoignez R\u00e9seau Entreprendre \u00ae Alpes du Sud\" \/>\n<meta property=\"og:url\" content=\"https:\/\/www.reseau-entreprendre.org\/alpes-du-sud\/soutenir\/\" \/>\n<meta property=\"og:site_name\" content=\"R\u00e9seau Entreprendre Alpes du Sud\" \/>\n<meta property=\"article:modified_time\" content=\"2023-07-06T14:12:35+00:00\" \/>\n<meta name=\"twitter:card\" content=\"summary_large_image\" \/>\n<meta name=\"twitter:label1\" content=\"Dur\u00e9e de lecture estim\u00e9e\" \/>\n\t<meta name=\"twitter:data1\" content=\"1 minute\" \/>\n<script type=\"application\/ld+json\" class=\"yoast-schema-graph\">{\"@context\":\"https:\\\/\\\/schema.org\",\"@graph\":[{\"@type\":\"WebPage\",\"@id\":\"https:\\\/\\\/www.reseau-entreprendre.org\\\/alpes-du-sud\\\/soutenir\\\/\",\"url\":\"https:\\\/\\\/www.reseau-entreprendre.org\\\/alpes-du-sud\\\/soutenir\\\/\",\"name\":\"Soutenir | R\u00e9seau Entreprendre \u00ae Alpes du Sud\",\"isPartOf\":{\"@id\":\"https:\\\/\\\/www.reseau-entreprendre.org\\\/alpes-du-sud\\\/#website\"},\"datePublished\":\"2018-01-16T10:12:01+00:00\",\"dateModified\":\"2023-07-06T14:12:35+00:00\",\"description\":\"Partenaire, vous souhaitez soutenir un r\u00e9seau 100% chefs d'entreprise ? Rejoignez R\u00e9seau Entreprendre \u00ae Alpes du Sud\",\"breadcrumb\":{\"@id\":\"https:\\\/\\\/www.reseau-entreprendre.org\\\/alpes-du-sud\\\/soutenir\\\/#breadcrumb\"},\"inLanguage\":\"fr-FR\",\"potentialAction\":[{\"@type\":\"ReadAction\",\"target\":[\"https:\\\/\\\/www.reseau-entreprendre.org\\\/alpes-du-sud\\\/soutenir\\\/\"]}]},{\"@type\":\"BreadcrumbList\",\"@id\":\"https:\\\/\\\/www.reseau-entreprendre.org\\\/alpes-du-sud\\\/soutenir\\\/#breadcrumb\",\"itemListElement\":[{\"@type\":\"ListItem\",\"position\":1,\"name\":\"Accueil\",\"item\":\"https:\\\/\\\/www.reseau-entreprendre.org\\\/alpes-du-sud\\\/\"},{\"@type\":\"ListItem\",\"position\":2,\"name\":\"Nous rejoindre\"}]},{\"@type\":\"WebSite\",\"@id\":\"https:\\\/\\\/www.reseau-entreprendre.org\\\/alpes-du-sud\\\/#website\",\"url\":\"https:\\\/\\\/www.reseau-entreprendre.org\\\/alpes-du-sud\\\/\",\"name\":\"R\u00e9seau Entreprendre Alpes du Sud\",\"description\":\"Un site utilisant Les sites de R\u00e9seau Entreprendre\",\"publisher\":{\"@id\":\"https:\\\/\\\/www.reseau-entreprendre.org\\\/alpes-du-sud\\\/#organization\"},\"potentialAction\":[{\"@type\":\"SearchAction\",\"target\":{\"@type\":\"EntryPoint\",\"urlTemplate\":\"https:\\\/\\\/www.reseau-entreprendre.org\\\/alpes-du-sud\\\/?s={search_term_string}\"},\"query-input\":{\"@type\":\"PropertyValueSpecification\",\"valueRequired\":true,\"valueName\":\"search_term_string\"}}],\"inLanguage\":\"fr-FR\"},{\"@type\":\"Organization\",\"@id\":\"https:\\\/\\\/www.reseau-entreprendre.org\\\/alpes-du-sud\\\/#organization\",\"name\":\"R\u00e9seau Entreprendre Alpes du Sud\",\"url\":\"https:\\\/\\\/www.reseau-entreprendre.org\\\/alpes-du-sud\\\/\",\"logo\":{\"@type\":\"ImageObject\",\"inLanguage\":\"fr-FR\",\"@id\":\"https:\\\/\\\/www.reseau-entreprendre.org\\\/alpes-du-sud\\\/#\\\/schema\\\/logo\\\/image\\\/\",\"url\":\"https:\\\/\\\/www.reseau-entreprendre.org\\\/alpes-du-sud\\\/wp-content\\\/uploads\\\/sites\\\/80\\\/2022\\\/05\\\/logo_200-e1653996972738.png\",\"contentUrl\":\"https:\\\/\\\/www.reseau-entreprendre.org\\\/alpes-du-sud\\\/wp-content\\\/uploads\\\/sites\\\/80\\\/2022\\\/05\\\/logo_200-e1653996972738.png\",\"width\":120,\"height\":84,\"caption\":\"R\u00e9seau Entreprendre Alpes du Sud\"},\"image\":{\"@id\":\"https:\\\/\\\/www.reseau-entreprendre.org\\\/alpes-du-sud\\\/#\\\/schema\\\/logo\\\/image\\\/\"}}]}<\/script>\n<!-- \/ Yoast SEO plugin. -->","yoast_head_json":{"title":"Soutenir | R\u00e9seau Entreprendre \u00ae Alpes du Sud","description":"Partenaire, vous souhaitez soutenir un r\u00e9seau 100% chefs d'entreprise ? Rejoignez R\u00e9seau Entreprendre \u00ae Alpes du Sud","robots":{"index":"index","follow":"follow","max-snippet":"max-snippet:-1","max-image-preview":"max-image-preview:large","max-video-preview":"max-video-preview:-1"},"canonical":"https:\/\/www.reseau-entreprendre.org\/alpes-du-sud\/soutenir\/","og_locale":"fr_FR","og_type":"article","og_title":"Soutenir | R\u00e9seau Entreprendre \u00ae Alpes du Sud","og_description":"Partenaire, vous souhaitez soutenir un r\u00e9seau 100% chefs d'entreprise ? Rejoignez R\u00e9seau Entreprendre \u00ae Alpes du Sud","og_url":"https:\/\/www.reseau-entreprendre.org\/alpes-du-sud\/soutenir\/","og_site_name":"R\u00e9seau Entreprendre Alpes du Sud","article_modified_time":"2023-07-06T14:12:35+00:00","twitter_card":"summary_large_image","twitter_misc":{"Dur\u00e9e de lecture estim\u00e9e":"1 minute"},"schema":{"@context":"https:\/\/schema.org","@graph":[{"@type":"WebPage","@id":"https:\/\/www.reseau-entreprendre.org\/alpes-du-sud\/soutenir\/","url":"https:\/\/www.reseau-entreprendre.org\/alpes-du-sud\/soutenir\/","name":"Soutenir | R\u00e9seau Entreprendre \u00ae Alpes du Sud","isPartOf":{"@id":"https:\/\/www.reseau-entreprendre.org\/alpes-du-sud\/#website"},"datePublished":"2018-01-16T10:12:01+00:00","dateModified":"2023-07-06T14:12:35+00:00","description":"Partenaire, vous souhaitez soutenir un r\u00e9seau 100% chefs d'entreprise ? Rejoignez R\u00e9seau Entreprendre \u00ae Alpes du Sud","breadcrumb":{"@id":"https:\/\/www.reseau-entreprendre.org\/alpes-du-sud\/soutenir\/#breadcrumb"},"inLanguage":"fr-FR","potentialAction":[{"@type":"ReadAction","target":["https:\/\/www.reseau-entreprendre.org\/alpes-du-sud\/soutenir\/"]}]},{"@type":"BreadcrumbList","@id":"https:\/\/www.reseau-entreprendre.org\/alpes-du-sud\/soutenir\/#breadcrumb","itemListElement":[{"@type":"ListItem","position":1,"name":"Accueil","item":"https:\/\/www.reseau-entreprendre.org\/alpes-du-sud\/"},{"@type":"ListItem","position":2,"name":"Nous rejoindre"}]},{"@type":"WebSite","@id":"https:\/\/www.reseau-entreprendre.org\/alpes-du-sud\/#website","url":"https:\/\/www.reseau-entreprendre.org\/alpes-du-sud\/","name":"R\u00e9seau Entreprendre Alpes du Sud","description":"Un site utilisant Les sites de R\u00e9seau Entreprendre","publisher":{"@id":"https:\/\/www.reseau-entreprendre.org\/alpes-du-sud\/#organization"},"potentialAction":[{"@type":"SearchAction","target":{"@type":"EntryPoint","urlTemplate":"https:\/\/www.reseau-entreprendre.org\/alpes-du-sud\/?s={search_term_string}"},"query-input":{"@type":"PropertyValueSpecification","valueRequired":true,"valueName":"search_term_string"}}],"inLanguage":"fr-FR"},{"@type":"Organization","@id":"https:\/\/www.reseau-entreprendre.org\/alpes-du-sud\/#organization","name":"R\u00e9seau Entreprendre Alpes du Sud","url":"https:\/\/www.reseau-entreprendre.org\/alpes-du-sud\/","logo":{"@type":"ImageObject","inLanguage":"fr-FR","@id":"https:\/\/www.reseau-entreprendre.org\/alpes-du-sud\/#\/schema\/logo\/image\/","url":"https:\/\/www.reseau-entreprendre.org\/alpes-du-sud\/wp-content\/uploads\/sites\/80\/2022\/05\/logo_200-e1653996972738.png","contentUrl":"https:\/\/www.reseau-entreprendre.org\/alpes-du-sud\/wp-content\/uploads\/sites\/80\/2022\/05\/logo_200-e1653996972738.png","width":120,"height":84,"caption":"R\u00e9seau Entreprendre Alpes du Sud"},"image":{"@id":"https:\/\/www.reseau-entreprendre.org\/alpes-du-sud\/#\/schema\/logo\/image\/"}}]}},"_links":{"self":[{"href":"https:\/\/www.reseau-entreprendre.org\/alpes-du-sud\/wp-json\/wp\/v2\/pages\/17","targetHints":{"allow":["GET"]}}],"collection":[{"href":"https:\/\/www.reseau-entreprendre.org\/alpes-du-sud\/wp-json\/wp\/v2\/pages"}],"about":[{"href":"https:\/\/www.reseau-entreprendre.org\/alpes-du-sud\/wp-json\/wp\/v2\/types\/page"}],"author":[{"embeddable":true,"href":"https:\/\/www.reseau-entreprendre.org\/alpes-du-sud\/wp-json\/wp\/v2\/users\/99"}],"replies":[{"embeddable":true,"href":"https:\/\/www.reseau-entreprendre.org\/alpes-du-sud\/wp-json\/wp\/v2\/comments?post=17"}],"version-history":[{"count":0,"href":"https:\/\/www.reseau-entreprendre.org\/alpes-du-sud\/wp-json\/wp\/v2\/pages\/17\/revisions"}],"wp:attachment":[{"href":"https:\/\/www.reseau-entreprendre.org\/alpes-du-sud\/wp-json\/wp\/v2\/media?parent=17"}],"curies":[{"name":"wp","href":"https:\/\/api.w.org\/{rel}","templated":true}]}}