{"id":1954,"date":"2022-04-01T15:51:08","date_gmt":"2022-04-01T13:51:08","guid":{"rendered":"https:\/\/www.reseau-entreprendre.org\/alpes-du-sud\/?page_id=1954"},"modified":"2024-09-13T08:56:20","modified_gmt":"2024-09-13T06:56:20","slug":"decouvrir-les-laureats","status":"publish","type":"page","link":"https:\/\/www.reseau-entreprendre.org\/alpes-du-sud\/decouvrir-les-laureats\/","title":{"rendered":"D\u00c9COUVRIR NOS LAUR\u00c9ATS"},"content":{"rendered":"\n<p><\/p>\n\n\n\n<div class=\"wp-block-media-text alignfull has-media-on-the-right is-stacked-on-mobile is-vertically-aligned-center is-style-default\" style=\"grid-template-columns:auto 56%\"><div class=\"wp-block-media-text__content\">\n<h2 class=\"wp-block-heading has-text-color\" style=\"color:#000000\"><strong>L\u00e9o Haccoun<\/strong><\/h2>\n\n\n\n<p>DIGNAMIK &#8211; Digne les Bains <\/p>\n\n\n\n<p class=\"has-text-color\" style=\"color:#636363;font-size:17px;line-height:1.1\">Agence sp\u00e9cialis\u00e9e dans la digitalisation des commer\u00e7ants et artisans. D\u00e9veloppe et anime la plateforme VieMaVille : r\u00e9seau social de proximit\u00e9, d\u00e9ploie des solutions digitales pour am\u00e9liorer la visibilit\u00e9 (site internet, r\u00e9seaux sociaux&#8230;),  formations communication, marketing, gestion&#8230;.. <\/p>\n<\/div><figure class=\"wp-block-media-text__media\"><img loading=\"lazy\" decoding=\"async\" width=\"1024\" height=\"1024\" src=\"https:\/\/www.reseau-entreprendre.org\/alpes-du-sud\/wp-content\/uploads\/sites\/80\/2024\/09\/Photo-Leo-1024x1024.jpg\" alt=\"\" class=\"wp-image-2913 size-full\" srcset=\"https:\/\/www.reseau-entreprendre.org\/alpes-du-sud\/wp-content\/uploads\/sites\/80\/2024\/09\/Photo-Leo-1024x1024.jpg 1024w, https:\/\/www.reseau-entreprendre.org\/alpes-du-sud\/wp-content\/uploads\/sites\/80\/2024\/09\/Photo-Leo-300x300.jpg 300w, https:\/\/www.reseau-entreprendre.org\/alpes-du-sud\/wp-content\/uploads\/sites\/80\/2024\/09\/Photo-Leo-150x150.jpg 150w, https:\/\/www.reseau-entreprendre.org\/alpes-du-sud\/wp-content\/uploads\/sites\/80\/2024\/09\/Photo-Leo-768x768.jpg 768w, https:\/\/www.reseau-entreprendre.org\/alpes-du-sud\/wp-content\/uploads\/sites\/80\/2024\/09\/Photo-Leo-1536x1536.jpg 1536w, https:\/\/www.reseau-entreprendre.org\/alpes-du-sud\/wp-content\/uploads\/sites\/80\/2024\/09\/Photo-Leo-2048x2048.jpg 2048w, https:\/\/www.reseau-entreprendre.org\/alpes-du-sud\/wp-content\/uploads\/sites\/80\/2024\/09\/Photo-Leo-130x130.jpg 130w, https:\/\/www.reseau-entreprendre.org\/alpes-du-sud\/wp-content\/uploads\/sites\/80\/2024\/09\/Photo-Leo-100x100.jpg 100w\" sizes=\"auto, (max-width: 1024px) 100vw, 1024px\" \/><\/figure><\/div>\n\n\n\n<figure class=\"wp-block-image size-large\"><img loading=\"lazy\" decoding=\"async\" width=\"1024\" height=\"405\" src=\"https:\/\/www.reseau-entreprendre.org\/alpes-du-sud\/wp-content\/uploads\/sites\/80\/2023\/03\/Capture-PC-SAPPROD-1024x405.png\" alt=\"\" class=\"wp-image-2543\" srcset=\"https:\/\/www.reseau-entreprendre.org\/alpes-du-sud\/wp-content\/uploads\/sites\/80\/2023\/03\/Capture-PC-SAPPROD-1024x405.png 1024w, https:\/\/www.reseau-entreprendre.org\/alpes-du-sud\/wp-content\/uploads\/sites\/80\/2023\/03\/Capture-PC-SAPPROD-300x119.png 300w, https:\/\/www.reseau-entreprendre.org\/alpes-du-sud\/wp-content\/uploads\/sites\/80\/2023\/03\/Capture-PC-SAPPROD-768x304.png 768w, https:\/\/www.reseau-entreprendre.org\/alpes-du-sud\/wp-content\/uploads\/sites\/80\/2023\/03\/Capture-PC-SAPPROD-1536x607.png 1536w, https:\/\/www.reseau-entreprendre.org\/alpes-du-sud\/wp-content\/uploads\/sites\/80\/2023\/03\/Capture-PC-SAPPROD-210x83.png 210w, https:\/\/www.reseau-entreprendre.org\/alpes-du-sud\/wp-content\/uploads\/sites\/80\/2023\/03\/Capture-PC-SAPPROD.png 1725w\" sizes=\"auto, (max-width: 1024px) 100vw, 1024px\" \/><\/figure>\n\n\n\n<figure class=\"wp-block-image size-large\"><img loading=\"lazy\" decoding=\"async\" width=\"1024\" height=\"310\" src=\"https:\/\/www.reseau-entreprendre.org\/alpes-du-sud\/wp-content\/uploads\/sites\/80\/2023\/03\/Capture-BF-SKYDIVECENTER-1024x310.png\" alt=\"\" class=\"wp-image-2541\" srcset=\"https:\/\/www.reseau-entreprendre.org\/alpes-du-sud\/wp-content\/uploads\/sites\/80\/2023\/03\/Capture-BF-SKYDIVECENTER-1024x310.png 1024w, https:\/\/www.reseau-entreprendre.org\/alpes-du-sud\/wp-content\/uploads\/sites\/80\/2023\/03\/Capture-BF-SKYDIVECENTER-300x91.png 300w, https:\/\/www.reseau-entreprendre.org\/alpes-du-sud\/wp-content\/uploads\/sites\/80\/2023\/03\/Capture-BF-SKYDIVECENTER-768x232.png 768w, https:\/\/www.reseau-entreprendre.org\/alpes-du-sud\/wp-content\/uploads\/sites\/80\/2023\/03\/Capture-BF-SKYDIVECENTER-1536x465.png 1536w, https:\/\/www.reseau-entreprendre.org\/alpes-du-sud\/wp-content\/uploads\/sites\/80\/2023\/03\/Capture-BF-SKYDIVECENTER-210x64.png 210w, https:\/\/www.reseau-entreprendre.org\/alpes-du-sud\/wp-content\/uploads\/sites\/80\/2023\/03\/Capture-BF-SKYDIVECENTER.png 1769w\" sizes=\"auto, (max-width: 1024px) 100vw, 1024px\" \/><figcaption class=\"wp-element-caption\"><a href=\"https:\/\/www.skydivecenter.fr\/\">https:\/\/www.skydivecenter.fr\/<\/a><\/figcaption><\/figure>\n\n\n\n<p><\/p>\n\n\n<div class=\"wp-block-image\">\n<figure class=\"aligncenter size-large\"><img loading=\"lazy\" decoding=\"async\" width=\"1024\" height=\"323\" src=\"https:\/\/www.reseau-entreprendre.org\/alpes-du-sud\/wp-content\/uploads\/sites\/80\/2023\/03\/Capture-FV-PAPI-OURS-1024x323.png\" alt=\"\" class=\"wp-image-2539\" srcset=\"https:\/\/www.reseau-entreprendre.org\/alpes-du-sud\/wp-content\/uploads\/sites\/80\/2023\/03\/Capture-FV-PAPI-OURS-1024x323.png 1024w, https:\/\/www.reseau-entreprendre.org\/alpes-du-sud\/wp-content\/uploads\/sites\/80\/2023\/03\/Capture-FV-PAPI-OURS-300x95.png 300w, https:\/\/www.reseau-entreprendre.org\/alpes-du-sud\/wp-content\/uploads\/sites\/80\/2023\/03\/Capture-FV-PAPI-OURS-768x242.png 768w, https:\/\/www.reseau-entreprendre.org\/alpes-du-sud\/wp-content\/uploads\/sites\/80\/2023\/03\/Capture-FV-PAPI-OURS-1536x484.png 1536w, https:\/\/www.reseau-entreprendre.org\/alpes-du-sud\/wp-content\/uploads\/sites\/80\/2023\/03\/Capture-FV-PAPI-OURS-210x66.png 210w, https:\/\/www.reseau-entreprendre.org\/alpes-du-sud\/wp-content\/uploads\/sites\/80\/2023\/03\/Capture-FV-PAPI-OURS.png 1701w\" sizes=\"auto, (max-width: 1024px) 100vw, 1024px\" \/><figcaption class=\"wp-element-caption\"><a href=\"https:\/\/www.tourtons-gap.fr\/\">https:\/\/www.tourtons-gap.fr\/<\/a><\/figcaption><\/figure>\n<\/div>\n\n\n<p><\/p>\n\n\n<div class=\"wp-block-image\">\n<figure class=\"aligncenter size-large is-resized\"><img loading=\"lazy\" decoding=\"async\" width=\"1024\" height=\"415\" src=\"https:\/\/www.reseau-entreprendre.org\/alpes-du-sud\/wp-content\/uploads\/sites\/80\/2022\/05\/Capture-decran-2022-05-02-a-15.43.16-1024x415.png\" alt=\"\" class=\"wp-image-2200\" style=\"width:768px;height:311px\" srcset=\"https:\/\/www.reseau-entreprendre.org\/alpes-du-sud\/wp-content\/uploads\/sites\/80\/2022\/05\/Capture-decran-2022-05-02-a-15.43.16-1024x415.png 1024w, https:\/\/www.reseau-entreprendre.org\/alpes-du-sud\/wp-content\/uploads\/sites\/80\/2022\/05\/Capture-decran-2022-05-02-a-15.43.16-300x122.png 300w, https:\/\/www.reseau-entreprendre.org\/alpes-du-sud\/wp-content\/uploads\/sites\/80\/2022\/05\/Capture-decran-2022-05-02-a-15.43.16-768x311.png 768w, https:\/\/www.reseau-entreprendre.org\/alpes-du-sud\/wp-content\/uploads\/sites\/80\/2022\/05\/Capture-decran-2022-05-02-a-15.43.16-1536x623.png 1536w, https:\/\/www.reseau-entreprendre.org\/alpes-du-sud\/wp-content\/uploads\/sites\/80\/2022\/05\/Capture-decran-2022-05-02-a-15.43.16-210x85.png 210w, https:\/\/www.reseau-entreprendre.org\/alpes-du-sud\/wp-content\/uploads\/sites\/80\/2022\/05\/Capture-decran-2022-05-02-a-15.43.16.png 1692w\" sizes=\"auto, (max-width: 1024px) 100vw, 1024px\" \/><\/figure>\n<\/div>\n\n\n<p class=\"has-text-align-center\"><a href=\"https:\/\/www.nexpand.fr\">https:\/\/www.nexpand<\/a><\/p>\n\n\n<div class=\"wp-block-image\">\n<figure class=\"aligncenter size-large is-resized\"><img loading=\"lazy\" decoding=\"async\" width=\"1024\" height=\"354\" src=\"https:\/\/www.reseau-entreprendre.org\/alpes-du-sud\/wp-content\/uploads\/sites\/80\/2022\/05\/Capture-decran-2022-05-02-a-15.29.09-1024x354.png\" alt=\"\" class=\"wp-image-2195\" style=\"width:768px;height:266px\" srcset=\"https:\/\/www.reseau-entreprendre.org\/alpes-du-sud\/wp-content\/uploads\/sites\/80\/2022\/05\/Capture-decran-2022-05-02-a-15.29.09-1024x354.png 1024w, https:\/\/www.reseau-entreprendre.org\/alpes-du-sud\/wp-content\/uploads\/sites\/80\/2022\/05\/Capture-decran-2022-05-02-a-15.29.09-300x104.png 300w, https:\/\/www.reseau-entreprendre.org\/alpes-du-sud\/wp-content\/uploads\/sites\/80\/2022\/05\/Capture-decran-2022-05-02-a-15.29.09-768x266.png 768w, https:\/\/www.reseau-entreprendre.org\/alpes-du-sud\/wp-content\/uploads\/sites\/80\/2022\/05\/Capture-decran-2022-05-02-a-15.29.09-1536x531.png 1536w, https:\/\/www.reseau-entreprendre.org\/alpes-du-sud\/wp-content\/uploads\/sites\/80\/2022\/05\/Capture-decran-2022-05-02-a-15.29.09-210x73.png 210w, https:\/\/www.reseau-entreprendre.org\/alpes-du-sud\/wp-content\/uploads\/sites\/80\/2022\/05\/Capture-decran-2022-05-02-a-15.29.09.png 1630w\" sizes=\"auto, (max-width: 1024px) 100vw, 1024px\" \/><\/figure>\n<\/div>\n\n\n<p class=\"has-text-align-center\"><a href=\"https:\/\/www.alpes2roues.com\">https:\/\/www.alpes2roues.com<\/a><\/p>\n\n\n\n<p><\/p>\n\n\n<div class=\"wp-block-image\">\n<figure class=\"aligncenter size-large is-resized\"><img loading=\"lazy\" decoding=\"async\" width=\"1024\" height=\"334\" src=\"https:\/\/www.reseau-entreprendre.org\/alpes-du-sud\/wp-content\/uploads\/sites\/80\/2022\/05\/Capture-decran-2022-05-02-a-15.16.03-1024x334.png\" alt=\"\" class=\"wp-image-2190\" style=\"width:768px;height:251px\" srcset=\"https:\/\/www.reseau-entreprendre.org\/alpes-du-sud\/wp-content\/uploads\/sites\/80\/2022\/05\/Capture-decran-2022-05-02-a-15.16.03-1024x334.png 1024w, https:\/\/www.reseau-entreprendre.org\/alpes-du-sud\/wp-content\/uploads\/sites\/80\/2022\/05\/Capture-decran-2022-05-02-a-15.16.03-300x98.png 300w, https:\/\/www.reseau-entreprendre.org\/alpes-du-sud\/wp-content\/uploads\/sites\/80\/2022\/05\/Capture-decran-2022-05-02-a-15.16.03-768x250.png 768w, https:\/\/www.reseau-entreprendre.org\/alpes-du-sud\/wp-content\/uploads\/sites\/80\/2022\/05\/Capture-decran-2022-05-02-a-15.16.03-1536x501.png 1536w, https:\/\/www.reseau-entreprendre.org\/alpes-du-sud\/wp-content\/uploads\/sites\/80\/2022\/05\/Capture-decran-2022-05-02-a-15.16.03-210x68.png 210w, https:\/\/www.reseau-entreprendre.org\/alpes-du-sud\/wp-content\/uploads\/sites\/80\/2022\/05\/Capture-decran-2022-05-02-a-15.16.03.png 1644w\" sizes=\"auto, (max-width: 1024px) 100vw, 1024px\" \/><\/figure>\n<\/div>\n\n\n<p class=\"has-text-align-center\"><a href=\"https:\/\/www.laboiteabiscuits.fr\">https:\/\/www.laboiteabiscuits<\/a><\/p>\n\n\n\n<h2 class=\"wp-block-heading\"><\/h2>\n\n\n<div class=\"wp-block-image\">\n<figure class=\"aligncenter size-large is-resized\"><img loading=\"lazy\" decoding=\"async\" width=\"1024\" height=\"371\" src=\"https:\/\/www.reseau-entreprendre.org\/alpes-du-sud\/wp-content\/uploads\/sites\/80\/2022\/05\/Capture-decran-2022-05-02-a-15.09.03-1024x371.png\" alt=\"\" class=\"wp-image-2186\" style=\"width:768px;height:278px\" srcset=\"https:\/\/www.reseau-entreprendre.org\/alpes-du-sud\/wp-content\/uploads\/sites\/80\/2022\/05\/Capture-decran-2022-05-02-a-15.09.03-1024x371.png 1024w, https:\/\/www.reseau-entreprendre.org\/alpes-du-sud\/wp-content\/uploads\/sites\/80\/2022\/05\/Capture-decran-2022-05-02-a-15.09.03-300x109.png 300w, https:\/\/www.reseau-entreprendre.org\/alpes-du-sud\/wp-content\/uploads\/sites\/80\/2022\/05\/Capture-decran-2022-05-02-a-15.09.03-768x278.png 768w, https:\/\/www.reseau-entreprendre.org\/alpes-du-sud\/wp-content\/uploads\/sites\/80\/2022\/05\/Capture-decran-2022-05-02-a-15.09.03-1536x556.png 1536w, https:\/\/www.reseau-entreprendre.org\/alpes-du-sud\/wp-content\/uploads\/sites\/80\/2022\/05\/Capture-decran-2022-05-02-a-15.09.03-210x76.png 210w, https:\/\/www.reseau-entreprendre.org\/alpes-du-sud\/wp-content\/uploads\/sites\/80\/2022\/05\/Capture-decran-2022-05-02-a-15.09.03.png 1602w\" sizes=\"auto, (max-width: 1024px) 100vw, 1024px\" \/><\/figure>\n<\/div>\n\n\n<p class=\"has-text-align-center\"><a href=\"https:\/\/www.bonheurjardin.com\">https:\/\/www.bonheurjardin.com<\/a><\/p>\n\n\n\n<p><\/p>\n\n\n<div class=\"wp-block-image\">\n<figure class=\"aligncenter size-large is-resized\"><img loading=\"lazy\" decoding=\"async\" width=\"1024\" height=\"359\" src=\"https:\/\/www.reseau-entreprendre.org\/alpes-du-sud\/wp-content\/uploads\/sites\/80\/2022\/05\/Capture-decran-2022-05-02-a-14.48.56-1024x359.png\" alt=\"\" class=\"wp-image-2179\" style=\"width:768px;height:269px\" srcset=\"https:\/\/www.reseau-entreprendre.org\/alpes-du-sud\/wp-content\/uploads\/sites\/80\/2022\/05\/Capture-decran-2022-05-02-a-14.48.56-1024x359.png 1024w, https:\/\/www.reseau-entreprendre.org\/alpes-du-sud\/wp-content\/uploads\/sites\/80\/2022\/05\/Capture-decran-2022-05-02-a-14.48.56-300x105.png 300w, https:\/\/www.reseau-entreprendre.org\/alpes-du-sud\/wp-content\/uploads\/sites\/80\/2022\/05\/Capture-decran-2022-05-02-a-14.48.56-768x269.png 768w, https:\/\/www.reseau-entreprendre.org\/alpes-du-sud\/wp-content\/uploads\/sites\/80\/2022\/05\/Capture-decran-2022-05-02-a-14.48.56-1536x538.png 1536w, https:\/\/www.reseau-entreprendre.org\/alpes-du-sud\/wp-content\/uploads\/sites\/80\/2022\/05\/Capture-decran-2022-05-02-a-14.48.56-210x74.png 210w, https:\/\/www.reseau-entreprendre.org\/alpes-du-sud\/wp-content\/uploads\/sites\/80\/2022\/05\/Capture-decran-2022-05-02-a-14.48.56.png 1626w\" sizes=\"auto, (max-width: 1024px) 100vw, 1024px\" \/><\/figure>\n<\/div>\n\n\n<p class=\"has-text-align-center\"><a href=\"https:\/\/four-ephrem.com\">https:\/\/four-ephrem.<\/a>com<\/p>\n\n\n<div class=\"wp-block-image\">\n<figure class=\"aligncenter size-large is-resized\"><img loading=\"lazy\" decoding=\"async\" width=\"1024\" height=\"428\" src=\"https:\/\/www.reseau-entreprendre.org\/alpes-du-sud\/wp-content\/uploads\/sites\/80\/2022\/05\/Capture-decran-2022-05-02-a-14.31.22-1024x428.png\" alt=\"\" class=\"wp-image-2175\" style=\"width:768px;height:321px\" srcset=\"https:\/\/www.reseau-entreprendre.org\/alpes-du-sud\/wp-content\/uploads\/sites\/80\/2022\/05\/Capture-decran-2022-05-02-a-14.31.22-1024x428.png 1024w, https:\/\/www.reseau-entreprendre.org\/alpes-du-sud\/wp-content\/uploads\/sites\/80\/2022\/05\/Capture-decran-2022-05-02-a-14.31.22-300x125.png 300w, https:\/\/www.reseau-entreprendre.org\/alpes-du-sud\/wp-content\/uploads\/sites\/80\/2022\/05\/Capture-decran-2022-05-02-a-14.31.22-768x321.png 768w, https:\/\/www.reseau-entreprendre.org\/alpes-du-sud\/wp-content\/uploads\/sites\/80\/2022\/05\/Capture-decran-2022-05-02-a-14.31.22-1536x642.png 1536w, https:\/\/www.reseau-entreprendre.org\/alpes-du-sud\/wp-content\/uploads\/sites\/80\/2022\/05\/Capture-decran-2022-05-02-a-14.31.22-210x88.png 210w, https:\/\/www.reseau-entreprendre.org\/alpes-du-sud\/wp-content\/uploads\/sites\/80\/2022\/05\/Capture-decran-2022-05-02-a-14.31.22.png 1660w\" sizes=\"auto, (max-width: 1024px) 100vw, 1024px\" \/><\/figure>\n<\/div>\n\n\n<p class=\"has-text-align-center\"><a href=\"https:\/\/www.club-shop.fr\">https:\/\/www.club-shop.fr<\/a><\/p>\n\n\n\n<p><\/p>\n\n\n<div class=\"wp-block-image\">\n<figure class=\"aligncenter size-large is-resized\"><img loading=\"lazy\" decoding=\"async\" width=\"1024\" height=\"513\" src=\"https:\/\/www.reseau-entreprendre.org\/alpes-du-sud\/wp-content\/uploads\/sites\/80\/2022\/05\/Capture-decran-2022-05-02-a-14.23.16-1024x513.png\" alt=\"\" class=\"wp-image-2165\" style=\"width:768px;height:385px\" srcset=\"https:\/\/www.reseau-entreprendre.org\/alpes-du-sud\/wp-content\/uploads\/sites\/80\/2022\/05\/Capture-decran-2022-05-02-a-14.23.16-1024x513.png 1024w, https:\/\/www.reseau-entreprendre.org\/alpes-du-sud\/wp-content\/uploads\/sites\/80\/2022\/05\/Capture-decran-2022-05-02-a-14.23.16-300x150.png 300w, https:\/\/www.reseau-entreprendre.org\/alpes-du-sud\/wp-content\/uploads\/sites\/80\/2022\/05\/Capture-decran-2022-05-02-a-14.23.16-768x385.png 768w, https:\/\/www.reseau-entreprendre.org\/alpes-du-sud\/wp-content\/uploads\/sites\/80\/2022\/05\/Capture-decran-2022-05-02-a-14.23.16-1536x770.png 1536w, https:\/\/www.reseau-entreprendre.org\/alpes-du-sud\/wp-content\/uploads\/sites\/80\/2022\/05\/Capture-decran-2022-05-02-a-14.23.16-210x105.png 210w, https:\/\/www.reseau-entreprendre.org\/alpes-du-sud\/wp-content\/uploads\/sites\/80\/2022\/05\/Capture-decran-2022-05-02-a-14.23.16.png 1680w\" sizes=\"auto, (max-width: 1024px) 100vw, 1024px\" \/><\/figure>\n<\/div>\n\n\n<p class=\"has-text-align-center\"><a href=\"https:\/\/waiora-gap.fr\">https:\/\/waiora-gap.fr<\/a><\/p>\n\n\n\n<div class=\"wp-block-columns is-layout-flex wp-container-core-columns-is-layout-9d6595d7 wp-block-columns-is-layout-flex\">\n<div class=\"wp-block-column is-layout-flow wp-block-column-is-layout-flow\" style=\"flex-basis:100%\"><\/div>\n<\/div>\n\n\n<div class=\"wp-block-image\">\n<figure class=\"aligncenter size-large is-resized\"><img loading=\"lazy\" decoding=\"async\" width=\"1024\" height=\"418\" src=\"https:\/\/www.reseau-entreprendre.org\/alpes-du-sud\/wp-content\/uploads\/sites\/80\/2022\/05\/Capture-decran-2022-05-02-a-14.11.00-1-1024x418.png\" alt=\"\" class=\"wp-image-2168\" style=\"width:768px;height:314px\" srcset=\"https:\/\/www.reseau-entreprendre.org\/alpes-du-sud\/wp-content\/uploads\/sites\/80\/2022\/05\/Capture-decran-2022-05-02-a-14.11.00-1-1024x418.png 1024w, https:\/\/www.reseau-entreprendre.org\/alpes-du-sud\/wp-content\/uploads\/sites\/80\/2022\/05\/Capture-decran-2022-05-02-a-14.11.00-1-300x122.png 300w, https:\/\/www.reseau-entreprendre.org\/alpes-du-sud\/wp-content\/uploads\/sites\/80\/2022\/05\/Capture-decran-2022-05-02-a-14.11.00-1-768x313.png 768w, https:\/\/www.reseau-entreprendre.org\/alpes-du-sud\/wp-content\/uploads\/sites\/80\/2022\/05\/Capture-decran-2022-05-02-a-14.11.00-1-1536x627.png 1536w, https:\/\/www.reseau-entreprendre.org\/alpes-du-sud\/wp-content\/uploads\/sites\/80\/2022\/05\/Capture-decran-2022-05-02-a-14.11.00-1-210x86.png 210w, https:\/\/www.reseau-entreprendre.org\/alpes-du-sud\/wp-content\/uploads\/sites\/80\/2022\/05\/Capture-decran-2022-05-02-a-14.11.00-1.png 1676w\" sizes=\"auto, (max-width: 1024px) 100vw, 1024px\" \/><\/figure>\n<\/div>\n\n\n<p class=\"has-text-align-center\"><a href=\"https:\/\/techniciens-eau-sisteron.fr\">https:\/\/techniciens-eau-sisteron.fr<\/a><\/p>\n\n\n\n<p><\/p>\n\n\n\n<p><\/p>\n\n\n\n<p><\/p>\n","protected":false},"excerpt":{"rendered":"<p>L\u00e9o Haccoun DIGNAMIK &#8211; Digne les Bains Agence sp\u00e9cialis\u00e9e dans<\/p>\n","protected":false},"author":165,"featured_media":0,"parent":0,"menu_order":0,"comment_status":"closed","ping_status":"closed","template":"","meta":{"_acf_changed":false,"_monsterinsights_skip_tracking":false,"_monsterinsights_sitenote_active":false,"_monsterinsights_sitenote_note":"","_monsterinsights_sitenote_category":0,"footnotes":""},"class_list":["post-1954","page","type-page","status-publish","hentry"],"acf":[],"yoast_head":"<!-- This site is optimized with the Yoast SEO plugin v27.4 - https:\/\/yoast.com\/product\/yoast-seo-wordpress\/ -->\n<title>D\u00c9COUVRIR NOS LAUR\u00c9ATS - R\u00e9seau Entreprendre Alpes du Sud<\/title>\n<meta name=\"robots\" content=\"index, follow, max-snippet:-1, max-image-preview:large, max-video-preview:-1\" \/>\n<link rel=\"canonical\" href=\"https:\/\/www.reseau-entreprendre.org\/alpes-du-sud\/decouvrir-les-laureats\/\" \/>\n<meta property=\"og:locale\" content=\"fr_FR\" \/>\n<meta property=\"og:type\" content=\"article\" \/>\n<meta property=\"og:title\" content=\"D\u00c9COUVRIR NOS LAUR\u00c9ATS - R\u00e9seau Entreprendre Alpes du Sud\" \/>\n<meta property=\"og:description\" content=\"L\u00e9o Haccoun DIGNAMIK &#8211; Digne les Bains Agence sp\u00e9cialis\u00e9e dans\" \/>\n<meta property=\"og:url\" content=\"https:\/\/www.reseau-entreprendre.org\/alpes-du-sud\/decouvrir-les-laureats\/\" \/>\n<meta property=\"og:site_name\" content=\"R\u00e9seau Entreprendre Alpes du Sud\" \/>\n<meta property=\"article:modified_time\" content=\"2024-09-13T06:56:20+00:00\" \/>\n<meta property=\"og:image\" content=\"https:\/\/www.reseau-entreprendre.org\/alpes-du-sud\/wp-content\/uploads\/sites\/80\/2024\/09\/Photo-Leo-1024x1024.jpg\" \/>\n<meta name=\"twitter:card\" content=\"summary_large_image\" \/>\n<meta name=\"twitter:label1\" content=\"Dur\u00e9e de lecture estim\u00e9e\" \/>\n\t<meta name=\"twitter:data1\" content=\"3 minutes\" \/>\n<script type=\"application\/ld+json\" class=\"yoast-schema-graph\">{\"@context\":\"https:\\\/\\\/schema.org\",\"@graph\":[{\"@type\":\"WebPage\",\"@id\":\"https:\\\/\\\/www.reseau-entreprendre.org\\\/alpes-du-sud\\\/decouvrir-les-laureats\\\/\",\"url\":\"https:\\\/\\\/www.reseau-entreprendre.org\\\/alpes-du-sud\\\/decouvrir-les-laureats\\\/\",\"name\":\"D\u00c9COUVRIR NOS LAUR\u00c9ATS - R\u00e9seau Entreprendre Alpes du Sud\",\"isPartOf\":{\"@id\":\"https:\\\/\\\/www.reseau-entreprendre.org\\\/alpes-du-sud\\\/#website\"},\"primaryImageOfPage\":{\"@id\":\"https:\\\/\\\/www.reseau-entreprendre.org\\\/alpes-du-sud\\\/decouvrir-les-laureats\\\/#primaryimage\"},\"image\":{\"@id\":\"https:\\\/\\\/www.reseau-entreprendre.org\\\/alpes-du-sud\\\/decouvrir-les-laureats\\\/#primaryimage\"},\"thumbnailUrl\":\"https:\\\/\\\/www.reseau-entreprendre.org\\\/alpes-du-sud\\\/wp-content\\\/uploads\\\/sites\\\/80\\\/2024\\\/09\\\/Photo-Leo-1024x1024.jpg\",\"datePublished\":\"2022-04-01T13:51:08+00:00\",\"dateModified\":\"2024-09-13T06:56:20+00:00\",\"breadcrumb\":{\"@id\":\"https:\\\/\\\/www.reseau-entreprendre.org\\\/alpes-du-sud\\\/decouvrir-les-laureats\\\/#breadcrumb\"},\"inLanguage\":\"fr-FR\",\"potentialAction\":[{\"@type\":\"ReadAction\",\"target\":[\"https:\\\/\\\/www.reseau-entreprendre.org\\\/alpes-du-sud\\\/decouvrir-les-laureats\\\/\"]}]},{\"@type\":\"ImageObject\",\"inLanguage\":\"fr-FR\",\"@id\":\"https:\\\/\\\/www.reseau-entreprendre.org\\\/alpes-du-sud\\\/decouvrir-les-laureats\\\/#primaryimage\",\"url\":\"https:\\\/\\\/www.reseau-entreprendre.org\\\/alpes-du-sud\\\/wp-content\\\/uploads\\\/sites\\\/80\\\/2024\\\/09\\\/Photo-Leo-scaled.jpg\",\"contentUrl\":\"https:\\\/\\\/www.reseau-entreprendre.org\\\/alpes-du-sud\\\/wp-content\\\/uploads\\\/sites\\\/80\\\/2024\\\/09\\\/Photo-Leo-scaled.jpg\",\"width\":2560,\"height\":2560},{\"@type\":\"BreadcrumbList\",\"@id\":\"https:\\\/\\\/www.reseau-entreprendre.org\\\/alpes-du-sud\\\/decouvrir-les-laureats\\\/#breadcrumb\",\"itemListElement\":[{\"@type\":\"ListItem\",\"position\":1,\"name\":\"Accueil\",\"item\":\"https:\\\/\\\/www.reseau-entreprendre.org\\\/alpes-du-sud\\\/\"},{\"@type\":\"ListItem\",\"position\":2,\"name\":\"D\u00c9COUVRIR NOS LAUR\u00c9ATS\"}]},{\"@type\":\"WebSite\",\"@id\":\"https:\\\/\\\/www.reseau-entreprendre.org\\\/alpes-du-sud\\\/#website\",\"url\":\"https:\\\/\\\/www.reseau-entreprendre.org\\\/alpes-du-sud\\\/\",\"name\":\"R\u00e9seau Entreprendre Alpes du Sud\",\"description\":\"Un site utilisant Les sites de R\u00e9seau Entreprendre\",\"publisher\":{\"@id\":\"https:\\\/\\\/www.reseau-entreprendre.org\\\/alpes-du-sud\\\/#organization\"},\"potentialAction\":[{\"@type\":\"SearchAction\",\"target\":{\"@type\":\"EntryPoint\",\"urlTemplate\":\"https:\\\/\\\/www.reseau-entreprendre.org\\\/alpes-du-sud\\\/?s={search_term_string}\"},\"query-input\":{\"@type\":\"PropertyValueSpecification\",\"valueRequired\":true,\"valueName\":\"search_term_string\"}}],\"inLanguage\":\"fr-FR\"},{\"@type\":\"Organization\",\"@id\":\"https:\\\/\\\/www.reseau-entreprendre.org\\\/alpes-du-sud\\\/#organization\",\"name\":\"R\u00e9seau Entreprendre Alpes du Sud\",\"url\":\"https:\\\/\\\/www.reseau-entreprendre.org\\\/alpes-du-sud\\\/\",\"logo\":{\"@type\":\"ImageObject\",\"inLanguage\":\"fr-FR\",\"@id\":\"https:\\\/\\\/www.reseau-entreprendre.org\\\/alpes-du-sud\\\/#\\\/schema\\\/logo\\\/image\\\/\",\"url\":\"https:\\\/\\\/www.reseau-entreprendre.org\\\/alpes-du-sud\\\/wp-content\\\/uploads\\\/sites\\\/80\\\/2022\\\/05\\\/logo_200-e1653996972738.png\",\"contentUrl\":\"https:\\\/\\\/www.reseau-entreprendre.org\\\/alpes-du-sud\\\/wp-content\\\/uploads\\\/sites\\\/80\\\/2022\\\/05\\\/logo_200-e1653996972738.png\",\"width\":120,\"height\":84,\"caption\":\"R\u00e9seau Entreprendre Alpes du Sud\"},\"image\":{\"@id\":\"https:\\\/\\\/www.reseau-entreprendre.org\\\/alpes-du-sud\\\/#\\\/schema\\\/logo\\\/image\\\/\"}}]}<\/script>\n<!-- \/ Yoast SEO plugin. -->","yoast_head_json":{"title":"D\u00c9COUVRIR NOS LAUR\u00c9ATS - R\u00e9seau Entreprendre Alpes du Sud","robots":{"index":"index","follow":"follow","max-snippet":"max-snippet:-1","max-image-preview":"max-image-preview:large","max-video-preview":"max-video-preview:-1"},"canonical":"https:\/\/www.reseau-entreprendre.org\/alpes-du-sud\/decouvrir-les-laureats\/","og_locale":"fr_FR","og_type":"article","og_title":"D\u00c9COUVRIR NOS LAUR\u00c9ATS - R\u00e9seau Entreprendre Alpes du Sud","og_description":"L\u00e9o Haccoun DIGNAMIK &#8211; Digne les Bains Agence sp\u00e9cialis\u00e9e dans","og_url":"https:\/\/www.reseau-entreprendre.org\/alpes-du-sud\/decouvrir-les-laureats\/","og_site_name":"R\u00e9seau Entreprendre Alpes du Sud","article_modified_time":"2024-09-13T06:56:20+00:00","og_image":[{"url":"https:\/\/www.reseau-entreprendre.org\/alpes-du-sud\/wp-content\/uploads\/sites\/80\/2024\/09\/Photo-Leo-1024x1024.jpg","type":"","width":"","height":""}],"twitter_card":"summary_large_image","twitter_misc":{"Dur\u00e9e de lecture estim\u00e9e":"3 minutes"},"schema":{"@context":"https:\/\/schema.org","@graph":[{"@type":"WebPage","@id":"https:\/\/www.reseau-entreprendre.org\/alpes-du-sud\/decouvrir-les-laureats\/","url":"https:\/\/www.reseau-entreprendre.org\/alpes-du-sud\/decouvrir-les-laureats\/","name":"D\u00c9COUVRIR NOS LAUR\u00c9ATS - R\u00e9seau Entreprendre Alpes du Sud","isPartOf":{"@id":"https:\/\/www.reseau-entreprendre.org\/alpes-du-sud\/#website"},"primaryImageOfPage":{"@id":"https:\/\/www.reseau-entreprendre.org\/alpes-du-sud\/decouvrir-les-laureats\/#primaryimage"},"image":{"@id":"https:\/\/www.reseau-entreprendre.org\/alpes-du-sud\/decouvrir-les-laureats\/#primaryimage"},"thumbnailUrl":"https:\/\/www.reseau-entreprendre.org\/alpes-du-sud\/wp-content\/uploads\/sites\/80\/2024\/09\/Photo-Leo-1024x1024.jpg","datePublished":"2022-04-01T13:51:08+00:00","dateModified":"2024-09-13T06:56:20+00:00","breadcrumb":{"@id":"https:\/\/www.reseau-entreprendre.org\/alpes-du-sud\/decouvrir-les-laureats\/#breadcrumb"},"inLanguage":"fr-FR","potentialAction":[{"@type":"ReadAction","target":["https:\/\/www.reseau-entreprendre.org\/alpes-du-sud\/decouvrir-les-laureats\/"]}]},{"@type":"ImageObject","inLanguage":"fr-FR","@id":"https:\/\/www.reseau-entreprendre.org\/alpes-du-sud\/decouvrir-les-laureats\/#primaryimage","url":"https:\/\/www.reseau-entreprendre.org\/alpes-du-sud\/wp-content\/uploads\/sites\/80\/2024\/09\/Photo-Leo-scaled.jpg","contentUrl":"https:\/\/www.reseau-entreprendre.org\/alpes-du-sud\/wp-content\/uploads\/sites\/80\/2024\/09\/Photo-Leo-scaled.jpg","width":2560,"height":2560},{"@type":"BreadcrumbList","@id":"https:\/\/www.reseau-entreprendre.org\/alpes-du-sud\/decouvrir-les-laureats\/#breadcrumb","itemListElement":[{"@type":"ListItem","position":1,"name":"Accueil","item":"https:\/\/www.reseau-entreprendre.org\/alpes-du-sud\/"},{"@type":"ListItem","position":2,"name":"D\u00c9COUVRIR NOS LAUR\u00c9ATS"}]},{"@type":"WebSite","@id":"https:\/\/www.reseau-entreprendre.org\/alpes-du-sud\/#website","url":"https:\/\/www.reseau-entreprendre.org\/alpes-du-sud\/","name":"R\u00e9seau Entreprendre Alpes du Sud","description":"Un site utilisant Les sites de R\u00e9seau Entreprendre","publisher":{"@id":"https:\/\/www.reseau-entreprendre.org\/alpes-du-sud\/#organization"},"potentialAction":[{"@type":"SearchAction","target":{"@type":"EntryPoint","urlTemplate":"https:\/\/www.reseau-entreprendre.org\/alpes-du-sud\/?s={search_term_string}"},"query-input":{"@type":"PropertyValueSpecification","valueRequired":true,"valueName":"search_term_string"}}],"inLanguage":"fr-FR"},{"@type":"Organization","@id":"https:\/\/www.reseau-entreprendre.org\/alpes-du-sud\/#organization","name":"R\u00e9seau Entreprendre Alpes du Sud","url":"https:\/\/www.reseau-entreprendre.org\/alpes-du-sud\/","logo":{"@type":"ImageObject","inLanguage":"fr-FR","@id":"https:\/\/www.reseau-entreprendre.org\/alpes-du-sud\/#\/schema\/logo\/image\/","url":"https:\/\/www.reseau-entreprendre.org\/alpes-du-sud\/wp-content\/uploads\/sites\/80\/2022\/05\/logo_200-e1653996972738.png","contentUrl":"https:\/\/www.reseau-entreprendre.org\/alpes-du-sud\/wp-content\/uploads\/sites\/80\/2022\/05\/logo_200-e1653996972738.png","width":120,"height":84,"caption":"R\u00e9seau Entreprendre Alpes du Sud"},"image":{"@id":"https:\/\/www.reseau-entreprendre.org\/alpes-du-sud\/#\/schema\/logo\/image\/"}}]}},"_links":{"self":[{"href":"https:\/\/www.reseau-entreprendre.org\/alpes-du-sud\/wp-json\/wp\/v2\/pages\/1954","targetHints":{"allow":["GET"]}}],"collection":[{"href":"https:\/\/www.reseau-entreprendre.org\/alpes-du-sud\/wp-json\/wp\/v2\/pages"}],"about":[{"href":"https:\/\/www.reseau-entreprendre.org\/alpes-du-sud\/wp-json\/wp\/v2\/types\/page"}],"author":[{"embeddable":true,"href":"https:\/\/www.reseau-entreprendre.org\/alpes-du-sud\/wp-json\/wp\/v2\/users\/165"}],"replies":[{"embeddable":true,"href":"https:\/\/www.reseau-entreprendre.org\/alpes-du-sud\/wp-json\/wp\/v2\/comments?post=1954"}],"version-history":[{"count":0,"href":"https:\/\/www.reseau-entreprendre.org\/alpes-du-sud\/wp-json\/wp\/v2\/pages\/1954\/revisions"}],"wp:attachment":[{"href":"https:\/\/www.reseau-entreprendre.org\/alpes-du-sud\/wp-json\/wp\/v2\/media?parent=1954"}],"curies":[{"name":"wp","href":"https:\/\/api.w.org\/{rel}","templated":true}]}}