{"id":45,"date":"2018-01-16T11:58:21","date_gmt":"2018-01-16T10:58:21","guid":{"rendered":"http:\/\/re-preprod-entreprendre.fr\/alpes-du-sud\/?page_id=45"},"modified":"2024-04-22T15:45:34","modified_gmt":"2024-04-22T13:45:34","slug":"accueil","status":"publish","type":"page","link":"https:\/\/www.reseau-entreprendre.org\/alpes-du-sud\/","title":{"rendered":"Accueil"},"content":{"rendered":"\n<div class=\"wp-block-group alignwide pb-0 padded bg-light\"><div class=\"wp-block-group__inner-container is-layout-flow wp-block-group-is-layout-flow\">\n<div class=\"wp-block-columns mb-5 is-layout-flex wp-container-core-columns-is-layout-9d6595d7 wp-block-columns-is-layout-flex\">\n<div class=\"wp-block-column is-layout-flow wp-block-column-is-layout-flow\" style=\"flex-basis:43%\">\n<figure class=\"wp-block-image size-full lifted-bottom is-style-default\"><img loading=\"lazy\" decoding=\"async\" width=\"437\" height=\"458\" src=\"https:\/\/www.reseau-entreprendre.org\/alpes-du-sud\/wp-content\/uploads\/sites\/80\/2021\/11\/home-main-content-4.jpg\" alt=\"\" class=\"wp-image-1775\" srcset=\"https:\/\/www.reseau-entreprendre.org\/alpes-du-sud\/wp-content\/uploads\/sites\/80\/2021\/11\/home-main-content-4.jpg 437w, https:\/\/www.reseau-entreprendre.org\/alpes-du-sud\/wp-content\/uploads\/sites\/80\/2021\/11\/home-main-content-4-286x300.jpg 286w\" sizes=\"auto, (max-width: 437px) 100vw, 437px\" \/><\/figure>\n<\/div>\n\n\n\n<div class=\"wp-block-column is-vertically-aligned-center is-layout-flow wp-block-column-is-layout-flow\">\n<h2 class=\"wp-block-heading\" id=\"rencontrez-des-chefs-d-entreprise-pour-booster-votre-projet\">RENCONTREZ DES CHEFS D&#8217;ENTREPRISE POUR BOOSTER VOTRE PROJET<\/h2>\n\n\n\n<div style=\"height:19px\" aria-hidden=\"true\" class=\"wp-block-spacer\"><\/div>\n\n\n\n<div class=\"wp-block-buttons is-layout-flex wp-block-buttons-is-layout-flex\">\n<div class=\"wp-block-button is-style-fill\"><a class=\"wp-block-button__link has-re-red-background-color has-text-color has-background wp-element-button\" href=\"https:\/\/www.reseau-entreprendre.org\/alpes-du-sud\/contact\/\" style=\"color:#ffffff\">Contactez-nous !<\/a><\/div>\n<\/div>\n<\/div>\n<\/div>\n<\/div><\/div>\n\n\n\n<div style=\"height:213px\" aria-hidden=\"true\" class=\"wp-block-spacer\"><\/div>\n\n\n\n<p class=\"has-text-align-center has-re-blue-color has-text-color has-x-large-font-size\"><strong>Entreprendre sa vie,<\/strong><\/p>\n\n\n\n<figure class=\"wp-block-embed aligncenter is-type-video is-provider-youtube wp-block-embed-youtube wp-embed-aspect-16-9 wp-has-aspect-ratio\"><div class=\"wp-block-embed__wrapper\">\n<iframe loading=\"lazy\" title=\"Entreprendre sa vie avec R\u00e9seau Entreprendre 2022\" width=\"500\" height=\"281\" src=\"https:\/\/www.youtube.com\/embed\/RAaRhUuwGyg?feature=oembed\" frameborder=\"0\" allow=\"accelerometer; autoplay; clipboard-write; encrypted-media; gyroscope; picture-in-picture; web-share\" referrerpolicy=\"strict-origin-when-cross-origin\" allowfullscreen><\/iframe>\n<\/div><\/figure>\n\n\n\n<div class=\"wp-block-buttons is-layout-flex wp-block-buttons-is-layout-flex\"><\/div>\n\n\n\n<div style=\"height:128px\" aria-hidden=\"true\" class=\"wp-block-spacer\"><\/div>\n\n\n\n<div class=\"wp-block-group alignwide\"><div class=\"wp-block-group__inner-container is-layout-flow wp-block-group-is-layout-flow\"><div data-block_fbc695d53c2adb501f72c6ca22b2afe2 class=\"re-home-newslist alignfull\">\n  <div class=\"pb-3 text-center\">\n    \n\n<h2 class=\"wp-block-heading\" id=\"les-news-de-l-asso\">Les News <strong>de l&#8217;asso<\/strong><\/h2>\n\n\n  <\/div>\n\n  <div class=\"row\">\n    \n    \n                                            <div class=\"col-sm-4\">\n            <article class=\"news__card post-3064 post type-post status-publish format-standard has-post-thumbnail hentry category-revues-de-presse \">\n  <figure>\n    \n    <a href=\"https:\/\/www.reseau-entreprendre.org\/alpes-du-sud\/2026\/04\/21\/le-dauphine-libere-29-janvier-2026\/\">\n               <img loading=\"lazy\" decoding=\"async\" width=\"391\" height=\"383\" src=\"https:\/\/www.reseau-entreprendre.org\/alpes-du-sud\/wp-content\/uploads\/sites\/80\/2026\/04\/20260129-LDL-Malterie-391x383.jpg\" class=\"img-fluid wp-post-image\" alt=\"\" \/>          <\/a>\n  <\/figure>\n  <aside>\n    <h2 class=\"entry-title\">Le Dauphin\u00e9 Lib\u00e9r\u00e9 &#8211; 29 janvier 2026<\/h2>\n    <footer>\n      <a class=\"readmore\" href=\"https:\/\/www.reseau-entreprendre.org\/alpes-du-sud\/2026\/04\/21\/le-dauphine-libere-29-janvier-2026\/\">Lire la suite<\/a>\n      <span class=\"date\">21 avril 2026<\/span>\n    <\/footer>\n\n    \n\n          <div class=\"tags\">\n                  <a href=\"https:\/\/www.reseau-entreprendre.org\/alpes-du-sud\/actualites\/?categoryid=20\">\n            Revues de presse\n          <\/a>\n              <\/div>\n      <\/aside>\n<\/article>\n          <\/div>\n                                          <div class=\"col-sm-4\">\n            <article class=\"news__card post-2954 post type-post status-publish format-standard has-post-thumbnail hentry category-actualites category-revues-de-presse news \">\n  <figure>\n    \n    <a href=\"https:\/\/www.reseau-entreprendre.org\/alpes-du-sud\/2025\/12\/10\/haute-provence-info-25-09-2025\/\">\n               <img loading=\"lazy\" decoding=\"async\" width=\"391\" height=\"368\" src=\"https:\/\/www.reseau-entreprendre.org\/alpes-du-sud\/wp-content\/uploads\/sites\/80\/2025\/12\/image-391x368.png\" class=\"img-fluid wp-post-image\" alt=\"\" \/>          <\/a>\n  <\/figure>\n  <aside>\n    <h2 class=\"entry-title\">Haute Provence Info &#8211; 25\/09\/2025<\/h2>\n    <footer>\n      <a class=\"readmore\" href=\"https:\/\/www.reseau-entreprendre.org\/alpes-du-sud\/2025\/12\/10\/haute-provence-info-25-09-2025\/\">Lire la suite<\/a>\n      <span class=\"date\">10 d\u00e9cembre 2025<\/span>\n    <\/footer>\n\n    \n\n          <div class=\"tags\">\n                  <a href=\"https:\/\/www.reseau-entreprendre.org\/alpes-du-sud\/actualites\/?categoryid=4\">\n            Actualit\u00e9s\n          <\/a>\n                  <a href=\"https:\/\/www.reseau-entreprendre.org\/alpes-du-sud\/actualites\/?categoryid=20\">\n            Revues de presse\n          <\/a>\n              <\/div>\n      <\/aside>\n<\/article>\n          <\/div>\n                                          <div class=\"col-sm-4\">\n            <article class=\"news__card post-2949 post type-post status-publish format-standard has-post-thumbnail hentry category-actualites category-revues-de-presse news \">\n  <figure>\n    \n    <a href=\"https:\/\/www.reseau-entreprendre.org\/alpes-du-sud\/2025\/09\/04\/mai-2025-enjeux-04-ccit04\/\">\n               <img loading=\"lazy\" decoding=\"async\" width=\"391\" height=\"383\" src=\"https:\/\/www.reseau-entreprendre.org\/alpes-du-sud\/wp-content\/uploads\/sites\/80\/2025\/09\/Enjeux-04-391x383.jpg\" class=\"img-fluid wp-post-image\" alt=\"\" \/>          <\/a>\n  <\/figure>\n  <aside>\n    <h2 class=\"entry-title\">Mai 2025 &#8211; Enjeux 04 CCIT04<\/h2>\n    <footer>\n      <a class=\"readmore\" href=\"https:\/\/www.reseau-entreprendre.org\/alpes-du-sud\/2025\/09\/04\/mai-2025-enjeux-04-ccit04\/\">Lire la suite<\/a>\n      <span class=\"date\">4 septembre 2025<\/span>\n    <\/footer>\n\n    \n\n          <div class=\"tags\">\n                  <a href=\"https:\/\/www.reseau-entreprendre.org\/alpes-du-sud\/actualites\/?categoryid=4\">\n            Actualit\u00e9s\n          <\/a>\n                  <a href=\"https:\/\/www.reseau-entreprendre.org\/alpes-du-sud\/actualites\/?categoryid=20\">\n            Revues de presse\n          <\/a>\n              <\/div>\n      <\/aside>\n<\/article>\n          <\/div>\n                    \n\n    \n    \n      <\/div>\n\n  <div class=\"text-center pt-5\">\n        <a class=\"btn btn-outline-re-blue\" href=\"https:\/\/www.reseau-entreprendre.org\/alpes-du-sud\/actualites\/\">\n        Voir tout\n    <\/a>\n  <\/div>\n<\/div>\n<\/div><\/div>\n\n\n\n<div style=\"height:60px\" aria-hidden=\"true\" class=\"wp-block-spacer\"><\/div>\n\n\n\n<hr class=\"wp-block-separator has-css-opacity\"\/>\n\n\n\n<div style=\"height:61px\" aria-hidden=\"true\" class=\"wp-block-spacer\"><\/div>\n\n\n\n<div class=\"wp-block-group alignwide\"><div class=\"wp-block-group__inner-container is-layout-flow wp-block-group-is-layout-flow\">\n<h2 class=\"wp-block-heading has-text-align-center\" id=\"en-2019-reseau-entreprendre-paca-c-est\"><strong>En 2023,<\/strong><br>R\u00e9seau Entreprendre Paca c\u2019est\u2026<\/h2>\n\n\n\n<div class=\"wp-block-group alignwide\"><div class=\"wp-block-group__inner-container is-layout-flow wp-block-group-is-layout-flow\">\n<div class=\"wp-block-columns alignfull bordures chiffres-cles is-layout-flex wp-container-core-columns-is-layout-9d6595d7 wp-block-columns-is-layout-flex\">\n<div class=\"wp-block-column is-layout-flow wp-block-column-is-layout-flow\"><div>\n        <span class=\"d-block w-100 text-center\" style=\"color:#1595bf\">\n            <svg class=\"icon\" width=\"89\" height=\"75\" viewBox=\"0 0 89 75\" fill=\"none\" xmlns=\"http:\/\/www.w3.org\/2000\/svg\">\n<g id=\"Ic&#195;&#180;ne Chef d&#39;entreprise\">\n<path id=\"Stroke 1\" d=\"M49.5241 1L39.1261 25.2621\" stroke=\"currentColor\" stroke-width=\"1.93752\" stroke-linecap=\"round\" stroke-linejoin=\"round\"\/>\n<path id=\"Stroke 3\" d=\"M49.5242 25.2621L59.9222 1\" stroke=\"currentColor\" stroke-width=\"1.93752\" stroke-linecap=\"round\" stroke-linejoin=\"round\"\/>\n<path id=\"Stroke 6\" d=\"M52.9901 46.0579H77.2522\" stroke=\"currentColor\" stroke-width=\"1.93752\" stroke-linecap=\"round\" stroke-linejoin=\"round\"\/>\n<path id=\"Stroke 7\" d=\"M52.9901 35.66H77.2522\" stroke=\"currentColor\" stroke-width=\"1.93752\" stroke-linecap=\"round\" stroke-linejoin=\"round\"\/>\n<path id=\"Stroke 8\" d=\"M52.9901 56.4563H77.2522\" stroke=\"currentColor\" stroke-width=\"1.93752\" stroke-linecap=\"round\" stroke-linejoin=\"round\"\/>\n<path id=\"Stroke 9\" fill-rule=\"evenodd\" clip-rule=\"evenodd\" d=\"M35.6601 40.8589C35.6601 45.6472 31.7799 49.5239 26.9951 49.5239C22.2103 49.5239 18.3301 45.6472 18.3301 40.8589C18.3301 36.0706 22.2103 32.1938 26.9951 32.1938C31.7799 32.1938 35.6601 36.0706 35.6601 40.8589Z\" stroke=\"currentColor\" stroke-width=\"1.93752\" stroke-linejoin=\"round\"\/>\n<path id=\"Stroke 11\" d=\"M42.5921 63.3883V61.1492C42.5921 58.314 40.8661 55.7665 38.2336 54.7128L33.9271 52.9902L26.9951 59.9223L20.0631 52.9902L15.7566 54.7128C13.1241 55.7665 11.3981 58.314 11.3981 61.1492V63.3883\" stroke=\"currentColor\" stroke-width=\"1.93752\" stroke-linecap=\"round\" stroke-linejoin=\"round\"\/>\n<path id=\"Stroke 13\" d=\"M60.9122 14.8643H80.7187C84.5469 14.8643 87.6507 17.9681 87.6507 21.7963V66.8544C87.6507 70.6826 84.5469 73.7864 80.7187 73.7864H7.9325C4.1043 73.7864 1.00049 70.6826 1.00049 66.8544V21.7963C1.00049 17.9681 4.1043 14.8643 7.9325 14.8643H43.5821\" stroke=\"currentColor\" stroke-width=\"1.93752\" stroke-linecap=\"round\" stroke-linejoin=\"round\"\/>\n<path id=\"Stroke 15\" d=\"M39.1261 1L44.3251 13.131\" stroke=\"currentColor\" stroke-width=\"1.93752\" stroke-linecap=\"round\" stroke-linejoin=\"round\"\/>\n<path id=\"Stroke 17\" d=\"M34.67 14.864L28.7275 1\" stroke=\"currentColor\" stroke-width=\"1.93752\" stroke-linecap=\"round\" stroke-linejoin=\"round\"\/>\n<path id=\"Stroke 19\" d=\"M51.01 21.7959H51.2578C52.2127 21.7959 52.9908 22.5706 52.9908 23.5289C52.9908 24.4873 52.2127 25.2619 51.2578 25.2619H37.3938C36.4372 25.2619 35.6608 24.4873 35.6608 23.5289C35.6608 22.5706 36.4372 21.7959 37.3938 21.7959H40.612\" stroke=\"currentColor\" stroke-width=\"1.93752\" stroke-linejoin=\"round\"\/>\n<\/g>\n<\/svg>        <\/span>\n    <\/div>\n\n\n\n<div style=\"height:20px\" aria-hidden=\"true\" class=\"wp-block-spacer\"><\/div>\n\n\n\n<h2 class=\"wp-block-heading has-text-align-center has-re-blue-color has-text-color\" id=\"79\"><strong>78<\/strong><\/h2>\n\n\n\n<h3 class=\"wp-block-heading has-text-align-center has-re-blue-color has-text-color\" id=\"nouveaux-laureats\"><strong>Nouveaux laur\u00e9ats<\/strong><\/h3>\n\n\n\n<p class=\"has-text-align-center\">ou repreneurs en cours d&#8217;accompagnement.<\/p>\n<\/div>\n\n\n\n<div class=\"wp-block-column is-layout-flow wp-block-column-is-layout-flow\"><div>\n        <span class=\"d-block w-100 text-center\" style=\"color:#f34f63\">\n            <svg class=\"icon\" width=\"78\" height=\"72\" viewBox=\"0 0 78 72\" fill=\"none\" xmlns=\"http:\/\/www.w3.org\/2000\/svg\">\n<g id=\"\">\n<path id=\"Stroke 1\" d=\"M25.0768 13.0384V5.5144C25.0768 3.02095 27.0978 1 29.5912 1H47.6488C50.1423 1 52.1632 3.02095 52.1632 5.5144V13.0384\" stroke=\"currentColor\" stroke-width=\"1.76\" stroke-linejoin=\"round\"\/>\n<path id=\"Stroke 3\" d=\"M4.00961 40.8213V64.2014C4.00961 67.5255 6.70471 70.2206 10.0288 70.2206H67.2112C70.5353 70.2206 73.2304 67.5255 73.2304 64.2014V40.8213\" stroke=\"currentColor\" stroke-width=\"1.76\" stroke-linejoin=\"round\"\/>\n<path id=\"Stroke 5\" d=\"M46.144 43.1346H67.2112C72.1966 43.1346 76.24 39.0912 76.24 34.1058V16.0482C76.24 14.3869 74.8917 13.0386 73.2304 13.0386H4.0096C2.3483 13.0386 1 14.3869 1 16.0482V24.9596V34.1058C1 39.0912 5.0434 43.1346 10.0288 43.1346H31.096\" stroke=\"currentColor\" stroke-width=\"1.76\" stroke-linejoin=\"round\"\/>\n<path id=\"Stroke 7\" fill-rule=\"evenodd\" clip-rule=\"evenodd\" d=\"M38.62 52.1632V52.1632C34.4653 52.1632 31.096 48.7955 31.096 44.6392V40.1248C31.096 38.4635 32.4443 37.1152 34.1056 37.1152H43.1344C44.7957 37.1152 46.144 38.4635 46.144 40.1248V44.6392C46.144 48.7955 42.7748 52.1632 38.62 52.1632Z\" stroke=\"currentColor\" stroke-width=\"1.76\" stroke-linejoin=\"round\"\/>\n<path id=\"Stroke 9\" d=\"M38.62 43.1343V46.1439\" stroke=\"currentColor\" stroke-width=\"1.76\" stroke-linecap=\"round\" stroke-linejoin=\"round\"\/>\n<\/g>\n<\/svg>        <\/span>\n    <\/div>\n\n\n\n<div style=\"height:20px\" aria-hidden=\"true\" class=\"wp-block-spacer\"><\/div>\n\n\n\n<h2 class=\"wp-block-heading has-text-align-center has-re-red-color has-text-color\" id=\"860\"><strong>1053<\/strong><\/h2>\n\n\n\n<h3 class=\"wp-block-heading has-text-align-center has-re-red-color has-text-color\" id=\"emplois\"><strong>Emplois<\/strong><\/h3>\n\n\n\n<p class=\"has-text-align-center\">cr\u00e9\u00e9s ou sauvegard\u00e9s sur 3 ans <\/p>\n<\/div>\n\n\n\n<div class=\"wp-block-column is-layout-flow wp-block-column-is-layout-flow\"><div>\n        <span class=\"d-block w-100 text-center\" style=\"color:#ffbb61\">\n            <svg class=\"icon\" width=\"96\" height=\"64\" viewBox=\"0 0 96 64\" fill=\"none\" xmlns=\"http:\/\/www.w3.org\/2000\/svg\">\n<g id=\"Ic&#195;&#180;nes S&#39;engager\">\n<path id=\"Stroke 1\" fill-rule=\"evenodd\" clip-rule=\"evenodd\" d=\"M44.4457 61.1944C42.6579 62.9822 39.756 62.9822 37.9683 61.1944C36.1805 59.4067 36.1805 56.5048 37.9683 54.717L40.1431 52.5422C41.9308 50.7545 44.8311 50.7545 46.6205 52.5422C48.4082 54.3316 48.4082 57.2319 46.6205 59.0196L44.4457 61.1944Z\" stroke=\"currentColor\" stroke-width=\"1.42884\" stroke-linejoin=\"round\"\/>\n<path id=\"Stroke 3\" fill-rule=\"evenodd\" clip-rule=\"evenodd\" d=\"M34.7299 57.9556C32.9421 59.7434 30.0402 59.7434 28.2524 57.9556C26.4647 56.1678 26.4647 53.266 28.2524 51.4782L33.6659 46.0647C35.4537 44.2769 38.354 44.2769 40.1433 46.0647C41.9311 47.8541 41.9311 50.7543 40.1433 52.5421L34.7299 57.9556Z\" stroke=\"currentColor\" stroke-width=\"1.42884\" stroke-linejoin=\"round\"\/>\n<path id=\"Stroke 5\" fill-rule=\"evenodd\" clip-rule=\"evenodd\" d=\"M28.2523 51.4783C26.4645 53.2661 23.5627 53.2661 21.7749 51.4783C19.9871 49.6905 19.9871 46.7887 21.7749 45.0009L27.1884 39.5874C28.9762 37.7996 31.8764 37.7996 33.6658 39.5874C35.4536 41.3768 35.4536 44.277 33.6658 46.0648L28.2523 51.4783Z\" stroke=\"currentColor\" stroke-width=\"1.42884\" stroke-linejoin=\"round\"\/>\n<path id=\"Stroke 7\" fill-rule=\"evenodd\" clip-rule=\"evenodd\" d=\"M23.3944 43.3814C21.6066 45.1692 18.7048 45.1692 16.917 43.3814C15.1292 41.5937 15.1292 38.6918 16.917 36.904L20.7111 33.1099C22.4989 31.3221 25.3992 31.3221 27.1885 33.1099C28.9763 34.8993 28.9763 37.7995 27.1885 39.5873L23.3944 43.3814Z\" stroke=\"currentColor\" stroke-width=\"1.42884\" stroke-linejoin=\"round\"\/>\n<path id=\"Stroke 9\" d=\"M52.8193 49.5806L61.193 57.9559C62.9808 59.7436 65.881 59.7436 67.6704 57.9559C69.4582 56.1665 69.4582 53.2662 67.6704 51.4784\" stroke=\"currentColor\" stroke-width=\"1.42884\" stroke-linecap=\"round\" stroke-linejoin=\"round\"\/>\n<path id=\"Stroke 11\" d=\"M59.2969 43.1033L67.6705 51.4786C69.4583 53.2663 72.3586 53.2663 74.148 51.4786C75.9357 49.6892 75.9357 46.7889 74.148 45.0012L72.5286 43.3818\" stroke=\"currentColor\" stroke-width=\"1.42884\" stroke-linecap=\"round\" stroke-linejoin=\"round\"\/>\n<path id=\"Stroke 13\" d=\"M47.6621 57.3799L51.4757 61.1935C53.2651 62.9829 56.1653 62.9829 57.9531 61.1935C59.7425 59.4057 59.7425 56.5054 57.9531 54.7161\" stroke=\"currentColor\" stroke-width=\"1.42884\" stroke-linecap=\"round\" stroke-linejoin=\"round\"\/>\n<path id=\"Stroke 15\" d=\"M65.7739 36.6257L72.5282 43.3817C74.5265 45.3783 77.9126 45.1451 79.5838 42.6773C80.8274 40.8441 80.4501 38.3487 78.8858 36.7828\" stroke=\"currentColor\" stroke-width=\"1.42884\" stroke-linecap=\"round\" stroke-linejoin=\"round\"\/>\n<path id=\"Stroke 17\" fill-rule=\"evenodd\" clip-rule=\"evenodd\" d=\"M94.9223 31.7677L86.8256 36.6257L69.0127 5.77223L77.1095 1L94.9223 31.7677Z\" stroke=\"currentColor\" stroke-width=\"1.42884\" stroke-linecap=\"round\" stroke-linejoin=\"round\"\/>\n<path id=\"Stroke 19\" fill-rule=\"evenodd\" clip-rule=\"evenodd\" d=\"M1 31.7677L9.09676 36.6257L26.9096 5.77223L18.8129 1L1 31.7677Z\" stroke=\"currentColor\" stroke-width=\"1.42884\" stroke-linecap=\"round\" stroke-linejoin=\"round\"\/>\n<path id=\"Stroke 21\" d=\"M69.7957 7.12793C68.471 7.3433 67.1253 7.47771 65.7748 7.47771L48.7473 7.47609C46.1693 7.47609 43.7014 8.4979 41.0133 11.186L38.0499 14.1511C37.1382 15.0611 36.6265 16.2983 36.6265 17.5857V30.1486C36.6265 31.0425 37.3503 31.768 38.2458 31.768H39.8652C43.4423 31.768 46.3426 28.8677 46.3426 25.2906V22.0519L46.3458 22.0486C51.267 17.1339 59.2391 17.1355 64.1571 22.0535L78.8851 36.7831L85.0775 33.5962\" stroke=\"currentColor\" stroke-width=\"1.42884\" stroke-linejoin=\"round\"\/>\n<path id=\"Stroke 23\" d=\"M10.8457 33.5967L17.0365 36.7836\" stroke=\"currentColor\" stroke-width=\"1.42884\" stroke-linejoin=\"round\"\/>\n<path id=\"Stroke 25\" d=\"M47.1515 7.61897C46.6268 7.53153 46.0957 7.47647 45.5564 7.47647L30.1483 7.47809C28.7978 7.47809 27.4521 7.34368 26.1274 7.12831\" stroke=\"currentColor\" stroke-width=\"1.42884\" stroke-linejoin=\"round\"\/>\n<\/g>\n<\/svg>        <\/span>\n    <\/div>\n\n\n\n<div style=\"height:20px\" aria-hidden=\"true\" class=\"wp-block-spacer\"><\/div>\n\n\n\n<h2 class=\"wp-block-heading has-text-align-center has-re-yellow-color has-text-color\" id=\"840\"><strong>522 <\/strong><\/h2>\n\n\n\n<h3 class=\"wp-block-heading has-text-align-center has-re-yellow-color has-text-color\" id=\"chefs-d-entreprise\"><strong><strong>Chefs d&#8217;entreprise<\/strong><\/strong><\/h3>\n\n\n\n<p class=\"has-text-align-center\">accompagnateurs b\u00e9n\u00e9voles et membres<\/p>\n<\/div>\n\n\n\n<div class=\"wp-block-column is-layout-flow wp-block-column-is-layout-flow\"><div>\n        <span class=\"d-block w-100 text-center\" style=\"color:#1595bf\">\n            <svg class=\"icon\" width=\"68\" height=\"68\" xmlns=\"http:\/\/www.w3.org\/2000\/svg\"><g stroke=\"currentColor\" stroke-width=\"1.235\" fill=\"none\" fill-rule=\"evenodd\" stroke-linejoin=\"round\"><path d=\"M33.928 66.856c18.185 0 32.928-14.743 32.928-32.928C66.856 15.743 52.113 1 33.928 1 15.743 1 1 15.743 1 33.928c0 9.092 3.687 17.324 9.644 23.283L1 66.856h32.928z\"\/><path d=\"M27.342 45.782h0a5.269 5.269 0 005.269 5.269h13.598c1.846 0 3.559-1.509 3.523-3.354a3.257 3.257 0 00-.674-1.916l.017.001c1.01.1 2.036-.315 2.599-1.159 1.091-1.644.785-3.272-.155-4.32a3.286 3.286 0 002.166-3.082 3.28 3.28 0 00-1.543-2.78 3.129 3.129 0 00.082-2.097c-.452-1.45-1.883-2.367-3.398-2.367H41.83a1.316 1.316 0 01-1.317-1.317v-7.903a3.951 3.951 0 00-3.952-3.952h-1.317v5.269a7.904 7.904 0 01-7.903 7.903\" stroke-linecap=\"round\"\/><path d=\"M19.44 51.05h5.268a2.635 2.635 0 002.634-2.634v-18.44h-13.17\" stroke-linecap=\"round\"\/><\/g><\/svg>        <\/span>\n    <\/div>\n\n\n\n<div style=\"height:20px\" aria-hidden=\"true\" class=\"wp-block-spacer\"><\/div>\n\n\n\n<h2 class=\"wp-block-heading has-text-align-center has-re-blue-color has-text-color\" id=\"2-1\"><strong><strong>2.<\/strong>8<\/strong><\/h2>\n\n\n\n<h3 class=\"wp-block-heading has-text-align-center has-re-blue-color has-text-color\" id=\"m-engages\"><strong>M\u20ac engag\u00e9s<\/strong><\/h3>\n\n\n\n<p class=\"has-text-align-center\">Repr\u00e9sentant en moyenne 30 000 \u20ac par projet.<\/p>\n<\/div>\n<\/div>\n<\/div><\/div>\n\n\n\n<div style=\"height:40px\" aria-hidden=\"true\" class=\"wp-block-spacer\"><\/div>\n\n\n\n<div class=\"wp-block-buttons is-horizontal is-content-justification-center is-layout-flex wp-container-core-buttons-is-layout-499968f5 wp-block-buttons-is-layout-flex\">\n<div class=\"wp-block-button is-style-fill\"><a class=\"wp-block-button__link has-re-blue-background-color has-background wp-element-button\" href=\"https:\/\/www.reseau-entreprendre.org\/alpes-du-sud\/qui-sommes-nous\/\">EN SAVOIR +<\/a><\/div>\n<\/div>\n<\/div><\/div>\n\n\n\n<div style=\"height:31px\" aria-hidden=\"true\" class=\"wp-block-spacer\"><\/div>\n\n\n\n<hr class=\"wp-block-separator has-css-opacity\"\/>\n\n\n\n<div style=\"height:61px\" aria-hidden=\"true\" class=\"wp-block-spacer\"><\/div>\n\n\n\n<div class=\"wp-block-group\"><div class=\"wp-block-group__inner-container is-layout-flow wp-block-group-is-layout-flow\">\n<h2 class=\"wp-block-heading has-text-align-center\" id=\"ils-nous-soutiennent\">Ils nous soutiennent<\/h2>\n\n\n\n<div style=\"height:40px\" aria-hidden=\"true\" class=\"wp-block-spacer\"><\/div>\n\n\n<div data-block_fed623570739b1cee2ff295317863b9b class=\"re-partners-home align\">\n  \n  <\/div>\n<\/div><\/div>\n","protected":false},"excerpt":{"rendered":"<p>RENCONTREZ DES CHEFS D&#8217;ENTREPRISE POUR BOOSTER VOTRE PROJET Entreprendre sa<\/p>\n","protected":false},"author":99,"featured_media":2493,"parent":0,"menu_order":0,"comment_status":"closed","ping_status":"closed","template":"views\/page-widescreen.blade.php","meta":{"_acf_changed":false,"_monsterinsights_skip_tracking":false,"_monsterinsights_sitenote_active":false,"_monsterinsights_sitenote_note":"","_monsterinsights_sitenote_category":0,"footnotes":""},"class_list":["post-45","page","type-page","status-publish","has-post-thumbnail","hentry"],"acf":[],"yoast_head":"<!-- This site is optimized with the Yoast SEO plugin v27.4 - https:\/\/yoast.com\/product\/yoast-seo-wordpress\/ -->\n<title>R\u00e9seau Entreprendre Alpes du sud | Accueil<\/title>\n<meta name=\"description\" content=\"Vous avez un projet de cr\u00e9ation ou de reprise d&#039;entreprise ? R\u00e9seau Entreprendre Alpes du sud vous accompagne de mani\u00e8re personnalis\u00e9e.\" \/>\n<meta name=\"robots\" content=\"index, follow, max-snippet:-1, max-image-preview:large, max-video-preview:-1\" \/>\n<link rel=\"canonical\" href=\"https:\/\/www.reseau-entreprendre.org\/alpes-du-sud\/\" \/>\n<meta property=\"og:locale\" content=\"fr_FR\" \/>\n<meta property=\"og:type\" content=\"article\" \/>\n<meta property=\"og:title\" content=\"R\u00e9seau Entreprendre Alpes du sud | Accueil\" \/>\n<meta property=\"og:description\" content=\"Vous avez un projet de cr\u00e9ation ou de reprise d&#039;entreprise ? R\u00e9seau Entreprendre Alpes du sud vous accompagne de mani\u00e8re personnalis\u00e9e.\" \/>\n<meta property=\"og:url\" content=\"https:\/\/www.reseau-entreprendre.org\/alpes-du-sud\/\" \/>\n<meta property=\"og:site_name\" content=\"R\u00e9seau Entreprendre Alpes du Sud\" \/>\n<meta property=\"article:modified_time\" content=\"2024-04-22T13:45:34+00:00\" \/>\n<meta property=\"og:image\" content=\"https:\/\/www.reseau-entreprendre.org\/alpes-du-sud\/wp-content\/uploads\/sites\/80\/2023\/02\/measite.png\" \/>\n\t<meta property=\"og:image:width\" content=\"362\" \/>\n\t<meta property=\"og:image:height\" content=\"311\" \/>\n\t<meta property=\"og:image:type\" content=\"image\/png\" \/>\n<meta name=\"twitter:card\" content=\"summary_large_image\" \/>\n<meta name=\"twitter:label1\" content=\"Dur\u00e9e de lecture estim\u00e9e\" \/>\n\t<meta name=\"twitter:data1\" content=\"1 minute\" \/>\n<script type=\"application\/ld+json\" class=\"yoast-schema-graph\">{\"@context\":\"https:\\\/\\\/schema.org\",\"@graph\":[{\"@type\":\"WebPage\",\"@id\":\"https:\\\/\\\/www.reseau-entreprendre.org\\\/alpes-du-sud\\\/\",\"url\":\"https:\\\/\\\/www.reseau-entreprendre.org\\\/alpes-du-sud\\\/\",\"name\":\"R\u00e9seau Entreprendre Alpes du sud | Accueil\",\"isPartOf\":{\"@id\":\"https:\\\/\\\/www.reseau-entreprendre.org\\\/alpes-du-sud\\\/#website\"},\"primaryImageOfPage\":{\"@id\":\"https:\\\/\\\/www.reseau-entreprendre.org\\\/alpes-du-sud\\\/#primaryimage\"},\"image\":{\"@id\":\"https:\\\/\\\/www.reseau-entreprendre.org\\\/alpes-du-sud\\\/#primaryimage\"},\"thumbnailUrl\":\"https:\\\/\\\/www.reseau-entreprendre.org\\\/alpes-du-sud\\\/wp-content\\\/uploads\\\/sites\\\/80\\\/2023\\\/02\\\/measite.png\",\"datePublished\":\"2018-01-16T10:58:21+00:00\",\"dateModified\":\"2024-04-22T13:45:34+00:00\",\"description\":\"Vous avez un projet de cr\u00e9ation ou de reprise d'entreprise ? R\u00e9seau Entreprendre Alpes du sud vous accompagne de mani\u00e8re personnalis\u00e9e.\",\"breadcrumb\":{\"@id\":\"https:\\\/\\\/www.reseau-entreprendre.org\\\/alpes-du-sud\\\/#breadcrumb\"},\"inLanguage\":\"fr-FR\",\"potentialAction\":[{\"@type\":\"ReadAction\",\"target\":[\"https:\\\/\\\/www.reseau-entreprendre.org\\\/alpes-du-sud\\\/\"]}]},{\"@type\":\"ImageObject\",\"inLanguage\":\"fr-FR\",\"@id\":\"https:\\\/\\\/www.reseau-entreprendre.org\\\/alpes-du-sud\\\/#primaryimage\",\"url\":\"https:\\\/\\\/www.reseau-entreprendre.org\\\/alpes-du-sud\\\/wp-content\\\/uploads\\\/sites\\\/80\\\/2023\\\/02\\\/measite.png\",\"contentUrl\":\"https:\\\/\\\/www.reseau-entreprendre.org\\\/alpes-du-sud\\\/wp-content\\\/uploads\\\/sites\\\/80\\\/2023\\\/02\\\/measite.png\",\"width\":362,\"height\":311},{\"@type\":\"BreadcrumbList\",\"@id\":\"https:\\\/\\\/www.reseau-entreprendre.org\\\/alpes-du-sud\\\/#breadcrumb\",\"itemListElement\":[{\"@type\":\"ListItem\",\"position\":1,\"name\":\"Accueil\",\"item\":\"https:\\\/\\\/www.reseau-entreprendre.org\\\/alpes-du-sud\\\/\"},{\"@type\":\"ListItem\",\"position\":2,\"name\":\"Accueil\"}]},{\"@type\":\"WebSite\",\"@id\":\"https:\\\/\\\/www.reseau-entreprendre.org\\\/alpes-du-sud\\\/#website\",\"url\":\"https:\\\/\\\/www.reseau-entreprendre.org\\\/alpes-du-sud\\\/\",\"name\":\"R\u00e9seau Entreprendre Alpes du Sud\",\"description\":\"Un site utilisant Les sites de R\u00e9seau Entreprendre\",\"publisher\":{\"@id\":\"https:\\\/\\\/www.reseau-entreprendre.org\\\/alpes-du-sud\\\/#organization\"},\"potentialAction\":[{\"@type\":\"SearchAction\",\"target\":{\"@type\":\"EntryPoint\",\"urlTemplate\":\"https:\\\/\\\/www.reseau-entreprendre.org\\\/alpes-du-sud\\\/?s={search_term_string}\"},\"query-input\":{\"@type\":\"PropertyValueSpecification\",\"valueRequired\":true,\"valueName\":\"search_term_string\"}}],\"inLanguage\":\"fr-FR\"},{\"@type\":\"Organization\",\"@id\":\"https:\\\/\\\/www.reseau-entreprendre.org\\\/alpes-du-sud\\\/#organization\",\"name\":\"R\u00e9seau Entreprendre Alpes du Sud\",\"url\":\"https:\\\/\\\/www.reseau-entreprendre.org\\\/alpes-du-sud\\\/\",\"logo\":{\"@type\":\"ImageObject\",\"inLanguage\":\"fr-FR\",\"@id\":\"https:\\\/\\\/www.reseau-entreprendre.org\\\/alpes-du-sud\\\/#\\\/schema\\\/logo\\\/image\\\/\",\"url\":\"https:\\\/\\\/www.reseau-entreprendre.org\\\/alpes-du-sud\\\/wp-content\\\/uploads\\\/sites\\\/80\\\/2022\\\/05\\\/logo_200-e1653996972738.png\",\"contentUrl\":\"https:\\\/\\\/www.reseau-entreprendre.org\\\/alpes-du-sud\\\/wp-content\\\/uploads\\\/sites\\\/80\\\/2022\\\/05\\\/logo_200-e1653996972738.png\",\"width\":120,\"height\":84,\"caption\":\"R\u00e9seau Entreprendre Alpes du Sud\"},\"image\":{\"@id\":\"https:\\\/\\\/www.reseau-entreprendre.org\\\/alpes-du-sud\\\/#\\\/schema\\\/logo\\\/image\\\/\"}}]}<\/script>\n<!-- \/ Yoast SEO plugin. -->","yoast_head_json":{"title":"R\u00e9seau Entreprendre Alpes du sud | Accueil","description":"Vous avez un projet de cr\u00e9ation ou de reprise d'entreprise ? R\u00e9seau Entreprendre Alpes du sud vous accompagne de mani\u00e8re personnalis\u00e9e.","robots":{"index":"index","follow":"follow","max-snippet":"max-snippet:-1","max-image-preview":"max-image-preview:large","max-video-preview":"max-video-preview:-1"},"canonical":"https:\/\/www.reseau-entreprendre.org\/alpes-du-sud\/","og_locale":"fr_FR","og_type":"article","og_title":"R\u00e9seau Entreprendre Alpes du sud | Accueil","og_description":"Vous avez un projet de cr\u00e9ation ou de reprise d'entreprise ? R\u00e9seau Entreprendre Alpes du sud vous accompagne de mani\u00e8re personnalis\u00e9e.","og_url":"https:\/\/www.reseau-entreprendre.org\/alpes-du-sud\/","og_site_name":"R\u00e9seau Entreprendre Alpes du Sud","article_modified_time":"2024-04-22T13:45:34+00:00","og_image":[{"width":362,"height":311,"url":"https:\/\/www.reseau-entreprendre.org\/alpes-du-sud\/wp-content\/uploads\/sites\/80\/2023\/02\/measite.png","type":"image\/png"}],"twitter_card":"summary_large_image","twitter_misc":{"Dur\u00e9e de lecture estim\u00e9e":"1 minute"},"schema":{"@context":"https:\/\/schema.org","@graph":[{"@type":"WebPage","@id":"https:\/\/www.reseau-entreprendre.org\/alpes-du-sud\/","url":"https:\/\/www.reseau-entreprendre.org\/alpes-du-sud\/","name":"R\u00e9seau Entreprendre Alpes du sud | Accueil","isPartOf":{"@id":"https:\/\/www.reseau-entreprendre.org\/alpes-du-sud\/#website"},"primaryImageOfPage":{"@id":"https:\/\/www.reseau-entreprendre.org\/alpes-du-sud\/#primaryimage"},"image":{"@id":"https:\/\/www.reseau-entreprendre.org\/alpes-du-sud\/#primaryimage"},"thumbnailUrl":"https:\/\/www.reseau-entreprendre.org\/alpes-du-sud\/wp-content\/uploads\/sites\/80\/2023\/02\/measite.png","datePublished":"2018-01-16T10:58:21+00:00","dateModified":"2024-04-22T13:45:34+00:00","description":"Vous avez un projet de cr\u00e9ation ou de reprise d'entreprise ? R\u00e9seau Entreprendre Alpes du sud vous accompagne de mani\u00e8re personnalis\u00e9e.","breadcrumb":{"@id":"https:\/\/www.reseau-entreprendre.org\/alpes-du-sud\/#breadcrumb"},"inLanguage":"fr-FR","potentialAction":[{"@type":"ReadAction","target":["https:\/\/www.reseau-entreprendre.org\/alpes-du-sud\/"]}]},{"@type":"ImageObject","inLanguage":"fr-FR","@id":"https:\/\/www.reseau-entreprendre.org\/alpes-du-sud\/#primaryimage","url":"https:\/\/www.reseau-entreprendre.org\/alpes-du-sud\/wp-content\/uploads\/sites\/80\/2023\/02\/measite.png","contentUrl":"https:\/\/www.reseau-entreprendre.org\/alpes-du-sud\/wp-content\/uploads\/sites\/80\/2023\/02\/measite.png","width":362,"height":311},{"@type":"BreadcrumbList","@id":"https:\/\/www.reseau-entreprendre.org\/alpes-du-sud\/#breadcrumb","itemListElement":[{"@type":"ListItem","position":1,"name":"Accueil","item":"https:\/\/www.reseau-entreprendre.org\/alpes-du-sud\/"},{"@type":"ListItem","position":2,"name":"Accueil"}]},{"@type":"WebSite","@id":"https:\/\/www.reseau-entreprendre.org\/alpes-du-sud\/#website","url":"https:\/\/www.reseau-entreprendre.org\/alpes-du-sud\/","name":"R\u00e9seau Entreprendre Alpes du Sud","description":"Un site utilisant Les sites de R\u00e9seau Entreprendre","publisher":{"@id":"https:\/\/www.reseau-entreprendre.org\/alpes-du-sud\/#organization"},"potentialAction":[{"@type":"SearchAction","target":{"@type":"EntryPoint","urlTemplate":"https:\/\/www.reseau-entreprendre.org\/alpes-du-sud\/?s={search_term_string}"},"query-input":{"@type":"PropertyValueSpecification","valueRequired":true,"valueName":"search_term_string"}}],"inLanguage":"fr-FR"},{"@type":"Organization","@id":"https:\/\/www.reseau-entreprendre.org\/alpes-du-sud\/#organization","name":"R\u00e9seau Entreprendre Alpes du Sud","url":"https:\/\/www.reseau-entreprendre.org\/alpes-du-sud\/","logo":{"@type":"ImageObject","inLanguage":"fr-FR","@id":"https:\/\/www.reseau-entreprendre.org\/alpes-du-sud\/#\/schema\/logo\/image\/","url":"https:\/\/www.reseau-entreprendre.org\/alpes-du-sud\/wp-content\/uploads\/sites\/80\/2022\/05\/logo_200-e1653996972738.png","contentUrl":"https:\/\/www.reseau-entreprendre.org\/alpes-du-sud\/wp-content\/uploads\/sites\/80\/2022\/05\/logo_200-e1653996972738.png","width":120,"height":84,"caption":"R\u00e9seau Entreprendre Alpes du Sud"},"image":{"@id":"https:\/\/www.reseau-entreprendre.org\/alpes-du-sud\/#\/schema\/logo\/image\/"}}]}},"_links":{"self":[{"href":"https:\/\/www.reseau-entreprendre.org\/alpes-du-sud\/wp-json\/wp\/v2\/pages\/45","targetHints":{"allow":["GET"]}}],"collection":[{"href":"https:\/\/www.reseau-entreprendre.org\/alpes-du-sud\/wp-json\/wp\/v2\/pages"}],"about":[{"href":"https:\/\/www.reseau-entreprendre.org\/alpes-du-sud\/wp-json\/wp\/v2\/types\/page"}],"author":[{"embeddable":true,"href":"https:\/\/www.reseau-entreprendre.org\/alpes-du-sud\/wp-json\/wp\/v2\/users\/99"}],"replies":[{"embeddable":true,"href":"https:\/\/www.reseau-entreprendre.org\/alpes-du-sud\/wp-json\/wp\/v2\/comments?post=45"}],"version-history":[{"count":0,"href":"https:\/\/www.reseau-entreprendre.org\/alpes-du-sud\/wp-json\/wp\/v2\/pages\/45\/revisions"}],"wp:featuredmedia":[{"embeddable":true,"href":"https:\/\/www.reseau-entreprendre.org\/alpes-du-sud\/wp-json\/wp\/v2\/media\/2493"}],"wp:attachment":[{"href":"https:\/\/www.reseau-entreprendre.org\/alpes-du-sud\/wp-json\/wp\/v2\/media?parent=45"}],"curies":[{"name":"wp","href":"https:\/\/api.w.org\/{rel}","templated":true}]}}