{"id":852,"date":"2018-06-19T16:41:17","date_gmt":"2018-06-19T14:41:17","guid":{"rendered":"https:\/\/www.reseau-entreprendre.org\/drome-ardeche\/?page_id=852"},"modified":"2024-03-07T15:39:25","modified_gmt":"2024-03-07T14:39:25","slug":"devenez-laureats","status":"publish","type":"page","link":"https:\/\/www.reseau-entreprendre.org\/drome-ardeche\/devenez-laureats\/","title":{"rendered":"Devenez Laur\u00e9at"},"content":{"rendered":"<div class=\"wp-block-image\">\n<figure class=\"aligncenter size-large is-resized\"><img loading=\"lazy\" decoding=\"async\" width=\"1024\" height=\"832\" src=\"https:\/\/www.reseau-entreprendre.org\/drome-ardeche\/wp-content\/uploads\/sites\/30\/2023\/01\/Laureats-Logo-1-1024x832.png\" alt=\"\" class=\"wp-image-1937\" style=\"width:429px;height:348px\" srcset=\"https:\/\/www.reseau-entreprendre.org\/drome-ardeche\/wp-content\/uploads\/sites\/30\/2023\/01\/Laureats-Logo-1-1024x832.png 1024w, https:\/\/www.reseau-entreprendre.org\/drome-ardeche\/wp-content\/uploads\/sites\/30\/2023\/01\/Laureats-Logo-1-300x244.png 300w, https:\/\/www.reseau-entreprendre.org\/drome-ardeche\/wp-content\/uploads\/sites\/30\/2023\/01\/Laureats-Logo-1-768x624.png 768w, https:\/\/www.reseau-entreprendre.org\/drome-ardeche\/wp-content\/uploads\/sites\/30\/2023\/01\/Laureats-Logo-1-1536x1247.png 1536w, https:\/\/www.reseau-entreprendre.org\/drome-ardeche\/wp-content\/uploads\/sites\/30\/2023\/01\/Laureats-Logo-1-160x130.png 160w, https:\/\/www.reseau-entreprendre.org\/drome-ardeche\/wp-content\/uploads\/sites\/30\/2023\/01\/Laureats-Logo-1.png 2048w\" sizes=\"auto, (max-width: 1024px) 100vw, 1024px\" \/><\/figure>\n<\/div>\n\n\n<p>L\u2019accompagnement de <strong>R\u00e9seau Entreprendre Dr\u00f4me Ard\u00e8che<\/strong> s\u2019adresse principalement aux <span style=\"color: #268597\">cr\u00e9ateurs et repreneurs<\/span> qui, gr\u00e2ce \u00e0 l&#8217;ambition qu\u2019ils portent, leur potentiel entrepreneurial, leur m\u00e9tier et le march\u00e9 auquel ils s\u2019adressent, sont susceptibles de faire de leur entreprise, <span style=\"color: #268597\">une PME apte \u00e0 se d\u00e9velopper<\/span>. Devenez Laur\u00e9at, et suivez un parcours sp\u00e9cifique :<\/p>\n\n\n\n<p><\/p>\n\n\n<div class=\"wp-block-image\">\n<figure class=\"aligncenter size-large is-resized\"><img loading=\"lazy\" decoding=\"async\" width=\"1024\" height=\"724\" src=\"https:\/\/www.reseau-entreprendre.org\/drome-ardeche\/wp-content\/uploads\/sites\/30\/2024\/03\/COURBE-ACCOMPAGNEMENT-POUR-LAUREATS-1024x724.png\" alt=\"\" class=\"wp-image-2269\" style=\"width:874px;height:auto\" srcset=\"https:\/\/www.reseau-entreprendre.org\/drome-ardeche\/wp-content\/uploads\/sites\/30\/2024\/03\/COURBE-ACCOMPAGNEMENT-POUR-LAUREATS-1024x724.png 1024w, https:\/\/www.reseau-entreprendre.org\/drome-ardeche\/wp-content\/uploads\/sites\/30\/2024\/03\/COURBE-ACCOMPAGNEMENT-POUR-LAUREATS-300x212.png 300w, https:\/\/www.reseau-entreprendre.org\/drome-ardeche\/wp-content\/uploads\/sites\/30\/2024\/03\/COURBE-ACCOMPAGNEMENT-POUR-LAUREATS-768x543.png 768w, https:\/\/www.reseau-entreprendre.org\/drome-ardeche\/wp-content\/uploads\/sites\/30\/2024\/03\/COURBE-ACCOMPAGNEMENT-POUR-LAUREATS-1536x1086.png 1536w, https:\/\/www.reseau-entreprendre.org\/drome-ardeche\/wp-content\/uploads\/sites\/30\/2024\/03\/COURBE-ACCOMPAGNEMENT-POUR-LAUREATS-184x130.png 184w, https:\/\/www.reseau-entreprendre.org\/drome-ardeche\/wp-content\/uploads\/sites\/30\/2024\/03\/COURBE-ACCOMPAGNEMENT-POUR-LAUREATS.png 2000w\" sizes=\"auto, (max-width: 1024px) 100vw, 1024px\" \/><\/figure>\n<\/div>\n\n\n<p>Afin de b\u00e9n\u00e9ficier de l\u2019accompagnement par un Chef d\u2019entreprise de R\u00e9seau Entreprendre Dr\u00f4me Ard\u00e8che, le nouvel entrepreneur doit r\u00e9pondre \u00e0 un certain nombre de crit\u00e8res de s\u00e9lection pour devenir Laur\u00e9at. <\/p>\n\n\n\n<p><\/p>\n\n\n\n<p class=\"has-text-align-center\"><span style=\"color: #268597;font-size: 21px\"><strong>Nos crit\u00e8res de s\u00e9lection&nbsp;:<\/strong><\/span><\/p>\n\n\n<div class=\"wp-block-image\">\n<figure class=\"alignleft is-resized\"><img decoding=\"async\" src=\"https:\/\/www.reseau-entreprendre.org\/drome-ardeche\/wp-content\/uploads\/sites\/30\/2018\/06\/case-%C3%A1-cocher.png\" alt=\"\" class=\"wp-image-730\" style=\"width:57px;height:auto\" \/><\/figure>\n<\/div>\n\n\n<ul class=\"wp-block-list\">\n<li>Cr\u00e9ation ou Reprise datant de moins de 30 mois<\/li>\n\n\n\n<li>Business plan en cours ou promesse de vente accept\u00e9e<\/li>\n\n\n\n<li>\u00catre primo entrepreneur<\/li>\n\n\n\n<li>Avoir l\u2019ambition de cr\u00e9er 5 emplois \u00e0 3 ans<\/li>\n\n\n\n<li>Besoin en investissement initial sup\u00e9rieur \u00e0 70&nbsp;000\u20ac<\/li>\n\n\n\n<li>Avoir un apport financier sup\u00e9rieur ou \u00e9gal \u00e0 15&nbsp;000\u20ac<\/li>\n\n\n\n<li>\u00catre associ\u00e9 majoritaire<\/li>\n\n\n\n<li>Avoir un statut juridique&nbsp;: SASU, SAS, SARL, SA, EURL<\/li>\n<\/ul>\n\n\n\n<p>Enfin, en devenant Laur\u00e9at de&nbsp;<strong><a href=\"https:\/\/fr.linkedin.com\/company\/reseau-entreprendre-drome-ardeche\">R\u00e9seau Entreprendre Dr\u00f4me Ard\u00e8che<\/a><\/strong>&nbsp;vous pourrez participer \u00e0 nos grands moments conviviaux&nbsp;:<\/p>\n\n\n\n<ul class=\"wp-block-list\">\n<li>Une grande f\u00eate annuelle pour mettre \u00e0 l\u2019honneur nos Laur\u00e9ats :&nbsp;la F\u00eate des Laur\u00e9ats,<\/li>\n\n\n\n<li>Une soir\u00e9e des Membres :&nbsp;l\u2019Assembl\u00e9e G\u00e9n\u00e9rale,<\/li>\n\n\n\n<li>Des&nbsp;Matinales&nbsp;: petits d\u00e9jeuners th\u00e9matiques d\u2019information anim\u00e9es par des Chefs d\u2019entreprises en activit\u00e9,<\/li>\n\n\n\n<li>\u00c9changer avec des pairs gr\u00e2ce \u00e0&nbsp;WORKPLACE&nbsp;dont R\u00e9seau Entreprendre a \u00e9t\u00e9 choisi par Facebook pour \u00eatre utilisateur de leur r\u00e9seau social professionnel. Sur WORKPLACE, organis\u00e9 en communaut\u00e9s vous pourrez partager sur votre quotidien d\u2019entrepreneur avec les Membres et Laur\u00e9ats de R\u00e9seau Entreprendre<\/li>\n\n\n\n<li>Et de nombreuses autres occasions de se rencontrer\u2026<\/li>\n<\/ul>\n\n\n\n<p class=\"has-text-align-center has-re-blue-color has-text-color has-link-color wp-elements-a825d2e9bc07293dd7b6cab0e3f9ed0e\">Alors, si vous \u00eates porteur de projet, que vous r\u00e9pondez \u00e0 nos crit\u00e8res de s\u00e9lection et que vous souhaitez \u00eatre accompagn\u00e9, d\u00e9posez-nous une demande et devenez Laur\u00e9at !<\/p>\n\n\n\n<div class=\"wp-block-buttons is-content-justification-center is-layout-flex wp-container-core-buttons-is-layout-16018d1d wp-block-buttons-is-layout-flex\">\n<div class=\"wp-block-button\"><a class=\"wp-block-button__link wp-element-button\" href=\"https:\/\/www.reseau-entreprendre.org\/fr\/entreprendre\/formulaire-porteur-projet\/\" target=\"_blank\" rel=\"noreferrer noopener\"><strong>D\u00e9poser une demande<\/strong><\/a><\/div>\n<\/div>\n","protected":false},"excerpt":{"rendered":"<p>L\u2019accompagnement de R\u00e9seau Entreprendre Dr\u00f4me Ard\u00e8che s\u2019adresse principalement aux cr\u00e9ateurs<\/p>\n","protected":false},"author":31,"featured_media":0,"parent":0,"menu_order":0,"comment_status":"closed","ping_status":"closed","template":"","meta":{"_acf_changed":false,"_monsterinsights_skip_tracking":false,"_monsterinsights_sitenote_active":false,"_monsterinsights_sitenote_note":"","_monsterinsights_sitenote_category":0,"footnotes":""},"class_list":["post-852","page","type-page","status-publish","hentry"],"acf":[],"yoast_head":"<!-- This site is optimized with the Yoast SEO plugin v27.4 - https:\/\/yoast.com\/product\/yoast-seo-wordpress\/ -->\n<title>Devenez Laur\u00e9at - R\u00e9seau Entreprendre Dr\u00f4me-Ard\u00e8che<\/title>\n<meta name=\"description\" content=\"Devenez Laur\u00e9at ! R\u00e9seau Entreprendre Dr\u00f4me Ard\u00e8che les entrepreneurs pour faire de leur entreprise une PME apte \u00e0 se d\u00e9velopper.\" \/>\n<meta name=\"robots\" content=\"index, follow, max-snippet:-1, max-image-preview:large, max-video-preview:-1\" \/>\n<link rel=\"canonical\" href=\"https:\/\/www.reseau-entreprendre.org\/drome-ardeche\/devenez-laureats\/\" \/>\n<meta property=\"og:locale\" content=\"fr_FR\" \/>\n<meta property=\"og:type\" content=\"article\" \/>\n<meta property=\"og:title\" content=\"Devenez Laur\u00e9at - R\u00e9seau Entreprendre Dr\u00f4me-Ard\u00e8che\" \/>\n<meta property=\"og:description\" content=\"Devenez Laur\u00e9at ! R\u00e9seau Entreprendre Dr\u00f4me Ard\u00e8che les entrepreneurs pour faire de leur entreprise une PME apte \u00e0 se d\u00e9velopper.\" \/>\n<meta property=\"og:url\" content=\"https:\/\/www.reseau-entreprendre.org\/drome-ardeche\/devenez-laureats\/\" \/>\n<meta property=\"og:site_name\" content=\"R\u00e9seau Entreprendre Dr\u00f4me-Ard\u00e8che\" \/>\n<meta property=\"article:modified_time\" content=\"2024-03-07T14:39:25+00:00\" \/>\n<meta property=\"og:image\" content=\"https:\/\/www.reseau-entreprendre.org\/drome-ardeche\/wp-content\/uploads\/sites\/30\/2023\/01\/Laureats-Logo-1-1024x832.png\" \/>\n<meta name=\"twitter:card\" content=\"summary_large_image\" \/>\n<meta name=\"twitter:label1\" content=\"Dur\u00e9e de lecture estim\u00e9e\" \/>\n\t<meta name=\"twitter:data1\" content=\"3 minutes\" \/>\n<script type=\"application\/ld+json\" class=\"yoast-schema-graph\">{\"@context\":\"https:\\\/\\\/schema.org\",\"@graph\":[{\"@type\":\"WebPage\",\"@id\":\"https:\\\/\\\/www.reseau-entreprendre.org\\\/drome-ardeche\\\/devenez-laureats\\\/\",\"url\":\"https:\\\/\\\/www.reseau-entreprendre.org\\\/drome-ardeche\\\/devenez-laureats\\\/\",\"name\":\"Devenez Laur\u00e9at - R\u00e9seau Entreprendre Dr\u00f4me-Ard\u00e8che\",\"isPartOf\":{\"@id\":\"https:\\\/\\\/www.reseau-entreprendre.org\\\/drome-ardeche\\\/#website\"},\"primaryImageOfPage\":{\"@id\":\"https:\\\/\\\/www.reseau-entreprendre.org\\\/drome-ardeche\\\/devenez-laureats\\\/#primaryimage\"},\"image\":{\"@id\":\"https:\\\/\\\/www.reseau-entreprendre.org\\\/drome-ardeche\\\/devenez-laureats\\\/#primaryimage\"},\"thumbnailUrl\":\"https:\\\/\\\/www.reseau-entreprendre.org\\\/drome-ardeche\\\/wp-content\\\/uploads\\\/sites\\\/30\\\/2023\\\/01\\\/Laureats-Logo-1-1024x832.png\",\"datePublished\":\"2018-06-19T14:41:17+00:00\",\"dateModified\":\"2024-03-07T14:39:25+00:00\",\"description\":\"Devenez Laur\u00e9at ! R\u00e9seau Entreprendre Dr\u00f4me Ard\u00e8che les entrepreneurs pour faire de leur entreprise une PME apte \u00e0 se d\u00e9velopper.\",\"breadcrumb\":{\"@id\":\"https:\\\/\\\/www.reseau-entreprendre.org\\\/drome-ardeche\\\/devenez-laureats\\\/#breadcrumb\"},\"inLanguage\":\"fr-FR\",\"potentialAction\":[{\"@type\":\"ReadAction\",\"target\":[\"https:\\\/\\\/www.reseau-entreprendre.org\\\/drome-ardeche\\\/devenez-laureats\\\/\"]}]},{\"@type\":\"ImageObject\",\"inLanguage\":\"fr-FR\",\"@id\":\"https:\\\/\\\/www.reseau-entreprendre.org\\\/drome-ardeche\\\/devenez-laureats\\\/#primaryimage\",\"url\":\"https:\\\/\\\/www.reseau-entreprendre.org\\\/drome-ardeche\\\/wp-content\\\/uploads\\\/sites\\\/30\\\/2023\\\/01\\\/Laureats-Logo-1.png\",\"contentUrl\":\"https:\\\/\\\/www.reseau-entreprendre.org\\\/drome-ardeche\\\/wp-content\\\/uploads\\\/sites\\\/30\\\/2023\\\/01\\\/Laureats-Logo-1.png\",\"width\":2048,\"height\":1663},{\"@type\":\"BreadcrumbList\",\"@id\":\"https:\\\/\\\/www.reseau-entreprendre.org\\\/drome-ardeche\\\/devenez-laureats\\\/#breadcrumb\",\"itemListElement\":[{\"@type\":\"ListItem\",\"position\":1,\"name\":\"Accueil\",\"item\":\"https:\\\/\\\/www.reseau-entreprendre.org\\\/drome-ardeche\\\/\"},{\"@type\":\"ListItem\",\"position\":2,\"name\":\"Devenez Laur\u00e9at\"}]},{\"@type\":\"WebSite\",\"@id\":\"https:\\\/\\\/www.reseau-entreprendre.org\\\/drome-ardeche\\\/#website\",\"url\":\"https:\\\/\\\/www.reseau-entreprendre.org\\\/drome-ardeche\\\/\",\"name\":\"R\u00e9seau Entreprendre Dr\u00f4me-Ard\u00e8che\",\"description\":\"Un site utilisant Les sites de R\u00e9seau Entreprendre\",\"potentialAction\":[{\"@type\":\"SearchAction\",\"target\":{\"@type\":\"EntryPoint\",\"urlTemplate\":\"https:\\\/\\\/www.reseau-entreprendre.org\\\/drome-ardeche\\\/?s={search_term_string}\"},\"query-input\":{\"@type\":\"PropertyValueSpecification\",\"valueRequired\":true,\"valueName\":\"search_term_string\"}}],\"inLanguage\":\"fr-FR\"}]}<\/script>\n<!-- \/ Yoast SEO plugin. -->","yoast_head_json":{"title":"Devenez Laur\u00e9at - R\u00e9seau Entreprendre Dr\u00f4me-Ard\u00e8che","description":"Devenez Laur\u00e9at ! R\u00e9seau Entreprendre Dr\u00f4me Ard\u00e8che les entrepreneurs pour faire de leur entreprise une PME apte \u00e0 se d\u00e9velopper.","robots":{"index":"index","follow":"follow","max-snippet":"max-snippet:-1","max-image-preview":"max-image-preview:large","max-video-preview":"max-video-preview:-1"},"canonical":"https:\/\/www.reseau-entreprendre.org\/drome-ardeche\/devenez-laureats\/","og_locale":"fr_FR","og_type":"article","og_title":"Devenez Laur\u00e9at - R\u00e9seau Entreprendre Dr\u00f4me-Ard\u00e8che","og_description":"Devenez Laur\u00e9at ! R\u00e9seau Entreprendre Dr\u00f4me Ard\u00e8che les entrepreneurs pour faire de leur entreprise une PME apte \u00e0 se d\u00e9velopper.","og_url":"https:\/\/www.reseau-entreprendre.org\/drome-ardeche\/devenez-laureats\/","og_site_name":"R\u00e9seau Entreprendre Dr\u00f4me-Ard\u00e8che","article_modified_time":"2024-03-07T14:39:25+00:00","og_image":[{"url":"https:\/\/www.reseau-entreprendre.org\/drome-ardeche\/wp-content\/uploads\/sites\/30\/2023\/01\/Laureats-Logo-1-1024x832.png","type":"","width":"","height":""}],"twitter_card":"summary_large_image","twitter_misc":{"Dur\u00e9e de lecture estim\u00e9e":"3 minutes"},"schema":{"@context":"https:\/\/schema.org","@graph":[{"@type":"WebPage","@id":"https:\/\/www.reseau-entreprendre.org\/drome-ardeche\/devenez-laureats\/","url":"https:\/\/www.reseau-entreprendre.org\/drome-ardeche\/devenez-laureats\/","name":"Devenez Laur\u00e9at - R\u00e9seau Entreprendre Dr\u00f4me-Ard\u00e8che","isPartOf":{"@id":"https:\/\/www.reseau-entreprendre.org\/drome-ardeche\/#website"},"primaryImageOfPage":{"@id":"https:\/\/www.reseau-entreprendre.org\/drome-ardeche\/devenez-laureats\/#primaryimage"},"image":{"@id":"https:\/\/www.reseau-entreprendre.org\/drome-ardeche\/devenez-laureats\/#primaryimage"},"thumbnailUrl":"https:\/\/www.reseau-entreprendre.org\/drome-ardeche\/wp-content\/uploads\/sites\/30\/2023\/01\/Laureats-Logo-1-1024x832.png","datePublished":"2018-06-19T14:41:17+00:00","dateModified":"2024-03-07T14:39:25+00:00","description":"Devenez Laur\u00e9at ! R\u00e9seau Entreprendre Dr\u00f4me Ard\u00e8che les entrepreneurs pour faire de leur entreprise une PME apte \u00e0 se d\u00e9velopper.","breadcrumb":{"@id":"https:\/\/www.reseau-entreprendre.org\/drome-ardeche\/devenez-laureats\/#breadcrumb"},"inLanguage":"fr-FR","potentialAction":[{"@type":"ReadAction","target":["https:\/\/www.reseau-entreprendre.org\/drome-ardeche\/devenez-laureats\/"]}]},{"@type":"ImageObject","inLanguage":"fr-FR","@id":"https:\/\/www.reseau-entreprendre.org\/drome-ardeche\/devenez-laureats\/#primaryimage","url":"https:\/\/www.reseau-entreprendre.org\/drome-ardeche\/wp-content\/uploads\/sites\/30\/2023\/01\/Laureats-Logo-1.png","contentUrl":"https:\/\/www.reseau-entreprendre.org\/drome-ardeche\/wp-content\/uploads\/sites\/30\/2023\/01\/Laureats-Logo-1.png","width":2048,"height":1663},{"@type":"BreadcrumbList","@id":"https:\/\/www.reseau-entreprendre.org\/drome-ardeche\/devenez-laureats\/#breadcrumb","itemListElement":[{"@type":"ListItem","position":1,"name":"Accueil","item":"https:\/\/www.reseau-entreprendre.org\/drome-ardeche\/"},{"@type":"ListItem","position":2,"name":"Devenez Laur\u00e9at"}]},{"@type":"WebSite","@id":"https:\/\/www.reseau-entreprendre.org\/drome-ardeche\/#website","url":"https:\/\/www.reseau-entreprendre.org\/drome-ardeche\/","name":"R\u00e9seau Entreprendre Dr\u00f4me-Ard\u00e8che","description":"Un site utilisant Les sites de R\u00e9seau Entreprendre","potentialAction":[{"@type":"SearchAction","target":{"@type":"EntryPoint","urlTemplate":"https:\/\/www.reseau-entreprendre.org\/drome-ardeche\/?s={search_term_string}"},"query-input":{"@type":"PropertyValueSpecification","valueRequired":true,"valueName":"search_term_string"}}],"inLanguage":"fr-FR"}]}},"_links":{"self":[{"href":"https:\/\/www.reseau-entreprendre.org\/drome-ardeche\/wp-json\/wp\/v2\/pages\/852","targetHints":{"allow":["GET"]}}],"collection":[{"href":"https:\/\/www.reseau-entreprendre.org\/drome-ardeche\/wp-json\/wp\/v2\/pages"}],"about":[{"href":"https:\/\/www.reseau-entreprendre.org\/drome-ardeche\/wp-json\/wp\/v2\/types\/page"}],"author":[{"embeddable":true,"href":"https:\/\/www.reseau-entreprendre.org\/drome-ardeche\/wp-json\/wp\/v2\/users\/31"}],"replies":[{"embeddable":true,"href":"https:\/\/www.reseau-entreprendre.org\/drome-ardeche\/wp-json\/wp\/v2\/comments?post=852"}],"version-history":[{"count":0,"href":"https:\/\/www.reseau-entreprendre.org\/drome-ardeche\/wp-json\/wp\/v2\/pages\/852\/revisions"}],"wp:attachment":[{"href":"https:\/\/www.reseau-entreprendre.org\/drome-ardeche\/wp-json\/wp\/v2\/media?parent=852"}],"curies":[{"name":"wp","href":"https:\/\/api.w.org\/{rel}","templated":true}]}}