{"id":1144,"date":"2019-04-15T15:42:01","date_gmt":"2019-04-15T13:42:01","guid":{"rendered":"https:\/\/re-dev-entreprendre.fr\/essonne\/?post_type=mec-events&#038;p=1144"},"modified":"2019-04-15T15:43:04","modified_gmt":"2019-04-15T13:43:04","slug":"paris-saclay-spring-2019-9-h-a-19-h-gif-sur-yvette-ouvert-a-tous","status":"publish","type":"mec-events","link":"https:\/\/www.reseau-entreprendre.org\/essonne\/events\/paris-saclay-spring-2019-9-h-a-19-h-gif-sur-yvette-ouvert-a-tous\/","title":{"rendered":"Paris-Saclay Spring 2019 &#8211; 9 h \u00e0 19 h &#8211; Gif-sur-Yvette &#8211; Ouvert \u00e0 tous"},"content":{"rendered":"<p>R\u00e9seau Entreprendre Essonne sera pr\u00e9sent au\u00a0<a href=\"https:\/\/paris-saclay-spring.com\/\">Paris-Saclay Spring 2019<\/a><\/p>\n<p>Avec 15% de la recherche publique et de la R&amp;D priv\u00e9e nationale, le cluster innovant de Paris-Saclay constitue un v\u00e9ritable fer de lance de l\u2019innovation fran\u00e7aise.<\/p>\n<p><span class=\"s1\">Tous les acteurs de l\u2019innovation, de la recherche, de la science et du d\u00e9veloppement \u00e9conomique s\u2019unissent pour mettre\u00a0<\/span><span class=\"s1\">en valeur l\u2019innovation technologique et l\u2019excellence scientifique l\u00e0 o\u00f9 elle se fait au quotidien !<\/span><\/p>\n<p><a href=\"https:\/\/paris-saclay-spring.com\/\">Inscrivez-vous !<\/a><\/p>\n<p><img loading=\"lazy\" decoding=\"async\" class=\"aligncenter wp-image-1145\" src=\"https:\/\/www.reseau-entreprendre.org\/essonne\/wp-content\/uploads\/sites\/16\/2019\/04\/eregerg-1024x288.jpg\" alt=\"\" width=\"672\" height=\"189\" srcset=\"https:\/\/www.reseau-entreprendre.org\/essonne\/wp-content\/uploads\/sites\/16\/2019\/04\/eregerg-1024x288.jpg 1024w, https:\/\/www.reseau-entreprendre.org\/essonne\/wp-content\/uploads\/sites\/16\/2019\/04\/eregerg-300x84.jpg 300w, https:\/\/www.reseau-entreprendre.org\/essonne\/wp-content\/uploads\/sites\/16\/2019\/04\/eregerg-768x216.jpg 768w, https:\/\/www.reseau-entreprendre.org\/essonne\/wp-content\/uploads\/sites\/16\/2019\/04\/eregerg.jpg 1849w\" sizes=\"auto, (max-width: 672px) 100vw, 672px\" \/><\/p>\n","protected":false},"excerpt":{"rendered":"<p>R\u00e9seau Entreprendre Essonne sera pr\u00e9sent au\u00a0Paris-Saclay Spring 2019 Avec 15%<\/p>\n","protected":false},"author":133,"featured_media":547,"comment_status":"open","ping_status":"closed","template":"","tags":[],"mec_category":[],"class_list":["post-1144","mec-events","type-mec-events","status-publish","has-post-thumbnail","hentry"],"acf":[],"yoast_head":"<!-- This site is optimized with the Yoast SEO plugin v27.4 - https:\/\/yoast.com\/product\/yoast-seo-wordpress\/ -->\n<title>Paris-Saclay Spring 2019 - 9 h \u00e0 19 h - Gif-sur-Yvette - Ouvert \u00e0 tous - R\u00e9seau Entreprendre Essonne<\/title>\n<meta name=\"robots\" content=\"index, follow, max-snippet:-1, max-image-preview:large, max-video-preview:-1\" \/>\n<link rel=\"canonical\" href=\"https:\/\/www.reseau-entreprendre.org\/essonne\/events\/paris-saclay-spring-2019-9-h-a-19-h-gif-sur-yvette-ouvert-a-tous\/\" \/>\n<meta property=\"og:locale\" content=\"fr_FR\" \/>\n<meta property=\"og:type\" content=\"article\" \/>\n<meta property=\"og:title\" content=\"Paris-Saclay Spring 2019 - 9 h \u00e0 19 h - Gif-sur-Yvette - Ouvert \u00e0 tous - R\u00e9seau Entreprendre Essonne\" \/>\n<meta property=\"og:description\" content=\"R\u00e9seau Entreprendre Essonne sera pr\u00e9sent au\u00a0Paris-Saclay Spring 2019 Avec 15%\" \/>\n<meta property=\"og:url\" content=\"https:\/\/www.reseau-entreprendre.org\/essonne\/events\/paris-saclay-spring-2019-9-h-a-19-h-gif-sur-yvette-ouvert-a-tous\/\" \/>\n<meta property=\"og:site_name\" content=\"R\u00e9seau Entreprendre Essonne\" \/>\n<meta property=\"article:modified_time\" content=\"2019-04-15T13:43:04+00:00\" \/>\n<meta property=\"og:image\" content=\"https:\/\/www.reseau-entreprendre.org\/essonne\/wp-content\/uploads\/sites\/16\/2018\/02\/46_logo_re_couleur_essonne-e1554985644246.png\" \/>\n\t<meta property=\"og:image:width\" content=\"255\" \/>\n\t<meta property=\"og:image:height\" content=\"66\" \/>\n\t<meta property=\"og:image:type\" content=\"image\/png\" \/>\n<meta name=\"twitter:card\" content=\"summary_large_image\" \/>\n<script type=\"application\/ld+json\" class=\"yoast-schema-graph\">{\"@context\":\"https:\\\/\\\/schema.org\",\"@graph\":[{\"@type\":\"WebPage\",\"@id\":\"https:\\\/\\\/www.reseau-entreprendre.org\\\/essonne\\\/events\\\/paris-saclay-spring-2019-9-h-a-19-h-gif-sur-yvette-ouvert-a-tous\\\/\",\"url\":\"https:\\\/\\\/www.reseau-entreprendre.org\\\/essonne\\\/events\\\/paris-saclay-spring-2019-9-h-a-19-h-gif-sur-yvette-ouvert-a-tous\\\/\",\"name\":\"Paris-Saclay Spring 2019 - 9 h \u00e0 19 h - Gif-sur-Yvette - Ouvert \u00e0 tous - R\u00e9seau Entreprendre Essonne\",\"isPartOf\":{\"@id\":\"https:\\\/\\\/www.reseau-entreprendre.org\\\/essonne\\\/#website\"},\"primaryImageOfPage\":{\"@id\":\"https:\\\/\\\/www.reseau-entreprendre.org\\\/essonne\\\/events\\\/paris-saclay-spring-2019-9-h-a-19-h-gif-sur-yvette-ouvert-a-tous\\\/#primaryimage\"},\"image\":{\"@id\":\"https:\\\/\\\/www.reseau-entreprendre.org\\\/essonne\\\/events\\\/paris-saclay-spring-2019-9-h-a-19-h-gif-sur-yvette-ouvert-a-tous\\\/#primaryimage\"},\"thumbnailUrl\":\"https:\\\/\\\/www.reseau-entreprendre.org\\\/essonne\\\/wp-content\\\/uploads\\\/sites\\\/16\\\/2018\\\/02\\\/46_logo_re_couleur_essonne-e1554985644246.png\",\"datePublished\":\"2019-04-15T13:42:01+00:00\",\"dateModified\":\"2019-04-15T13:43:04+00:00\",\"breadcrumb\":{\"@id\":\"https:\\\/\\\/www.reseau-entreprendre.org\\\/essonne\\\/events\\\/paris-saclay-spring-2019-9-h-a-19-h-gif-sur-yvette-ouvert-a-tous\\\/#breadcrumb\"},\"inLanguage\":\"fr-FR\",\"potentialAction\":[{\"@type\":\"ReadAction\",\"target\":[\"https:\\\/\\\/www.reseau-entreprendre.org\\\/essonne\\\/events\\\/paris-saclay-spring-2019-9-h-a-19-h-gif-sur-yvette-ouvert-a-tous\\\/\"]}]},{\"@type\":\"ImageObject\",\"inLanguage\":\"fr-FR\",\"@id\":\"https:\\\/\\\/www.reseau-entreprendre.org\\\/essonne\\\/events\\\/paris-saclay-spring-2019-9-h-a-19-h-gif-sur-yvette-ouvert-a-tous\\\/#primaryimage\",\"url\":\"https:\\\/\\\/www.reseau-entreprendre.org\\\/essonne\\\/wp-content\\\/uploads\\\/sites\\\/16\\\/2018\\\/02\\\/46_logo_re_couleur_essonne-e1554985644246.png\",\"contentUrl\":\"https:\\\/\\\/www.reseau-entreprendre.org\\\/essonne\\\/wp-content\\\/uploads\\\/sites\\\/16\\\/2018\\\/02\\\/46_logo_re_couleur_essonne-e1554985644246.png\",\"width\":255,\"height\":66},{\"@type\":\"BreadcrumbList\",\"@id\":\"https:\\\/\\\/www.reseau-entreprendre.org\\\/essonne\\\/events\\\/paris-saclay-spring-2019-9-h-a-19-h-gif-sur-yvette-ouvert-a-tous\\\/#breadcrumb\",\"itemListElement\":[{\"@type\":\"ListItem\",\"position\":1,\"name\":\"Accueil\",\"item\":\"https:\\\/\\\/www.reseau-entreprendre.org\\\/essonne\\\/\"},{\"@type\":\"ListItem\",\"position\":2,\"name\":\"\u00c9venements\",\"item\":\"https:\\\/\\\/www.reseau-entreprendre.org\\\/essonne\\\/events\\\/\"},{\"@type\":\"ListItem\",\"position\":3,\"name\":\"Paris-Saclay Spring 2019 &#8211; 9 h \u00e0 19 h &#8211; Gif-sur-Yvette &#8211; Ouvert \u00e0 tous\"}]},{\"@type\":\"WebSite\",\"@id\":\"https:\\\/\\\/www.reseau-entreprendre.org\\\/essonne\\\/#website\",\"url\":\"https:\\\/\\\/www.reseau-entreprendre.org\\\/essonne\\\/\",\"name\":\"R\u00e9seau Entreprendre Essonne\",\"description\":\"\",\"potentialAction\":[{\"@type\":\"SearchAction\",\"target\":{\"@type\":\"EntryPoint\",\"urlTemplate\":\"https:\\\/\\\/www.reseau-entreprendre.org\\\/essonne\\\/?s={search_term_string}\"},\"query-input\":{\"@type\":\"PropertyValueSpecification\",\"valueRequired\":true,\"valueName\":\"search_term_string\"}}],\"inLanguage\":\"fr-FR\"}]}<\/script>\n<!-- \/ Yoast SEO plugin. -->","yoast_head_json":{"title":"Paris-Saclay Spring 2019 - 9 h \u00e0 19 h - Gif-sur-Yvette - Ouvert \u00e0 tous - R\u00e9seau Entreprendre Essonne","robots":{"index":"index","follow":"follow","max-snippet":"max-snippet:-1","max-image-preview":"max-image-preview:large","max-video-preview":"max-video-preview:-1"},"canonical":"https:\/\/www.reseau-entreprendre.org\/essonne\/events\/paris-saclay-spring-2019-9-h-a-19-h-gif-sur-yvette-ouvert-a-tous\/","og_locale":"fr_FR","og_type":"article","og_title":"Paris-Saclay Spring 2019 - 9 h \u00e0 19 h - Gif-sur-Yvette - Ouvert \u00e0 tous - R\u00e9seau Entreprendre Essonne","og_description":"R\u00e9seau Entreprendre Essonne sera pr\u00e9sent au\u00a0Paris-Saclay Spring 2019 Avec 15%","og_url":"https:\/\/www.reseau-entreprendre.org\/essonne\/events\/paris-saclay-spring-2019-9-h-a-19-h-gif-sur-yvette-ouvert-a-tous\/","og_site_name":"R\u00e9seau Entreprendre Essonne","article_modified_time":"2019-04-15T13:43:04+00:00","og_image":[{"width":255,"height":66,"url":"https:\/\/www.reseau-entreprendre.org\/essonne\/wp-content\/uploads\/sites\/16\/2018\/02\/46_logo_re_couleur_essonne-e1554985644246.png","type":"image\/png"}],"twitter_card":"summary_large_image","schema":{"@context":"https:\/\/schema.org","@graph":[{"@type":"WebPage","@id":"https:\/\/www.reseau-entreprendre.org\/essonne\/events\/paris-saclay-spring-2019-9-h-a-19-h-gif-sur-yvette-ouvert-a-tous\/","url":"https:\/\/www.reseau-entreprendre.org\/essonne\/events\/paris-saclay-spring-2019-9-h-a-19-h-gif-sur-yvette-ouvert-a-tous\/","name":"Paris-Saclay Spring 2019 - 9 h \u00e0 19 h - Gif-sur-Yvette - Ouvert \u00e0 tous - R\u00e9seau Entreprendre Essonne","isPartOf":{"@id":"https:\/\/www.reseau-entreprendre.org\/essonne\/#website"},"primaryImageOfPage":{"@id":"https:\/\/www.reseau-entreprendre.org\/essonne\/events\/paris-saclay-spring-2019-9-h-a-19-h-gif-sur-yvette-ouvert-a-tous\/#primaryimage"},"image":{"@id":"https:\/\/www.reseau-entreprendre.org\/essonne\/events\/paris-saclay-spring-2019-9-h-a-19-h-gif-sur-yvette-ouvert-a-tous\/#primaryimage"},"thumbnailUrl":"https:\/\/www.reseau-entreprendre.org\/essonne\/wp-content\/uploads\/sites\/16\/2018\/02\/46_logo_re_couleur_essonne-e1554985644246.png","datePublished":"2019-04-15T13:42:01+00:00","dateModified":"2019-04-15T13:43:04+00:00","breadcrumb":{"@id":"https:\/\/www.reseau-entreprendre.org\/essonne\/events\/paris-saclay-spring-2019-9-h-a-19-h-gif-sur-yvette-ouvert-a-tous\/#breadcrumb"},"inLanguage":"fr-FR","potentialAction":[{"@type":"ReadAction","target":["https:\/\/www.reseau-entreprendre.org\/essonne\/events\/paris-saclay-spring-2019-9-h-a-19-h-gif-sur-yvette-ouvert-a-tous\/"]}]},{"@type":"ImageObject","inLanguage":"fr-FR","@id":"https:\/\/www.reseau-entreprendre.org\/essonne\/events\/paris-saclay-spring-2019-9-h-a-19-h-gif-sur-yvette-ouvert-a-tous\/#primaryimage","url":"https:\/\/www.reseau-entreprendre.org\/essonne\/wp-content\/uploads\/sites\/16\/2018\/02\/46_logo_re_couleur_essonne-e1554985644246.png","contentUrl":"https:\/\/www.reseau-entreprendre.org\/essonne\/wp-content\/uploads\/sites\/16\/2018\/02\/46_logo_re_couleur_essonne-e1554985644246.png","width":255,"height":66},{"@type":"BreadcrumbList","@id":"https:\/\/www.reseau-entreprendre.org\/essonne\/events\/paris-saclay-spring-2019-9-h-a-19-h-gif-sur-yvette-ouvert-a-tous\/#breadcrumb","itemListElement":[{"@type":"ListItem","position":1,"name":"Accueil","item":"https:\/\/www.reseau-entreprendre.org\/essonne\/"},{"@type":"ListItem","position":2,"name":"\u00c9venements","item":"https:\/\/www.reseau-entreprendre.org\/essonne\/events\/"},{"@type":"ListItem","position":3,"name":"Paris-Saclay Spring 2019 &#8211; 9 h \u00e0 19 h &#8211; Gif-sur-Yvette &#8211; Ouvert \u00e0 tous"}]},{"@type":"WebSite","@id":"https:\/\/www.reseau-entreprendre.org\/essonne\/#website","url":"https:\/\/www.reseau-entreprendre.org\/essonne\/","name":"R\u00e9seau Entreprendre Essonne","description":"","potentialAction":[{"@type":"SearchAction","target":{"@type":"EntryPoint","urlTemplate":"https:\/\/www.reseau-entreprendre.org\/essonne\/?s={search_term_string}"},"query-input":{"@type":"PropertyValueSpecification","valueRequired":true,"valueName":"search_term_string"}}],"inLanguage":"fr-FR"}]}},"_links":{"self":[{"href":"https:\/\/www.reseau-entreprendre.org\/essonne\/wp-json\/wp\/v2\/mec-events\/1144","targetHints":{"allow":["GET"]}}],"collection":[{"href":"https:\/\/www.reseau-entreprendre.org\/essonne\/wp-json\/wp\/v2\/mec-events"}],"about":[{"href":"https:\/\/www.reseau-entreprendre.org\/essonne\/wp-json\/wp\/v2\/types\/mec-events"}],"author":[{"embeddable":true,"href":"https:\/\/www.reseau-entreprendre.org\/essonne\/wp-json\/wp\/v2\/users\/133"}],"replies":[{"embeddable":true,"href":"https:\/\/www.reseau-entreprendre.org\/essonne\/wp-json\/wp\/v2\/comments?post=1144"}],"wp:featuredmedia":[{"embeddable":true,"href":"https:\/\/www.reseau-entreprendre.org\/essonne\/wp-json\/wp\/v2\/media\/547"}],"wp:attachment":[{"href":"https:\/\/www.reseau-entreprendre.org\/essonne\/wp-json\/wp\/v2\/media?parent=1144"}],"wp:term":[{"taxonomy":"post_tag","embeddable":true,"href":"https:\/\/www.reseau-entreprendre.org\/essonne\/wp-json\/wp\/v2\/tags?post=1144"},{"taxonomy":"mec_category","embeddable":true,"href":"https:\/\/www.reseau-entreprendre.org\/essonne\/wp-json\/wp\/v2\/mec_category?post=1144"}],"curies":[{"name":"wp","href":"https:\/\/api.w.org\/{rel}","templated":true}]}}