{"id":1314,"date":"2019-07-16T14:03:20","date_gmt":"2019-07-16T12:03:20","guid":{"rendered":"https:\/\/re-dev-entreprendre.fr\/essonne\/?post_type=mec-events&#038;p=1314"},"modified":"2019-07-17T15:35:18","modified_gmt":"2019-07-17T13:35:18","slug":"comite-dengagement-4-decembre","status":"publish","type":"mec-events","link":"https:\/\/www.reseau-entreprendre.org\/essonne\/events\/comite-dengagement-4-decembre\/","title":{"rendered":"Comit\u00e9 d&#8217;Engagement &#8211; 18h00"},"content":{"rendered":"<p>Le comit\u00e9 d\u2019engagement est compos\u00e9 d\u2019une dizaine de chefs d\u2019entreprises qui vont \u00e9tudier l\u2019ad\u00e9quation homme\/projet, le r\u00e9alisme, l\u2019ambition du projet et la volont\u00e9 \u00e0 int\u00e9grer R\u00e9seau Entreprendre.<\/p>\n<p>Le porteur de projet pitche devant le comit\u00e9 d\u2019engagement. C\u2019est ce comit\u00e9 qui prendra, \u00e0 l\u2019unanimit\u00e9, la d\u00e9cision de l\u2019accompagner. Il devient d\u00e8s lors \u201cLaur\u00e9at R\u00e9seau Entreprendre Essonne\u201d (d\u00e9signation de son accompagnateur et recherche des solutions adapt\u00e9es, octroi du pr\u00eat d\u2019honneur, signature de la convention).<\/p>\n","protected":false},"excerpt":{"rendered":"<p>Le comit\u00e9 d\u2019engagement est compos\u00e9 d\u2019une dizaine de chefs d\u2019entreprises<\/p>\n","protected":false},"author":133,"featured_media":0,"comment_status":"open","ping_status":"closed","template":"","tags":[],"mec_category":[],"class_list":["post-1314","mec-events","type-mec-events","status-publish","hentry"],"acf":[],"yoast_head":"<!-- This site is optimized with the Yoast SEO plugin v27.4 - https:\/\/yoast.com\/product\/yoast-seo-wordpress\/ -->\n<title>Comit\u00e9 d&#039;Engagement - 18h00 - R\u00e9seau Entreprendre Essonne<\/title>\n<meta name=\"robots\" content=\"index, follow, max-snippet:-1, max-image-preview:large, max-video-preview:-1\" \/>\n<link rel=\"canonical\" href=\"https:\/\/www.reseau-entreprendre.org\/essonne\/events\/comite-dengagement-4-decembre\/\" \/>\n<meta property=\"og:locale\" content=\"fr_FR\" \/>\n<meta property=\"og:type\" content=\"article\" \/>\n<meta property=\"og:title\" content=\"Comit\u00e9 d&#039;Engagement - 18h00 - R\u00e9seau Entreprendre Essonne\" \/>\n<meta property=\"og:description\" content=\"Le comit\u00e9 d\u2019engagement est compos\u00e9 d\u2019une dizaine de chefs d\u2019entreprises\" \/>\n<meta property=\"og:url\" content=\"https:\/\/www.reseau-entreprendre.org\/essonne\/events\/comite-dengagement-4-decembre\/\" \/>\n<meta property=\"og:site_name\" content=\"R\u00e9seau Entreprendre Essonne\" \/>\n<meta property=\"article:modified_time\" content=\"2019-07-17T13:35:18+00:00\" \/>\n<meta name=\"twitter:card\" content=\"summary_large_image\" \/>\n<script type=\"application\/ld+json\" class=\"yoast-schema-graph\">{\"@context\":\"https:\\\/\\\/schema.org\",\"@graph\":[{\"@type\":\"WebPage\",\"@id\":\"https:\\\/\\\/www.reseau-entreprendre.org\\\/essonne\\\/events\\\/comite-dengagement-4-decembre\\\/\",\"url\":\"https:\\\/\\\/www.reseau-entreprendre.org\\\/essonne\\\/events\\\/comite-dengagement-4-decembre\\\/\",\"name\":\"Comit\u00e9 d'Engagement - 18h00 - R\u00e9seau Entreprendre Essonne\",\"isPartOf\":{\"@id\":\"https:\\\/\\\/www.reseau-entreprendre.org\\\/essonne\\\/#website\"},\"datePublished\":\"2019-07-16T12:03:20+00:00\",\"dateModified\":\"2019-07-17T13:35:18+00:00\",\"breadcrumb\":{\"@id\":\"https:\\\/\\\/www.reseau-entreprendre.org\\\/essonne\\\/events\\\/comite-dengagement-4-decembre\\\/#breadcrumb\"},\"inLanguage\":\"fr-FR\",\"potentialAction\":[{\"@type\":\"ReadAction\",\"target\":[\"https:\\\/\\\/www.reseau-entreprendre.org\\\/essonne\\\/events\\\/comite-dengagement-4-decembre\\\/\"]}]},{\"@type\":\"BreadcrumbList\",\"@id\":\"https:\\\/\\\/www.reseau-entreprendre.org\\\/essonne\\\/events\\\/comite-dengagement-4-decembre\\\/#breadcrumb\",\"itemListElement\":[{\"@type\":\"ListItem\",\"position\":1,\"name\":\"Accueil\",\"item\":\"https:\\\/\\\/www.reseau-entreprendre.org\\\/essonne\\\/\"},{\"@type\":\"ListItem\",\"position\":2,\"name\":\"\u00c9venements\",\"item\":\"https:\\\/\\\/www.reseau-entreprendre.org\\\/essonne\\\/events\\\/\"},{\"@type\":\"ListItem\",\"position\":3,\"name\":\"Comit\u00e9 d&rsquo;Engagement &#8211; 18h00\"}]},{\"@type\":\"WebSite\",\"@id\":\"https:\\\/\\\/www.reseau-entreprendre.org\\\/essonne\\\/#website\",\"url\":\"https:\\\/\\\/www.reseau-entreprendre.org\\\/essonne\\\/\",\"name\":\"R\u00e9seau Entreprendre Essonne\",\"description\":\"\",\"potentialAction\":[{\"@type\":\"SearchAction\",\"target\":{\"@type\":\"EntryPoint\",\"urlTemplate\":\"https:\\\/\\\/www.reseau-entreprendre.org\\\/essonne\\\/?s={search_term_string}\"},\"query-input\":{\"@type\":\"PropertyValueSpecification\",\"valueRequired\":true,\"valueName\":\"search_term_string\"}}],\"inLanguage\":\"fr-FR\"}]}<\/script>\n<!-- \/ Yoast SEO plugin. -->","yoast_head_json":{"title":"Comit\u00e9 d'Engagement - 18h00 - R\u00e9seau Entreprendre Essonne","robots":{"index":"index","follow":"follow","max-snippet":"max-snippet:-1","max-image-preview":"max-image-preview:large","max-video-preview":"max-video-preview:-1"},"canonical":"https:\/\/www.reseau-entreprendre.org\/essonne\/events\/comite-dengagement-4-decembre\/","og_locale":"fr_FR","og_type":"article","og_title":"Comit\u00e9 d'Engagement - 18h00 - R\u00e9seau Entreprendre Essonne","og_description":"Le comit\u00e9 d\u2019engagement est compos\u00e9 d\u2019une dizaine de chefs d\u2019entreprises","og_url":"https:\/\/www.reseau-entreprendre.org\/essonne\/events\/comite-dengagement-4-decembre\/","og_site_name":"R\u00e9seau Entreprendre Essonne","article_modified_time":"2019-07-17T13:35:18+00:00","twitter_card":"summary_large_image","schema":{"@context":"https:\/\/schema.org","@graph":[{"@type":"WebPage","@id":"https:\/\/www.reseau-entreprendre.org\/essonne\/events\/comite-dengagement-4-decembre\/","url":"https:\/\/www.reseau-entreprendre.org\/essonne\/events\/comite-dengagement-4-decembre\/","name":"Comit\u00e9 d'Engagement - 18h00 - R\u00e9seau Entreprendre Essonne","isPartOf":{"@id":"https:\/\/www.reseau-entreprendre.org\/essonne\/#website"},"datePublished":"2019-07-16T12:03:20+00:00","dateModified":"2019-07-17T13:35:18+00:00","breadcrumb":{"@id":"https:\/\/www.reseau-entreprendre.org\/essonne\/events\/comite-dengagement-4-decembre\/#breadcrumb"},"inLanguage":"fr-FR","potentialAction":[{"@type":"ReadAction","target":["https:\/\/www.reseau-entreprendre.org\/essonne\/events\/comite-dengagement-4-decembre\/"]}]},{"@type":"BreadcrumbList","@id":"https:\/\/www.reseau-entreprendre.org\/essonne\/events\/comite-dengagement-4-decembre\/#breadcrumb","itemListElement":[{"@type":"ListItem","position":1,"name":"Accueil","item":"https:\/\/www.reseau-entreprendre.org\/essonne\/"},{"@type":"ListItem","position":2,"name":"\u00c9venements","item":"https:\/\/www.reseau-entreprendre.org\/essonne\/events\/"},{"@type":"ListItem","position":3,"name":"Comit\u00e9 d&rsquo;Engagement &#8211; 18h00"}]},{"@type":"WebSite","@id":"https:\/\/www.reseau-entreprendre.org\/essonne\/#website","url":"https:\/\/www.reseau-entreprendre.org\/essonne\/","name":"R\u00e9seau Entreprendre Essonne","description":"","potentialAction":[{"@type":"SearchAction","target":{"@type":"EntryPoint","urlTemplate":"https:\/\/www.reseau-entreprendre.org\/essonne\/?s={search_term_string}"},"query-input":{"@type":"PropertyValueSpecification","valueRequired":true,"valueName":"search_term_string"}}],"inLanguage":"fr-FR"}]}},"_links":{"self":[{"href":"https:\/\/www.reseau-entreprendre.org\/essonne\/wp-json\/wp\/v2\/mec-events\/1314","targetHints":{"allow":["GET"]}}],"collection":[{"href":"https:\/\/www.reseau-entreprendre.org\/essonne\/wp-json\/wp\/v2\/mec-events"}],"about":[{"href":"https:\/\/www.reseau-entreprendre.org\/essonne\/wp-json\/wp\/v2\/types\/mec-events"}],"author":[{"embeddable":true,"href":"https:\/\/www.reseau-entreprendre.org\/essonne\/wp-json\/wp\/v2\/users\/133"}],"replies":[{"embeddable":true,"href":"https:\/\/www.reseau-entreprendre.org\/essonne\/wp-json\/wp\/v2\/comments?post=1314"}],"wp:attachment":[{"href":"https:\/\/www.reseau-entreprendre.org\/essonne\/wp-json\/wp\/v2\/media?parent=1314"}],"wp:term":[{"taxonomy":"post_tag","embeddable":true,"href":"https:\/\/www.reseau-entreprendre.org\/essonne\/wp-json\/wp\/v2\/tags?post=1314"},{"taxonomy":"mec_category","embeddable":true,"href":"https:\/\/www.reseau-entreprendre.org\/essonne\/wp-json\/wp\/v2\/mec_category?post=1314"}],"curies":[{"name":"wp","href":"https:\/\/api.w.org\/{rel}","templated":true}]}}