{"id":1320,"date":"2019-07-16T16:53:48","date_gmt":"2019-07-16T14:53:48","guid":{"rendered":"https:\/\/re-dev-entreprendre.fr\/essonne\/?post_type=mec-events&#038;p=1320"},"modified":"2019-07-17T15:28:59","modified_gmt":"2019-07-17T13:28:59","slug":"bureau-9-octobre","status":"publish","type":"mec-events","link":"https:\/\/www.reseau-entreprendre.org\/essonne\/events\/bureau-9-octobre\/","title":{"rendered":"Bureau R\u00e9seau Entreprendre Essonne \u00e0 la CCI Essonne &#8211; 8h00"},"content":{"rendered":"<div class=\"mec-event-content\">\n<div class=\"mec-single-event-description mec-events-content\">\n<p>R\u00e9seau Entreprendre a \u00e9t\u00e9 cr\u00e9\u00e9 \u00e0 l\u2019initiative de chefs d\u2019entreprise ayant la volont\u00e9 de dynamiser leur territoire. Aujourd\u2019hui encore, la gouvernance des associations est effectu\u00e9e par des chefs d\u2019entreprise b\u00e9n\u00e9voles engag\u00e9s.<\/p>\n<p><strong>Le bureau<\/strong> et <strong>le conseil d\u2019administration<\/strong> de R\u00e9seau Entreprendre Essonne permet de piloter ce r\u00e9seau, comptant plus d\u2019une centaine de personnes, avec la conviction que l\u2019initiative individuelle, l\u2019optimisme et l\u2019\u00e9nergie soient la cl\u00e9 pour accompagner les cr\u00e9ateurs d\u2019entreprise, les cr\u00e9ateurs d\u2019emplois.<\/p>\n<\/div>\n<\/div>\n","protected":false},"excerpt":{"rendered":"<p>R\u00e9seau Entreprendre a \u00e9t\u00e9 cr\u00e9\u00e9 \u00e0 l\u2019initiative de chefs d\u2019entreprise<\/p>\n","protected":false},"author":133,"featured_media":0,"comment_status":"open","ping_status":"closed","template":"","tags":[],"mec_category":[],"class_list":["post-1320","mec-events","type-mec-events","status-publish","hentry"],"acf":[],"yoast_head":"<!-- This site is optimized with the Yoast SEO plugin v27.4 - https:\/\/yoast.com\/product\/yoast-seo-wordpress\/ -->\n<title>Bureau R\u00e9seau Entreprendre Essonne \u00e0 la CCI Essonne - 8h00 - R\u00e9seau Entreprendre Essonne<\/title>\n<meta name=\"robots\" content=\"index, follow, max-snippet:-1, max-image-preview:large, max-video-preview:-1\" \/>\n<link rel=\"canonical\" href=\"https:\/\/www.reseau-entreprendre.org\/essonne\/events\/bureau-9-octobre\/\" \/>\n<meta property=\"og:locale\" content=\"fr_FR\" \/>\n<meta property=\"og:type\" content=\"article\" \/>\n<meta property=\"og:title\" content=\"Bureau R\u00e9seau Entreprendre Essonne \u00e0 la CCI Essonne - 8h00 - R\u00e9seau Entreprendre Essonne\" \/>\n<meta property=\"og:description\" content=\"R\u00e9seau Entreprendre a \u00e9t\u00e9 cr\u00e9\u00e9 \u00e0 l\u2019initiative de chefs d\u2019entreprise\" \/>\n<meta property=\"og:url\" content=\"https:\/\/www.reseau-entreprendre.org\/essonne\/events\/bureau-9-octobre\/\" \/>\n<meta property=\"og:site_name\" content=\"R\u00e9seau Entreprendre Essonne\" \/>\n<meta property=\"article:modified_time\" content=\"2019-07-17T13:28:59+00:00\" \/>\n<meta name=\"twitter:card\" content=\"summary_large_image\" \/>\n<script type=\"application\/ld+json\" class=\"yoast-schema-graph\">{\"@context\":\"https:\\\/\\\/schema.org\",\"@graph\":[{\"@type\":\"WebPage\",\"@id\":\"https:\\\/\\\/www.reseau-entreprendre.org\\\/essonne\\\/events\\\/bureau-9-octobre\\\/\",\"url\":\"https:\\\/\\\/www.reseau-entreprendre.org\\\/essonne\\\/events\\\/bureau-9-octobre\\\/\",\"name\":\"Bureau R\u00e9seau Entreprendre Essonne \u00e0 la CCI Essonne - 8h00 - R\u00e9seau Entreprendre Essonne\",\"isPartOf\":{\"@id\":\"https:\\\/\\\/www.reseau-entreprendre.org\\\/essonne\\\/#website\"},\"datePublished\":\"2019-07-16T14:53:48+00:00\",\"dateModified\":\"2019-07-17T13:28:59+00:00\",\"breadcrumb\":{\"@id\":\"https:\\\/\\\/www.reseau-entreprendre.org\\\/essonne\\\/events\\\/bureau-9-octobre\\\/#breadcrumb\"},\"inLanguage\":\"fr-FR\",\"potentialAction\":[{\"@type\":\"ReadAction\",\"target\":[\"https:\\\/\\\/www.reseau-entreprendre.org\\\/essonne\\\/events\\\/bureau-9-octobre\\\/\"]}]},{\"@type\":\"BreadcrumbList\",\"@id\":\"https:\\\/\\\/www.reseau-entreprendre.org\\\/essonne\\\/events\\\/bureau-9-octobre\\\/#breadcrumb\",\"itemListElement\":[{\"@type\":\"ListItem\",\"position\":1,\"name\":\"Accueil\",\"item\":\"https:\\\/\\\/www.reseau-entreprendre.org\\\/essonne\\\/\"},{\"@type\":\"ListItem\",\"position\":2,\"name\":\"\u00c9venements\",\"item\":\"https:\\\/\\\/www.reseau-entreprendre.org\\\/essonne\\\/events\\\/\"},{\"@type\":\"ListItem\",\"position\":3,\"name\":\"Bureau R\u00e9seau Entreprendre Essonne \u00e0 la CCI Essonne &#8211; 8h00\"}]},{\"@type\":\"WebSite\",\"@id\":\"https:\\\/\\\/www.reseau-entreprendre.org\\\/essonne\\\/#website\",\"url\":\"https:\\\/\\\/www.reseau-entreprendre.org\\\/essonne\\\/\",\"name\":\"R\u00e9seau Entreprendre Essonne\",\"description\":\"\",\"potentialAction\":[{\"@type\":\"SearchAction\",\"target\":{\"@type\":\"EntryPoint\",\"urlTemplate\":\"https:\\\/\\\/www.reseau-entreprendre.org\\\/essonne\\\/?s={search_term_string}\"},\"query-input\":{\"@type\":\"PropertyValueSpecification\",\"valueRequired\":true,\"valueName\":\"search_term_string\"}}],\"inLanguage\":\"fr-FR\"}]}<\/script>\n<!-- \/ Yoast SEO plugin. -->","yoast_head_json":{"title":"Bureau R\u00e9seau Entreprendre Essonne \u00e0 la CCI Essonne - 8h00 - R\u00e9seau Entreprendre Essonne","robots":{"index":"index","follow":"follow","max-snippet":"max-snippet:-1","max-image-preview":"max-image-preview:large","max-video-preview":"max-video-preview:-1"},"canonical":"https:\/\/www.reseau-entreprendre.org\/essonne\/events\/bureau-9-octobre\/","og_locale":"fr_FR","og_type":"article","og_title":"Bureau R\u00e9seau Entreprendre Essonne \u00e0 la CCI Essonne - 8h00 - R\u00e9seau Entreprendre Essonne","og_description":"R\u00e9seau Entreprendre a \u00e9t\u00e9 cr\u00e9\u00e9 \u00e0 l\u2019initiative de chefs d\u2019entreprise","og_url":"https:\/\/www.reseau-entreprendre.org\/essonne\/events\/bureau-9-octobre\/","og_site_name":"R\u00e9seau Entreprendre Essonne","article_modified_time":"2019-07-17T13:28:59+00:00","twitter_card":"summary_large_image","schema":{"@context":"https:\/\/schema.org","@graph":[{"@type":"WebPage","@id":"https:\/\/www.reseau-entreprendre.org\/essonne\/events\/bureau-9-octobre\/","url":"https:\/\/www.reseau-entreprendre.org\/essonne\/events\/bureau-9-octobre\/","name":"Bureau R\u00e9seau Entreprendre Essonne \u00e0 la CCI Essonne - 8h00 - R\u00e9seau Entreprendre Essonne","isPartOf":{"@id":"https:\/\/www.reseau-entreprendre.org\/essonne\/#website"},"datePublished":"2019-07-16T14:53:48+00:00","dateModified":"2019-07-17T13:28:59+00:00","breadcrumb":{"@id":"https:\/\/www.reseau-entreprendre.org\/essonne\/events\/bureau-9-octobre\/#breadcrumb"},"inLanguage":"fr-FR","potentialAction":[{"@type":"ReadAction","target":["https:\/\/www.reseau-entreprendre.org\/essonne\/events\/bureau-9-octobre\/"]}]},{"@type":"BreadcrumbList","@id":"https:\/\/www.reseau-entreprendre.org\/essonne\/events\/bureau-9-octobre\/#breadcrumb","itemListElement":[{"@type":"ListItem","position":1,"name":"Accueil","item":"https:\/\/www.reseau-entreprendre.org\/essonne\/"},{"@type":"ListItem","position":2,"name":"\u00c9venements","item":"https:\/\/www.reseau-entreprendre.org\/essonne\/events\/"},{"@type":"ListItem","position":3,"name":"Bureau R\u00e9seau Entreprendre Essonne \u00e0 la CCI Essonne &#8211; 8h00"}]},{"@type":"WebSite","@id":"https:\/\/www.reseau-entreprendre.org\/essonne\/#website","url":"https:\/\/www.reseau-entreprendre.org\/essonne\/","name":"R\u00e9seau Entreprendre Essonne","description":"","potentialAction":[{"@type":"SearchAction","target":{"@type":"EntryPoint","urlTemplate":"https:\/\/www.reseau-entreprendre.org\/essonne\/?s={search_term_string}"},"query-input":{"@type":"PropertyValueSpecification","valueRequired":true,"valueName":"search_term_string"}}],"inLanguage":"fr-FR"}]}},"_links":{"self":[{"href":"https:\/\/www.reseau-entreprendre.org\/essonne\/wp-json\/wp\/v2\/mec-events\/1320","targetHints":{"allow":["GET"]}}],"collection":[{"href":"https:\/\/www.reseau-entreprendre.org\/essonne\/wp-json\/wp\/v2\/mec-events"}],"about":[{"href":"https:\/\/www.reseau-entreprendre.org\/essonne\/wp-json\/wp\/v2\/types\/mec-events"}],"author":[{"embeddable":true,"href":"https:\/\/www.reseau-entreprendre.org\/essonne\/wp-json\/wp\/v2\/users\/133"}],"replies":[{"embeddable":true,"href":"https:\/\/www.reseau-entreprendre.org\/essonne\/wp-json\/wp\/v2\/comments?post=1320"}],"wp:attachment":[{"href":"https:\/\/www.reseau-entreprendre.org\/essonne\/wp-json\/wp\/v2\/media?parent=1320"}],"wp:term":[{"taxonomy":"post_tag","embeddable":true,"href":"https:\/\/www.reseau-entreprendre.org\/essonne\/wp-json\/wp\/v2\/tags?post=1320"},{"taxonomy":"mec_category","embeddable":true,"href":"https:\/\/www.reseau-entreprendre.org\/essonne\/wp-json\/wp\/v2\/mec_category?post=1320"}],"curies":[{"name":"wp","href":"https:\/\/api.w.org\/{rel}","templated":true}]}}