{"id":4690,"date":"2024-11-05T15:06:02","date_gmt":"2024-11-05T14:06:02","guid":{"rendered":"https:\/\/www.reseau-entreprendre.org\/hainaut\/?page_id=4690"},"modified":"2025-08-20T10:44:26","modified_gmt":"2025-08-20T08:44:26","slug":"challenge-entreprendre-en-cambresis-soutien-a-lentrepreneuriat-local","status":"publish","type":"page","link":"https:\/\/www.reseau-entreprendre.org\/hainaut\/challenge-entreprendre-en-cambresis-soutien-a-lentrepreneuriat-local\/","title":{"rendered":"Challenge Entreprendre en Cambr\u00e9sis : Soutien \u00e0 l\u2019Entrepreneuriat Local"},"content":{"rendered":"\n<p><\/p>\n\n\n<div class=\"wp-block-image\">\n<figure class=\"aligncenter size-large\"><img loading=\"lazy\" decoding=\"async\" width=\"1024\" height=\"341\" src=\"https:\/\/www.reseau-entreprendre.org\/hainaut\/wp-content\/uploads\/sites\/39\/2024\/11\/Banniere-site-Withapp-1024x341.png\" alt=\"\" class=\"wp-image-4694\" srcset=\"https:\/\/www.reseau-entreprendre.org\/hainaut\/wp-content\/uploads\/sites\/39\/2024\/11\/Banniere-site-Withapp-1024x341.png 1024w, https:\/\/www.reseau-entreprendre.org\/hainaut\/wp-content\/uploads\/sites\/39\/2024\/11\/Banniere-site-Withapp-300x100.png 300w, https:\/\/www.reseau-entreprendre.org\/hainaut\/wp-content\/uploads\/sites\/39\/2024\/11\/Banniere-site-Withapp-768x256.png 768w, https:\/\/www.reseau-entreprendre.org\/hainaut\/wp-content\/uploads\/sites\/39\/2024\/11\/Banniere-site-Withapp-1536x512.png 1536w, https:\/\/www.reseau-entreprendre.org\/hainaut\/wp-content\/uploads\/sites\/39\/2024\/11\/Banniere-site-Withapp-2048x683.png 2048w, https:\/\/www.reseau-entreprendre.org\/hainaut\/wp-content\/uploads\/sites\/39\/2024\/11\/Banniere-site-Withapp-210x70.png 210w, https:\/\/www.reseau-entreprendre.org\/hainaut\/wp-content\/uploads\/sites\/39\/2024\/11\/Banniere-site-Withapp-100x33.png 100w\" sizes=\"auto, (max-width: 1024px) 100vw, 1024px\" \/><\/figure>\n<\/div>\n\n\n<p><\/p>\n\n\n\n<p><\/p>\n\n\n\n<p class=\"has-text-align-center\">La premi\u00e8re \u00e9dition du&nbsp;<em>Challenge Entreprendre en Cambr\u00e9sis<\/em>&nbsp;est officiellement lanc\u00e9e ! Ce concours, port\u00e9 par le&nbsp;<em>R\u00e9seau Entreprendre Hainaut Cambr\u00e9sis<\/em>, s\u2019adresse aux entrepreneurs locaux souhaitant d\u00e9velopper leur activit\u00e9, cr\u00e9er des emplois et dynamiser le territoire. Avec une enveloppe pouvant atteindre 50 000 \u20ac de pr\u00eat d\u2019honneur, cette initiative est une opportunit\u00e9 exceptionnelle pour les cr\u00e9ateurs, repreneurs et d\u00e9veloppeurs d\u2019entreprise implant\u00e9s sur l\u2019arrondissement de Cambrai , incluant des villes telles que Cambrai, Caudry, Le Cateau-Cambr\u00e9sis, Marcoing, Solesmes, Iwuy, Masni\u00e8res, et bien d\u2019autres.<\/p>\n\n\n\n<p><strong>Qui peut participer ?<\/strong><\/p>\n\n\n\n<p>Le concours s\u2019adresse aux entrepreneurs r\u00e9pondant aux crit\u00e8res suivants :<\/p>\n\n\n\n<ol start=\"1\" class=\"wp-block-list\">\n<li><strong>Implantation sur l\u2019arrondissement de Cambrai<\/strong>&nbsp;: seuls les projets bas\u00e9s dans cette r\u00e9gion peuvent candidater&nbsp;;<\/li>\n\n\n\n<li><strong>En phase de cr\u00e9ation, reprise ou d\u00e9veloppement<\/strong>&nbsp;d\u2019entreprise&nbsp;;<\/li>\n\n\n\n<li><strong>Majoritaires au capital<\/strong>&nbsp;de leur soci\u00e9t\u00e9&nbsp;;<\/li>\n\n\n\n<li><strong>Cr\u00e9ateurs d\u2019au moins 5 emplois dans les trois premi\u00e8res ann\u00e9es.<\/strong><\/li>\n<\/ol>\n\n\n\n<p><strong>Ce que le Challenge offre&nbsp;:<\/strong><\/p>\n\n\n\n<p>Le&nbsp;<em>Challenge Entreprendre en Cambr\u00e9sis<\/em>&nbsp;propose un soutien financier et des ressources strat\u00e9giques pour aider les entreprises laur\u00e9ates \u00e0 r\u00e9ussir :<\/p>\n\n\n\n<ul class=\"wp-block-list\">\n<li><strong>Pr\u00eat d\u2019honneur jusqu\u2019\u00e0 50 000 \u20ac<\/strong>&nbsp;: un financement sans int\u00e9r\u00eat, qui permet de consolider les fonds propres de l\u2019entreprise&nbsp;;<\/li>\n\n\n\n<li><strong>Des rendez-vous avec des experts<\/strong>&nbsp;: des sessions de conseil et de r\u00e9flexion pour affiner le projet et r\u00e9pondre aux d\u00e9fis sp\u00e9cifiques rencontr\u00e9s par les entrepreneurs&nbsp;;<\/li>\n\n\n\n<li><strong>Un accompagnement personnalis\u00e9<\/strong>&nbsp;par un chef d\u2019entreprise exp\u00e9riment\u00e9 : un mentorat essentiel pour partager conseils et retours d\u2019exp\u00e9rience.<\/li>\n\n\n\n<li><strong>Ateliers et \u00e9v\u00e9nements business locaux exclusifs<\/strong>&nbsp;: des occasions de networker et \u00e9changer avec d\u2019autres acteurs \u00e9conomiques de la r\u00e9gion.<\/li>\n<\/ul>\n\n\n\n<p><strong>Modalit\u00e9s de participation&nbsp;:<\/strong><\/p>\n\n\n\n<p>Les candidats doivent soumettre leur dossier avant le\u00a0<strong>14 d\u00e9cembre 2025<\/strong>. Apr\u00e8s une pr\u00e9s\u00e9lection, les projets retenus auront l\u2019opportunit\u00e9 de se pr\u00e9senter au\u00a0<em>Grand Oral<\/em>\u00a0d\u00e9but <strong> janvier 2026<\/strong>, une \u00e9tape d\u00e9cisive pour convaincre le jury.<\/p>\n\n\n\n<p><strong>Comment postuler ?<\/strong><\/p>\n\n\n\n<p>Les candidats doivent dans un premier temps s\u2019inscrire et t\u00e9l\u00e9charger le dossier via le bouton \u00ab&nbsp;s\u2019inscrire&nbsp;\u00bb ci-dessous.<\/p>\n\n\n\n<p>Dans un second temps, ils devront nous remettre le dossier soit par mail \u00e0&nbsp;<a href=\"mailto:dduez@reseau-entreprendre.org\" target=\"_blank\" rel=\"noreferrer noopener\">dduez@reseau-entreprendre.org<\/a>&nbsp;soit \u00e0 travers le bouton \u00ab&nbsp;d\u00e9poser ma candidature&nbsp;\u00bb ci-dessous.<\/p>\n\n\n\n<p><\/p>\n\n\n\n<p><\/p>\n\n\n\n<div class=\"wp-block-group is-content-justification-center is-nowrap is-layout-flex wp-container-core-group-is-layout-499140ed wp-block-group-is-layout-flex\">\n<figure class=\"wp-block-image size-full is-resized\"><a href=\"https:\/\/docs.google.com\/forms\/d\/1FIkzRImRshbddjsr32Y0JvyWcD85Jg0jYqrOukDmiSM\/prefill\"><img loading=\"lazy\" decoding=\"async\" width=\"431\" height=\"92\" src=\"https:\/\/www.reseau-entreprendre.org\/hainaut\/wp-content\/uploads\/sites\/39\/2024\/11\/Capture-decran-2024-11-05-142620.png\" alt=\"\" class=\"wp-image-4691\" style=\"width:225px;height:auto\" srcset=\"https:\/\/www.reseau-entreprendre.org\/hainaut\/wp-content\/uploads\/sites\/39\/2024\/11\/Capture-decran-2024-11-05-142620.png 431w, https:\/\/www.reseau-entreprendre.org\/hainaut\/wp-content\/uploads\/sites\/39\/2024\/11\/Capture-decran-2024-11-05-142620-300x64.png 300w, https:\/\/www.reseau-entreprendre.org\/hainaut\/wp-content\/uploads\/sites\/39\/2024\/11\/Capture-decran-2024-11-05-142620-210x45.png 210w, https:\/\/www.reseau-entreprendre.org\/hainaut\/wp-content\/uploads\/sites\/39\/2024\/11\/Capture-decran-2024-11-05-142620-100x21.png 100w\" sizes=\"auto, (max-width: 431px) 100vw, 431px\" \/><\/a><\/figure>\n\n\n\n<figure class=\"wp-block-image size-full is-resized\"><a href=\"https:\/\/docs.google.com\/forms\/d\/e\/1FAIpQLSdbN69qEccpbp1hY1VnTqdWeFpNw27aOCU0NYCgzSdlUudH_A\/viewform\"><img loading=\"lazy\" decoding=\"async\" width=\"437\" height=\"94\" src=\"https:\/\/www.reseau-entreprendre.org\/hainaut\/wp-content\/uploads\/sites\/39\/2024\/11\/Capture-decran-2024-11-05-142814.png\" alt=\"\" class=\"wp-image-4692\" style=\"width:244px;height:auto\" srcset=\"https:\/\/www.reseau-entreprendre.org\/hainaut\/wp-content\/uploads\/sites\/39\/2024\/11\/Capture-decran-2024-11-05-142814.png 437w, https:\/\/www.reseau-entreprendre.org\/hainaut\/wp-content\/uploads\/sites\/39\/2024\/11\/Capture-decran-2024-11-05-142814-300x65.png 300w, https:\/\/www.reseau-entreprendre.org\/hainaut\/wp-content\/uploads\/sites\/39\/2024\/11\/Capture-decran-2024-11-05-142814-210x45.png 210w, https:\/\/www.reseau-entreprendre.org\/hainaut\/wp-content\/uploads\/sites\/39\/2024\/11\/Capture-decran-2024-11-05-142814-100x22.png 100w\" sizes=\"auto, (max-width: 437px) 100vw, 437px\" \/><\/a><\/figure>\n<\/div>\n\n\n\n<p><\/p>\n\n\n\n<p><\/p>\n\n\n\n<p>Le&nbsp;<em>Challenge Entreprendre en Cambr\u00e9sis<\/em>&nbsp;est un tremplin pour les entrepreneurs audacieux souhaitant s\u2019implanter durablement dans le Cambr\u00e9sis. Que vous soyez en phase de cr\u00e9ation, de reprise ou en pleine croissance, ce concours peut vous apporter le coup de pouce n\u00e9cessaire pour r\u00e9aliser vos ambitions et contribuer au dynamisme \u00e9conomique de la r\u00e9gion.<\/p>\n\n\n\n<p>Ne manquez pas cette occasion unique de faire grandir votre entreprise avec le soutien d\u2019experts et d\u2019acteurs locaux engag\u00e9s pour l\u2019avenir du Cambr\u00e9sis !<\/p>\n\n\n\n<p>Pour toute question, n\u2019h\u00e9sitez pas \u00e0 contacter <strong>Damien DUEZ<\/strong> au <strong>07 48 72 15 00<\/strong> ou par email \u00e0 <strong>dduez@r\u00e9seau-entreprendre.org<\/strong><\/p>\n","protected":false},"excerpt":{"rendered":"<p>La premi\u00e8re \u00e9dition du&nbsp;Challenge Entreprendre en Cambr\u00e9sis&nbsp;est officiellement lanc\u00e9e !<\/p>\n","protected":false},"author":41,"featured_media":4694,"parent":0,"menu_order":0,"comment_status":"closed","ping_status":"closed","template":"","meta":{"_acf_changed":false,"_monsterinsights_skip_tracking":false,"_monsterinsights_sitenote_active":false,"_monsterinsights_sitenote_note":"","_monsterinsights_sitenote_category":0,"footnotes":""},"class_list":["post-4690","page","type-page","status-publish","has-post-thumbnail","hentry"],"acf":[],"yoast_head":"<!-- This site is optimized with the Yoast SEO plugin v27.4 - https:\/\/yoast.com\/product\/yoast-seo-wordpress\/ -->\n<title>Challenge Entreprendre en Cambr\u00e9sis : Soutien \u00e0 l\u2019Entrepreneuriat Local - R\u00e9seau Entreprendre Hainaut<\/title>\n<meta name=\"robots\" content=\"index, follow, max-snippet:-1, max-image-preview:large, max-video-preview:-1\" \/>\n<link rel=\"canonical\" href=\"https:\/\/www.reseau-entreprendre.org\/hainaut\/challenge-entreprendre-en-cambresis-soutien-a-lentrepreneuriat-local\/\" \/>\n<meta property=\"og:locale\" content=\"fr_FR\" \/>\n<meta property=\"og:type\" content=\"article\" \/>\n<meta property=\"og:title\" content=\"Challenge Entreprendre en Cambr\u00e9sis : Soutien \u00e0 l\u2019Entrepreneuriat Local - R\u00e9seau Entreprendre Hainaut\" \/>\n<meta property=\"og:description\" content=\"La premi\u00e8re \u00e9dition du&nbsp;Challenge Entreprendre en Cambr\u00e9sis&nbsp;est officiellement lanc\u00e9e !\" \/>\n<meta property=\"og:url\" content=\"https:\/\/www.reseau-entreprendre.org\/hainaut\/challenge-entreprendre-en-cambresis-soutien-a-lentrepreneuriat-local\/\" \/>\n<meta property=\"og:site_name\" content=\"R\u00e9seau Entreprendre Hainaut\" \/>\n<meta property=\"article:modified_time\" content=\"2025-08-20T08:44:26+00:00\" \/>\n<meta property=\"og:image\" content=\"https:\/\/www.reseau-entreprendre.org\/hainaut\/wp-content\/uploads\/sites\/39\/2024\/11\/Banniere-site-Withapp.png\" \/>\n\t<meta property=\"og:image:width\" content=\"6912\" \/>\n\t<meta property=\"og:image:height\" content=\"2304\" \/>\n\t<meta property=\"og:image:type\" content=\"image\/png\" \/>\n<meta name=\"twitter:card\" content=\"summary_large_image\" \/>\n<meta name=\"twitter:label1\" content=\"Dur\u00e9e de lecture estim\u00e9e\" \/>\n\t<meta name=\"twitter:data1\" content=\"3 minutes\" \/>\n<script type=\"application\/ld+json\" class=\"yoast-schema-graph\">{\"@context\":\"https:\\\/\\\/schema.org\",\"@graph\":[{\"@type\":\"WebPage\",\"@id\":\"https:\\\/\\\/www.reseau-entreprendre.org\\\/hainaut\\\/challenge-entreprendre-en-cambresis-soutien-a-lentrepreneuriat-local\\\/\",\"url\":\"https:\\\/\\\/www.reseau-entreprendre.org\\\/hainaut\\\/challenge-entreprendre-en-cambresis-soutien-a-lentrepreneuriat-local\\\/\",\"name\":\"Challenge Entreprendre en Cambr\u00e9sis : Soutien \u00e0 l\u2019Entrepreneuriat Local - R\u00e9seau Entreprendre Hainaut\",\"isPartOf\":{\"@id\":\"https:\\\/\\\/www.reseau-entreprendre.org\\\/hainaut\\\/#website\"},\"primaryImageOfPage\":{\"@id\":\"https:\\\/\\\/www.reseau-entreprendre.org\\\/hainaut\\\/challenge-entreprendre-en-cambresis-soutien-a-lentrepreneuriat-local\\\/#primaryimage\"},\"image\":{\"@id\":\"https:\\\/\\\/www.reseau-entreprendre.org\\\/hainaut\\\/challenge-entreprendre-en-cambresis-soutien-a-lentrepreneuriat-local\\\/#primaryimage\"},\"thumbnailUrl\":\"https:\\\/\\\/www.reseau-entreprendre.org\\\/hainaut\\\/wp-content\\\/uploads\\\/sites\\\/39\\\/2024\\\/11\\\/Banniere-site-Withapp.png\",\"datePublished\":\"2024-11-05T14:06:02+00:00\",\"dateModified\":\"2025-08-20T08:44:26+00:00\",\"breadcrumb\":{\"@id\":\"https:\\\/\\\/www.reseau-entreprendre.org\\\/hainaut\\\/challenge-entreprendre-en-cambresis-soutien-a-lentrepreneuriat-local\\\/#breadcrumb\"},\"inLanguage\":\"fr-FR\",\"potentialAction\":[{\"@type\":\"ReadAction\",\"target\":[\"https:\\\/\\\/www.reseau-entreprendre.org\\\/hainaut\\\/challenge-entreprendre-en-cambresis-soutien-a-lentrepreneuriat-local\\\/\"]}]},{\"@type\":\"ImageObject\",\"inLanguage\":\"fr-FR\",\"@id\":\"https:\\\/\\\/www.reseau-entreprendre.org\\\/hainaut\\\/challenge-entreprendre-en-cambresis-soutien-a-lentrepreneuriat-local\\\/#primaryimage\",\"url\":\"https:\\\/\\\/www.reseau-entreprendre.org\\\/hainaut\\\/wp-content\\\/uploads\\\/sites\\\/39\\\/2024\\\/11\\\/Banniere-site-Withapp.png\",\"contentUrl\":\"https:\\\/\\\/www.reseau-entreprendre.org\\\/hainaut\\\/wp-content\\\/uploads\\\/sites\\\/39\\\/2024\\\/11\\\/Banniere-site-Withapp.png\",\"width\":6912,\"height\":2304},{\"@type\":\"BreadcrumbList\",\"@id\":\"https:\\\/\\\/www.reseau-entreprendre.org\\\/hainaut\\\/challenge-entreprendre-en-cambresis-soutien-a-lentrepreneuriat-local\\\/#breadcrumb\",\"itemListElement\":[{\"@type\":\"ListItem\",\"position\":1,\"name\":\"Accueil\",\"item\":\"https:\\\/\\\/www.reseau-entreprendre.org\\\/hainaut\\\/\"},{\"@type\":\"ListItem\",\"position\":2,\"name\":\"Challenge Entreprendre en Cambr\u00e9sis : Soutien \u00e0 l\u2019Entrepreneuriat Local\"}]},{\"@type\":\"WebSite\",\"@id\":\"https:\\\/\\\/www.reseau-entreprendre.org\\\/hainaut\\\/#website\",\"url\":\"https:\\\/\\\/www.reseau-entreprendre.org\\\/hainaut\\\/\",\"name\":\"R\u00e9seau Entreprendre Hainaut\",\"description\":\"Un site utilisant Les sites de R\u00e9seau Entreprendre\",\"potentialAction\":[{\"@type\":\"SearchAction\",\"target\":{\"@type\":\"EntryPoint\",\"urlTemplate\":\"https:\\\/\\\/www.reseau-entreprendre.org\\\/hainaut\\\/?s={search_term_string}\"},\"query-input\":{\"@type\":\"PropertyValueSpecification\",\"valueRequired\":true,\"valueName\":\"search_term_string\"}}],\"inLanguage\":\"fr-FR\"}]}<\/script>\n<!-- \/ Yoast SEO plugin. -->","yoast_head_json":{"title":"Challenge Entreprendre en Cambr\u00e9sis : Soutien \u00e0 l\u2019Entrepreneuriat Local - R\u00e9seau Entreprendre Hainaut","robots":{"index":"index","follow":"follow","max-snippet":"max-snippet:-1","max-image-preview":"max-image-preview:large","max-video-preview":"max-video-preview:-1"},"canonical":"https:\/\/www.reseau-entreprendre.org\/hainaut\/challenge-entreprendre-en-cambresis-soutien-a-lentrepreneuriat-local\/","og_locale":"fr_FR","og_type":"article","og_title":"Challenge Entreprendre en Cambr\u00e9sis : Soutien \u00e0 l\u2019Entrepreneuriat Local - R\u00e9seau Entreprendre Hainaut","og_description":"La premi\u00e8re \u00e9dition du&nbsp;Challenge Entreprendre en Cambr\u00e9sis&nbsp;est officiellement lanc\u00e9e !","og_url":"https:\/\/www.reseau-entreprendre.org\/hainaut\/challenge-entreprendre-en-cambresis-soutien-a-lentrepreneuriat-local\/","og_site_name":"R\u00e9seau Entreprendre Hainaut","article_modified_time":"2025-08-20T08:44:26+00:00","og_image":[{"width":6912,"height":2304,"url":"https:\/\/www.reseau-entreprendre.org\/hainaut\/wp-content\/uploads\/sites\/39\/2024\/11\/Banniere-site-Withapp.png","type":"image\/png"}],"twitter_card":"summary_large_image","twitter_misc":{"Dur\u00e9e de lecture estim\u00e9e":"3 minutes"},"schema":{"@context":"https:\/\/schema.org","@graph":[{"@type":"WebPage","@id":"https:\/\/www.reseau-entreprendre.org\/hainaut\/challenge-entreprendre-en-cambresis-soutien-a-lentrepreneuriat-local\/","url":"https:\/\/www.reseau-entreprendre.org\/hainaut\/challenge-entreprendre-en-cambresis-soutien-a-lentrepreneuriat-local\/","name":"Challenge Entreprendre en Cambr\u00e9sis : Soutien \u00e0 l\u2019Entrepreneuriat Local - R\u00e9seau Entreprendre Hainaut","isPartOf":{"@id":"https:\/\/www.reseau-entreprendre.org\/hainaut\/#website"},"primaryImageOfPage":{"@id":"https:\/\/www.reseau-entreprendre.org\/hainaut\/challenge-entreprendre-en-cambresis-soutien-a-lentrepreneuriat-local\/#primaryimage"},"image":{"@id":"https:\/\/www.reseau-entreprendre.org\/hainaut\/challenge-entreprendre-en-cambresis-soutien-a-lentrepreneuriat-local\/#primaryimage"},"thumbnailUrl":"https:\/\/www.reseau-entreprendre.org\/hainaut\/wp-content\/uploads\/sites\/39\/2024\/11\/Banniere-site-Withapp.png","datePublished":"2024-11-05T14:06:02+00:00","dateModified":"2025-08-20T08:44:26+00:00","breadcrumb":{"@id":"https:\/\/www.reseau-entreprendre.org\/hainaut\/challenge-entreprendre-en-cambresis-soutien-a-lentrepreneuriat-local\/#breadcrumb"},"inLanguage":"fr-FR","potentialAction":[{"@type":"ReadAction","target":["https:\/\/www.reseau-entreprendre.org\/hainaut\/challenge-entreprendre-en-cambresis-soutien-a-lentrepreneuriat-local\/"]}]},{"@type":"ImageObject","inLanguage":"fr-FR","@id":"https:\/\/www.reseau-entreprendre.org\/hainaut\/challenge-entreprendre-en-cambresis-soutien-a-lentrepreneuriat-local\/#primaryimage","url":"https:\/\/www.reseau-entreprendre.org\/hainaut\/wp-content\/uploads\/sites\/39\/2024\/11\/Banniere-site-Withapp.png","contentUrl":"https:\/\/www.reseau-entreprendre.org\/hainaut\/wp-content\/uploads\/sites\/39\/2024\/11\/Banniere-site-Withapp.png","width":6912,"height":2304},{"@type":"BreadcrumbList","@id":"https:\/\/www.reseau-entreprendre.org\/hainaut\/challenge-entreprendre-en-cambresis-soutien-a-lentrepreneuriat-local\/#breadcrumb","itemListElement":[{"@type":"ListItem","position":1,"name":"Accueil","item":"https:\/\/www.reseau-entreprendre.org\/hainaut\/"},{"@type":"ListItem","position":2,"name":"Challenge Entreprendre en Cambr\u00e9sis : Soutien \u00e0 l\u2019Entrepreneuriat Local"}]},{"@type":"WebSite","@id":"https:\/\/www.reseau-entreprendre.org\/hainaut\/#website","url":"https:\/\/www.reseau-entreprendre.org\/hainaut\/","name":"R\u00e9seau Entreprendre Hainaut","description":"Un site utilisant Les sites de R\u00e9seau Entreprendre","potentialAction":[{"@type":"SearchAction","target":{"@type":"EntryPoint","urlTemplate":"https:\/\/www.reseau-entreprendre.org\/hainaut\/?s={search_term_string}"},"query-input":{"@type":"PropertyValueSpecification","valueRequired":true,"valueName":"search_term_string"}}],"inLanguage":"fr-FR"}]}},"_links":{"self":[{"href":"https:\/\/www.reseau-entreprendre.org\/hainaut\/wp-json\/wp\/v2\/pages\/4690","targetHints":{"allow":["GET"]}}],"collection":[{"href":"https:\/\/www.reseau-entreprendre.org\/hainaut\/wp-json\/wp\/v2\/pages"}],"about":[{"href":"https:\/\/www.reseau-entreprendre.org\/hainaut\/wp-json\/wp\/v2\/types\/page"}],"author":[{"embeddable":true,"href":"https:\/\/www.reseau-entreprendre.org\/hainaut\/wp-json\/wp\/v2\/users\/41"}],"replies":[{"embeddable":true,"href":"https:\/\/www.reseau-entreprendre.org\/hainaut\/wp-json\/wp\/v2\/comments?post=4690"}],"version-history":[{"count":0,"href":"https:\/\/www.reseau-entreprendre.org\/hainaut\/wp-json\/wp\/v2\/pages\/4690\/revisions"}],"wp:featuredmedia":[{"embeddable":true,"href":"https:\/\/www.reseau-entreprendre.org\/hainaut\/wp-json\/wp\/v2\/media\/4694"}],"wp:attachment":[{"href":"https:\/\/www.reseau-entreprendre.org\/hainaut\/wp-json\/wp\/v2\/media?parent=4690"}],"curies":[{"name":"wp","href":"https:\/\/api.w.org\/{rel}","templated":true}]}}