{"id":3330,"date":"2024-09-02T15:07:48","date_gmt":"2024-09-02T13:07:48","guid":{"rendered":"https:\/\/www.reseau-entreprendre.org\/isere\/?page_id=3330"},"modified":"2025-11-06T14:35:14","modified_gmt":"2025-11-06T13:35:14","slug":"lequipe","status":"publish","type":"page","link":"https:\/\/www.reseau-entreprendre.org\/isere\/lequipe\/","title":{"rendered":"L&#8217;\u00e9quipe"},"content":{"rendered":"\n<div style=\"height:40px\" aria-hidden=\"true\" class=\"wp-block-spacer\"><\/div>\n\n\n\n<h2 class=\"wp-block-heading\">Une \u00e9quipe de 8 personnes est \u00e0 votre disposition !<\/h2>\n\n\n\n<p><\/p>\n\n\n\n<p>D\u00e9couvrez l&#8217;\u00e9quipe op\u00e9rationnelle &#x2728;<\/p>\n\n\n\n<p><\/p>\n\n\n\n<div class=\"wp-block-media-text is-stacked-on-mobile\" style=\"grid-template-columns:25% auto\"><figure class=\"wp-block-media-text__media\"><img loading=\"lazy\" decoding=\"async\" width=\"683\" height=\"1024\" src=\"https:\/\/www.reseau-entreprendre.org\/isere\/wp-content\/uploads\/sites\/29\/2024\/07\/A7403928-1-3.jpg\" alt=\"\" class=\"wp-image-3338 size-full\" srcset=\"https:\/\/www.reseau-entreprendre.org\/isere\/wp-content\/uploads\/sites\/29\/2024\/07\/A7403928-1-3.jpg 683w, https:\/\/www.reseau-entreprendre.org\/isere\/wp-content\/uploads\/sites\/29\/2024\/07\/A7403928-1-3-200x300.jpg 200w, https:\/\/www.reseau-entreprendre.org\/isere\/wp-content\/uploads\/sites\/29\/2024\/07\/A7403928-1-3-87x130.jpg 87w, https:\/\/www.reseau-entreprendre.org\/isere\/wp-content\/uploads\/sites\/29\/2024\/07\/A7403928-1-3-67x100.jpg 67w\" sizes=\"auto, (max-width: 683px) 100vw, 683px\" \/><\/figure><div class=\"wp-block-media-text__content\">\n<p><strong>Nathalie MARTINO<\/strong> &#8211; Directrice<\/p>\n<\/div><\/div>\n\n\n\n<div class=\"wp-block-media-text has-media-on-the-right is-stacked-on-mobile\" style=\"grid-template-columns:auto 25%\"><div class=\"wp-block-media-text__content\">\n<p class=\"has-text-align-right\"><strong>Antoine DUPONT<\/strong> &#8211; B\u00e9n\u00e9vole op\u00e9rationnel<\/p>\n<\/div><figure class=\"wp-block-media-text__media\"><img loading=\"lazy\" decoding=\"async\" width=\"683\" height=\"1024\" src=\"https:\/\/www.reseau-entreprendre.org\/isere\/wp-content\/uploads\/sites\/29\/2024\/09\/A7405462-1.jpg\" alt=\"\" class=\"wp-image-3392 size-full\" srcset=\"https:\/\/www.reseau-entreprendre.org\/isere\/wp-content\/uploads\/sites\/29\/2024\/09\/A7405462-1.jpg 683w, https:\/\/www.reseau-entreprendre.org\/isere\/wp-content\/uploads\/sites\/29\/2024\/09\/A7405462-1-200x300.jpg 200w, https:\/\/www.reseau-entreprendre.org\/isere\/wp-content\/uploads\/sites\/29\/2024\/09\/A7405462-1-87x130.jpg 87w, https:\/\/www.reseau-entreprendre.org\/isere\/wp-content\/uploads\/sites\/29\/2024\/09\/A7405462-1-67x100.jpg 67w\" sizes=\"auto, (max-width: 683px) 100vw, 683px\" \/><\/figure><\/div>\n\n\n\n<div class=\"wp-block-media-text is-stacked-on-mobile\" style=\"grid-template-columns:25% auto\"><figure class=\"wp-block-media-text__media\"><img loading=\"lazy\" decoding=\"async\" width=\"683\" height=\"1024\" src=\"https:\/\/www.reseau-entreprendre.org\/isere\/wp-content\/uploads\/sites\/29\/2024\/09\/A7403875-1-1.jpg\" alt=\"\" class=\"wp-image-3391 size-full\" srcset=\"https:\/\/www.reseau-entreprendre.org\/isere\/wp-content\/uploads\/sites\/29\/2024\/09\/A7403875-1-1.jpg 683w, https:\/\/www.reseau-entreprendre.org\/isere\/wp-content\/uploads\/sites\/29\/2024\/09\/A7403875-1-1-200x300.jpg 200w, https:\/\/www.reseau-entreprendre.org\/isere\/wp-content\/uploads\/sites\/29\/2024\/09\/A7403875-1-1-87x130.jpg 87w, https:\/\/www.reseau-entreprendre.org\/isere\/wp-content\/uploads\/sites\/29\/2024\/09\/A7403875-1-1-67x100.jpg 67w\" sizes=\"auto, (max-width: 683px) 100vw, 683px\" \/><\/figure><div class=\"wp-block-media-text__content\">\n<p><strong>Nad\u00e8ge FRIESS<\/strong> &#8211; Gestionnaire administrative<\/p>\n<\/div><\/div>\n\n\n\n<div class=\"wp-block-media-text has-media-on-the-right is-stacked-on-mobile\" style=\"grid-template-columns:auto 25%\"><div class=\"wp-block-media-text__content\">\n<p class=\"has-text-align-right\"><strong>Fanny MUET<\/strong> &#8211; Charg\u00e9e d&#8217;\u00e9tude et d&#8217;accompagnement<\/p>\n<\/div><figure class=\"wp-block-media-text__media\"><img loading=\"lazy\" decoding=\"async\" width=\"683\" height=\"1024\" src=\"https:\/\/www.reseau-entreprendre.org\/isere\/wp-content\/uploads\/sites\/29\/2024\/07\/A7404765-1-1.jpg\" alt=\"\" class=\"wp-image-3339 size-full\" srcset=\"https:\/\/www.reseau-entreprendre.org\/isere\/wp-content\/uploads\/sites\/29\/2024\/07\/A7404765-1-1.jpg 683w, https:\/\/www.reseau-entreprendre.org\/isere\/wp-content\/uploads\/sites\/29\/2024\/07\/A7404765-1-1-200x300.jpg 200w, https:\/\/www.reseau-entreprendre.org\/isere\/wp-content\/uploads\/sites\/29\/2024\/07\/A7404765-1-1-87x130.jpg 87w, https:\/\/www.reseau-entreprendre.org\/isere\/wp-content\/uploads\/sites\/29\/2024\/07\/A7404765-1-1-67x100.jpg 67w\" sizes=\"auto, (max-width: 683px) 100vw, 683px\" \/><\/figure><\/div>\n\n\n\n<div class=\"wp-block-media-text is-stacked-on-mobile\" style=\"grid-template-columns:25% auto\"><figure class=\"wp-block-media-text__media\"><img loading=\"lazy\" decoding=\"async\" width=\"683\" height=\"1024\" src=\"https:\/\/www.reseau-entreprendre.org\/isere\/wp-content\/uploads\/sites\/29\/2025\/11\/Lauranne-683x1024.jpg\" alt=\"\" class=\"wp-image-3522 size-full\" srcset=\"https:\/\/www.reseau-entreprendre.org\/isere\/wp-content\/uploads\/sites\/29\/2025\/11\/Lauranne-683x1024.jpg 683w, https:\/\/www.reseau-entreprendre.org\/isere\/wp-content\/uploads\/sites\/29\/2025\/11\/Lauranne-200x300.jpg 200w, https:\/\/www.reseau-entreprendre.org\/isere\/wp-content\/uploads\/sites\/29\/2025\/11\/Lauranne-768x1152.jpg 768w, https:\/\/www.reseau-entreprendre.org\/isere\/wp-content\/uploads\/sites\/29\/2025\/11\/Lauranne-1024x1536.jpg 1024w, https:\/\/www.reseau-entreprendre.org\/isere\/wp-content\/uploads\/sites\/29\/2025\/11\/Lauranne-1365x2048.jpg 1365w, https:\/\/www.reseau-entreprendre.org\/isere\/wp-content\/uploads\/sites\/29\/2025\/11\/Lauranne-87x130.jpg 87w, https:\/\/www.reseau-entreprendre.org\/isere\/wp-content\/uploads\/sites\/29\/2025\/11\/Lauranne-67x100.jpg 67w, https:\/\/www.reseau-entreprendre.org\/isere\/wp-content\/uploads\/sites\/29\/2025\/11\/Lauranne-scaled.jpg 1707w\" sizes=\"auto, (max-width: 683px) 100vw, 683px\" \/><\/figure><div class=\"wp-block-media-text__content\">\n<p><strong>Lauranne BOUKERSI<\/strong> &#8211; Charg\u00e9e d&#8217;\u00e9tudes et d&#8217;accompagnement<\/p>\n<\/div><\/div>\n\n\n\n<div class=\"wp-block-media-text has-media-on-the-right is-stacked-on-mobile\" style=\"grid-template-columns:auto 25%\"><div class=\"wp-block-media-text__content\">\n<p class=\"has-text-align-right\"><strong>Julie CODDET FILLET<\/strong> &#8211; Charg\u00e9e d&#8217;\u00e9tude et d&#8217;accompagnement<\/p>\n<\/div><figure class=\"wp-block-media-text__media\"><img loading=\"lazy\" decoding=\"async\" width=\"683\" height=\"1024\" src=\"https:\/\/www.reseau-entreprendre.org\/isere\/wp-content\/uploads\/sites\/29\/2025\/11\/Julie-683x1024.jpg\" alt=\"\" class=\"wp-image-3523 size-full\" srcset=\"https:\/\/www.reseau-entreprendre.org\/isere\/wp-content\/uploads\/sites\/29\/2025\/11\/Julie-683x1024.jpg 683w, https:\/\/www.reseau-entreprendre.org\/isere\/wp-content\/uploads\/sites\/29\/2025\/11\/Julie-200x300.jpg 200w, https:\/\/www.reseau-entreprendre.org\/isere\/wp-content\/uploads\/sites\/29\/2025\/11\/Julie-768x1152.jpg 768w, https:\/\/www.reseau-entreprendre.org\/isere\/wp-content\/uploads\/sites\/29\/2025\/11\/Julie-1024x1536.jpg 1024w, https:\/\/www.reseau-entreprendre.org\/isere\/wp-content\/uploads\/sites\/29\/2025\/11\/Julie-1365x2048.jpg 1365w, https:\/\/www.reseau-entreprendre.org\/isere\/wp-content\/uploads\/sites\/29\/2025\/11\/Julie-87x130.jpg 87w, https:\/\/www.reseau-entreprendre.org\/isere\/wp-content\/uploads\/sites\/29\/2025\/11\/Julie-67x100.jpg 67w, https:\/\/www.reseau-entreprendre.org\/isere\/wp-content\/uploads\/sites\/29\/2025\/11\/Julie-scaled.jpg 1707w\" sizes=\"auto, (max-width: 683px) 100vw, 683px\" \/><\/figure><\/div>\n\n\n\n<div class=\"wp-block-media-text is-stacked-on-mobile\" style=\"grid-template-columns:25% auto\"><figure class=\"wp-block-media-text__media\"><img loading=\"lazy\" decoding=\"async\" width=\"683\" height=\"1024\" src=\"https:\/\/www.reseau-entreprendre.org\/isere\/wp-content\/uploads\/sites\/29\/2025\/11\/Photo-pro-683x1024.jpg\" alt=\"\" class=\"wp-image-3520 size-full\" srcset=\"https:\/\/www.reseau-entreprendre.org\/isere\/wp-content\/uploads\/sites\/29\/2025\/11\/Photo-pro-683x1024.jpg 683w, https:\/\/www.reseau-entreprendre.org\/isere\/wp-content\/uploads\/sites\/29\/2025\/11\/Photo-pro-200x300.jpg 200w, https:\/\/www.reseau-entreprendre.org\/isere\/wp-content\/uploads\/sites\/29\/2025\/11\/Photo-pro-768x1152.jpg 768w, https:\/\/www.reseau-entreprendre.org\/isere\/wp-content\/uploads\/sites\/29\/2025\/11\/Photo-pro-1024x1536.jpg 1024w, https:\/\/www.reseau-entreprendre.org\/isere\/wp-content\/uploads\/sites\/29\/2025\/11\/Photo-pro-1365x2048.jpg 1365w, https:\/\/www.reseau-entreprendre.org\/isere\/wp-content\/uploads\/sites\/29\/2025\/11\/Photo-pro-87x130.jpg 87w, https:\/\/www.reseau-entreprendre.org\/isere\/wp-content\/uploads\/sites\/29\/2025\/11\/Photo-pro-67x100.jpg 67w, https:\/\/www.reseau-entreprendre.org\/isere\/wp-content\/uploads\/sites\/29\/2025\/11\/Photo-pro-scaled.jpg 1707w\" sizes=\"auto, (max-width: 683px) 100vw, 683px\" \/><\/figure><div class=\"wp-block-media-text__content\">\n<p><strong>Marie JAY<\/strong> &#8211; Charg\u00e9e de communication<\/p>\n<\/div><\/div>\n\n\n\n<div class=\"wp-block-media-text has-media-on-the-right is-stacked-on-mobile\" style=\"grid-template-columns:auto 25%\"><div class=\"wp-block-media-text__content\">\n<p class=\"has-text-align-right\"><strong>Jean-Fran\u00e7ois LEGER<\/strong> &#8211; Charg\u00e9 d&#8217;\u00e9tude et partenariat Experts<\/p>\n<\/div><figure class=\"wp-block-media-text__media\"><img loading=\"lazy\" decoding=\"async\" width=\"624\" height=\"587\" src=\"https:\/\/www.reseau-entreprendre.org\/isere\/wp-content\/uploads\/sites\/29\/2024\/09\/Photo-JFL-recadrage-5.jpg\" alt=\"\" class=\"wp-image-3394 size-full\" srcset=\"https:\/\/www.reseau-entreprendre.org\/isere\/wp-content\/uploads\/sites\/29\/2024\/09\/Photo-JFL-recadrage-5.jpg 624w, https:\/\/www.reseau-entreprendre.org\/isere\/wp-content\/uploads\/sites\/29\/2024\/09\/Photo-JFL-recadrage-5-300x282.jpg 300w, https:\/\/www.reseau-entreprendre.org\/isere\/wp-content\/uploads\/sites\/29\/2024\/09\/Photo-JFL-recadrage-5-138x130.jpg 138w, https:\/\/www.reseau-entreprendre.org\/isere\/wp-content\/uploads\/sites\/29\/2024\/09\/Photo-JFL-recadrage-5-100x94.jpg 100w\" sizes=\"auto, (max-width: 624px) 100vw, 624px\" \/><\/figure><\/div>\n","protected":false},"excerpt":{"rendered":"<p>Une \u00e9quipe de 8 personnes est \u00e0 votre disposition !<\/p>\n","protected":false},"author":232,"featured_media":0,"parent":0,"menu_order":0,"comment_status":"closed","ping_status":"closed","template":"","meta":{"_acf_changed":false,"_monsterinsights_skip_tracking":false,"_monsterinsights_sitenote_active":false,"_monsterinsights_sitenote_note":"","_monsterinsights_sitenote_category":0,"footnotes":""},"class_list":["post-3330","page","type-page","status-publish","hentry"],"acf":[],"yoast_head":"<!-- This site is optimized with the Yoast SEO plugin v27.4 - https:\/\/yoast.com\/product\/yoast-seo-wordpress\/ -->\n<title>L&#039;\u00e9quipe - R\u00e9seau Entreprendre Is\u00e8re<\/title>\n<meta name=\"robots\" content=\"index, follow, max-snippet:-1, max-image-preview:large, max-video-preview:-1\" \/>\n<link rel=\"canonical\" href=\"https:\/\/www.reseau-entreprendre.org\/isere\/lequipe\/\" \/>\n<meta property=\"og:locale\" content=\"fr_FR\" \/>\n<meta property=\"og:type\" content=\"article\" \/>\n<meta property=\"og:title\" content=\"L&#039;\u00e9quipe - R\u00e9seau Entreprendre Is\u00e8re\" \/>\n<meta property=\"og:description\" content=\"Une \u00e9quipe de 8 personnes est \u00e0 votre disposition !\" \/>\n<meta property=\"og:url\" content=\"https:\/\/www.reseau-entreprendre.org\/isere\/lequipe\/\" \/>\n<meta property=\"og:site_name\" content=\"R\u00e9seau Entreprendre Is\u00e8re\" \/>\n<meta property=\"article:modified_time\" content=\"2025-11-06T13:35:14+00:00\" \/>\n<meta property=\"og:image\" content=\"https:\/\/www.reseau-entreprendre.org\/isere\/wp-content\/uploads\/sites\/29\/2024\/07\/A7403928-1-3.jpg\" \/>\n\t<meta property=\"og:image:width\" content=\"683\" \/>\n\t<meta property=\"og:image:height\" content=\"1024\" \/>\n\t<meta property=\"og:image:type\" content=\"image\/jpeg\" \/>\n<meta name=\"twitter:card\" content=\"summary_large_image\" \/>\n<meta name=\"twitter:label1\" content=\"Dur\u00e9e de lecture estim\u00e9e\" \/>\n\t<meta name=\"twitter:data1\" content=\"2 minutes\" \/>\n<script type=\"application\/ld+json\" class=\"yoast-schema-graph\">{\"@context\":\"https:\\\/\\\/schema.org\",\"@graph\":[{\"@type\":\"WebPage\",\"@id\":\"https:\\\/\\\/www.reseau-entreprendre.org\\\/isere\\\/lequipe\\\/\",\"url\":\"https:\\\/\\\/www.reseau-entreprendre.org\\\/isere\\\/lequipe\\\/\",\"name\":\"L'\u00e9quipe - R\u00e9seau Entreprendre Is\u00e8re\",\"isPartOf\":{\"@id\":\"https:\\\/\\\/www.reseau-entreprendre.org\\\/isere\\\/#website\"},\"primaryImageOfPage\":{\"@id\":\"https:\\\/\\\/www.reseau-entreprendre.org\\\/isere\\\/lequipe\\\/#primaryimage\"},\"image\":{\"@id\":\"https:\\\/\\\/www.reseau-entreprendre.org\\\/isere\\\/lequipe\\\/#primaryimage\"},\"thumbnailUrl\":\"https:\\\/\\\/www.reseau-entreprendre.org\\\/isere\\\/wp-content\\\/uploads\\\/sites\\\/29\\\/2024\\\/07\\\/A7403928-1-3.jpg\",\"datePublished\":\"2024-09-02T13:07:48+00:00\",\"dateModified\":\"2025-11-06T13:35:14+00:00\",\"breadcrumb\":{\"@id\":\"https:\\\/\\\/www.reseau-entreprendre.org\\\/isere\\\/lequipe\\\/#breadcrumb\"},\"inLanguage\":\"fr-FR\",\"potentialAction\":[{\"@type\":\"ReadAction\",\"target\":[\"https:\\\/\\\/www.reseau-entreprendre.org\\\/isere\\\/lequipe\\\/\"]}]},{\"@type\":\"ImageObject\",\"inLanguage\":\"fr-FR\",\"@id\":\"https:\\\/\\\/www.reseau-entreprendre.org\\\/isere\\\/lequipe\\\/#primaryimage\",\"url\":\"https:\\\/\\\/www.reseau-entreprendre.org\\\/isere\\\/wp-content\\\/uploads\\\/sites\\\/29\\\/2024\\\/07\\\/A7403928-1-3.jpg\",\"contentUrl\":\"https:\\\/\\\/www.reseau-entreprendre.org\\\/isere\\\/wp-content\\\/uploads\\\/sites\\\/29\\\/2024\\\/07\\\/A7403928-1-3.jpg\",\"width\":683,\"height\":1024},{\"@type\":\"BreadcrumbList\",\"@id\":\"https:\\\/\\\/www.reseau-entreprendre.org\\\/isere\\\/lequipe\\\/#breadcrumb\",\"itemListElement\":[{\"@type\":\"ListItem\",\"position\":1,\"name\":\"Accueil\",\"item\":\"https:\\\/\\\/www.reseau-entreprendre.org\\\/isere\\\/\"},{\"@type\":\"ListItem\",\"position\":2,\"name\":\"L&#8217;\u00e9quipe\"}]},{\"@type\":\"WebSite\",\"@id\":\"https:\\\/\\\/www.reseau-entreprendre.org\\\/isere\\\/#website\",\"url\":\"https:\\\/\\\/www.reseau-entreprendre.org\\\/isere\\\/\",\"name\":\"R\u00e9seau Entreprendre Is\u00e8re\",\"description\":\"Un site utilisant Les sites de R\u00e9seau Entreprendre\",\"potentialAction\":[{\"@type\":\"SearchAction\",\"target\":{\"@type\":\"EntryPoint\",\"urlTemplate\":\"https:\\\/\\\/www.reseau-entreprendre.org\\\/isere\\\/?s={search_term_string}\"},\"query-input\":{\"@type\":\"PropertyValueSpecification\",\"valueRequired\":true,\"valueName\":\"search_term_string\"}}],\"inLanguage\":\"fr-FR\"}]}<\/script>\n<!-- \/ Yoast SEO plugin. -->","yoast_head_json":{"title":"L'\u00e9quipe - R\u00e9seau Entreprendre Is\u00e8re","robots":{"index":"index","follow":"follow","max-snippet":"max-snippet:-1","max-image-preview":"max-image-preview:large","max-video-preview":"max-video-preview:-1"},"canonical":"https:\/\/www.reseau-entreprendre.org\/isere\/lequipe\/","og_locale":"fr_FR","og_type":"article","og_title":"L'\u00e9quipe - R\u00e9seau Entreprendre Is\u00e8re","og_description":"Une \u00e9quipe de 8 personnes est \u00e0 votre disposition !","og_url":"https:\/\/www.reseau-entreprendre.org\/isere\/lequipe\/","og_site_name":"R\u00e9seau Entreprendre Is\u00e8re","article_modified_time":"2025-11-06T13:35:14+00:00","og_image":[{"width":683,"height":1024,"url":"https:\/\/www.reseau-entreprendre.org\/isere\/wp-content\/uploads\/sites\/29\/2024\/07\/A7403928-1-3.jpg","type":"image\/jpeg"}],"twitter_card":"summary_large_image","twitter_misc":{"Dur\u00e9e de lecture estim\u00e9e":"2 minutes"},"schema":{"@context":"https:\/\/schema.org","@graph":[{"@type":"WebPage","@id":"https:\/\/www.reseau-entreprendre.org\/isere\/lequipe\/","url":"https:\/\/www.reseau-entreprendre.org\/isere\/lequipe\/","name":"L'\u00e9quipe - R\u00e9seau Entreprendre Is\u00e8re","isPartOf":{"@id":"https:\/\/www.reseau-entreprendre.org\/isere\/#website"},"primaryImageOfPage":{"@id":"https:\/\/www.reseau-entreprendre.org\/isere\/lequipe\/#primaryimage"},"image":{"@id":"https:\/\/www.reseau-entreprendre.org\/isere\/lequipe\/#primaryimage"},"thumbnailUrl":"https:\/\/www.reseau-entreprendre.org\/isere\/wp-content\/uploads\/sites\/29\/2024\/07\/A7403928-1-3.jpg","datePublished":"2024-09-02T13:07:48+00:00","dateModified":"2025-11-06T13:35:14+00:00","breadcrumb":{"@id":"https:\/\/www.reseau-entreprendre.org\/isere\/lequipe\/#breadcrumb"},"inLanguage":"fr-FR","potentialAction":[{"@type":"ReadAction","target":["https:\/\/www.reseau-entreprendre.org\/isere\/lequipe\/"]}]},{"@type":"ImageObject","inLanguage":"fr-FR","@id":"https:\/\/www.reseau-entreprendre.org\/isere\/lequipe\/#primaryimage","url":"https:\/\/www.reseau-entreprendre.org\/isere\/wp-content\/uploads\/sites\/29\/2024\/07\/A7403928-1-3.jpg","contentUrl":"https:\/\/www.reseau-entreprendre.org\/isere\/wp-content\/uploads\/sites\/29\/2024\/07\/A7403928-1-3.jpg","width":683,"height":1024},{"@type":"BreadcrumbList","@id":"https:\/\/www.reseau-entreprendre.org\/isere\/lequipe\/#breadcrumb","itemListElement":[{"@type":"ListItem","position":1,"name":"Accueil","item":"https:\/\/www.reseau-entreprendre.org\/isere\/"},{"@type":"ListItem","position":2,"name":"L&#8217;\u00e9quipe"}]},{"@type":"WebSite","@id":"https:\/\/www.reseau-entreprendre.org\/isere\/#website","url":"https:\/\/www.reseau-entreprendre.org\/isere\/","name":"R\u00e9seau Entreprendre Is\u00e8re","description":"Un site utilisant Les sites de R\u00e9seau Entreprendre","potentialAction":[{"@type":"SearchAction","target":{"@type":"EntryPoint","urlTemplate":"https:\/\/www.reseau-entreprendre.org\/isere\/?s={search_term_string}"},"query-input":{"@type":"PropertyValueSpecification","valueRequired":true,"valueName":"search_term_string"}}],"inLanguage":"fr-FR"}]}},"_links":{"self":[{"href":"https:\/\/www.reseau-entreprendre.org\/isere\/wp-json\/wp\/v2\/pages\/3330","targetHints":{"allow":["GET"]}}],"collection":[{"href":"https:\/\/www.reseau-entreprendre.org\/isere\/wp-json\/wp\/v2\/pages"}],"about":[{"href":"https:\/\/www.reseau-entreprendre.org\/isere\/wp-json\/wp\/v2\/types\/page"}],"author":[{"embeddable":true,"href":"https:\/\/www.reseau-entreprendre.org\/isere\/wp-json\/wp\/v2\/users\/232"}],"replies":[{"embeddable":true,"href":"https:\/\/www.reseau-entreprendre.org\/isere\/wp-json\/wp\/v2\/comments?post=3330"}],"version-history":[{"count":0,"href":"https:\/\/www.reseau-entreprendre.org\/isere\/wp-json\/wp\/v2\/pages\/3330\/revisions"}],"wp:attachment":[{"href":"https:\/\/www.reseau-entreprendre.org\/isere\/wp-json\/wp\/v2\/media?parent=3330"}],"curies":[{"name":"wp","href":"https:\/\/api.w.org\/{rel}","templated":true}]}}