{"id":1254,"date":"2020-07-22T11:23:33","date_gmt":"2020-07-22T09:23:33","guid":{"rendered":"https:\/\/re-preprod-entreprendre.fr\/limousin\/?post_type=mec-events&#038;p=1254"},"modified":"2020-07-22T11:24:39","modified_gmt":"2020-07-22T09:24:39","slug":"fete-des-laureats","status":"publish","type":"mec-events","link":"https:\/\/www.reseau-entreprendre.org\/limousin\/events\/fete-des-laureats\/","title":{"rendered":"F\u00eate des Laur\u00e9ats"},"content":{"rendered":"<p><img loading=\"lazy\" decoding=\"async\" class=\"wp-image-1255 aligncenter\" src=\"https:\/\/www.reseau-entreprendre.org\/limousin\/wp-content\/uploads\/sites\/62\/2020\/07\/Visuel-save-the-date-FDL-08102020-300x229.jpg\" alt=\"\" width=\"407\" height=\"311\" srcset=\"https:\/\/www.reseau-entreprendre.org\/limousin\/wp-content\/uploads\/sites\/62\/2020\/07\/Visuel-save-the-date-FDL-08102020-300x229.jpg 300w, https:\/\/www.reseau-entreprendre.org\/limousin\/wp-content\/uploads\/sites\/62\/2020\/07\/Visuel-save-the-date-FDL-08102020.jpg 700w\" sizes=\"auto, (max-width: 407px) 100vw, 407px\" \/><\/p>\n<p>&nbsp;<\/p>\n<h1>SAVE THE DATE !<\/h1>\n<p>&nbsp;<\/p>\n<h2>F\u00eate des Laur\u00e9ats promotion 2019 :<\/h2>\n<p>&nbsp;<\/p>\n<h3><strong>Jeudi 8 octobre 2020 \u00e0 18h30<\/strong><\/h3>\n<p><strong>Au P\u00f4le de Lanaud \u00e0 Boisseuil (87)<\/strong><\/p>\n<p><em>(sur invitation et sur inscription)<\/em><\/p>\n","protected":false},"excerpt":{"rendered":"<p>&nbsp; SAVE THE DATE ! &nbsp; F\u00eate des Laur\u00e9ats promotion<\/p>\n","protected":false},"author":63,"featured_media":0,"comment_status":"open","ping_status":"closed","template":"","tags":[],"mec_category":[],"class_list":["post-1254","mec-events","type-mec-events","status-publish","hentry"],"acf":[],"yoast_head":"<!-- This site is optimized with the Yoast SEO plugin v27.4 - https:\/\/yoast.com\/product\/yoast-seo-wordpress\/ -->\n<title>F\u00eate des Laur\u00e9ats - R\u00e9seau Entreprendre Limousin<\/title>\n<meta name=\"robots\" content=\"index, follow, max-snippet:-1, max-image-preview:large, max-video-preview:-1\" \/>\n<link rel=\"canonical\" href=\"https:\/\/www.reseau-entreprendre.org\/limousin\/events\/fete-des-laureats\/\" \/>\n<meta property=\"og:locale\" content=\"fr_FR\" \/>\n<meta property=\"og:type\" content=\"article\" \/>\n<meta property=\"og:title\" content=\"F\u00eate des Laur\u00e9ats - R\u00e9seau Entreprendre Limousin\" \/>\n<meta property=\"og:description\" content=\"&nbsp; SAVE THE DATE ! &nbsp; F\u00eate des Laur\u00e9ats promotion\" \/>\n<meta property=\"og:url\" content=\"https:\/\/www.reseau-entreprendre.org\/limousin\/events\/fete-des-laureats\/\" \/>\n<meta property=\"og:site_name\" content=\"R\u00e9seau Entreprendre Limousin\" \/>\n<meta property=\"article:modified_time\" content=\"2020-07-22T09:24:39+00:00\" \/>\n<meta property=\"og:image\" content=\"https:\/\/www.reseau-entreprendre.org\/limousin\/wp-content\/uploads\/sites\/62\/2020\/07\/Visuel-save-the-date-FDL-08102020-300x229.jpg\" \/>\n<meta name=\"twitter:card\" content=\"summary_large_image\" \/>\n<script type=\"application\/ld+json\" class=\"yoast-schema-graph\">{\"@context\":\"https:\\\/\\\/schema.org\",\"@graph\":[{\"@type\":\"WebPage\",\"@id\":\"https:\\\/\\\/www.reseau-entreprendre.org\\\/limousin\\\/events\\\/fete-des-laureats\\\/\",\"url\":\"https:\\\/\\\/www.reseau-entreprendre.org\\\/limousin\\\/events\\\/fete-des-laureats\\\/\",\"name\":\"F\u00eate des Laur\u00e9ats - R\u00e9seau Entreprendre Limousin\",\"isPartOf\":{\"@id\":\"https:\\\/\\\/www.reseau-entreprendre.org\\\/limousin\\\/#website\"},\"primaryImageOfPage\":{\"@id\":\"https:\\\/\\\/www.reseau-entreprendre.org\\\/limousin\\\/events\\\/fete-des-laureats\\\/#primaryimage\"},\"image\":{\"@id\":\"https:\\\/\\\/www.reseau-entreprendre.org\\\/limousin\\\/events\\\/fete-des-laureats\\\/#primaryimage\"},\"thumbnailUrl\":\"https:\\\/\\\/www.reseau-entreprendre.org\\\/limousin\\\/wp-content\\\/uploads\\\/sites\\\/62\\\/2020\\\/07\\\/Visuel-save-the-date-FDL-08102020-300x229.jpg\",\"datePublished\":\"2020-07-22T09:23:33+00:00\",\"dateModified\":\"2020-07-22T09:24:39+00:00\",\"breadcrumb\":{\"@id\":\"https:\\\/\\\/www.reseau-entreprendre.org\\\/limousin\\\/events\\\/fete-des-laureats\\\/#breadcrumb\"},\"inLanguage\":\"fr-FR\",\"potentialAction\":[{\"@type\":\"ReadAction\",\"target\":[\"https:\\\/\\\/www.reseau-entreprendre.org\\\/limousin\\\/events\\\/fete-des-laureats\\\/\"]}]},{\"@type\":\"ImageObject\",\"inLanguage\":\"fr-FR\",\"@id\":\"https:\\\/\\\/www.reseau-entreprendre.org\\\/limousin\\\/events\\\/fete-des-laureats\\\/#primaryimage\",\"url\":\"https:\\\/\\\/www.reseau-entreprendre.org\\\/limousin\\\/wp-content\\\/uploads\\\/sites\\\/62\\\/2020\\\/07\\\/Visuel-save-the-date-FDL-08102020.jpg\",\"contentUrl\":\"https:\\\/\\\/www.reseau-entreprendre.org\\\/limousin\\\/wp-content\\\/uploads\\\/sites\\\/62\\\/2020\\\/07\\\/Visuel-save-the-date-FDL-08102020.jpg\",\"width\":700,\"height\":535},{\"@type\":\"BreadcrumbList\",\"@id\":\"https:\\\/\\\/www.reseau-entreprendre.org\\\/limousin\\\/events\\\/fete-des-laureats\\\/#breadcrumb\",\"itemListElement\":[{\"@type\":\"ListItem\",\"position\":1,\"name\":\"Accueil\",\"item\":\"https:\\\/\\\/www.reseau-entreprendre.org\\\/limousin\\\/\"},{\"@type\":\"ListItem\",\"position\":2,\"name\":\"\u00c9venements\",\"item\":\"https:\\\/\\\/www.reseau-entreprendre.org\\\/limousin\\\/events\\\/\"},{\"@type\":\"ListItem\",\"position\":3,\"name\":\"F\u00eate des Laur\u00e9ats\"}]},{\"@type\":\"WebSite\",\"@id\":\"https:\\\/\\\/www.reseau-entreprendre.org\\\/limousin\\\/#website\",\"url\":\"https:\\\/\\\/www.reseau-entreprendre.org\\\/limousin\\\/\",\"name\":\"R\u00e9seau Entreprendre Limousin\",\"description\":\"Un site utilisant Les sites de R\u00e9seau Entreprendre\",\"potentialAction\":[{\"@type\":\"SearchAction\",\"target\":{\"@type\":\"EntryPoint\",\"urlTemplate\":\"https:\\\/\\\/www.reseau-entreprendre.org\\\/limousin\\\/?s={search_term_string}\"},\"query-input\":{\"@type\":\"PropertyValueSpecification\",\"valueRequired\":true,\"valueName\":\"search_term_string\"}}],\"inLanguage\":\"fr-FR\"}]}<\/script>\n<!-- \/ Yoast SEO plugin. -->","yoast_head_json":{"title":"F\u00eate des Laur\u00e9ats - R\u00e9seau Entreprendre Limousin","robots":{"index":"index","follow":"follow","max-snippet":"max-snippet:-1","max-image-preview":"max-image-preview:large","max-video-preview":"max-video-preview:-1"},"canonical":"https:\/\/www.reseau-entreprendre.org\/limousin\/events\/fete-des-laureats\/","og_locale":"fr_FR","og_type":"article","og_title":"F\u00eate des Laur\u00e9ats - R\u00e9seau Entreprendre Limousin","og_description":"&nbsp; SAVE THE DATE ! &nbsp; F\u00eate des Laur\u00e9ats promotion","og_url":"https:\/\/www.reseau-entreprendre.org\/limousin\/events\/fete-des-laureats\/","og_site_name":"R\u00e9seau Entreprendre Limousin","article_modified_time":"2020-07-22T09:24:39+00:00","og_image":[{"url":"https:\/\/www.reseau-entreprendre.org\/limousin\/wp-content\/uploads\/sites\/62\/2020\/07\/Visuel-save-the-date-FDL-08102020-300x229.jpg","type":"","width":"","height":""}],"twitter_card":"summary_large_image","schema":{"@context":"https:\/\/schema.org","@graph":[{"@type":"WebPage","@id":"https:\/\/www.reseau-entreprendre.org\/limousin\/events\/fete-des-laureats\/","url":"https:\/\/www.reseau-entreprendre.org\/limousin\/events\/fete-des-laureats\/","name":"F\u00eate des Laur\u00e9ats - R\u00e9seau Entreprendre Limousin","isPartOf":{"@id":"https:\/\/www.reseau-entreprendre.org\/limousin\/#website"},"primaryImageOfPage":{"@id":"https:\/\/www.reseau-entreprendre.org\/limousin\/events\/fete-des-laureats\/#primaryimage"},"image":{"@id":"https:\/\/www.reseau-entreprendre.org\/limousin\/events\/fete-des-laureats\/#primaryimage"},"thumbnailUrl":"https:\/\/www.reseau-entreprendre.org\/limousin\/wp-content\/uploads\/sites\/62\/2020\/07\/Visuel-save-the-date-FDL-08102020-300x229.jpg","datePublished":"2020-07-22T09:23:33+00:00","dateModified":"2020-07-22T09:24:39+00:00","breadcrumb":{"@id":"https:\/\/www.reseau-entreprendre.org\/limousin\/events\/fete-des-laureats\/#breadcrumb"},"inLanguage":"fr-FR","potentialAction":[{"@type":"ReadAction","target":["https:\/\/www.reseau-entreprendre.org\/limousin\/events\/fete-des-laureats\/"]}]},{"@type":"ImageObject","inLanguage":"fr-FR","@id":"https:\/\/www.reseau-entreprendre.org\/limousin\/events\/fete-des-laureats\/#primaryimage","url":"https:\/\/www.reseau-entreprendre.org\/limousin\/wp-content\/uploads\/sites\/62\/2020\/07\/Visuel-save-the-date-FDL-08102020.jpg","contentUrl":"https:\/\/www.reseau-entreprendre.org\/limousin\/wp-content\/uploads\/sites\/62\/2020\/07\/Visuel-save-the-date-FDL-08102020.jpg","width":700,"height":535},{"@type":"BreadcrumbList","@id":"https:\/\/www.reseau-entreprendre.org\/limousin\/events\/fete-des-laureats\/#breadcrumb","itemListElement":[{"@type":"ListItem","position":1,"name":"Accueil","item":"https:\/\/www.reseau-entreprendre.org\/limousin\/"},{"@type":"ListItem","position":2,"name":"\u00c9venements","item":"https:\/\/www.reseau-entreprendre.org\/limousin\/events\/"},{"@type":"ListItem","position":3,"name":"F\u00eate des Laur\u00e9ats"}]},{"@type":"WebSite","@id":"https:\/\/www.reseau-entreprendre.org\/limousin\/#website","url":"https:\/\/www.reseau-entreprendre.org\/limousin\/","name":"R\u00e9seau Entreprendre Limousin","description":"Un site utilisant Les sites de R\u00e9seau Entreprendre","potentialAction":[{"@type":"SearchAction","target":{"@type":"EntryPoint","urlTemplate":"https:\/\/www.reseau-entreprendre.org\/limousin\/?s={search_term_string}"},"query-input":{"@type":"PropertyValueSpecification","valueRequired":true,"valueName":"search_term_string"}}],"inLanguage":"fr-FR"}]}},"_links":{"self":[{"href":"https:\/\/www.reseau-entreprendre.org\/limousin\/wp-json\/wp\/v2\/mec-events\/1254","targetHints":{"allow":["GET"]}}],"collection":[{"href":"https:\/\/www.reseau-entreprendre.org\/limousin\/wp-json\/wp\/v2\/mec-events"}],"about":[{"href":"https:\/\/www.reseau-entreprendre.org\/limousin\/wp-json\/wp\/v2\/types\/mec-events"}],"author":[{"embeddable":true,"href":"https:\/\/www.reseau-entreprendre.org\/limousin\/wp-json\/wp\/v2\/users\/63"}],"replies":[{"embeddable":true,"href":"https:\/\/www.reseau-entreprendre.org\/limousin\/wp-json\/wp\/v2\/comments?post=1254"}],"wp:attachment":[{"href":"https:\/\/www.reseau-entreprendre.org\/limousin\/wp-json\/wp\/v2\/media?parent=1254"}],"wp:term":[{"taxonomy":"post_tag","embeddable":true,"href":"https:\/\/www.reseau-entreprendre.org\/limousin\/wp-json\/wp\/v2\/tags?post=1254"},{"taxonomy":"mec_category","embeddable":true,"href":"https:\/\/www.reseau-entreprendre.org\/limousin\/wp-json\/wp\/v2\/mec_category?post=1254"}],"curies":[{"name":"wp","href":"https:\/\/api.w.org\/{rel}","templated":true}]}}