{"id":1322,"date":"2023-01-03T20:00:01","date_gmt":"2023-01-03T19:00:01","guid":{"rendered":"https:\/\/www.reseau-entreprendre.org\/maine-et-loire\/?page_id=1322"},"modified":"2025-07-31T16:48:54","modified_gmt":"2025-07-31T14:48:54","slug":"qui-sommes-nous-2","status":"publish","type":"page","link":"https:\/\/www.reseau-entreprendre.org\/maine-et-loire\/qui-sommes-nous-2\/","title":{"rendered":"Qui sommes-nous ?"},"content":{"rendered":"\n<h2 class=\"wp-block-heading has-text-align-center\"><strong>NOTRE HISTOIRE<\/strong><\/h2>\n\n\n\n<div style=\"height:20px\" aria-hidden=\"true\" class=\"wp-block-spacer\"><\/div>\n\n\n\n<figure class=\"wp-block-pullquote has-border-color has-re-red-border-color has-re-red-color has-text-color has-medium-font-size\" style=\"border-style:solid;border-width:3px;border-radius:20px\"><blockquote><p>\u00ab POUR CR\u00c9ER DES EMPLOIS <strong>DURABLES<\/strong>, CR\u00c9ONS DES EMPLOYEURS <strong>RESPONSABLES <\/strong>\u00bb<\/p><\/blockquote><\/figure>\n\n\n\n<p>C\u2019est en 1986, qu\u2019un industriel du Nord de la France, Andr\u00e9 Mulliez, face aux enjeux du ch\u00f4mage, lance le concept de R\u00e9seau Entreprendre\u00ae : l\u2019accompagnement entrepreneurial de pairs \u00e0 pairs.<\/p>\n\n\n\n<h5 class=\"wp-block-heading has-text-align-center has-re-red-color has-text-color\">\u00ab POUR DES CHEFS D&#8217;ENTREPRISE, PAR DES CHEFS D&#8217;ENTREPRISE \u00bb<\/h5>\n\n\n\n<p>Aujourd\u2019hui, avec son offre 100% m\u00e9thodes d\u2019entreprise, R\u00e9seau Entreprendre Maine et Loire accompagne tous les cr\u00e9ateurs d\u2019emplois \u00e0 tous les stades de d\u00e9veloppement et de croissance de leur projet d\u2019entreprise. En effet, cette m\u00e9thodologie est d\u2019autant primordiale que dans ce monde qui change, avec de nouveaux mod\u00e8les \u00e9conomiques et sociaux, les entrepreneurs ont plus que jamais besoin d\u2019\u00eatre accompagn\u00e9s par des pairs exp\u00e9riment\u00e9s et bienveillants.<\/p>\n\n\n\n<div style=\"height:30px\" aria-hidden=\"true\" class=\"wp-block-spacer\"><\/div>\n\n\n\n<hr class=\"wp-block-separator has-css-opacity\" \/>\n\n\n\n<div style=\"height:30px\" aria-hidden=\"true\" class=\"wp-block-spacer\"><\/div>\n\n\n\n<div class=\"wp-block-group\"><div class=\"wp-block-group__inner-container is-layout-flow wp-block-group-is-layout-flow\">\n<h2 class=\"wp-block-heading has-text-align-center\"><strong>ANDR\u00c9 MULLIEZ, FONDATEUR DE R\u00c9SEAU ENTREPRENDRE<\/strong><\/h2>\n\n\n\n<div style=\"height:30px\" aria-hidden=\"true\" class=\"wp-block-spacer\"><\/div>\n\n\n\n<pre class=\"wp-block-preformatted\"><div class=\"su-youtube su-u-responsive-media-yes\"><iframe loading=\"lazy\" width=\"560\" height=\"320\" src=\"https:\/\/www.youtube.com\/embed\/E-wjxVvHvOY?autohide=2&amp;autoplay=0&amp;mute=0&amp;controls=1&amp;fs=1&amp;loop=0&amp;modestbranding=0&amp;rel=0&amp;showinfo=1&amp;theme=light&amp;wmode=transparent&amp;playsinline=0\" frameborder=\"0\" allowfullscreen allow=\"autoplay; encrypted-media; picture-in-picture\" title=\"\"><\/iframe><\/div><\/pre>\n<\/div><\/div>\n\n\n\n<div style=\"height:30px\" aria-hidden=\"true\" class=\"wp-block-spacer\"><\/div>\n\n\n\n<h2 class=\"wp-block-heading has-text-align-center\"><strong>L&#8217;ASSOCIATION MAINE ET LOIRE<\/strong><\/h2>\n\n\n\n<div style=\"height:20px\" aria-hidden=\"true\" class=\"wp-block-spacer\"><\/div>\n\n\n\n<p>R\u00e9seau Entreprendre Maine &amp; Loire est une association priv\u00e9e de plus de 300 chefs d\u2019entreprise qui accompagne gratuitement les cr\u00e9ateurs, repreneurs et d\u00e9veloppeurs de PME, \u00e0 fort potentiel de cr\u00e9ation d\u2019emplois, de tous secteurs d\u2019activit\u00e9. Association \u00e0 but non lucratif, elle a \u00e9t\u00e9 cr\u00e9\u00e9e en 2010 et rayonne sur l\u2019ensemble du d\u00e9partement : le Saumurois, le Segr\u00e9en, le Choletais et l\u2019Anjou.<\/p>\n\n\n\n<p>Depuis 2010, la structure a accompagn\u00e9 plus de&nbsp;<mark style=\"background-color:#ffffff\" class=\"has-inline-color has-re-red-color\"><strong>196<\/strong>&nbsp;<strong>projets<\/strong><\/mark>&nbsp;et soutenu la cr\u00e9ation et le maintien de plus de<strong>&nbsp;<mark style=\"background-color:#ffffff\" class=\"has-inline-color has-re-red-color\">+2 450 emplois<\/mark><\/strong>. 92% des entreprises accompagn\u00e9es sont toujours en activit\u00e9 \u00e0 5 ans.<\/p>\n\n\n\n<div style=\"height:10px\" aria-hidden=\"true\" class=\"wp-block-spacer\"><\/div>\n\n\n\n<div id=\"nosvaleurs\" class=\"wp-block-group has-background\" style=\"background-color:#f8f8f8\"><div class=\"wp-block-group__inner-container is-layout-flow wp-block-group-is-layout-flow\">\n<div style=\"height:30px\" aria-hidden=\"true\" class=\"wp-block-spacer\"><\/div>\n\n\n\n<h2 class=\"wp-block-heading has-text-align-center\" id=\"nosvaleurs\"><strong>NOS VALEURS<\/strong><\/h2>\n\n\n\n<div style=\"height:20px\" aria-hidden=\"true\" class=\"wp-block-spacer\"><\/div>\n\n\n\n<div class=\"wp-block-columns is-layout-flex wp-container-core-columns-is-layout-9d6595d7 wp-block-columns-is-layout-flex\">\n<div class=\"wp-block-column is-layout-flow wp-block-column-is-layout-flow\"><div class=\"wp-block-image\">\n<figure class=\"aligncenter size-full\"><img loading=\"lazy\" decoding=\"async\" width=\"136\" height=\"136\" src=\"https:\/\/www.reseau-entreprendre.org\/maine-et-loire\/wp-content\/uploads\/sites\/48\/2022\/05\/picto__bienveillance.png\" alt=\"\" class=\"wp-image-1390\" srcset=\"https:\/\/www.reseau-entreprendre.org\/maine-et-loire\/wp-content\/uploads\/sites\/48\/2022\/05\/picto__bienveillance.png 136w, https:\/\/www.reseau-entreprendre.org\/maine-et-loire\/wp-content\/uploads\/sites\/48\/2022\/05\/picto__bienveillance-130x130.png 130w\" sizes=\"auto, (max-width: 136px) 100vw, 136px\" \/><\/figure>\n<\/div>\n\n\n<h5 class=\"wp-block-heading has-text-align-center has-re-blue-color has-text-color\"><strong>L\u2019important, c\u2019est la personne<\/strong><\/h5>\n\n\n\n<p class=\"has-text-align-center\">Avant la qualit\u00e9 du projet qu\u2019elle porte, c\u2019est la personne m\u00eame, son potentiel \u00e0 devenir entrepreneur, qui mobilise le soutien des chefs d\u2019entreprise<\/p>\n<\/div>\n\n\n\n<div class=\"wp-block-column is-layout-flow wp-block-column-is-layout-flow\"><div class=\"wp-block-image\">\n<figure class=\"aligncenter size-full\"><img loading=\"lazy\" decoding=\"async\" width=\"136\" height=\"136\" src=\"https:\/\/www.reseau-entreprendre.org\/maine-et-loire\/wp-content\/uploads\/sites\/48\/2022\/05\/picto__financier.png\" alt=\"\" class=\"wp-image-1391\" srcset=\"https:\/\/www.reseau-entreprendre.org\/maine-et-loire\/wp-content\/uploads\/sites\/48\/2022\/05\/picto__financier.png 136w, https:\/\/www.reseau-entreprendre.org\/maine-et-loire\/wp-content\/uploads\/sites\/48\/2022\/05\/picto__financier-130x130.png 130w\" sizes=\"auto, (max-width: 136px) 100vw, 136px\" \/><\/figure>\n<\/div>\n\n\n<h5 class=\"wp-block-heading has-text-align-center has-re-red-color has-text-color\"><strong>Le principe, c\u2019est la gratuit\u00e9<\/strong><\/h5>\n\n\n\n<p class=\"has-text-align-center\">La gratuit\u00e9 de l\u2019offre aux cr\u00e9ateurs et repreneurs pour que toutes leurs ressources contribuent \u00e0 la r\u00e9ussite de leur projet<\/p>\n<\/div>\n\n\n\n<div class=\"wp-block-column is-layout-flow wp-block-column-is-layout-flow\"><div class=\"wp-block-image\">\n<figure class=\"aligncenter size-full\"><img loading=\"lazy\" decoding=\"async\" width=\"136\" height=\"135\" src=\"https:\/\/www.reseau-entreprendre.org\/maine-et-loire\/wp-content\/uploads\/sites\/48\/2022\/05\/picto__solidarite-1.png\" alt=\"\" class=\"wp-image-1393\" srcset=\"https:\/\/www.reseau-entreprendre.org\/maine-et-loire\/wp-content\/uploads\/sites\/48\/2022\/05\/picto__solidarite-1.png 136w, https:\/\/www.reseau-entreprendre.org\/maine-et-loire\/wp-content\/uploads\/sites\/48\/2022\/05\/picto__solidarite-1-131x130.png 131w\" sizes=\"auto, (max-width: 136px) 100vw, 136px\" \/><\/figure>\n<\/div>\n\n\n<h5 class=\"wp-block-heading has-text-align-center has-re-yellow-color has-text-color\"><strong>L\u2019esprit, c\u2019est la r\u00e9ciprocit\u00e9<\/strong><\/h5>\n\n\n\n<p class=\"has-text-align-center\">Les b\u00e9n\u00e9ficiaires sont invit\u00e9s \u00e0 rendre demain \u00e0 d\u2019autres, ce qu\u2019ils re\u00e7oivent aujourd\u2019hui, devenant ainsi le maillon d\u2019une cha\u00eene d\u2019entraide<\/p>\n<\/div>\n<\/div>\n<\/div><\/div>\n\n\n\n<div style=\"height:20px\" aria-hidden=\"true\" class=\"wp-block-spacer\"><\/div>\n\n\n\n<h2 class=\"wp-block-heading has-text-align-center\"><strong>LE MOT DU PR\u00c9SIDENT<\/strong><\/h2>\n\n\n\n<div style=\"height:20px\" aria-hidden=\"true\" class=\"wp-block-spacer\"><\/div>\n\n\n\n<p style=\"font-size:16px\">\u00ab Notre association, R\u00e9seau Entreprendre Maine &amp; Loire, a pour objectif de d\u00e9velopper le dynamisme \u00e9conomique local en aidant les cr\u00e9ateurs et repreneurs de PME porteuses de richesses et d\u2019emplois. Ainsi, depuis 2010, les membres, tous dirigeants d\u2019entreprise, conseillent, orientent et accompagnent les porteurs de projets avec des m\u00e9thodes d\u2019entreprise. Outre l\u2019accompagnement par des chefs d\u2019entreprise, R\u00e9seau Entreprendre Maine &amp; Loire soutient aussi les cr\u00e9ateurs par un dispositif de pr\u00eats d\u2019honneur qui s\u00e9curise le plan de financement.<\/p>\n\n\n\n<p style=\"font-size:16px\">L\u2019utilit\u00e9 sociale est reconnue sur le plan national : la Reconnaissance d\u2019utilit\u00e9 publique a \u00e9t\u00e9 attribu\u00e9e en janvier 2003. Bas\u00e9e sur des valeurs fortes de comp\u00e9tences, de b\u00e9n\u00e9volat et de gratuit\u00e9, une \u00e9thique rigoureuse s\u2019applique aussi bien \u00e0 la s\u00e9lection et validation des porteurs de projets, aux d\u00e9cisions des comit\u00e9s d\u2019engagement qu\u2019\u00e0 l\u2019accompagnement individuel et collectif.<\/p>\n\n\n\n<p style=\"font-size:16px\">Depuis 2010, R\u00e9seau Entreprendre Maine &amp; Loire, a d\u00e9j\u00e0 soutenu plus de 196 entreprises et plus de 2 450 emplois ont \u00e9t\u00e9 cr\u00e9\u00e9s ou sauvegard\u00e9s. Elle a ainsi d\u00e9montr\u00e9 son \u00e9vidente compl\u00e9mentarit\u00e9 avec les autres dispositifs d\u2019aide \u00e0 la cr\u00e9ation d\u2019entreprise (autres r\u00e9seaux, r\u00e9seaux bancaires, investisseurs, consulaires\u2026). Par ailleurs, R\u00e9seau Entreprendre Maine &amp; Loire est fier de pouvoir afficher un taux de p\u00e9rennit\u00e9 \u00e0 5 ans de plus de 92% pour les entreprises laur\u00e9ates.<\/p>\n\n\n\n<p style=\"font-size:16px\">Forte de ces r\u00e9sultats encourageants, du savoir-faire acquis, de l\u2019engagement personnel de plus de 180 chefs d\u2019entreprise mainolig\u00e9riens b\u00e9n\u00e9voles, d\u2019un fonctionnement autofinanc\u00e9 par les cotisations de ses membres, l\u2019association envisage un d\u00e9veloppement du nombre de cr\u00e9ations soutenues pour les ann\u00e9es \u00e0 venir.\u00bb<\/p>\n\n\n\n<p style=\"font-size:16px\"><strong>Thierry DONAT,<\/strong><br>Pr\u00e9sident de R\u00e9seau Entreprendre\u00ae Maine &amp; Loire<\/p>\n\n\n\n<div style=\"height:30px\" aria-hidden=\"true\" class=\"wp-block-spacer\"><\/div>\n\n\n\n<hr class=\"wp-block-separator has-css-opacity\" \/>\n\n\n\n<div style=\"height:30px\" aria-hidden=\"true\" class=\"wp-block-spacer\"><\/div>\n\n\n\n<h2 class=\"wp-block-heading has-text-align-center\"><strong>LE CONSEIL D&#8217;ADMINISTRATION<\/strong><\/h2>\n\n\n\n<div style=\"height:20px\" aria-hidden=\"true\" class=\"wp-block-spacer\"><\/div>\n\n\n\n<div class=\"wp-block-columns is-layout-flex wp-container-core-columns-is-layout-9d6595d7 wp-block-columns-is-layout-flex\">\n<div class=\"wp-block-column is-layout-flow wp-block-column-is-layout-flow\">\n<figure class=\"wp-block-image size-full is-resized is-style-rounded\"><img loading=\"lazy\" decoding=\"async\" width=\"432\" height=\"547\" src=\"https:\/\/www.reseau-entreprendre.org\/maine-et-loire\/wp-content\/uploads\/sites\/48\/2024\/06\/Capture-decran-2024-06-26-161832.png\" alt=\"\" class=\"wp-image-3039\" style=\"aspect-ratio:1;object-fit:cover;width:259px;height:auto\" srcset=\"https:\/\/www.reseau-entreprendre.org\/maine-et-loire\/wp-content\/uploads\/sites\/48\/2024\/06\/Capture-decran-2024-06-26-161832.png 432w, https:\/\/www.reseau-entreprendre.org\/maine-et-loire\/wp-content\/uploads\/sites\/48\/2024\/06\/Capture-decran-2024-06-26-161832-237x300.png 237w, https:\/\/www.reseau-entreprendre.org\/maine-et-loire\/wp-content\/uploads\/sites\/48\/2024\/06\/Capture-decran-2024-06-26-161832-103x130.png 103w, https:\/\/www.reseau-entreprendre.org\/maine-et-loire\/wp-content\/uploads\/sites\/48\/2024\/06\/Capture-decran-2024-06-26-161832-79x100.png 79w\" sizes=\"auto, (max-width: 432px) 100vw, 432px\" \/><\/figure>\n\n\n\n<p class=\"has-text-align-center\"><mark style=\"background-color:#ffffff\" class=\"has-inline-color has-re-blue-color\"><strong>Thierry DONAT<\/strong><br><\/mark>Pr\u00e9sident<\/p>\n<\/div>\n\n\n\n<div class=\"wp-block-column is-layout-flow wp-block-column-is-layout-flow\">\n<figure class=\"wp-block-image size-full is-style-rounded\"><img loading=\"lazy\" decoding=\"async\" width=\"280\" height=\"361\" src=\"https:\/\/www.reseau-entreprendre.org\/maine-et-loire\/wp-content\/uploads\/sites\/48\/2024\/06\/Capture-decran-2024-03-06-154001.png\" alt=\"\" class=\"wp-image-3032\" style=\"aspect-ratio:1;object-fit:cover\" srcset=\"https:\/\/www.reseau-entreprendre.org\/maine-et-loire\/wp-content\/uploads\/sites\/48\/2024\/06\/Capture-decran-2024-03-06-154001.png 280w, https:\/\/www.reseau-entreprendre.org\/maine-et-loire\/wp-content\/uploads\/sites\/48\/2024\/06\/Capture-decran-2024-03-06-154001-233x300.png 233w, https:\/\/www.reseau-entreprendre.org\/maine-et-loire\/wp-content\/uploads\/sites\/48\/2024\/06\/Capture-decran-2024-03-06-154001-101x130.png 101w, https:\/\/www.reseau-entreprendre.org\/maine-et-loire\/wp-content\/uploads\/sites\/48\/2024\/06\/Capture-decran-2024-03-06-154001-78x100.png 78w\" sizes=\"auto, (max-width: 280px) 100vw, 280px\" \/><\/figure>\n\n\n\n<p class=\"has-text-align-center\"><mark style=\"background-color:#ffffff\" class=\"has-inline-color has-re-blue-color\"><strong>Maxence PARFAIT<\/strong><br><\/mark>Vice-pr\u00e9sident<\/p>\n<\/div>\n\n\n\n<div class=\"wp-block-column is-layout-flow wp-block-column-is-layout-flow\">\n<figure class=\"wp-block-image size-full is-style-rounded\"><img loading=\"lazy\" decoding=\"async\" width=\"318\" height=\"374\" src=\"https:\/\/www.reseau-entreprendre.org\/maine-et-loire\/wp-content\/uploads\/sites\/48\/2024\/06\/Capture-decran-2024-03-06-154525.png\" alt=\"\" class=\"wp-image-3026\" style=\"aspect-ratio:1;object-fit:cover\" srcset=\"https:\/\/www.reseau-entreprendre.org\/maine-et-loire\/wp-content\/uploads\/sites\/48\/2024\/06\/Capture-decran-2024-03-06-154525.png 318w, https:\/\/www.reseau-entreprendre.org\/maine-et-loire\/wp-content\/uploads\/sites\/48\/2024\/06\/Capture-decran-2024-03-06-154525-255x300.png 255w, https:\/\/www.reseau-entreprendre.org\/maine-et-loire\/wp-content\/uploads\/sites\/48\/2024\/06\/Capture-decran-2024-03-06-154525-111x130.png 111w, https:\/\/www.reseau-entreprendre.org\/maine-et-loire\/wp-content\/uploads\/sites\/48\/2024\/06\/Capture-decran-2024-03-06-154525-85x100.png 85w\" sizes=\"auto, (max-width: 318px) 100vw, 318px\" \/><\/figure>\n\n\n\n<p class=\"has-text-align-center\"><mark style=\"background-color:#ffffff\" class=\"has-inline-color has-re-blue-color\"><mark style=\"background-color:#ffffff\" class=\"has-inline-color has-re-blue-color\"><strong>Natacha BREGEON<\/strong><br><\/mark><\/mark>Tr\u00e9sori\u00e8re<\/p>\n<\/div>\n\n\n\n<div class=\"wp-block-column is-layout-flow wp-block-column-is-layout-flow\">\n<figure class=\"wp-block-image size-full is-style-rounded\"><img loading=\"lazy\" decoding=\"async\" width=\"318\" height=\"322\" src=\"https:\/\/www.reseau-entreprendre.org\/maine-et-loire\/wp-content\/uploads\/sites\/48\/2024\/06\/Capture-decran-2024-03-06-154845.png\" alt=\"\" class=\"wp-image-3025\" style=\"aspect-ratio:1;object-fit:cover\" srcset=\"https:\/\/www.reseau-entreprendre.org\/maine-et-loire\/wp-content\/uploads\/sites\/48\/2024\/06\/Capture-decran-2024-03-06-154845.png 318w, https:\/\/www.reseau-entreprendre.org\/maine-et-loire\/wp-content\/uploads\/sites\/48\/2024\/06\/Capture-decran-2024-03-06-154845-296x300.png 296w, https:\/\/www.reseau-entreprendre.org\/maine-et-loire\/wp-content\/uploads\/sites\/48\/2024\/06\/Capture-decran-2024-03-06-154845-128x130.png 128w, https:\/\/www.reseau-entreprendre.org\/maine-et-loire\/wp-content\/uploads\/sites\/48\/2024\/06\/Capture-decran-2024-03-06-154845-100x100.png 100w\" sizes=\"auto, (max-width: 318px) 100vw, 318px\" \/><\/figure>\n\n\n\n<p class=\"has-text-align-center\"><mark style=\"background-color:#ffffff\" class=\"has-inline-color has-re-blue-color\"><mark style=\"background-color:#ffffff\" class=\"has-inline-color has-re-blue-color\"><strong>M\u00e9lanie ROUGER<\/strong><br><\/mark><\/mark>Secr\u00e9taire<\/p>\n<\/div>\n<\/div>\n\n\n\n<div class=\"wp-block-columns is-layout-flex wp-container-core-columns-is-layout-9d6595d7 wp-block-columns-is-layout-flex\">\n<div class=\"wp-block-column is-layout-flow wp-block-column-is-layout-flow\">\n<figure class=\"wp-block-image size-full is-style-rounded\"><img loading=\"lazy\" decoding=\"async\" width=\"333\" height=\"353\" src=\"https:\/\/www.reseau-entreprendre.org\/maine-et-loire\/wp-content\/uploads\/sites\/48\/2024\/06\/Capture-decran-2024-03-06-154114.png\" alt=\"\" class=\"wp-image-3028\" style=\"aspect-ratio:1;object-fit:cover\" srcset=\"https:\/\/www.reseau-entreprendre.org\/maine-et-loire\/wp-content\/uploads\/sites\/48\/2024\/06\/Capture-decran-2024-03-06-154114.png 333w, https:\/\/www.reseau-entreprendre.org\/maine-et-loire\/wp-content\/uploads\/sites\/48\/2024\/06\/Capture-decran-2024-03-06-154114-283x300.png 283w, https:\/\/www.reseau-entreprendre.org\/maine-et-loire\/wp-content\/uploads\/sites\/48\/2024\/06\/Capture-decran-2024-03-06-154114-123x130.png 123w, https:\/\/www.reseau-entreprendre.org\/maine-et-loire\/wp-content\/uploads\/sites\/48\/2024\/06\/Capture-decran-2024-03-06-154114-94x100.png 94w\" sizes=\"auto, (max-width: 333px) 100vw, 333px\" \/><\/figure>\n\n\n\n<p class=\"has-text-align-center\"><mark style=\"background-color:#ffffff\" class=\"has-inline-color has-re-blue-color\"><strong>Michel BOUTIN<\/strong><br><\/mark>Administrateur<\/p>\n<\/div>\n\n\n\n<div class=\"wp-block-column is-layout-flow wp-block-column-is-layout-flow\">\n<figure class=\"wp-block-image size-full is-style-rounded\"><img loading=\"lazy\" decoding=\"async\" width=\"245\" height=\"286\" src=\"https:\/\/www.reseau-entreprendre.org\/maine-et-loire\/wp-content\/uploads\/sites\/48\/2024\/06\/Capture-decran-2024-06-26-160537.png\" alt=\"\" class=\"wp-image-3035\" style=\"aspect-ratio:1;object-fit:cover\" srcset=\"https:\/\/www.reseau-entreprendre.org\/maine-et-loire\/wp-content\/uploads\/sites\/48\/2024\/06\/Capture-decran-2024-06-26-160537.png 245w, https:\/\/www.reseau-entreprendre.org\/maine-et-loire\/wp-content\/uploads\/sites\/48\/2024\/06\/Capture-decran-2024-06-26-160537-111x130.png 111w, https:\/\/www.reseau-entreprendre.org\/maine-et-loire\/wp-content\/uploads\/sites\/48\/2024\/06\/Capture-decran-2024-06-26-160537-86x100.png 86w\" sizes=\"auto, (max-width: 245px) 100vw, 245px\" \/><\/figure>\n\n\n\n<p class=\"has-text-align-center\"><mark style=\"background-color:#ffffff\" class=\"has-inline-color has-re-blue-color\"><strong>Benjamin DELALANDE<\/strong><br><\/mark>Administrateur<\/p>\n<\/div>\n\n\n\n<div class=\"wp-block-column is-layout-flow wp-block-column-is-layout-flow\">\n<figure class=\"wp-block-image size-full is-style-rounded\"><img loading=\"lazy\" decoding=\"async\" width=\"238\" height=\"335\" src=\"https:\/\/www.reseau-entreprendre.org\/maine-et-loire\/wp-content\/uploads\/sites\/48\/2024\/06\/Capture-decran-2024-06-26-160550.png\" alt=\"\" class=\"wp-image-3036\" style=\"aspect-ratio:1;object-fit:cover\" srcset=\"https:\/\/www.reseau-entreprendre.org\/maine-et-loire\/wp-content\/uploads\/sites\/48\/2024\/06\/Capture-decran-2024-06-26-160550.png 238w, https:\/\/www.reseau-entreprendre.org\/maine-et-loire\/wp-content\/uploads\/sites\/48\/2024\/06\/Capture-decran-2024-06-26-160550-213x300.png 213w, https:\/\/www.reseau-entreprendre.org\/maine-et-loire\/wp-content\/uploads\/sites\/48\/2024\/06\/Capture-decran-2024-06-26-160550-92x130.png 92w, https:\/\/www.reseau-entreprendre.org\/maine-et-loire\/wp-content\/uploads\/sites\/48\/2024\/06\/Capture-decran-2024-06-26-160550-71x100.png 71w\" sizes=\"auto, (max-width: 238px) 100vw, 238px\" \/><\/figure>\n\n\n\n<p class=\"has-text-align-center\"><mark style=\"background-color:#ffffff\" class=\"has-inline-color has-re-blue-color\"><strong>Nicolas DOIZON<\/strong><br><\/mark>Administrateur<\/p>\n<\/div>\n\n\n\n<div class=\"wp-block-column is-layout-flow wp-block-column-is-layout-flow\">\n<figure class=\"wp-block-image size-full is-style-rounded\"><img loading=\"lazy\" decoding=\"async\" width=\"313\" height=\"371\" src=\"https:\/\/www.reseau-entreprendre.org\/maine-et-loire\/wp-content\/uploads\/sites\/48\/2024\/06\/Capture-decran-2024-03-06-154637.png\" alt=\"\" class=\"wp-image-3029\" style=\"aspect-ratio:1;object-fit:cover\" srcset=\"https:\/\/www.reseau-entreprendre.org\/maine-et-loire\/wp-content\/uploads\/sites\/48\/2024\/06\/Capture-decran-2024-03-06-154637.png 313w, https:\/\/www.reseau-entreprendre.org\/maine-et-loire\/wp-content\/uploads\/sites\/48\/2024\/06\/Capture-decran-2024-03-06-154637-253x300.png 253w, https:\/\/www.reseau-entreprendre.org\/maine-et-loire\/wp-content\/uploads\/sites\/48\/2024\/06\/Capture-decran-2024-03-06-154637-110x130.png 110w, https:\/\/www.reseau-entreprendre.org\/maine-et-loire\/wp-content\/uploads\/sites\/48\/2024\/06\/Capture-decran-2024-03-06-154637-84x100.png 84w\" sizes=\"auto, (max-width: 313px) 100vw, 313px\" \/><\/figure>\n\n\n\n<p class=\"has-text-align-center\"><mark style=\"background-color:#ffffff\" class=\"has-inline-color has-re-blue-color\"><strong>Charles-Eric FOUGERAY<\/strong><br><\/mark>Administrateur<\/p>\n<\/div>\n<\/div>\n\n\n\n<div class=\"wp-block-columns is-layout-flex wp-container-core-columns-is-layout-9d6595d7 wp-block-columns-is-layout-flex\">\n<div class=\"wp-block-column is-layout-flow wp-block-column-is-layout-flow\">\n<figure class=\"wp-block-image size-full is-style-rounded\"><img loading=\"lazy\" decoding=\"async\" width=\"371\" height=\"373\" src=\"https:\/\/www.reseau-entreprendre.org\/maine-et-loire\/wp-content\/uploads\/sites\/48\/2025\/07\/Capture-decran-2025-07-07-143124.png\" alt=\"\" class=\"wp-image-3508\" style=\"aspect-ratio:1;object-fit:cover\" srcset=\"https:\/\/www.reseau-entreprendre.org\/maine-et-loire\/wp-content\/uploads\/sites\/48\/2025\/07\/Capture-decran-2025-07-07-143124.png 371w, https:\/\/www.reseau-entreprendre.org\/maine-et-loire\/wp-content\/uploads\/sites\/48\/2025\/07\/Capture-decran-2025-07-07-143124-298x300.png 298w, https:\/\/www.reseau-entreprendre.org\/maine-et-loire\/wp-content\/uploads\/sites\/48\/2025\/07\/Capture-decran-2025-07-07-143124-150x150.png 150w, https:\/\/www.reseau-entreprendre.org\/maine-et-loire\/wp-content\/uploads\/sites\/48\/2025\/07\/Capture-decran-2025-07-07-143124-129x130.png 129w, https:\/\/www.reseau-entreprendre.org\/maine-et-loire\/wp-content\/uploads\/sites\/48\/2025\/07\/Capture-decran-2025-07-07-143124-100x100.png 100w\" sizes=\"auto, (max-width: 371px) 100vw, 371px\" \/><\/figure>\n\n\n\n<p class=\"has-text-align-center\"><mark style=\"background-color:#ffffff\" class=\"has-inline-color has-re-blue-color\"><strong>Manu\u00e8le GUINARD<\/strong><br><\/mark>Administrateur<\/p>\n<\/div>\n\n\n\n<div class=\"wp-block-column is-layout-flow wp-block-column-is-layout-flow\">\n<figure class=\"wp-block-image size-full is-style-rounded\"><img loading=\"lazy\" decoding=\"async\" width=\"297\" height=\"349\" src=\"https:\/\/www.reseau-entreprendre.org\/maine-et-loire\/wp-content\/uploads\/sites\/48\/2024\/06\/Capture-decran-2024-03-06-153851.png\" alt=\"\" class=\"wp-image-3031\" style=\"aspect-ratio:1;object-fit:cover\" srcset=\"https:\/\/www.reseau-entreprendre.org\/maine-et-loire\/wp-content\/uploads\/sites\/48\/2024\/06\/Capture-decran-2024-03-06-153851.png 297w, https:\/\/www.reseau-entreprendre.org\/maine-et-loire\/wp-content\/uploads\/sites\/48\/2024\/06\/Capture-decran-2024-03-06-153851-255x300.png 255w, https:\/\/www.reseau-entreprendre.org\/maine-et-loire\/wp-content\/uploads\/sites\/48\/2024\/06\/Capture-decran-2024-03-06-153851-111x130.png 111w, https:\/\/www.reseau-entreprendre.org\/maine-et-loire\/wp-content\/uploads\/sites\/48\/2024\/06\/Capture-decran-2024-03-06-153851-85x100.png 85w\" sizes=\"auto, (max-width: 297px) 100vw, 297px\" \/><\/figure>\n\n\n\n<p class=\"has-text-align-center\"><mark style=\"background-color:#ffffff\" class=\"has-inline-color has-re-blue-color\"><strong>Karine GUYON<\/strong><br><\/mark>Administrateur<\/p>\n<\/div>\n\n\n\n<div class=\"wp-block-column is-layout-flow wp-block-column-is-layout-flow\">\n<figure class=\"wp-block-image size-full is-style-rounded\"><img loading=\"lazy\" decoding=\"async\" width=\"358\" height=\"356\" src=\"https:\/\/www.reseau-entreprendre.org\/maine-et-loire\/wp-content\/uploads\/sites\/48\/2025\/07\/Capture-decran-2025-07-07-143629.png\" alt=\"\" class=\"wp-image-3509\" style=\"aspect-ratio:1;object-fit:cover\" srcset=\"https:\/\/www.reseau-entreprendre.org\/maine-et-loire\/wp-content\/uploads\/sites\/48\/2025\/07\/Capture-decran-2025-07-07-143629.png 358w, https:\/\/www.reseau-entreprendre.org\/maine-et-loire\/wp-content\/uploads\/sites\/48\/2025\/07\/Capture-decran-2025-07-07-143629-300x298.png 300w, https:\/\/www.reseau-entreprendre.org\/maine-et-loire\/wp-content\/uploads\/sites\/48\/2025\/07\/Capture-decran-2025-07-07-143629-150x150.png 150w, https:\/\/www.reseau-entreprendre.org\/maine-et-loire\/wp-content\/uploads\/sites\/48\/2025\/07\/Capture-decran-2025-07-07-143629-131x130.png 131w, https:\/\/www.reseau-entreprendre.org\/maine-et-loire\/wp-content\/uploads\/sites\/48\/2025\/07\/Capture-decran-2025-07-07-143629-100x100.png 100w\" sizes=\"auto, (max-width: 358px) 100vw, 358px\" \/><\/figure>\n\n\n\n<p class=\"has-text-align-center\"><mark style=\"background-color:#ffffff\" class=\"has-inline-color has-re-blue-color\"><strong>Delphine JAMET<\/strong><br><\/mark>Administrateur<\/p>\n<\/div>\n\n\n\n<div class=\"wp-block-column is-layout-flow wp-block-column-is-layout-flow\">\n<figure class=\"wp-block-image size-full is-style-rounded\"><img loading=\"lazy\" decoding=\"async\" width=\"310\" height=\"305\" src=\"https:\/\/www.reseau-entreprendre.org\/maine-et-loire\/wp-content\/uploads\/sites\/48\/2025\/07\/Capture-decran-2025-07-07-143600.png\" alt=\"\" class=\"wp-image-3510\" style=\"aspect-ratio:1;object-fit:cover\" srcset=\"https:\/\/www.reseau-entreprendre.org\/maine-et-loire\/wp-content\/uploads\/sites\/48\/2025\/07\/Capture-decran-2025-07-07-143600.png 310w, https:\/\/www.reseau-entreprendre.org\/maine-et-loire\/wp-content\/uploads\/sites\/48\/2025\/07\/Capture-decran-2025-07-07-143600-300x295.png 300w, https:\/\/www.reseau-entreprendre.org\/maine-et-loire\/wp-content\/uploads\/sites\/48\/2025\/07\/Capture-decran-2025-07-07-143600-132x130.png 132w, https:\/\/www.reseau-entreprendre.org\/maine-et-loire\/wp-content\/uploads\/sites\/48\/2025\/07\/Capture-decran-2025-07-07-143600-100x98.png 100w\" sizes=\"auto, (max-width: 310px) 100vw, 310px\" \/><\/figure>\n\n\n\n<p class=\"has-text-align-center\"><mark style=\"background-color:#ffffff\" class=\"has-inline-color has-re-blue-color\"><strong>Matthieu LE MEUR<\/strong><br><\/mark>Administrateur<\/p>\n<\/div>\n<\/div>\n\n\n\n<h2 class=\"wp-block-heading has-text-align-center\"><strong>L&#8217;\u00c9QUIPE<\/strong><\/h2>\n\n\n\n<div style=\"height:20px\" aria-hidden=\"true\" class=\"wp-block-spacer\"><\/div>\n\n\n\n<div class=\"wp-block-columns is-layout-flex wp-container-core-columns-is-layout-9d6595d7 wp-block-columns-is-layout-flex\">\n<div class=\"wp-block-column is-layout-flow wp-block-column-is-layout-flow\"><div class=\"wp-block-image is-style-rounded\">\n<figure class=\"aligncenter size-full is-resized\"><img loading=\"lazy\" decoding=\"async\" width=\"980\" height=\"980\" src=\"https:\/\/www.reseau-entreprendre.org\/maine-et-loire\/wp-content\/uploads\/sites\/48\/2025\/07\/VIVIANE-COMPRESSE.png\" alt=\"\" class=\"wp-image-3536\" style=\"aspect-ratio:1;object-fit:cover;width:315px;height:auto\" srcset=\"https:\/\/www.reseau-entreprendre.org\/maine-et-loire\/wp-content\/uploads\/sites\/48\/2025\/07\/VIVIANE-COMPRESSE.png 980w, https:\/\/www.reseau-entreprendre.org\/maine-et-loire\/wp-content\/uploads\/sites\/48\/2025\/07\/VIVIANE-COMPRESSE-300x300.png 300w, https:\/\/www.reseau-entreprendre.org\/maine-et-loire\/wp-content\/uploads\/sites\/48\/2025\/07\/VIVIANE-COMPRESSE-150x150.png 150w, https:\/\/www.reseau-entreprendre.org\/maine-et-loire\/wp-content\/uploads\/sites\/48\/2025\/07\/VIVIANE-COMPRESSE-768x768.png 768w, https:\/\/www.reseau-entreprendre.org\/maine-et-loire\/wp-content\/uploads\/sites\/48\/2025\/07\/VIVIANE-COMPRESSE-500x500.png 500w, https:\/\/www.reseau-entreprendre.org\/maine-et-loire\/wp-content\/uploads\/sites\/48\/2025\/07\/VIVIANE-COMPRESSE-130x130.png 130w, https:\/\/www.reseau-entreprendre.org\/maine-et-loire\/wp-content\/uploads\/sites\/48\/2025\/07\/VIVIANE-COMPRESSE-100x100.png 100w\" sizes=\"auto, (max-width: 980px) 100vw, 980px\" \/><\/figure>\n<\/div>\n\n\n<p class=\"has-text-align-center\"><mark style=\"background-color:#ffffff\" class=\"has-inline-color has-re-yellow-color\"><strong>Viviane MOLS<\/strong><br><\/mark>Directrice<\/p>\n<\/div>\n\n\n\n<div class=\"wp-block-column is-layout-flow wp-block-column-is-layout-flow\"><div class=\"wp-block-image is-style-rounded\">\n<figure class=\"aligncenter size-full is-resized\"><img loading=\"lazy\" decoding=\"async\" width=\"969\" height=\"969\" src=\"https:\/\/www.reseau-entreprendre.org\/maine-et-loire\/wp-content\/uploads\/sites\/48\/2025\/07\/LAURA-COMPRESSE.png\" alt=\"\" class=\"wp-image-3538\" style=\"aspect-ratio:1;object-fit:cover;width:310px;height:auto\" srcset=\"https:\/\/www.reseau-entreprendre.org\/maine-et-loire\/wp-content\/uploads\/sites\/48\/2025\/07\/LAURA-COMPRESSE.png 969w, https:\/\/www.reseau-entreprendre.org\/maine-et-loire\/wp-content\/uploads\/sites\/48\/2025\/07\/LAURA-COMPRESSE-300x300.png 300w, https:\/\/www.reseau-entreprendre.org\/maine-et-loire\/wp-content\/uploads\/sites\/48\/2025\/07\/LAURA-COMPRESSE-150x150.png 150w, https:\/\/www.reseau-entreprendre.org\/maine-et-loire\/wp-content\/uploads\/sites\/48\/2025\/07\/LAURA-COMPRESSE-768x768.png 768w, https:\/\/www.reseau-entreprendre.org\/maine-et-loire\/wp-content\/uploads\/sites\/48\/2025\/07\/LAURA-COMPRESSE-500x500.png 500w, https:\/\/www.reseau-entreprendre.org\/maine-et-loire\/wp-content\/uploads\/sites\/48\/2025\/07\/LAURA-COMPRESSE-130x130.png 130w, https:\/\/www.reseau-entreprendre.org\/maine-et-loire\/wp-content\/uploads\/sites\/48\/2025\/07\/LAURA-COMPRESSE-100x100.png 100w\" sizes=\"auto, (max-width: 969px) 100vw, 969px\" \/><\/figure>\n<\/div>\n\n\n<p class=\"has-text-align-center has-text-color\" style=\"color:#060606\"><strong><mark style=\"background-color:#ffffff\" class=\"has-inline-color has-re-yellow-color\">Laura BRILLET<br><\/mark><\/strong>Charg\u00e9e de gestion administrative et comptable<\/p>\n<\/div>\n\n\n\n<div class=\"wp-block-column is-layout-flow wp-block-column-is-layout-flow\"><div class=\"wp-block-image is-style-rounded\">\n<figure class=\"aligncenter size-full is-resized\"><img loading=\"lazy\" decoding=\"async\" width=\"979\" height=\"979\" src=\"https:\/\/www.reseau-entreprendre.org\/maine-et-loire\/wp-content\/uploads\/sites\/48\/2025\/07\/OCEANE-COMPRESSE.png\" alt=\"\" class=\"wp-image-3539\" style=\"aspect-ratio:1;object-fit:cover;width:306px\" srcset=\"https:\/\/www.reseau-entreprendre.org\/maine-et-loire\/wp-content\/uploads\/sites\/48\/2025\/07\/OCEANE-COMPRESSE.png 979w, https:\/\/www.reseau-entreprendre.org\/maine-et-loire\/wp-content\/uploads\/sites\/48\/2025\/07\/OCEANE-COMPRESSE-300x300.png 300w, https:\/\/www.reseau-entreprendre.org\/maine-et-loire\/wp-content\/uploads\/sites\/48\/2025\/07\/OCEANE-COMPRESSE-150x150.png 150w, https:\/\/www.reseau-entreprendre.org\/maine-et-loire\/wp-content\/uploads\/sites\/48\/2025\/07\/OCEANE-COMPRESSE-768x768.png 768w, https:\/\/www.reseau-entreprendre.org\/maine-et-loire\/wp-content\/uploads\/sites\/48\/2025\/07\/OCEANE-COMPRESSE-500x500.png 500w, https:\/\/www.reseau-entreprendre.org\/maine-et-loire\/wp-content\/uploads\/sites\/48\/2025\/07\/OCEANE-COMPRESSE-130x130.png 130w, https:\/\/www.reseau-entreprendre.org\/maine-et-loire\/wp-content\/uploads\/sites\/48\/2025\/07\/OCEANE-COMPRESSE-100x100.png 100w\" sizes=\"auto, (max-width: 979px) 100vw, 979px\" \/><\/figure>\n<\/div>\n\n\n<p class=\"has-text-align-center\"><mark style=\"background-color:#ffffff\" class=\"has-inline-color has-re-yellow-color\"><strong>Oc\u00e9ane FOURNIER<\/strong><br><\/mark>Charg\u00e9e de communication et \u00e9v\u00e9nementiel<\/p>\n<\/div>\n<\/div>\n\n\n\n<div class=\"wp-block-columns are-vertically-aligned-center is-layout-flex wp-container-core-columns-is-layout-9d6595d7 wp-block-columns-is-layout-flex\">\n<div class=\"wp-block-column is-vertically-aligned-center is-layout-flow wp-block-column-is-layout-flow\"><\/div>\n<\/div>\n\n\n\n<div class=\"wp-block-columns is-layout-flex wp-container-core-columns-is-layout-9d6595d7 wp-block-columns-is-layout-flex\">\n<div class=\"wp-block-column is-layout-flow wp-block-column-is-layout-flow\"><div class=\"wp-block-image is-style-rounded\">\n<figure class=\"aligncenter size-full is-resized\"><img loading=\"lazy\" decoding=\"async\" width=\"973\" height=\"973\" src=\"https:\/\/www.reseau-entreprendre.org\/maine-et-loire\/wp-content\/uploads\/sites\/48\/2025\/07\/JULES-COMPRESSE.png\" alt=\"\" class=\"wp-image-3540\" style=\"aspect-ratio:1;object-fit:cover;width:308px;height:auto\" srcset=\"https:\/\/www.reseau-entreprendre.org\/maine-et-loire\/wp-content\/uploads\/sites\/48\/2025\/07\/JULES-COMPRESSE.png 973w, https:\/\/www.reseau-entreprendre.org\/maine-et-loire\/wp-content\/uploads\/sites\/48\/2025\/07\/JULES-COMPRESSE-300x300.png 300w, https:\/\/www.reseau-entreprendre.org\/maine-et-loire\/wp-content\/uploads\/sites\/48\/2025\/07\/JULES-COMPRESSE-150x150.png 150w, https:\/\/www.reseau-entreprendre.org\/maine-et-loire\/wp-content\/uploads\/sites\/48\/2025\/07\/JULES-COMPRESSE-768x768.png 768w, https:\/\/www.reseau-entreprendre.org\/maine-et-loire\/wp-content\/uploads\/sites\/48\/2025\/07\/JULES-COMPRESSE-500x500.png 500w, https:\/\/www.reseau-entreprendre.org\/maine-et-loire\/wp-content\/uploads\/sites\/48\/2025\/07\/JULES-COMPRESSE-130x130.png 130w, https:\/\/www.reseau-entreprendre.org\/maine-et-loire\/wp-content\/uploads\/sites\/48\/2025\/07\/JULES-COMPRESSE-100x100.png 100w\" sizes=\"auto, (max-width: 973px) 100vw, 973px\" \/><\/figure>\n<\/div>\n\n\n<p class=\"has-text-align-center\"><mark style=\"background-color:#ffffff\" class=\"has-inline-color has-re-yellow-color\"><strong>Jules HERIDEL<\/strong><br><\/mark>Charg\u00e9 de d\u00e9veloppement<\/p>\n<\/div>\n\n\n\n<div class=\"wp-block-column is-layout-flow wp-block-column-is-layout-flow\"><div class=\"wp-block-image is-style-rounded\">\n<figure class=\"aligncenter size-full is-resized\"><img loading=\"lazy\" decoding=\"async\" width=\"982\" height=\"982\" src=\"https:\/\/www.reseau-entreprendre.org\/maine-et-loire\/wp-content\/uploads\/sites\/48\/2025\/07\/DOM-COMPRESSE.png\" alt=\"\" class=\"wp-image-3541\" style=\"aspect-ratio:1;object-fit:cover;width:308px;height:auto\" srcset=\"https:\/\/www.reseau-entreprendre.org\/maine-et-loire\/wp-content\/uploads\/sites\/48\/2025\/07\/DOM-COMPRESSE.png 982w, https:\/\/www.reseau-entreprendre.org\/maine-et-loire\/wp-content\/uploads\/sites\/48\/2025\/07\/DOM-COMPRESSE-300x300.png 300w, https:\/\/www.reseau-entreprendre.org\/maine-et-loire\/wp-content\/uploads\/sites\/48\/2025\/07\/DOM-COMPRESSE-150x150.png 150w, https:\/\/www.reseau-entreprendre.org\/maine-et-loire\/wp-content\/uploads\/sites\/48\/2025\/07\/DOM-COMPRESSE-768x768.png 768w, https:\/\/www.reseau-entreprendre.org\/maine-et-loire\/wp-content\/uploads\/sites\/48\/2025\/07\/DOM-COMPRESSE-500x500.png 500w, https:\/\/www.reseau-entreprendre.org\/maine-et-loire\/wp-content\/uploads\/sites\/48\/2025\/07\/DOM-COMPRESSE-130x130.png 130w, https:\/\/www.reseau-entreprendre.org\/maine-et-loire\/wp-content\/uploads\/sites\/48\/2025\/07\/DOM-COMPRESSE-100x100.png 100w\" sizes=\"auto, (max-width: 982px) 100vw, 982px\" \/><\/figure>\n<\/div>\n\n\n<p class=\"has-text-align-center\"><mark style=\"background-color:#ffffff\" class=\"has-inline-color has-re-yellow-color\"><strong>Dominic COSNEAU<\/strong><br><\/mark>Responsable accompagnement<\/p>\n<\/div>\n\n\n\n<div class=\"wp-block-column is-layout-flow wp-block-column-is-layout-flow\"><div class=\"wp-block-image is-style-rounded\">\n<figure class=\"aligncenter size-full is-resized\"><img loading=\"lazy\" decoding=\"async\" width=\"972\" height=\"972\" src=\"https:\/\/www.reseau-entreprendre.org\/maine-et-loire\/wp-content\/uploads\/sites\/48\/2025\/07\/CATHY-COMPRESSE.png\" alt=\"\" class=\"wp-image-3542\" style=\"aspect-ratio:1;object-fit:cover;width:308px;height:auto\" srcset=\"https:\/\/www.reseau-entreprendre.org\/maine-et-loire\/wp-content\/uploads\/sites\/48\/2025\/07\/CATHY-COMPRESSE.png 972w, https:\/\/www.reseau-entreprendre.org\/maine-et-loire\/wp-content\/uploads\/sites\/48\/2025\/07\/CATHY-COMPRESSE-300x300.png 300w, https:\/\/www.reseau-entreprendre.org\/maine-et-loire\/wp-content\/uploads\/sites\/48\/2025\/07\/CATHY-COMPRESSE-150x150.png 150w, https:\/\/www.reseau-entreprendre.org\/maine-et-loire\/wp-content\/uploads\/sites\/48\/2025\/07\/CATHY-COMPRESSE-768x768.png 768w, https:\/\/www.reseau-entreprendre.org\/maine-et-loire\/wp-content\/uploads\/sites\/48\/2025\/07\/CATHY-COMPRESSE-500x500.png 500w, https:\/\/www.reseau-entreprendre.org\/maine-et-loire\/wp-content\/uploads\/sites\/48\/2025\/07\/CATHY-COMPRESSE-130x130.png 130w, https:\/\/www.reseau-entreprendre.org\/maine-et-loire\/wp-content\/uploads\/sites\/48\/2025\/07\/CATHY-COMPRESSE-100x100.png 100w\" sizes=\"auto, (max-width: 972px) 100vw, 972px\" \/><\/figure>\n<\/div>\n\n\n<p class=\"has-text-align-center\"><mark style=\"background-color:#ffffff\" class=\"has-inline-color has-re-yellow-color\"><strong>Cathy DUCA<\/strong><br><\/mark>Responsable accompagnement<\/p>\n<\/div>\n<\/div>\n\n\n\n<hr class=\"wp-block-separator has-alpha-channel-opacity\" \/>\n\n\n\n<h2 class=\"wp-block-heading has-text-align-center\"><strong>ILS NOUS SOUTIENNENT<\/strong><\/h2>\n\n\n<div data-block_d15074e093921c8f468256d30adf62ec class=\"re-partners-home align\">\n  \n  <\/div>\n\n\n\n<p><\/p>\n\n\n\n<p><\/p>\n","protected":false},"excerpt":{"rendered":"<p>NOTRE HISTOIRE \u00ab POUR CR\u00c9ER DES EMPLOIS DURABLES, CR\u00c9ONS DES<\/p>\n","protected":false},"author":49,"featured_media":0,"parent":0,"menu_order":0,"comment_status":"closed","ping_status":"closed","template":"","meta":{"_acf_changed":false,"_monsterinsights_skip_tracking":false,"_monsterinsights_sitenote_active":false,"_monsterinsights_sitenote_note":"","_monsterinsights_sitenote_category":0,"footnotes":""},"class_list":["post-1322","page","type-page","status-publish","hentry"],"acf":[],"yoast_head":"<!-- This site is optimized with the Yoast SEO plugin v27.4 - https:\/\/yoast.com\/product\/yoast-seo-wordpress\/ -->\n<title>Entreprendre | Reseau Entreprendre Maine &amp; Loire<\/title>\n<meta name=\"description\" content=\"Vous avez un projet de cr\u00e9ation d&#039;entreprise ? R\u00e9seau Entreprendre Maine &amp; Loire vous accompagne gratuitement et dans la dur\u00e9e\" \/>\n<meta name=\"robots\" content=\"index, follow, max-snippet:-1, max-image-preview:large, max-video-preview:-1\" \/>\n<link rel=\"canonical\" href=\"https:\/\/www.reseau-entreprendre.org\/maine-et-loire\/qui-sommes-nous-2\/\" \/>\n<meta property=\"og:locale\" content=\"fr_FR\" \/>\n<meta property=\"og:type\" content=\"article\" \/>\n<meta property=\"og:title\" content=\"Entreprendre | Reseau Entreprendre Maine &amp; Loire\" \/>\n<meta property=\"og:description\" content=\"Vous avez un projet de cr\u00e9ation d&#039;entreprise ? R\u00e9seau Entreprendre Maine &amp; Loire vous accompagne gratuitement et dans la dur\u00e9e\" \/>\n<meta property=\"og:url\" content=\"https:\/\/www.reseau-entreprendre.org\/maine-et-loire\/qui-sommes-nous-2\/\" \/>\n<meta property=\"og:site_name\" content=\"R\u00e9seau Entreprendre Maine &amp; Loire\" \/>\n<meta property=\"article:modified_time\" content=\"2025-07-31T14:48:54+00:00\" \/>\n<meta property=\"og:image\" content=\"https:\/\/www.reseau-entreprendre.org\/maine-et-loire\/wp-content\/uploads\/sites\/48\/2022\/05\/picto__bienveillance.png\" \/>\n\t<meta property=\"og:image:width\" content=\"136\" \/>\n\t<meta property=\"og:image:height\" content=\"136\" \/>\n\t<meta property=\"og:image:type\" content=\"image\/png\" \/>\n<meta name=\"twitter:card\" content=\"summary_large_image\" \/>\n<meta name=\"twitter:label1\" content=\"Dur\u00e9e de lecture estim\u00e9e\" \/>\n\t<meta name=\"twitter:data1\" content=\"8 minutes\" \/>\n<script type=\"application\/ld+json\" class=\"yoast-schema-graph\">{\"@context\":\"https:\\\/\\\/schema.org\",\"@graph\":[{\"@type\":\"WebPage\",\"@id\":\"https:\\\/\\\/www.reseau-entreprendre.org\\\/maine-et-loire\\\/qui-sommes-nous-2\\\/\",\"url\":\"https:\\\/\\\/www.reseau-entreprendre.org\\\/maine-et-loire\\\/qui-sommes-nous-2\\\/\",\"name\":\"Entreprendre | Reseau Entreprendre Maine & Loire\",\"isPartOf\":{\"@id\":\"https:\\\/\\\/www.reseau-entreprendre.org\\\/maine-et-loire\\\/#website\"},\"primaryImageOfPage\":{\"@id\":\"https:\\\/\\\/www.reseau-entreprendre.org\\\/maine-et-loire\\\/qui-sommes-nous-2\\\/#primaryimage\"},\"image\":{\"@id\":\"https:\\\/\\\/www.reseau-entreprendre.org\\\/maine-et-loire\\\/qui-sommes-nous-2\\\/#primaryimage\"},\"thumbnailUrl\":\"https:\\\/\\\/www.reseau-entreprendre.org\\\/maine-et-loire\\\/wp-content\\\/uploads\\\/sites\\\/48\\\/2022\\\/05\\\/picto__bienveillance.png\",\"datePublished\":\"2023-01-03T19:00:01+00:00\",\"dateModified\":\"2025-07-31T14:48:54+00:00\",\"description\":\"Vous avez un projet de cr\u00e9ation d'entreprise ? R\u00e9seau Entreprendre Maine & Loire vous accompagne gratuitement et dans la dur\u00e9e\",\"breadcrumb\":{\"@id\":\"https:\\\/\\\/www.reseau-entreprendre.org\\\/maine-et-loire\\\/qui-sommes-nous-2\\\/#breadcrumb\"},\"inLanguage\":\"fr-FR\",\"potentialAction\":[{\"@type\":\"ReadAction\",\"target\":[\"https:\\\/\\\/www.reseau-entreprendre.org\\\/maine-et-loire\\\/qui-sommes-nous-2\\\/\"]}]},{\"@type\":\"ImageObject\",\"inLanguage\":\"fr-FR\",\"@id\":\"https:\\\/\\\/www.reseau-entreprendre.org\\\/maine-et-loire\\\/qui-sommes-nous-2\\\/#primaryimage\",\"url\":\"https:\\\/\\\/www.reseau-entreprendre.org\\\/maine-et-loire\\\/wp-content\\\/uploads\\\/sites\\\/48\\\/2022\\\/05\\\/picto__bienveillance.png\",\"contentUrl\":\"https:\\\/\\\/www.reseau-entreprendre.org\\\/maine-et-loire\\\/wp-content\\\/uploads\\\/sites\\\/48\\\/2022\\\/05\\\/picto__bienveillance.png\",\"width\":136,\"height\":136},{\"@type\":\"BreadcrumbList\",\"@id\":\"https:\\\/\\\/www.reseau-entreprendre.org\\\/maine-et-loire\\\/qui-sommes-nous-2\\\/#breadcrumb\",\"itemListElement\":[{\"@type\":\"ListItem\",\"position\":1,\"name\":\"Accueil\",\"item\":\"https:\\\/\\\/www.reseau-entreprendre.org\\\/maine-et-loire\\\/\"},{\"@type\":\"ListItem\",\"position\":2,\"name\":\"Qui sommes-nous ?\"}]},{\"@type\":\"WebSite\",\"@id\":\"https:\\\/\\\/www.reseau-entreprendre.org\\\/maine-et-loire\\\/#website\",\"url\":\"https:\\\/\\\/www.reseau-entreprendre.org\\\/maine-et-loire\\\/\",\"name\":\"R\u00e9seau Entreprendre Maine &amp; Loire\",\"description\":\"&quot;Qui mieux qu&#039;un chef d&#039;entreprise peut accompagner un chef d&#039;entreprise ?&quot;\",\"potentialAction\":[{\"@type\":\"SearchAction\",\"target\":{\"@type\":\"EntryPoint\",\"urlTemplate\":\"https:\\\/\\\/www.reseau-entreprendre.org\\\/maine-et-loire\\\/?s={search_term_string}\"},\"query-input\":{\"@type\":\"PropertyValueSpecification\",\"valueRequired\":true,\"valueName\":\"search_term_string\"}}],\"inLanguage\":\"fr-FR\"}]}<\/script>\n<!-- \/ Yoast SEO plugin. -->","yoast_head_json":{"title":"Entreprendre | Reseau Entreprendre Maine & Loire","description":"Vous avez un projet de cr\u00e9ation d'entreprise ? R\u00e9seau Entreprendre Maine & Loire vous accompagne gratuitement et dans la dur\u00e9e","robots":{"index":"index","follow":"follow","max-snippet":"max-snippet:-1","max-image-preview":"max-image-preview:large","max-video-preview":"max-video-preview:-1"},"canonical":"https:\/\/www.reseau-entreprendre.org\/maine-et-loire\/qui-sommes-nous-2\/","og_locale":"fr_FR","og_type":"article","og_title":"Entreprendre | Reseau Entreprendre Maine & Loire","og_description":"Vous avez un projet de cr\u00e9ation d'entreprise ? R\u00e9seau Entreprendre Maine & Loire vous accompagne gratuitement et dans la dur\u00e9e","og_url":"https:\/\/www.reseau-entreprendre.org\/maine-et-loire\/qui-sommes-nous-2\/","og_site_name":"R\u00e9seau Entreprendre Maine &amp; Loire","article_modified_time":"2025-07-31T14:48:54+00:00","og_image":[{"width":136,"height":136,"url":"https:\/\/www.reseau-entreprendre.org\/maine-et-loire\/wp-content\/uploads\/sites\/48\/2022\/05\/picto__bienveillance.png","type":"image\/png"}],"twitter_card":"summary_large_image","twitter_misc":{"Dur\u00e9e de lecture estim\u00e9e":"8 minutes"},"schema":{"@context":"https:\/\/schema.org","@graph":[{"@type":"WebPage","@id":"https:\/\/www.reseau-entreprendre.org\/maine-et-loire\/qui-sommes-nous-2\/","url":"https:\/\/www.reseau-entreprendre.org\/maine-et-loire\/qui-sommes-nous-2\/","name":"Entreprendre | Reseau Entreprendre Maine & Loire","isPartOf":{"@id":"https:\/\/www.reseau-entreprendre.org\/maine-et-loire\/#website"},"primaryImageOfPage":{"@id":"https:\/\/www.reseau-entreprendre.org\/maine-et-loire\/qui-sommes-nous-2\/#primaryimage"},"image":{"@id":"https:\/\/www.reseau-entreprendre.org\/maine-et-loire\/qui-sommes-nous-2\/#primaryimage"},"thumbnailUrl":"https:\/\/www.reseau-entreprendre.org\/maine-et-loire\/wp-content\/uploads\/sites\/48\/2022\/05\/picto__bienveillance.png","datePublished":"2023-01-03T19:00:01+00:00","dateModified":"2025-07-31T14:48:54+00:00","description":"Vous avez un projet de cr\u00e9ation d'entreprise ? R\u00e9seau Entreprendre Maine & Loire vous accompagne gratuitement et dans la dur\u00e9e","breadcrumb":{"@id":"https:\/\/www.reseau-entreprendre.org\/maine-et-loire\/qui-sommes-nous-2\/#breadcrumb"},"inLanguage":"fr-FR","potentialAction":[{"@type":"ReadAction","target":["https:\/\/www.reseau-entreprendre.org\/maine-et-loire\/qui-sommes-nous-2\/"]}]},{"@type":"ImageObject","inLanguage":"fr-FR","@id":"https:\/\/www.reseau-entreprendre.org\/maine-et-loire\/qui-sommes-nous-2\/#primaryimage","url":"https:\/\/www.reseau-entreprendre.org\/maine-et-loire\/wp-content\/uploads\/sites\/48\/2022\/05\/picto__bienveillance.png","contentUrl":"https:\/\/www.reseau-entreprendre.org\/maine-et-loire\/wp-content\/uploads\/sites\/48\/2022\/05\/picto__bienveillance.png","width":136,"height":136},{"@type":"BreadcrumbList","@id":"https:\/\/www.reseau-entreprendre.org\/maine-et-loire\/qui-sommes-nous-2\/#breadcrumb","itemListElement":[{"@type":"ListItem","position":1,"name":"Accueil","item":"https:\/\/www.reseau-entreprendre.org\/maine-et-loire\/"},{"@type":"ListItem","position":2,"name":"Qui sommes-nous ?"}]},{"@type":"WebSite","@id":"https:\/\/www.reseau-entreprendre.org\/maine-et-loire\/#website","url":"https:\/\/www.reseau-entreprendre.org\/maine-et-loire\/","name":"R\u00e9seau Entreprendre Maine &amp; Loire","description":"&quot;Qui mieux qu&#039;un chef d&#039;entreprise peut accompagner un chef d&#039;entreprise ?&quot;","potentialAction":[{"@type":"SearchAction","target":{"@type":"EntryPoint","urlTemplate":"https:\/\/www.reseau-entreprendre.org\/maine-et-loire\/?s={search_term_string}"},"query-input":{"@type":"PropertyValueSpecification","valueRequired":true,"valueName":"search_term_string"}}],"inLanguage":"fr-FR"}]}},"_links":{"self":[{"href":"https:\/\/www.reseau-entreprendre.org\/maine-et-loire\/wp-json\/wp\/v2\/pages\/1322","targetHints":{"allow":["GET"]}}],"collection":[{"href":"https:\/\/www.reseau-entreprendre.org\/maine-et-loire\/wp-json\/wp\/v2\/pages"}],"about":[{"href":"https:\/\/www.reseau-entreprendre.org\/maine-et-loire\/wp-json\/wp\/v2\/types\/page"}],"author":[{"embeddable":true,"href":"https:\/\/www.reseau-entreprendre.org\/maine-et-loire\/wp-json\/wp\/v2\/users\/49"}],"replies":[{"embeddable":true,"href":"https:\/\/www.reseau-entreprendre.org\/maine-et-loire\/wp-json\/wp\/v2\/comments?post=1322"}],"version-history":[{"count":0,"href":"https:\/\/www.reseau-entreprendre.org\/maine-et-loire\/wp-json\/wp\/v2\/pages\/1322\/revisions"}],"wp:attachment":[{"href":"https:\/\/www.reseau-entreprendre.org\/maine-et-loire\/wp-json\/wp\/v2\/media?parent=1322"}],"curies":[{"name":"wp","href":"https:\/\/api.w.org\/{rel}","templated":true}]}}