{"id":11982,"date":"2026-04-05T17:36:26","date_gmt":"2026-04-05T15:36:26","guid":{"rendered":"https:\/\/www.reseau-entreprendre.org\/nord\/?page_id=11982"},"modified":"2026-04-27T08:56:02","modified_gmt":"2026-04-27T06:56:02","slug":"promotion-2025","status":"publish","type":"page","link":"https:\/\/www.reseau-entreprendre.org\/nord\/promotion-2025\/","title":{"rendered":"La promotion 2025 RESEAU ENTREPRENDRE NORD"},"content":{"rendered":"\n<div class=\"wp-block-columns is-layout-flex wp-container-core-columns-is-layout-9d6595d7 wp-block-columns-is-layout-flex\">\n<div class=\"wp-block-column is-layout-flow wp-block-column-is-layout-flow\">\n<div class=\"wp-block-buttons is-horizontal is-content-justification-center is-layout-flex wp-container-core-buttons-is-layout-499968f5 wp-block-buttons-is-layout-flex\">\n<div class=\"wp-block-button is-style-outline is-style-outline--1\"><a class=\"wp-block-button__link has-re-blue-color has-text-color wp-element-button\" href=\"https:\/\/www.reseau-entreprendre.org\/nord\/promotion-2023\/\">Promotion 2023<\/a><\/div>\n<\/div>\n<\/div>\n\n\n\n<div class=\"wp-block-column is-layout-flow wp-block-column-is-layout-flow\">\n<div class=\"wp-block-buttons is-horizontal is-content-justification-center is-layout-flex wp-container-core-buttons-is-layout-499968f5 wp-block-buttons-is-layout-flex\">\n<div class=\"wp-block-button is-style-outline is-style-outline--2\"><a class=\"wp-block-button__link has-re-blue-color has-text-color wp-element-button\" href=\"https:\/\/www.reseau-entreprendre.org\/nord\/promotion-2024\/\">Promotion 2024<\/a><\/div>\n<\/div>\n<\/div>\n\n\n\n<div class=\"wp-block-column is-layout-flow wp-block-column-is-layout-flow\">\n<div class=\"wp-block-buttons is-horizontal is-content-justification-center is-layout-flex wp-container-core-buttons-is-layout-499968f5 wp-block-buttons-is-layout-flex\">\n<div class=\"wp-block-button is-style-fill\"><a class=\"wp-block-button__link has-re-blue-background-color has-background wp-element-button\" href=\"https:\/\/www.reseau-entreprendre.org\/nord\/promotion-2025\/\">Promotion 2025<\/a><\/div>\n<\/div>\n<\/div>\n<\/div>\n\n\n\n<div style=\"height:37px\" aria-hidden=\"true\" class=\"wp-block-spacer\"><\/div>\n\n\n\n<div class=\"wp-block-columns is-layout-flex wp-container-core-columns-is-layout-9d6595d7 wp-block-columns-is-layout-flex\">\n<div class=\"wp-block-column is-layout-flow wp-block-column-is-layout-flow\">\n<div class=\"wp-block-columns is-layout-flex wp-container-core-columns-is-layout-9d6595d7 wp-block-columns-is-layout-flex\">\n<div class=\"wp-block-column is-layout-flow wp-block-column-is-layout-flow\">\n<h5 class=\"wp-block-heading has-text-align-center has-re-blue-color has-text-color\" id=\"Acobi\"><strong>ABRACADABRA LINGERIE<\/strong><\/h5>\n\n\n\n<p class=\"has-text-align-center\"><span class=\"su-label su-label-type-info\">CR\u00c9ATION<\/span>\n\n\n\n<figure class=\"wp-block-image size-full\"><a href=\"https:\/\/abracadabralingerie.fr\/\"><img loading=\"lazy\" decoding=\"async\" width=\"150\" height=\"150\" src=\"https:\/\/www.reseau-entreprendre.org\/nord\/wp-content\/uploads\/sites\/40\/2026\/04\/abracadabra.png\" alt=\"\" class=\"wp-image-11984\" srcset=\"https:\/\/www.reseau-entreprendre.org\/nord\/wp-content\/uploads\/sites\/40\/2026\/04\/abracadabra.png 150w, https:\/\/www.reseau-entreprendre.org\/nord\/wp-content\/uploads\/sites\/40\/2026\/04\/abracadabra-130x130.png 130w, https:\/\/www.reseau-entreprendre.org\/nord\/wp-content\/uploads\/sites\/40\/2026\/04\/abracadabra-100x100.png 100w\" sizes=\"auto, (max-width: 150px) 100vw, 150px\" \/><\/a><\/figure>\n\n\n\n<p class=\"has-text-align-center has-small-font-size\"><em>Plateforme de<br>lingerie de seconde main alliant revalorisation textile,<br>exigence qualit\u00e9 et distribution omnicanale.<\/em><\/p>\n\n\n\n<p class=\"has-text-align-center\" style=\"font-size:15px\"><strong>Margaux PLUS<br>Marie THIEFFRY<\/strong><\/p>\n\n\n\n<p><\/p>\n<\/div>\n\n\n\n<div class=\"wp-block-column is-layout-flow wp-block-column-is-layout-flow\">\n<h5 class=\"wp-block-heading has-text-align-center has-re-blue-color has-text-color\" id=\"Acobi\"><strong>ARGOS METRICS<\/strong><\/h5>\n\n\n\n<p class=\"has-text-align-center\"><span class=\"su-label su-label-type-info\">CR\u00c9ATION<\/span>\n\n\n\n<figure class=\"wp-block-image size-full\"><img loading=\"lazy\" decoding=\"async\" width=\"150\" height=\"150\" src=\"https:\/\/www.reseau-entreprendre.org\/nord\/wp-content\/uploads\/sites\/40\/2026\/04\/argos.png\" alt=\"\" class=\"wp-image-11986\" srcset=\"https:\/\/www.reseau-entreprendre.org\/nord\/wp-content\/uploads\/sites\/40\/2026\/04\/argos.png 150w, https:\/\/www.reseau-entreprendre.org\/nord\/wp-content\/uploads\/sites\/40\/2026\/04\/argos-130x130.png 130w, https:\/\/www.reseau-entreprendre.org\/nord\/wp-content\/uploads\/sites\/40\/2026\/04\/argos-100x100.png 100w\" sizes=\"auto, (max-width: 150px) 100vw, 150px\" \/><\/figure>\n\n\n\n<p class=\"has-text-align-center has-small-font-size\"><em>Solution de transformation<br>du retail physique fond\u00e9e sur une mesure des comportements clients.<\/em><\/p>\n\n\n\n<p class=\"has-text-align-center\" style=\"font-size:15px\"><strong><strong><strong>Beno\u00eet MENINI<\/strong><\/strong><\/strong><\/p>\n<\/div>\n<\/div>\n<\/div>\n\n\n\n<div class=\"wp-block-column is-layout-flow wp-block-column-is-layout-flow\">\n<div class=\"wp-block-columns is-layout-flex wp-container-core-columns-is-layout-9d6595d7 wp-block-columns-is-layout-flex\">\n<div class=\"wp-block-column is-layout-flow wp-block-column-is-layout-flow\">\n<h5 class=\"wp-block-heading has-text-align-center has-re-blue-color has-text-color\" id=\"Acobi\"><strong>ATON ENERGIES<\/strong><\/h5>\n\n\n\n<p class=\"has-text-align-center\"><span class=\"su-label su-label-type-warning\">D\u00c9VELOPPEMENT<\/span>\n\n\n<div class=\"wp-block-image is-resized\">\n<figure class=\"aligncenter size-full\"><a href=\"http:\/\/aton-energies.com\"><img loading=\"lazy\" decoding=\"async\" width=\"150\" height=\"150\" src=\"https:\/\/www.reseau-entreprendre.org\/nord\/wp-content\/uploads\/sites\/40\/2026\/04\/aton.png\" alt=\"\" class=\"wp-image-11988\" style=\"object-fit:cover\" srcset=\"https:\/\/www.reseau-entreprendre.org\/nord\/wp-content\/uploads\/sites\/40\/2026\/04\/aton.png 150w, https:\/\/www.reseau-entreprendre.org\/nord\/wp-content\/uploads\/sites\/40\/2026\/04\/aton-130x130.png 130w, https:\/\/www.reseau-entreprendre.org\/nord\/wp-content\/uploads\/sites\/40\/2026\/04\/aton-100x100.png 100w\" sizes=\"auto, (max-width: 150px) 100vw, 150px\" \/><\/a><\/figure>\n<\/div>\n\n\n<p class=\"has-text-align-center has-small-font-size\"><em>Con\u00e7oit, r\u00e9alise et propose de la<br>maintenance de centrales photovolta\u00efques.<\/em><\/p>\n\n\n\n<p class=\"has-text-align-center\" style=\"font-size:15px\"><strong>Adrien DION<\/strong><br><strong><strong><strong>Ricardo BAPTISTA<\/strong><\/strong><\/strong><\/p>\n<\/div>\n\n\n\n<div class=\"wp-block-column is-layout-flow wp-block-column-is-layout-flow\">\n<h5 class=\"wp-block-heading has-text-align-center has-re-blue-color has-text-color\" id=\"Acobi\"><strong>BOIS CONCEPT<\/strong><\/h5>\n\n\n\n<p class=\"has-text-align-center\"><span class=\"su-label su-label-type-important\">REPRISE<\/span>\n\n\n<div class=\"wp-block-image is-resized\">\n<figure class=\"aligncenter size-full\"><a href=\"http:\/\/boisconcept.net\"><img loading=\"lazy\" decoding=\"async\" width=\"150\" height=\"150\" src=\"https:\/\/www.reseau-entreprendre.org\/nord\/wp-content\/uploads\/sites\/40\/2026\/04\/bois-concept.png\" alt=\"\" class=\"wp-image-11990\" style=\"object-fit:cover\" srcset=\"https:\/\/www.reseau-entreprendre.org\/nord\/wp-content\/uploads\/sites\/40\/2026\/04\/bois-concept.png 150w, https:\/\/www.reseau-entreprendre.org\/nord\/wp-content\/uploads\/sites\/40\/2026\/04\/bois-concept-130x130.png 130w, https:\/\/www.reseau-entreprendre.org\/nord\/wp-content\/uploads\/sites\/40\/2026\/04\/bois-concept-100x100.png 100w\" sizes=\"auto, (max-width: 150px) 100vw, 150px\" \/><\/a><\/figure>\n<\/div>\n\n\n<p class=\"has-text-align-center has-small-font-size\"><em>Con\u00e7oit vos projets d\u2019extension et<br>fabrique vos menuiseries bois sur mesure.<\/em><\/p>\n\n\n\n<p class=\"has-text-align-center\" style=\"font-size:15px\"><strong><strong><strong>Charles BIAIS<\/strong><\/strong><\/strong><\/p>\n<\/div>\n<\/div>\n<\/div>\n<\/div>\n\n\n\n<div class=\"wp-block-columns is-layout-flex wp-container-core-columns-is-layout-9d6595d7 wp-block-columns-is-layout-flex\">\n<div class=\"wp-block-column is-layout-flow wp-block-column-is-layout-flow\">\n<div class=\"wp-block-columns is-layout-flex wp-container-core-columns-is-layout-9d6595d7 wp-block-columns-is-layout-flex\">\n<div class=\"wp-block-column is-layout-flow wp-block-column-is-layout-flow\">\n<div class=\"wp-block-columns is-layout-flex wp-container-core-columns-is-layout-9d6595d7 wp-block-columns-is-layout-flex\">\n<div class=\"wp-block-column is-layout-flow wp-block-column-is-layout-flow\">\n<h5 class=\"wp-block-heading has-text-align-center has-re-blue-color has-text-color\" id=\"Benefiz\"><strong>BONNUIT<\/strong><\/h5>\n\n\n\n<p class=\"has-text-align-center\"><span class=\"su-label su-label-type-warning\">D\u00c9VELOPPEMENT<\/span>\n\n\n<div class=\"wp-block-image is-resized\">\n<figure class=\"aligncenter size-full\"><a href=\"http:\/\/bonnuit-matelas.fr\"><img loading=\"lazy\" decoding=\"async\" width=\"150\" height=\"150\" src=\"https:\/\/www.reseau-entreprendre.org\/nord\/wp-content\/uploads\/sites\/40\/2026\/04\/bonnuit.png\" alt=\"\" class=\"wp-image-11992\" style=\"object-fit:cover\" srcset=\"https:\/\/www.reseau-entreprendre.org\/nord\/wp-content\/uploads\/sites\/40\/2026\/04\/bonnuit.png 150w, https:\/\/www.reseau-entreprendre.org\/nord\/wp-content\/uploads\/sites\/40\/2026\/04\/bonnuit-130x130.png 130w, https:\/\/www.reseau-entreprendre.org\/nord\/wp-content\/uploads\/sites\/40\/2026\/04\/bonnuit-100x100.png 100w\" sizes=\"auto, (max-width: 150px) 100vw, 150px\" \/><\/a><figcaption class=\"wp-element-caption\"> <\/figcaption><\/figure>\n<\/div>\n\n\n<p class=\"has-text-align-center has-small-font-size\"><em>Fabrique des matelas et des sommiers et les<br>vend aux professionnels<\/em><\/p>\n\n\n\n<p class=\"has-text-align-center\" style=\"font-size:15px\"><strong><strong><strong><strong>F\u00e9lix HANICOTTE<\/strong><\/strong><\/strong><\/strong><br><strong>C\u00e9dric MATHON<\/strong><\/p>\n<\/div>\n\n\n\n<div class=\"wp-block-column is-layout-flow wp-block-column-is-layout-flow\">\n<h5 class=\"wp-block-heading has-text-align-center has-re-blue-color has-text-color\" id=\"Acobi\"><strong>CLINOTOPIA<\/strong><\/h5>\n\n\n\n<p class=\"has-text-align-center\"><span class=\"su-label su-label-type-info\">CR\u00c9ATION<\/span>\n\n\n<div class=\"wp-block-image is-resized\">\n<figure class=\"aligncenter size-full\"><a href=\"http:\/\/clinotopia.fr\"><img loading=\"lazy\" decoding=\"async\" width=\"150\" height=\"150\" src=\"https:\/\/www.reseau-entreprendre.org\/nord\/wp-content\/uploads\/sites\/40\/2026\/04\/clinotopia.png\" alt=\"\" class=\"wp-image-11994\" style=\"object-fit:cover;width:140px;height:auto\" srcset=\"https:\/\/www.reseau-entreprendre.org\/nord\/wp-content\/uploads\/sites\/40\/2026\/04\/clinotopia.png 150w, https:\/\/www.reseau-entreprendre.org\/nord\/wp-content\/uploads\/sites\/40\/2026\/04\/clinotopia-130x130.png 130w, https:\/\/www.reseau-entreprendre.org\/nord\/wp-content\/uploads\/sites\/40\/2026\/04\/clinotopia-100x100.png 100w\" sizes=\"auto, (max-width: 150px) 100vw, 150px\" \/><\/a><\/figure>\n<\/div>\n\n\n<p class=\"has-text-align-center has-small-font-size\"><em>Plateforme de r\u00e9f\u00e9rencement et<br>prise de RDV des essais cliniques.<\/em><\/p>\n\n\n\n<p class=\"has-text-align-center\" style=\"font-size:15px\"><strong>C\u00e9line MASQUELIER<\/strong><\/p>\n<\/div>\n<\/div>\n<\/div>\n\n\n\n<div class=\"wp-block-column is-layout-flow wp-block-column-is-layout-flow\">\n<div class=\"wp-block-columns is-layout-flex wp-container-core-columns-is-layout-9d6595d7 wp-block-columns-is-layout-flex\">\n<div class=\"wp-block-column is-layout-flow wp-block-column-is-layout-flow\">\n<h5 class=\"wp-block-heading has-text-align-center has-re-blue-color has-text-color\" id=\"Acobi\"><strong>CLUB TIDY<\/strong><\/h5>\n\n\n\n<p class=\"has-text-align-center\"><span class=\"su-label su-label-type-info\">CR\u00c9ATION<\/span>\n\n\n<div class=\"wp-block-image is-resized\">\n<figure class=\"aligncenter size-full\"><a href=\"https:\/\/clubtidy.fr\/\"><img loading=\"lazy\" decoding=\"async\" width=\"150\" height=\"150\" src=\"https:\/\/www.reseau-entreprendre.org\/nord\/wp-content\/uploads\/sites\/40\/2026\/04\/club-tidy.png\" alt=\"\" class=\"wp-image-11996\" style=\"object-fit:cover;width:140px;height:auto\" srcset=\"https:\/\/www.reseau-entreprendre.org\/nord\/wp-content\/uploads\/sites\/40\/2026\/04\/club-tidy.png 150w, https:\/\/www.reseau-entreprendre.org\/nord\/wp-content\/uploads\/sites\/40\/2026\/04\/club-tidy-130x130.png 130w, https:\/\/www.reseau-entreprendre.org\/nord\/wp-content\/uploads\/sites\/40\/2026\/04\/club-tidy-100x100.png 100w\" sizes=\"auto, (max-width: 150px) 100vw, 150px\" \/><\/a><\/figure>\n<\/div>\n\n\n<p class=\"has-text-align-center has-small-font-size\"><em>Plateforme permettant aux intervenants<br>(micro-entrepreneurs) \u00e0 domicile d\u2019exercer sans avoir \u00e0 effectuer aucune d\u00e9marche administrative.<\/em><\/p>\n\n\n\n<p class=\"has-text-align-center\" style=\"font-size:15px\"><strong>Gr\u00e9gory BOUILLON<\/strong><br><strong>Emilie DA CRUZ<\/strong><\/p>\n<\/div>\n\n\n\n<div class=\"wp-block-column is-layout-flow wp-block-column-is-layout-flow\">\n<h5 class=\"wp-block-heading has-text-align-center has-re-blue-color has-text-color\" id=\"Acobi\"><strong>CONEX<\/strong><\/h5>\n\n\n\n<p class=\"has-text-align-center\"><span class=\"su-label su-label-type-important\">REPRISE<\/span>\n\n\n<div class=\"wp-block-image is-resized\">\n<figure class=\"aligncenter size-full\"><a href=\"http:\/\/conex-online.com\"><img loading=\"lazy\" decoding=\"async\" width=\"150\" height=\"150\" src=\"https:\/\/www.reseau-entreprendre.org\/nord\/wp-content\/uploads\/sites\/40\/2026\/04\/CONEX.png\" alt=\"\" class=\"wp-image-11998\" style=\"object-fit:cover\" srcset=\"https:\/\/www.reseau-entreprendre.org\/nord\/wp-content\/uploads\/sites\/40\/2026\/04\/CONEX.png 150w, https:\/\/www.reseau-entreprendre.org\/nord\/wp-content\/uploads\/sites\/40\/2026\/04\/CONEX-130x130.png 130w, https:\/\/www.reseau-entreprendre.org\/nord\/wp-content\/uploads\/sites\/40\/2026\/04\/CONEX-100x100.png 100w\" sizes=\"auto, (max-width: 150px) 100vw, 150px\" \/><\/a><figcaption class=\"wp-element-caption\"> <\/figcaption><\/figure>\n<\/div>\n\n\n<p class=\"has-text-align-center has-small-font-size\"><em>Con\u00e7oit, fabrique et commercialise des Flight Cases.<\/em><\/p>\n\n\n\n<p class=\"has-text-align-center\" style=\"font-size:15px\"><strong>Maxime BONTE<\/strong><br><strong>Mathieu ROBERT<\/strong><\/p>\n<\/div>\n<\/div>\n<\/div>\n<\/div>\n\n\n\n<div class=\"wp-block-columns is-layout-flex wp-container-core-columns-is-layout-9d6595d7 wp-block-columns-is-layout-flex\">\n<div class=\"wp-block-column is-layout-flow wp-block-column-is-layout-flow\">\n<h5 class=\"wp-block-heading has-text-align-center has-re-blue-color has-text-color\" id=\"Acobi\"><strong>COOVAIR<\/strong><\/h5>\n\n\n\n<p class=\"has-text-align-center\"><span class=\"su-label su-label-type-important\">REPRISE<\/span>\n\n\n<div class=\"wp-block-image is-resized\">\n<figure class=\"aligncenter size-full\"><a href=\"http:\/\/coovair.com\"><img loading=\"lazy\" decoding=\"async\" width=\"150\" height=\"150\" src=\"https:\/\/www.reseau-entreprendre.org\/nord\/wp-content\/uploads\/sites\/40\/2026\/04\/coovair.png\" alt=\"\" class=\"wp-image-12000\" style=\"object-fit:cover;width:140px;height:auto\" srcset=\"https:\/\/www.reseau-entreprendre.org\/nord\/wp-content\/uploads\/sites\/40\/2026\/04\/coovair.png 150w, https:\/\/www.reseau-entreprendre.org\/nord\/wp-content\/uploads\/sites\/40\/2026\/04\/coovair-130x130.png 130w, https:\/\/www.reseau-entreprendre.org\/nord\/wp-content\/uploads\/sites\/40\/2026\/04\/coovair-100x100.png 100w\" sizes=\"auto, (max-width: 150px) 100vw, 150px\" \/><\/a><\/figure>\n<\/div>\n\n\n<p class=\"has-text-align-center has-small-font-size\"><em>Entretien, r\u00e9pare et s\u00e9curise des toitures et<br>bardages en milieux industriel et tertiaire.<\/em><\/p>\n\n\n\n<p class=\"has-text-align-center\" style=\"font-size:15px\"><strong><strong><strong><strong><strong><strong><strong>Louise BRETON<\/strong><\/strong><\/strong><\/strong><\/strong><\/strong><\/strong><br><strong>Valentin BRETON<\/strong><\/p>\n<\/div>\n\n\n\n<div class=\"wp-block-column is-layout-flow wp-block-column-is-layout-flow\">\n<h5 class=\"wp-block-heading has-text-align-center has-re-blue-color has-text-color\" id=\"Acobi\"><strong>CROIN<\/strong><\/h5>\n\n\n\n<p class=\"has-text-align-center\"><span class=\"su-label su-label-type-important\">REPRISE<\/span>\n\n\n<div class=\"wp-block-image is-resized\">\n<figure class=\"aligncenter size-full\"><img loading=\"lazy\" decoding=\"async\" width=\"150\" height=\"150\" src=\"https:\/\/www.reseau-entreprendre.org\/nord\/wp-content\/uploads\/sites\/40\/2026\/04\/croin.png\" alt=\"\" class=\"wp-image-12001\" style=\"object-fit:cover;width:140px;height:140px\" srcset=\"https:\/\/www.reseau-entreprendre.org\/nord\/wp-content\/uploads\/sites\/40\/2026\/04\/croin.png 150w, https:\/\/www.reseau-entreprendre.org\/nord\/wp-content\/uploads\/sites\/40\/2026\/04\/croin-130x130.png 130w, https:\/\/www.reseau-entreprendre.org\/nord\/wp-content\/uploads\/sites\/40\/2026\/04\/croin-100x100.png 100w\" sizes=\"auto, (max-width: 150px) 100vw, 150px\" \/><\/figure>\n<\/div>\n\n\n<p class=\"has-text-align-center\" style=\"font-size:13px\"><em>D\u00e9coration d\u2019int\u00e9rieur,<br>les ravalements de fa\u00e7ade, la pl\u00e2trerie, les rev\u00eatements de sols souples.<\/em><\/p>\n\n\n\n<p class=\"has-text-align-center\" style=\"font-size:13px\"><\/p>\n\n\n\n<p class=\"has-text-align-center\" style=\"font-size:15px\"><strong>Pierre CRISTOL<\/strong><\/p>\n<\/div>\n\n\n\n<div class=\"wp-block-column is-layout-flow wp-block-column-is-layout-flow\">\n<h5 class=\"wp-block-heading has-text-align-center has-re-blue-color has-text-color\" id=\"Benefiz\"><strong>DECO-STYL<\/strong><\/h5>\n\n\n\n<p class=\"has-text-align-center\"><span class=\"su-label su-label-type-important\">REPRISE<\/span>\n\n\n<div class=\"wp-block-image is-resized\">\n<figure class=\"aligncenter size-full\"><a href=\"http:\/\/decostylart.wordpress.com\"><img loading=\"lazy\" decoding=\"async\" width=\"150\" height=\"150\" src=\"https:\/\/www.reseau-entreprendre.org\/nord\/wp-content\/uploads\/sites\/40\/2026\/04\/deco-styl.png\" alt=\"\" class=\"wp-image-12002\" style=\"object-fit:cover;width:140px;height:auto\" srcset=\"https:\/\/www.reseau-entreprendre.org\/nord\/wp-content\/uploads\/sites\/40\/2026\/04\/deco-styl.png 150w, https:\/\/www.reseau-entreprendre.org\/nord\/wp-content\/uploads\/sites\/40\/2026\/04\/deco-styl-130x130.png 130w, https:\/\/www.reseau-entreprendre.org\/nord\/wp-content\/uploads\/sites\/40\/2026\/04\/deco-styl-100x100.png 100w\" sizes=\"auto, (max-width: 150px) 100vw, 150px\" \/><\/a><\/figure>\n<\/div>\n\n\n<p class=\"has-text-align-center has-small-font-size\"><em>Entreprise de n\u00e9goce de cache pots,<br>accessoires et bases pour fleuristes et jardineries<\/em>.<\/p>\n\n\n\n<p class=\"has-text-align-center\" style=\"font-size:15px\"><strong><strong><strong><strong><strong>Kelly WILLOT<\/strong><\/strong><\/strong><\/strong><\/strong><\/p>\n<\/div>\n\n\n\n<div class=\"wp-block-column is-layout-flow wp-block-column-is-layout-flow\">\n<h5 class=\"wp-block-heading has-text-align-center has-re-blue-color has-text-color\" id=\"Benefiz\"><strong>DES<\/strong><\/h5>\n\n\n\n<p class=\"has-text-align-center\"><span class=\"su-label su-label-type-important\">REPRISE<\/span>\n\n\n<div class=\"wp-block-image is-resized\">\n<figure class=\"aligncenter size-full\"><img loading=\"lazy\" decoding=\"async\" width=\"150\" height=\"150\" src=\"https:\/\/www.reseau-entreprendre.org\/nord\/wp-content\/uploads\/sites\/40\/2026\/04\/DES.png\" alt=\"\" class=\"wp-image-12003\" style=\"object-fit:cover;width:140px;height:140px\" srcset=\"https:\/\/www.reseau-entreprendre.org\/nord\/wp-content\/uploads\/sites\/40\/2026\/04\/DES.png 150w, https:\/\/www.reseau-entreprendre.org\/nord\/wp-content\/uploads\/sites\/40\/2026\/04\/DES-130x130.png 130w, https:\/\/www.reseau-entreprendre.org\/nord\/wp-content\/uploads\/sites\/40\/2026\/04\/DES-100x100.png 100w\" sizes=\"auto, (max-width: 150px) 100vw, 150px\" \/><\/figure>\n<\/div>\n\n\n<p class=\"has-text-align-center has-small-font-size\"><em>Soci\u00e9t\u00e9 dans le domaine de<br>la repr\u00e9sentation \u00e9lectrotechnique.<\/em><\/p>\n\n\n\n<p class=\"has-text-align-center\" style=\"font-size:15px\"><strong>Pierre MULLIEZ<\/strong><\/p>\n<\/div>\n<\/div>\n<\/div>\n<\/div>\n\n\n\n<div class=\"wp-block-columns is-layout-flex wp-container-core-columns-is-layout-9d6595d7 wp-block-columns-is-layout-flex\">\n<div class=\"wp-block-column is-layout-flow wp-block-column-is-layout-flow\">\n<div class=\"wp-block-columns is-layout-flex wp-container-core-columns-is-layout-9d6595d7 wp-block-columns-is-layout-flex\">\n<div class=\"wp-block-column is-layout-flow wp-block-column-is-layout-flow\">\n<div class=\"wp-block-columns is-layout-flex wp-container-core-columns-is-layout-9d6595d7 wp-block-columns-is-layout-flex\">\n<div class=\"wp-block-column is-layout-flow wp-block-column-is-layout-flow\">\n<h5 class=\"wp-block-heading has-text-align-center has-re-blue-color has-text-color\" id=\"Benefiz\"><strong>ELECTRICIT\u00c9 GUIDEZ<\/strong><\/h5>\n\n\n\n<p class=\"has-text-align-center\"><span class=\"su-label su-label-type-important\">REPRISE<\/span>\n\n\n<div class=\"wp-block-image is-resized\">\n<figure class=\"aligncenter size-full\"><img loading=\"lazy\" decoding=\"async\" width=\"150\" height=\"150\" src=\"https:\/\/www.reseau-entreprendre.org\/nord\/wp-content\/uploads\/sites\/40\/2026\/04\/EG.png\" alt=\"\" class=\"wp-image-12005\" style=\"object-fit:cover;width:140px;height:140px\" srcset=\"https:\/\/www.reseau-entreprendre.org\/nord\/wp-content\/uploads\/sites\/40\/2026\/04\/EG.png 150w, https:\/\/www.reseau-entreprendre.org\/nord\/wp-content\/uploads\/sites\/40\/2026\/04\/EG-130x130.png 130w, https:\/\/www.reseau-entreprendre.org\/nord\/wp-content\/uploads\/sites\/40\/2026\/04\/EG-100x100.png 100w\" sizes=\"auto, (max-width: 150px) 100vw, 150px\" \/><\/figure>\n<\/div>\n\n\n<p class=\"has-text-align-center has-small-font-size\"><em>Entreprise de travaux<br>d\u2019\u00e9lectricit\u00e9<\/em><\/p>\n\n\n\n<p class=\"has-text-align-center\" style=\"font-size:15px\"><strong>Christophe THIEBAUT<br>Olivier BRUCHET<\/strong><\/p>\n<\/div>\n\n\n\n<div class=\"wp-block-column is-layout-flow wp-block-column-is-layout-flow\">\n<h5 class=\"wp-block-heading has-text-align-center has-re-blue-color has-text-color\" id=\"Acobi\"><strong>iAVC<\/strong><\/h5>\n\n\n\n<p class=\"has-text-align-center\"><span class=\"su-label su-label-type-warning\">D\u00c9VELOPPEMENT<\/span>\n\n\n<div class=\"wp-block-image is-resized\">\n<figure class=\"aligncenter size-full\"><a href=\"http:\/\/groupe-extern.fr\"><img loading=\"lazy\" decoding=\"async\" width=\"150\" height=\"150\" src=\"https:\/\/www.reseau-entreprendre.org\/nord\/wp-content\/uploads\/sites\/40\/2026\/04\/GE.png\" alt=\"\" class=\"wp-image-12006\" style=\"object-fit:cover;width:140px;height:140px\" srcset=\"https:\/\/www.reseau-entreprendre.org\/nord\/wp-content\/uploads\/sites\/40\/2026\/04\/GE.png 150w, https:\/\/www.reseau-entreprendre.org\/nord\/wp-content\/uploads\/sites\/40\/2026\/04\/GE-130x130.png 130w, https:\/\/www.reseau-entreprendre.org\/nord\/wp-content\/uploads\/sites\/40\/2026\/04\/GE-100x100.png 100w\" sizes=\"auto, (max-width: 150px) 100vw, 150px\" \/><\/a><\/figure>\n<\/div>\n\n\n<p class=\"has-text-align-center\" style=\"font-size:13px\"><em>Soci\u00e9t\u00e9 de conseil et expertises<br>num\u00e9riques, protection des donn\u00e9es personnelles et IA<\/em><\/p>\n\n\n\n<p class=\"has-text-align-center\" style=\"font-size:13px\"><\/p>\n\n\n\n<p class=\"has-text-align-center\" style=\"font-size:15px\"><strong>Fabien LEBARGY<\/strong><\/p>\n<\/div>\n<\/div>\n<\/div>\n\n\n\n<div class=\"wp-block-column is-layout-flow wp-block-column-is-layout-flow\">\n<div class=\"wp-block-columns is-layout-flex wp-container-core-columns-is-layout-9d6595d7 wp-block-columns-is-layout-flex\">\n<div class=\"wp-block-column is-layout-flow wp-block-column-is-layout-flow\">\n<h5 class=\"wp-block-heading has-text-align-center has-re-blue-color has-text-color\" id=\"Benefiz\"><strong>JETDEV<\/strong><\/h5>\n\n\n\n<p class=\"has-text-align-center\"><span class=\"su-label su-label-type-warning\">D\u00c9VELOPPEMENT<\/span>\n\n\n<div class=\"wp-block-image is-resized\">\n<figure class=\"aligncenter size-full\"><a href=\"http:\/\/jetdev.fr\"><img loading=\"lazy\" decoding=\"async\" width=\"150\" height=\"150\" src=\"https:\/\/www.reseau-entreprendre.org\/nord\/wp-content\/uploads\/sites\/40\/2026\/04\/JETDEV.png\" alt=\"\" class=\"wp-image-12007\" style=\"object-fit:cover;width:140px;height:140px\" srcset=\"https:\/\/www.reseau-entreprendre.org\/nord\/wp-content\/uploads\/sites\/40\/2026\/04\/JETDEV.png 150w, https:\/\/www.reseau-entreprendre.org\/nord\/wp-content\/uploads\/sites\/40\/2026\/04\/JETDEV-130x130.png 130w, https:\/\/www.reseau-entreprendre.org\/nord\/wp-content\/uploads\/sites\/40\/2026\/04\/JETDEV-100x100.png 100w\" sizes=\"auto, (max-width: 150px) 100vw, 150px\" \/><\/a><\/figure>\n<\/div>\n\n\n<p class=\"has-text-align-center has-small-font-size\"><em> Solutions digitales sur-mesure<br>afin de simplifier la transition num\u00e9rique des soci\u00e9t\u00e9s.<\/em><\/p>\n\n\n\n<p class=\"has-text-align-center\" style=\"font-size:15px\"><strong>Th\u00e9o BERKHOUT<br>William LEEMANS<\/strong><br><strong>Florian LEMAIRE<\/strong><\/p>\n<\/div>\n\n\n\n<div class=\"wp-block-column is-layout-flow wp-block-column-is-layout-flow\">\n<h5 class=\"wp-block-heading has-text-align-center has-re-blue-color has-text-color\" id=\"Benefiz\"><strong>JOCX<\/strong><\/h5>\n\n\n\n<p class=\"has-text-align-center\"><span class=\"su-label su-label-type-info\">CR\u00c9ATION<\/span>\n\n\n<div class=\"wp-block-image is-resized\">\n<figure class=\"aligncenter size-full\"><a href=\"http:\/\/jocx.fr\"><img loading=\"lazy\" decoding=\"async\" width=\"150\" height=\"150\" src=\"https:\/\/www.reseau-entreprendre.org\/nord\/wp-content\/uploads\/sites\/40\/2026\/04\/JOOCX.png\" alt=\"\" class=\"wp-image-12009\" style=\"object-fit:cover;width:140px;height:140px\" srcset=\"https:\/\/www.reseau-entreprendre.org\/nord\/wp-content\/uploads\/sites\/40\/2026\/04\/JOOCX.png 150w, https:\/\/www.reseau-entreprendre.org\/nord\/wp-content\/uploads\/sites\/40\/2026\/04\/JOOCX-130x130.png 130w, https:\/\/www.reseau-entreprendre.org\/nord\/wp-content\/uploads\/sites\/40\/2026\/04\/JOOCX-100x100.png 100w\" sizes=\"auto, (max-width: 150px) 100vw, 150px\" \/><\/a><\/figure>\n<\/div>\n\n\n<p class=\"has-text-align-center has-small-font-size\"><em>Accompagnement des entreprises<br>dans le renforcement de leur cybers\u00e9curit\u00e9 et la r\u00e9duction de leurs risques num\u00e9riques.<\/em><\/p>\n\n\n\n<p class=\"has-text-align-center\" style=\"font-size:15px\"><strong>Mickael GUYOT<br>Lucas BROUTEELE<\/strong> <\/p>\n<\/div>\n<\/div>\n<\/div>\n<\/div>\n\n\n\n<div class=\"wp-block-columns is-layout-flex wp-container-core-columns-is-layout-9d6595d7 wp-block-columns-is-layout-flex\">\n<div class=\"wp-block-column is-layout-flow wp-block-column-is-layout-flow\">\n<h5 class=\"wp-block-heading has-text-align-center has-re-blue-color has-text-color\" id=\"Acobi\"><strong>LA CAROTECH<\/strong><\/h5>\n\n\n\n<p class=\"has-text-align-center\"><span class=\"su-label su-label-type-important\">REPRISE<\/span>\n\n\n<div class=\"wp-block-image is-resized\">\n<figure class=\"aligncenter size-full\"><a href=\"http:\/\/carrelage-lacarotech.fr\"><img loading=\"lazy\" decoding=\"async\" width=\"150\" height=\"150\" src=\"https:\/\/www.reseau-entreprendre.org\/nord\/wp-content\/uploads\/sites\/40\/2026\/04\/LA-CAROTECH.png\" alt=\"\" class=\"wp-image-12010\" style=\"object-fit:cover;width:140px;height:140px\" srcset=\"https:\/\/www.reseau-entreprendre.org\/nord\/wp-content\/uploads\/sites\/40\/2026\/04\/LA-CAROTECH.png 150w, https:\/\/www.reseau-entreprendre.org\/nord\/wp-content\/uploads\/sites\/40\/2026\/04\/LA-CAROTECH-130x130.png 130w, https:\/\/www.reseau-entreprendre.org\/nord\/wp-content\/uploads\/sites\/40\/2026\/04\/LA-CAROTECH-100x100.png 100w\" sizes=\"auto, (max-width: 150px) 100vw, 150px\" \/><\/a><\/figure>\n<\/div>\n\n\n<p class=\"has-text-align-center has-small-font-size\"><em>Entreprise sp\u00e9cialis\u00e9e dans la<br>vente de rev\u00eatements de sols et muraux<\/em>.<\/p>\n\n\n\n<p class=\"has-text-align-center\" style=\"font-size:15px\"><strong>Antoine GRECHEZ<\/strong><\/p>\n<\/div>\n\n\n\n<div class=\"wp-block-column is-layout-flow wp-block-column-is-layout-flow\">\n<h5 class=\"wp-block-heading has-text-align-center has-re-blue-color has-text-color\" id=\"Acobi\"><strong>LIBEL\u2019UP<\/strong><\/h5>\n\n\n\n<p class=\"has-text-align-center\"><span class=\"su-label su-label-type-info\">CR\u00c9ATION<\/span>\n\n\n<div class=\"wp-block-image is-resized\">\n<figure class=\"aligncenter size-full\"><a href=\"http:\/\/ibel-up.com\"><img loading=\"lazy\" decoding=\"async\" width=\"150\" height=\"150\" src=\"https:\/\/www.reseau-entreprendre.org\/nord\/wp-content\/uploads\/sites\/40\/2026\/04\/LIBEL-UP.png\" alt=\"\" class=\"wp-image-12011\" style=\"object-fit:cover;width:140px;height:140px\" srcset=\"https:\/\/www.reseau-entreprendre.org\/nord\/wp-content\/uploads\/sites\/40\/2026\/04\/LIBEL-UP.png 150w, https:\/\/www.reseau-entreprendre.org\/nord\/wp-content\/uploads\/sites\/40\/2026\/04\/LIBEL-UP-130x130.png 130w, https:\/\/www.reseau-entreprendre.org\/nord\/wp-content\/uploads\/sites\/40\/2026\/04\/LIBEL-UP-100x100.png 100w\" sizes=\"auto, (max-width: 150px) 100vw, 150px\" \/><\/a><\/figure>\n<\/div>\n\n\n<p class=\"has-text-align-center has-small-font-size\"><em>Collecte, remet en \u00e9tat et revend du mat\u00e9riel<br>m\u00e9dical<\/em><\/p>\n\n\n\n<p class=\"has-text-align-center\" style=\"font-size:15px\"><strong>Quentin BRASSART<\/strong><\/p>\n<\/div>\n\n\n\n<div class=\"wp-block-column is-layout-flow wp-block-column-is-layout-flow\">\n<h5 class=\"wp-block-heading has-text-align-center has-re-blue-color has-text-color\" id=\"Benefiz\"><strong>LOUMO<\/strong><\/h5>\n\n\n\n<p class=\"has-text-align-center\"><span class=\"su-label su-label-type-info\">CR\u00c9ATION<\/span>\n\n\n<div class=\"wp-block-image is-resized\">\n<figure class=\"aligncenter size-full\"><a href=\"http:\/\/loumo-correction.com\"><img loading=\"lazy\" decoding=\"async\" width=\"150\" height=\"150\" src=\"https:\/\/www.reseau-entreprendre.org\/nord\/wp-content\/uploads\/sites\/40\/2026\/04\/LOUMO.png\" alt=\"\" class=\"wp-image-12012\" style=\"object-fit:cover;width:140px;height:140px\" srcset=\"https:\/\/www.reseau-entreprendre.org\/nord\/wp-content\/uploads\/sites\/40\/2026\/04\/LOUMO.png 150w, https:\/\/www.reseau-entreprendre.org\/nord\/wp-content\/uploads\/sites\/40\/2026\/04\/LOUMO-130x130.png 130w, https:\/\/www.reseau-entreprendre.org\/nord\/wp-content\/uploads\/sites\/40\/2026\/04\/LOUMO-100x100.png 100w\" sizes=\"auto, (max-width: 150px) 100vw, 150px\" \/><\/a><\/figure>\n<\/div>\n\n\n<p class=\"has-text-align-center has-small-font-size\"><em>D\u00e9veloppe et d\u00e9ploie une solution hybride IA\/humain pour corriger les examens du sup\u00e9rieur<\/em><\/p>\n\n\n\n<p class=\"has-text-align-center\" style=\"font-size:15px\"><strong>Louis DESRY<\/strong><br><strong>Corentin MOSSET<\/strong><br><strong>Victor ROY<\/strong><\/p>\n<\/div>\n\n\n\n<div class=\"wp-block-column is-layout-flow wp-block-column-is-layout-flow\">\n<h5 class=\"wp-block-heading has-text-align-center has-re-blue-color has-text-color\" id=\"Acobi\"><strong>MUKIZ<\/strong><\/h5>\n\n\n\n<p class=\"has-text-align-center\"><span class=\"su-label su-label-type-info\">CR\u00c9ATION<\/span>\n\n\n<div class=\"wp-block-image is-resized\">\n<figure class=\"aligncenter size-full\"><a href=\"http:\/\/mukiz.com\"><img loading=\"lazy\" decoding=\"async\" width=\"150\" height=\"150\" src=\"https:\/\/www.reseau-entreprendre.org\/nord\/wp-content\/uploads\/sites\/40\/2026\/04\/MUKIZ.png\" alt=\"\" class=\"wp-image-12013\" style=\"object-fit:cover;width:140px;height:140px\" srcset=\"https:\/\/www.reseau-entreprendre.org\/nord\/wp-content\/uploads\/sites\/40\/2026\/04\/MUKIZ.png 150w, https:\/\/www.reseau-entreprendre.org\/nord\/wp-content\/uploads\/sites\/40\/2026\/04\/MUKIZ-130x130.png 130w, https:\/\/www.reseau-entreprendre.org\/nord\/wp-content\/uploads\/sites\/40\/2026\/04\/MUKIZ-100x100.png 100w\" sizes=\"auto, (max-width: 150px) 100vw, 150px\" \/><\/a><\/figure>\n<\/div>\n\n\n<p class=\"has-text-align-center has-small-font-size\"><em>D\u00e9veloppe des applications et des jeux autour du quiz musical<\/em><\/p>\n\n\n\n<p class=\"has-text-align-center\" style=\"font-size:15px\"><strong>Guillaume BOUXIN<\/strong><br><strong>Jules DUBERNARD<\/strong><\/p>\n<\/div>\n<\/div>\n<\/div>\n<\/div>\n\n\n\n<div class=\"wp-block-columns is-layout-flex wp-container-core-columns-is-layout-9d6595d7 wp-block-columns-is-layout-flex\">\n<div class=\"wp-block-column is-layout-flow wp-block-column-is-layout-flow\">\n<div class=\"wp-block-columns is-layout-flex wp-container-core-columns-is-layout-9d6595d7 wp-block-columns-is-layout-flex\">\n<div class=\"wp-block-column is-layout-flow wp-block-column-is-layout-flow\">\n<div class=\"wp-block-columns is-layout-flex wp-container-core-columns-is-layout-9d6595d7 wp-block-columns-is-layout-flex\">\n<div class=\"wp-block-column is-layout-flow wp-block-column-is-layout-flow\">\n<h5 class=\"wp-block-heading has-text-align-center has-re-blue-color has-text-color\" id=\"Benefiz\"><strong>NORD B\u00c2CHES<\/strong><\/h5>\n\n\n\n<p class=\"has-text-align-center\"><span class=\"su-label su-label-type-important\">REPRISE<\/span>\n\n\n<div class=\"wp-block-image is-resized\">\n<figure class=\"aligncenter size-full\"><a href=\"http:\/\/nordbaches.com\"><img loading=\"lazy\" decoding=\"async\" width=\"150\" height=\"150\" src=\"https:\/\/www.reseau-entreprendre.org\/nord\/wp-content\/uploads\/sites\/40\/2026\/04\/NB.png\" alt=\"\" class=\"wp-image-12014\" style=\"object-fit:cover;width:140px;height:140px\" srcset=\"https:\/\/www.reseau-entreprendre.org\/nord\/wp-content\/uploads\/sites\/40\/2026\/04\/NB.png 150w, https:\/\/www.reseau-entreprendre.org\/nord\/wp-content\/uploads\/sites\/40\/2026\/04\/NB-130x130.png 130w, https:\/\/www.reseau-entreprendre.org\/nord\/wp-content\/uploads\/sites\/40\/2026\/04\/NB-100x100.png 100w\" sizes=\"auto, (max-width: 150px) 100vw, 150px\" \/><\/a><\/figure>\n<\/div>\n\n\n<p class=\"has-text-align-center has-small-font-size\">Sp\u00e9cialis\u00e9e dans la fabrication<br>de tissus enduits de PVC et dans la confection sur-mesure de b\u00e2ches de qualit\u00e9<\/p>\n\n\n\n<p class=\"has-text-align-center\" style=\"font-size:15px\"><strong>Alexis BIZALION<\/strong><br><strong>Harold CARONI<\/strong><\/p>\n<\/div>\n\n\n\n<div class=\"wp-block-column is-layout-flow wp-block-column-is-layout-flow\">\n<h5 class=\"wp-block-heading has-text-align-center has-re-blue-color has-text-color\" id=\"Benefiz\"><strong>NORD BUREAUTIQUE<\/strong><\/h5>\n\n\n\n<p class=\"has-text-align-center\"><span class=\"su-label su-label-type-important\">REPRISE<\/span>\n\n\n<div class=\"wp-block-image is-resized\">\n<figure class=\"aligncenter size-full\"><a href=\"http:\/\/nordbureautique.com\"><img loading=\"lazy\" decoding=\"async\" width=\"150\" height=\"150\" src=\"https:\/\/www.reseau-entreprendre.org\/nord\/wp-content\/uploads\/sites\/40\/2026\/04\/NBUREAUTIQUE.png\" alt=\"\" class=\"wp-image-12015\" style=\"object-fit:cover;width:140px;height:140px\" srcset=\"https:\/\/www.reseau-entreprendre.org\/nord\/wp-content\/uploads\/sites\/40\/2026\/04\/NBUREAUTIQUE.png 150w, https:\/\/www.reseau-entreprendre.org\/nord\/wp-content\/uploads\/sites\/40\/2026\/04\/NBUREAUTIQUE-130x130.png 130w, https:\/\/www.reseau-entreprendre.org\/nord\/wp-content\/uploads\/sites\/40\/2026\/04\/NBUREAUTIQUE-100x100.png 100w\" sizes=\"auto, (max-width: 150px) 100vw, 150px\" \/><\/a><\/figure>\n<\/div>\n\n\n<p class=\"has-text-align-center has-small-font-size\"><em>Commercialise et propose de la<br>maintenance de mat\u00e9riel d\u2019impression et de bureautique<\/em><\/p>\n\n\n\n<p class=\"has-text-align-center\" style=\"font-size:15px\"><strong>Billy THIRAPOUN NHO<\/strong><\/p>\n<\/div>\n<\/div>\n\n\n\n<div class=\"wp-block-columns is-layout-flex wp-container-core-columns-is-layout-9d6595d7 wp-block-columns-is-layout-flex\">\n<div class=\"wp-block-column is-layout-flow wp-block-column-is-layout-flow\">\n<h5 class=\"wp-block-heading has-text-align-center has-re-blue-color has-text-color\" id=\"Acobi\"><strong>OBSERVE MONTESSORI<\/strong><\/h5>\n\n\n\n<p class=\"has-text-align-center\"><span class=\"su-label su-label-type-warning\">D\u00c9VELOPPEMENT<\/span>\n\n\n<div class=\"wp-block-image is-resized\">\n<figure class=\"aligncenter size-full\"><a href=\"http:\/\/focus-industrie.fr\"><img loading=\"lazy\" decoding=\"async\" width=\"150\" height=\"150\" src=\"https:\/\/www.reseau-entreprendre.org\/nord\/wp-content\/uploads\/sites\/40\/2026\/04\/NORIA.png\" alt=\"\" class=\"wp-image-12019\" style=\"object-fit:cover;width:140px;height:140px\" srcset=\"https:\/\/www.reseau-entreprendre.org\/nord\/wp-content\/uploads\/sites\/40\/2026\/04\/NORIA.png 150w, https:\/\/www.reseau-entreprendre.org\/nord\/wp-content\/uploads\/sites\/40\/2026\/04\/NORIA-130x130.png 130w, https:\/\/www.reseau-entreprendre.org\/nord\/wp-content\/uploads\/sites\/40\/2026\/04\/NORIA-100x100.png 100w\" sizes=\"auto, (max-width: 150px) 100vw, 150px\" \/><\/a><\/figure>\n<\/div>\n\n\n<p class=\"has-text-align-center has-small-font-size\"><em>Con\u00e7oit, fabrique et installe des \u00e9quipements<br>industriels et des machines sp\u00e9ciales<\/em><\/p>\n\n\n\n<p class=\"has-text-align-center\" style=\"font-size:15px\"><strong>Antoine CHANTRY<\/strong><\/p>\n<\/div>\n\n\n\n<div class=\"wp-block-column is-layout-flow wp-block-column-is-layout-flow\">\n<h5 class=\"wp-block-heading has-text-align-center has-re-blue-color has-text-color\" id=\"Benefiz\"><strong>OAK\u00c2ME<\/strong><\/h5>\n\n\n\n<p class=\"has-text-align-center\"><span class=\"su-label su-label-type-info\">CR\u00c9ATION<\/span>\n\n\n<div class=\"wp-block-image is-resized\">\n<figure class=\"aligncenter size-full\"><a href=\"http:\/\/oakame.com\"><img loading=\"lazy\" decoding=\"async\" width=\"150\" height=\"150\" src=\"https:\/\/www.reseau-entreprendre.org\/nord\/wp-content\/uploads\/sites\/40\/2026\/04\/oakame.png\" alt=\"\" class=\"wp-image-12020\" style=\"object-fit:cover;width:140px;height:140px\" srcset=\"https:\/\/www.reseau-entreprendre.org\/nord\/wp-content\/uploads\/sites\/40\/2026\/04\/oakame.png 150w, https:\/\/www.reseau-entreprendre.org\/nord\/wp-content\/uploads\/sites\/40\/2026\/04\/oakame-130x130.png 130w, https:\/\/www.reseau-entreprendre.org\/nord\/wp-content\/uploads\/sites\/40\/2026\/04\/oakame-100x100.png 100w\" sizes=\"auto, (max-width: 150px) 100vw, 150px\" \/><\/a><\/figure>\n<\/div>\n\n\n<p class=\"has-text-align-center has-small-font-size\"><em>Con\u00e7oit, fabrique et vend des meubles<br>uniques, sur mesure, personnalisable, durable et artisanaux.<\/em><\/p>\n\n\n\n<p class=\"has-text-align-center\" style=\"font-size:15px\"><strong><strong><strong><strong><strong>Hugo GAVEAU<\/strong><\/strong><\/strong><\/strong><\/strong><br><strong>Christopher CHEVREUIL<\/strong><\/p>\n<\/div>\n<\/div>\n\n\n\n<div class=\"wp-block-columns is-layout-flex wp-container-core-columns-is-layout-9d6595d7 wp-block-columns-is-layout-flex\">\n<div class=\"wp-block-column is-layout-flow wp-block-column-is-layout-flow\">\n<h5 class=\"wp-block-heading has-text-align-center has-re-blue-color has-text-color\" id=\"Acobi\"><strong>TRANSFO +<\/strong><\/h5>\n\n\n\n<p class=\"has-text-align-center\"><span class=\"su-label su-label-type-important\">REPRISE<\/span>\n\n\n<div class=\"wp-block-image is-resized\">\n<figure class=\"aligncenter size-full\"><a href=\"https:\/\/transfo-plus.fr\/\"><img loading=\"lazy\" decoding=\"async\" width=\"150\" height=\"150\" src=\"https:\/\/www.reseau-entreprendre.org\/nord\/wp-content\/uploads\/sites\/40\/2026\/04\/TRANSFO.png\" alt=\"\" class=\"wp-image-12023\" style=\"object-fit:cover;width:140px;height:auto\" srcset=\"https:\/\/www.reseau-entreprendre.org\/nord\/wp-content\/uploads\/sites\/40\/2026\/04\/TRANSFO.png 150w, https:\/\/www.reseau-entreprendre.org\/nord\/wp-content\/uploads\/sites\/40\/2026\/04\/TRANSFO-130x130.png 130w, https:\/\/www.reseau-entreprendre.org\/nord\/wp-content\/uploads\/sites\/40\/2026\/04\/TRANSFO-100x100.png 100w\" sizes=\"auto, (max-width: 150px) 100vw, 150px\" \/><\/a><\/figure>\n<\/div>\n\n\n<p class=\"has-text-align-center has-small-font-size\"><em>Con\u00e7oit et produit des sacs et des sachets<br>personnalis\u00e9s en plastique et papier<\/em><\/p>\n\n\n\n<p class=\"has-text-align-center\" style=\"font-size:15px\"><strong>Martin IBLED<\/strong><\/p>\n<\/div>\n\n\n\n<div class=\"wp-block-column is-layout-flow wp-block-column-is-layout-flow\">\n<h5 class=\"wp-block-heading has-text-align-center has-re-blue-color has-text-color\" id=\"Acobi\"><strong>TRYBU<\/strong><\/h5>\n\n\n\n<p class=\"has-text-align-center\"><span class=\"su-label su-label-type-info\">CR\u00c9ATION<\/span>\n\n\n<div class=\"wp-block-image is-resized\">\n<figure class=\"aligncenter size-full\"><a href=\"http:\/\/trybu.io\"><img loading=\"lazy\" decoding=\"async\" width=\"150\" height=\"150\" src=\"https:\/\/www.reseau-entreprendre.org\/nord\/wp-content\/uploads\/sites\/40\/2026\/04\/TRYBU.png\" alt=\"\" class=\"wp-image-12024\" style=\"object-fit:cover;width:140px;height:140px\" srcset=\"https:\/\/www.reseau-entreprendre.org\/nord\/wp-content\/uploads\/sites\/40\/2026\/04\/TRYBU.png 150w, https:\/\/www.reseau-entreprendre.org\/nord\/wp-content\/uploads\/sites\/40\/2026\/04\/TRYBU-130x130.png 130w, https:\/\/www.reseau-entreprendre.org\/nord\/wp-content\/uploads\/sites\/40\/2026\/04\/TRYBU-100x100.png 100w\" sizes=\"auto, (max-width: 150px) 100vw, 150px\" \/><\/a><\/figure>\n<\/div>\n\n\n<p class=\"has-text-align-center has-small-font-size\"><em>Solution SaaS qui permet aux marques<br>de faire d\u00e9couvrir et essayer leurs produits par le biais de leurs clients<\/em><\/p>\n\n\n\n<p class=\"has-text-align-center\" style=\"font-size:15px\"><strong>Thibaud MORY<\/strong><\/p>\n<\/div>\n<\/div>\n<\/div>\n\n\n\n<div class=\"wp-block-column is-layout-flow wp-block-column-is-layout-flow\">\n<div class=\"wp-block-columns is-layout-flex wp-container-core-columns-is-layout-9d6595d7 wp-block-columns-is-layout-flex\">\n<div class=\"wp-block-column is-layout-flow wp-block-column-is-layout-flow\">\n<h5 class=\"wp-block-heading has-text-align-center has-re-blue-color has-text-color\" id=\"Acobi\"><strong>NORD ESCALIERS<\/strong><\/h5>\n\n\n\n<p class=\"has-text-align-center\"><span class=\"su-label su-label-type-important\">REPRISE<\/span>\n\n\n<div class=\"wp-block-image is-resized\">\n<figure class=\"aligncenter size-full\"><a href=\"http:\/\/nordescaliers.fr\"><img loading=\"lazy\" decoding=\"async\" width=\"150\" height=\"150\" src=\"https:\/\/www.reseau-entreprendre.org\/nord\/wp-content\/uploads\/sites\/40\/2026\/04\/NE.png\" alt=\"\" class=\"wp-image-12016\" style=\"object-fit:cover;width:140px;height:140px\" srcset=\"https:\/\/www.reseau-entreprendre.org\/nord\/wp-content\/uploads\/sites\/40\/2026\/04\/NE.png 150w, https:\/\/www.reseau-entreprendre.org\/nord\/wp-content\/uploads\/sites\/40\/2026\/04\/NE-130x130.png 130w, https:\/\/www.reseau-entreprendre.org\/nord\/wp-content\/uploads\/sites\/40\/2026\/04\/NE-100x100.png 100w\" sizes=\"auto, (max-width: 150px) 100vw, 150px\" \/><\/a><\/figure>\n<\/div>\n\n\n<p class=\"has-text-align-center has-small-font-size\"><em>Fabrique et pose des escaliers sur<br>mesure<\/em><\/p>\n\n\n\n<p class=\"has-text-align-center\" style=\"font-size:15px\"><strong>Alexis QUESNEY<\/strong><\/p>\n<\/div>\n\n\n\n<div class=\"wp-block-column is-layout-flow wp-block-column-is-layout-flow\">\n<h5 class=\"wp-block-heading has-text-align-center has-re-blue-color has-text-color\" id=\"Benefiz\"><strong>NORD ESPACES VERTS<\/strong><\/h5>\n\n\n\n<p class=\"has-text-align-center\"><span class=\"su-label su-label-type-warning\">D\u00c9VELOPPEMENT<\/span>\n\n\n<div class=\"wp-block-image is-resized\">\n<figure class=\"aligncenter size-full\"><a href=\"http:\/\/nordespacesverts.com\"><img loading=\"lazy\" decoding=\"async\" width=\"150\" height=\"150\" src=\"https:\/\/www.reseau-entreprendre.org\/nord\/wp-content\/uploads\/sites\/40\/2026\/04\/NEV.png\" alt=\"\" class=\"wp-image-12017\" style=\"object-fit:cover;width:140px;height:140px\" srcset=\"https:\/\/www.reseau-entreprendre.org\/nord\/wp-content\/uploads\/sites\/40\/2026\/04\/NEV.png 150w, https:\/\/www.reseau-entreprendre.org\/nord\/wp-content\/uploads\/sites\/40\/2026\/04\/NEV-130x130.png 130w, https:\/\/www.reseau-entreprendre.org\/nord\/wp-content\/uploads\/sites\/40\/2026\/04\/NEV-100x100.png 100w\" sizes=\"auto, (max-width: 150px) 100vw, 150px\" \/><\/a><\/figure>\n<\/div>\n\n\n<p class=\"has-text-align-center has-small-font-size\"><em>Entretient et am\u00e9nage des<br>parcs et des jardins<\/em><\/p>\n\n\n\n<p class=\"has-text-align-center\" style=\"font-size:15px\"><strong>Cyril CHEVALIER<\/strong><\/p>\n<\/div>\n<\/div>\n\n\n\n<div class=\"wp-block-columns is-layout-flex wp-container-core-columns-is-layout-9d6595d7 wp-block-columns-is-layout-flex\">\n<div class=\"wp-block-column is-layout-flow wp-block-column-is-layout-flow\">\n<h5 class=\"wp-block-heading has-text-align-center has-re-blue-color has-text-color\" id=\"Acobi\"><strong>PHOENIX PEINTURE<\/strong><\/h5>\n\n\n\n<p class=\"has-text-align-center\"><span class=\"su-label su-label-type-important\">REPRISE<\/span>\n\n\n<div class=\"wp-block-image is-resized\">\n<figure class=\"aligncenter size-full\"><a href=\"http:\/\/phoenix-peinture.fr\"><img loading=\"lazy\" decoding=\"async\" width=\"150\" height=\"150\" src=\"https:\/\/www.reseau-entreprendre.org\/nord\/wp-content\/uploads\/sites\/40\/2026\/04\/phoenix.png\" alt=\"\" class=\"wp-image-12021\" style=\"object-fit:cover;width:140px;height:140px\" srcset=\"https:\/\/www.reseau-entreprendre.org\/nord\/wp-content\/uploads\/sites\/40\/2026\/04\/phoenix.png 150w, https:\/\/www.reseau-entreprendre.org\/nord\/wp-content\/uploads\/sites\/40\/2026\/04\/phoenix-130x130.png 130w, https:\/\/www.reseau-entreprendre.org\/nord\/wp-content\/uploads\/sites\/40\/2026\/04\/phoenix-100x100.png 100w\" sizes=\"auto, (max-width: 150px) 100vw, 150px\" \/><\/a><\/figure>\n<\/div>\n\n\n<p class=\"has-text-align-center has-small-font-size\"><em>Soci\u00e9t\u00e9 de travaux de<br>peinture et rev\u00eatement de sol<\/em><\/p>\n\n\n\n<p class=\"has-text-align-center\" style=\"font-size:15px\"><strong><strong><strong>Thomas FALBO<\/strong><\/strong><\/strong><\/p>\n<\/div>\n\n\n\n<div class=\"wp-block-column is-layout-flow wp-block-column-is-layout-flow\">\n<h5 class=\"wp-block-heading has-text-align-center has-re-blue-color has-text-color\" id=\"Acobi\"><strong>SPDE<\/strong><\/h5>\n\n\n\n<p class=\"has-text-align-center\"><span class=\"su-label su-label-type-important\">REPRISE<\/span>\n\n\n<div class=\"wp-block-image is-resized\">\n<figure class=\"aligncenter size-full\"><img loading=\"lazy\" decoding=\"async\" width=\"150\" height=\"150\" src=\"https:\/\/www.reseau-entreprendre.org\/nord\/wp-content\/uploads\/sites\/40\/2026\/04\/spde.png\" alt=\"\" class=\"wp-image-12022\" style=\"object-fit:cover;width:140px;height:140px\" srcset=\"https:\/\/www.reseau-entreprendre.org\/nord\/wp-content\/uploads\/sites\/40\/2026\/04\/spde.png 150w, https:\/\/www.reseau-entreprendre.org\/nord\/wp-content\/uploads\/sites\/40\/2026\/04\/spde-130x130.png 130w, https:\/\/www.reseau-entreprendre.org\/nord\/wp-content\/uploads\/sites\/40\/2026\/04\/spde-100x100.png 100w\" sizes=\"auto, (max-width: 150px) 100vw, 150px\" \/><\/figure>\n<\/div>\n\n\n<p class=\"has-text-align-center has-small-font-size\"><em>Entreprise de r\u00e9novation des b\u00e2timents<br>professionnels et aupr\u00e8s des particuliers<\/em><\/p>\n\n\n\n<p class=\"has-text-align-center\" style=\"font-size:15px\"><strong><strong><strong><strong>Baptiste MARCUZZI<\/strong><\/strong><\/strong><\/strong><\/p>\n<\/div>\n<\/div>\n\n\n\n<div class=\"wp-block-columns is-layout-flex wp-container-core-columns-is-layout-9d6595d7 wp-block-columns-is-layout-flex\">\n<div class=\"wp-block-column is-layout-flow wp-block-column-is-layout-flow\">\n<h5 class=\"wp-block-heading has-text-align-center has-re-blue-color has-text-color\" id=\"Benefiz\"><strong>THANKYOU ANALYTICS<\/strong><\/h5>\n\n\n\n<p class=\"has-text-align-center\"><span class=\"su-label su-label-type-warning\">D\u00c9VELOPPEMENT<\/span>\n\n\n<div class=\"wp-block-image is-resized\">\n<figure class=\"aligncenter size-full\"><a href=\"http:\/\/thankyouanalytics.com\"><img loading=\"lazy\" decoding=\"async\" width=\"150\" height=\"150\" src=\"https:\/\/www.reseau-entreprendre.org\/nord\/wp-content\/uploads\/sites\/40\/2026\/04\/TYA.png\" alt=\"\" class=\"wp-image-12025\" style=\"object-fit:cover;width:140px;height:auto\" srcset=\"https:\/\/www.reseau-entreprendre.org\/nord\/wp-content\/uploads\/sites\/40\/2026\/04\/TYA.png 150w, https:\/\/www.reseau-entreprendre.org\/nord\/wp-content\/uploads\/sites\/40\/2026\/04\/TYA-130x130.png 130w, https:\/\/www.reseau-entreprendre.org\/nord\/wp-content\/uploads\/sites\/40\/2026\/04\/TYA-100x100.png 100w\" sizes=\"auto, (max-width: 150px) 100vw, 150px\" \/><\/a><\/figure>\n<\/div>\n\n\n<p class=\"has-text-align-center has-small-font-size\"><em>Plateforme SaaS<br>d\u2019analytics d\u00e9di\u00e9e aux \u00e9quipes marketing<\/em><\/p>\n\n\n\n<p class=\"has-text-align-center\" style=\"font-size:15px\"><strong>Damien OUSACI<\/strong><br><strong>Julien JOUNIEAU<\/strong><\/p>\n<\/div>\n\n\n\n<div class=\"wp-block-column is-layout-flow wp-block-column-is-layout-flow\">\n<p class=\"has-text-align-center\" style=\"font-size:15px\"><\/p>\n<\/div>\n<\/div>\n<\/div>\n<\/div>\n<\/div>\n<\/div>\n\n\n\n<p class=\"has-text-align-center has-re-blue-color has-text-color\" style=\"font-size:15px\">Pour d\u00e9couvrir leurs interviews, <a href=\"https:\/\/www.reseau-entreprendre.org\/nord\/actualites\/\" target=\"_blank\" rel=\"noreferrer noopener\">cliquez-ici<\/a><\/p>\n\n\n\n<p class=\"has-text-align-center has-text-color has-small-font-size\" style=\"color:#fafafa\"><br>pr\u00eat d&#8217;honneur Lille cr\u00e9ation entreprise Lille reprise entreprise Lille d\u00e9veloppement Lille accompagnement<\/p>\n\n\n\n<hr class=\"wp-block-separator has-css-opacity\" \/>\n\n\n\n<div class=\"wp-block-columns is-layout-flex wp-container-core-columns-is-layout-9d6595d7 wp-block-columns-is-layout-flex\">\n<div class=\"wp-block-column is-layout-flow wp-block-column-is-layout-flow\">\n<div class=\"wp-block-buttons is-horizontal is-content-justification-center is-layout-flex wp-container-core-buttons-is-layout-499968f5 wp-block-buttons-is-layout-flex\">\n<div class=\"wp-block-button is-style-outline is-style-outline--3\"><a class=\"wp-block-button__link has-re-blue-color has-text-color wp-element-button\" href=\"https:\/\/www.reseau-entreprendre.org\/nord\/promotion-2022\">Promotion 2023<\/a><\/div>\n<\/div>\n<\/div>\n\n\n\n<div class=\"wp-block-column is-layout-flow wp-block-column-is-layout-flow\">\n<div class=\"wp-block-buttons is-horizontal is-content-justification-center is-layout-flex wp-container-core-buttons-is-layout-499968f5 wp-block-buttons-is-layout-flex\">\n<div class=\"wp-block-button is-style-outline is-style-outline--4\"><a class=\"wp-block-button__link has-re-blue-color has-text-color wp-element-button\" href=\"https:\/\/www.reseau-entreprendre.org\/nord\/promotion-2023\/\">Promotion 2024<\/a><\/div>\n<\/div>\n<\/div>\n\n\n\n<div class=\"wp-block-column is-layout-flow wp-block-column-is-layout-flow\">\n<div class=\"wp-block-buttons is-horizontal is-content-justification-center is-layout-flex wp-container-core-buttons-is-layout-499968f5 wp-block-buttons-is-layout-flex\">\n<div class=\"wp-block-button is-style-fill\"><a class=\"wp-block-button__link has-re-blue-background-color has-background wp-element-button\" href=\"https:\/\/www.reseau-entreprendre.org\/nord\/promotion-2025\/\">Promotion 2025<\/a><\/div>\n<\/div>\n<\/div>\n<\/div>\n\n\n\n<p><\/p>\n","protected":false},"excerpt":{"rendered":"<p>ABRACADABRA LINGERIE Plateforme delingerie de seconde main alliant revalorisation textile,exigence<\/p>\n","protected":false},"author":119,"featured_media":0,"parent":0,"menu_order":0,"comment_status":"closed","ping_status":"closed","template":"","meta":{"_acf_changed":false,"_monsterinsights_skip_tracking":false,"_monsterinsights_sitenote_active":false,"_monsterinsights_sitenote_note":"","_monsterinsights_sitenote_category":0,"footnotes":""},"class_list":["post-11982","page","type-page","status-publish","hentry"],"acf":[],"yoast_head":"<!-- This site is optimized with the Yoast SEO plugin v27.4 - https:\/\/yoast.com\/product\/yoast-seo-wordpress\/ -->\n<title>La promotion 2025 RESEAU ENTREPRENDRE NORD - R\u00e9seau Entreprendre Nord<\/title>\n<meta name=\"description\" content=\"D\u00e9couvrez les Laur\u00e9ats de la promotion 2025 R\u00e9seau Entreprendre Nord : cr\u00e9ateurs, repreneurs et d\u00e9veloppeurs.\" \/>\n<meta name=\"robots\" content=\"index, follow, max-snippet:-1, max-image-preview:large, max-video-preview:-1\" \/>\n<link rel=\"canonical\" href=\"https:\/\/www.reseau-entreprendre.org\/nord\/promotion-2025\/\" \/>\n<meta property=\"og:locale\" content=\"fr_FR\" \/>\n<meta property=\"og:type\" content=\"article\" \/>\n<meta property=\"og:title\" content=\"Promotion 2025 R\u00e9seau Entreprendre Nord\" \/>\n<meta property=\"og:description\" content=\"D\u00e9couvrez les Laur\u00e9ats de la promotion 2025 R\u00e9seau Entreprendre Nord : cr\u00e9ateurs, repreneurs et d\u00e9veloppeurs.\" \/>\n<meta property=\"og:url\" content=\"https:\/\/www.reseau-entreprendre.org\/nord\/promotion-2025\/\" \/>\n<meta property=\"og:site_name\" content=\"R\u00e9seau Entreprendre Nord\" \/>\n<meta property=\"article:modified_time\" content=\"2026-04-27T06:56:02+00:00\" \/>\n<meta property=\"og:image\" content=\"https:\/\/www.reseau-entreprendre.org\/nord\/wp-content\/uploads\/sites\/40\/2026\/04\/abracadabra.png\" \/>\n\t<meta property=\"og:image:width\" content=\"150\" \/>\n\t<meta property=\"og:image:height\" content=\"150\" \/>\n\t<meta property=\"og:image:type\" content=\"image\/png\" \/>\n<meta name=\"twitter:card\" content=\"summary_large_image\" \/>\n<meta name=\"twitter:label1\" content=\"Dur\u00e9e de lecture estim\u00e9e\" \/>\n\t<meta name=\"twitter:data1\" content=\"10 minutes\" \/>\n<script type=\"application\/ld+json\" class=\"yoast-schema-graph\">{\"@context\":\"https:\\\/\\\/schema.org\",\"@graph\":[{\"@type\":\"WebPage\",\"@id\":\"https:\\\/\\\/www.reseau-entreprendre.org\\\/nord\\\/promotion-2025\\\/\",\"url\":\"https:\\\/\\\/www.reseau-entreprendre.org\\\/nord\\\/promotion-2025\\\/\",\"name\":\"La promotion 2025 RESEAU ENTREPRENDRE NORD - R\u00e9seau Entreprendre Nord\",\"isPartOf\":{\"@id\":\"https:\\\/\\\/www.reseau-entreprendre.org\\\/nord\\\/#website\"},\"primaryImageOfPage\":{\"@id\":\"https:\\\/\\\/www.reseau-entreprendre.org\\\/nord\\\/promotion-2025\\\/#primaryimage\"},\"image\":{\"@id\":\"https:\\\/\\\/www.reseau-entreprendre.org\\\/nord\\\/promotion-2025\\\/#primaryimage\"},\"thumbnailUrl\":\"https:\\\/\\\/www.reseau-entreprendre.org\\\/nord\\\/wp-content\\\/uploads\\\/sites\\\/40\\\/2026\\\/04\\\/abracadabra.png\",\"datePublished\":\"2026-04-05T15:36:26+00:00\",\"dateModified\":\"2026-04-27T06:56:02+00:00\",\"description\":\"D\u00e9couvrez les Laur\u00e9ats de la promotion 2025 R\u00e9seau Entreprendre Nord : cr\u00e9ateurs, repreneurs et d\u00e9veloppeurs.\",\"breadcrumb\":{\"@id\":\"https:\\\/\\\/www.reseau-entreprendre.org\\\/nord\\\/promotion-2025\\\/#breadcrumb\"},\"inLanguage\":\"fr-FR\",\"potentialAction\":[{\"@type\":\"ReadAction\",\"target\":[\"https:\\\/\\\/www.reseau-entreprendre.org\\\/nord\\\/promotion-2025\\\/\"]}]},{\"@type\":\"ImageObject\",\"inLanguage\":\"fr-FR\",\"@id\":\"https:\\\/\\\/www.reseau-entreprendre.org\\\/nord\\\/promotion-2025\\\/#primaryimage\",\"url\":\"https:\\\/\\\/www.reseau-entreprendre.org\\\/nord\\\/wp-content\\\/uploads\\\/sites\\\/40\\\/2026\\\/04\\\/abracadabra.png\",\"contentUrl\":\"https:\\\/\\\/www.reseau-entreprendre.org\\\/nord\\\/wp-content\\\/uploads\\\/sites\\\/40\\\/2026\\\/04\\\/abracadabra.png\",\"width\":150,\"height\":150},{\"@type\":\"BreadcrumbList\",\"@id\":\"https:\\\/\\\/www.reseau-entreprendre.org\\\/nord\\\/promotion-2025\\\/#breadcrumb\",\"itemListElement\":[{\"@type\":\"ListItem\",\"position\":1,\"name\":\"Accueil\",\"item\":\"https:\\\/\\\/www.reseau-entreprendre.org\\\/nord\\\/\"},{\"@type\":\"ListItem\",\"position\":2,\"name\":\"La promotion 2025 RESEAU ENTREPRENDRE NORD\"}]},{\"@type\":\"WebSite\",\"@id\":\"https:\\\/\\\/www.reseau-entreprendre.org\\\/nord\\\/#website\",\"url\":\"https:\\\/\\\/www.reseau-entreprendre.org\\\/nord\\\/\",\"name\":\"R\u00e9seau Entreprendre Nord\",\"description\":\"1er R\u00e9seau d&#039;accompagnement \u00e0 la cr\u00e9ation d&#039;entreprises en France !\",\"publisher\":{\"@id\":\"https:\\\/\\\/www.reseau-entreprendre.org\\\/nord\\\/#organization\"},\"potentialAction\":[{\"@type\":\"SearchAction\",\"target\":{\"@type\":\"EntryPoint\",\"urlTemplate\":\"https:\\\/\\\/www.reseau-entreprendre.org\\\/nord\\\/?s={search_term_string}\"},\"query-input\":{\"@type\":\"PropertyValueSpecification\",\"valueRequired\":true,\"valueName\":\"search_term_string\"}}],\"inLanguage\":\"fr-FR\"},{\"@type\":\"Organization\",\"@id\":\"https:\\\/\\\/www.reseau-entreprendre.org\\\/nord\\\/#organization\",\"name\":\"R\u00e9seau Entreprendre Nord\",\"url\":\"https:\\\/\\\/www.reseau-entreprendre.org\\\/nord\\\/\",\"logo\":{\"@type\":\"ImageObject\",\"inLanguage\":\"fr-FR\",\"@id\":\"https:\\\/\\\/www.reseau-entreprendre.org\\\/nord\\\/#\\\/schema\\\/logo\\\/image\\\/\",\"url\":\"https:\\\/\\\/www.reseau-entreprendre.org\\\/nord\\\/wp-content\\\/uploads\\\/sites\\\/40\\\/2022\\\/03\\\/Logo-couleur-horizontal-edited.png\",\"contentUrl\":\"https:\\\/\\\/www.reseau-entreprendre.org\\\/nord\\\/wp-content\\\/uploads\\\/sites\\\/40\\\/2022\\\/03\\\/Logo-couleur-horizontal-edited.png\",\"width\":1592,\"height\":739,\"caption\":\"R\u00e9seau Entreprendre Nord\"},\"image\":{\"@id\":\"https:\\\/\\\/www.reseau-entreprendre.org\\\/nord\\\/#\\\/schema\\\/logo\\\/image\\\/\"}}]}<\/script>\n<!-- \/ Yoast SEO plugin. -->","yoast_head_json":{"title":"La promotion 2025 RESEAU ENTREPRENDRE NORD - R\u00e9seau Entreprendre Nord","description":"D\u00e9couvrez les Laur\u00e9ats de la promotion 2025 R\u00e9seau Entreprendre Nord : cr\u00e9ateurs, repreneurs et d\u00e9veloppeurs.","robots":{"index":"index","follow":"follow","max-snippet":"max-snippet:-1","max-image-preview":"max-image-preview:large","max-video-preview":"max-video-preview:-1"},"canonical":"https:\/\/www.reseau-entreprendre.org\/nord\/promotion-2025\/","og_locale":"fr_FR","og_type":"article","og_title":"Promotion 2025 R\u00e9seau Entreprendre Nord","og_description":"D\u00e9couvrez les Laur\u00e9ats de la promotion 2025 R\u00e9seau Entreprendre Nord : cr\u00e9ateurs, repreneurs et d\u00e9veloppeurs.","og_url":"https:\/\/www.reseau-entreprendre.org\/nord\/promotion-2025\/","og_site_name":"R\u00e9seau Entreprendre Nord","article_modified_time":"2026-04-27T06:56:02+00:00","og_image":[{"width":150,"height":150,"url":"https:\/\/www.reseau-entreprendre.org\/nord\/wp-content\/uploads\/sites\/40\/2026\/04\/abracadabra.png","type":"image\/png"}],"twitter_card":"summary_large_image","twitter_misc":{"Dur\u00e9e de lecture estim\u00e9e":"10 minutes"},"schema":{"@context":"https:\/\/schema.org","@graph":[{"@type":"WebPage","@id":"https:\/\/www.reseau-entreprendre.org\/nord\/promotion-2025\/","url":"https:\/\/www.reseau-entreprendre.org\/nord\/promotion-2025\/","name":"La promotion 2025 RESEAU ENTREPRENDRE NORD - R\u00e9seau Entreprendre Nord","isPartOf":{"@id":"https:\/\/www.reseau-entreprendre.org\/nord\/#website"},"primaryImageOfPage":{"@id":"https:\/\/www.reseau-entreprendre.org\/nord\/promotion-2025\/#primaryimage"},"image":{"@id":"https:\/\/www.reseau-entreprendre.org\/nord\/promotion-2025\/#primaryimage"},"thumbnailUrl":"https:\/\/www.reseau-entreprendre.org\/nord\/wp-content\/uploads\/sites\/40\/2026\/04\/abracadabra.png","datePublished":"2026-04-05T15:36:26+00:00","dateModified":"2026-04-27T06:56:02+00:00","description":"D\u00e9couvrez les Laur\u00e9ats de la promotion 2025 R\u00e9seau Entreprendre Nord : cr\u00e9ateurs, repreneurs et d\u00e9veloppeurs.","breadcrumb":{"@id":"https:\/\/www.reseau-entreprendre.org\/nord\/promotion-2025\/#breadcrumb"},"inLanguage":"fr-FR","potentialAction":[{"@type":"ReadAction","target":["https:\/\/www.reseau-entreprendre.org\/nord\/promotion-2025\/"]}]},{"@type":"ImageObject","inLanguage":"fr-FR","@id":"https:\/\/www.reseau-entreprendre.org\/nord\/promotion-2025\/#primaryimage","url":"https:\/\/www.reseau-entreprendre.org\/nord\/wp-content\/uploads\/sites\/40\/2026\/04\/abracadabra.png","contentUrl":"https:\/\/www.reseau-entreprendre.org\/nord\/wp-content\/uploads\/sites\/40\/2026\/04\/abracadabra.png","width":150,"height":150},{"@type":"BreadcrumbList","@id":"https:\/\/www.reseau-entreprendre.org\/nord\/promotion-2025\/#breadcrumb","itemListElement":[{"@type":"ListItem","position":1,"name":"Accueil","item":"https:\/\/www.reseau-entreprendre.org\/nord\/"},{"@type":"ListItem","position":2,"name":"La promotion 2025 RESEAU ENTREPRENDRE NORD"}]},{"@type":"WebSite","@id":"https:\/\/www.reseau-entreprendre.org\/nord\/#website","url":"https:\/\/www.reseau-entreprendre.org\/nord\/","name":"R\u00e9seau Entreprendre Nord","description":"1er R\u00e9seau d&#039;accompagnement \u00e0 la cr\u00e9ation d&#039;entreprises en France !","publisher":{"@id":"https:\/\/www.reseau-entreprendre.org\/nord\/#organization"},"potentialAction":[{"@type":"SearchAction","target":{"@type":"EntryPoint","urlTemplate":"https:\/\/www.reseau-entreprendre.org\/nord\/?s={search_term_string}"},"query-input":{"@type":"PropertyValueSpecification","valueRequired":true,"valueName":"search_term_string"}}],"inLanguage":"fr-FR"},{"@type":"Organization","@id":"https:\/\/www.reseau-entreprendre.org\/nord\/#organization","name":"R\u00e9seau Entreprendre Nord","url":"https:\/\/www.reseau-entreprendre.org\/nord\/","logo":{"@type":"ImageObject","inLanguage":"fr-FR","@id":"https:\/\/www.reseau-entreprendre.org\/nord\/#\/schema\/logo\/image\/","url":"https:\/\/www.reseau-entreprendre.org\/nord\/wp-content\/uploads\/sites\/40\/2022\/03\/Logo-couleur-horizontal-edited.png","contentUrl":"https:\/\/www.reseau-entreprendre.org\/nord\/wp-content\/uploads\/sites\/40\/2022\/03\/Logo-couleur-horizontal-edited.png","width":1592,"height":739,"caption":"R\u00e9seau Entreprendre Nord"},"image":{"@id":"https:\/\/www.reseau-entreprendre.org\/nord\/#\/schema\/logo\/image\/"}}]}},"_links":{"self":[{"href":"https:\/\/www.reseau-entreprendre.org\/nord\/wp-json\/wp\/v2\/pages\/11982","targetHints":{"allow":["GET"]}}],"collection":[{"href":"https:\/\/www.reseau-entreprendre.org\/nord\/wp-json\/wp\/v2\/pages"}],"about":[{"href":"https:\/\/www.reseau-entreprendre.org\/nord\/wp-json\/wp\/v2\/types\/page"}],"author":[{"embeddable":true,"href":"https:\/\/www.reseau-entreprendre.org\/nord\/wp-json\/wp\/v2\/users\/119"}],"replies":[{"embeddable":true,"href":"https:\/\/www.reseau-entreprendre.org\/nord\/wp-json\/wp\/v2\/comments?post=11982"}],"version-history":[{"count":1,"href":"https:\/\/www.reseau-entreprendre.org\/nord\/wp-json\/wp\/v2\/pages\/11982\/revisions"}],"predecessor-version":[{"id":12048,"href":"https:\/\/www.reseau-entreprendre.org\/nord\/wp-json\/wp\/v2\/pages\/11982\/revisions\/12048"}],"wp:attachment":[{"href":"https:\/\/www.reseau-entreprendre.org\/nord\/wp-json\/wp\/v2\/media?parent=11982"}],"curies":[{"name":"wp","href":"https:\/\/api.w.org\/{rel}","templated":true}]}}