{"id":2969,"date":"2023-08-24T15:03:42","date_gmt":"2023-08-24T13:03:42","guid":{"rendered":"https:\/\/www.reseau-entreprendre.org\/picardie\/?page_id=2969"},"modified":"2026-04-23T10:30:23","modified_gmt":"2026-04-23T08:30:23","slug":"prochains-evenements-rep","status":"publish","type":"page","link":"https:\/\/www.reseau-entreprendre.org\/picardie\/prochains-evenements-rep\/","title":{"rendered":"Prochains \u00e9v\u00e8nements"},"content":{"rendered":"<div class=\"wp-block-image\">\n<figure class=\"aligncenter size-large is-resized\"><img loading=\"lazy\" decoding=\"async\" width=\"1024\" height=\"187\" src=\"https:\/\/www.reseau-entreprendre.org\/picardie\/wp-content\/uploads\/sites\/54\/2025\/08\/bandeau-evenements-1-1024x187.png\" alt=\"\" class=\"wp-image-4673\" style=\"width:1125px;height:auto\" srcset=\"https:\/\/www.reseau-entreprendre.org\/picardie\/wp-content\/uploads\/sites\/54\/2025\/08\/bandeau-evenements-1-1024x187.png 1024w, https:\/\/www.reseau-entreprendre.org\/picardie\/wp-content\/uploads\/sites\/54\/2025\/08\/bandeau-evenements-1-300x55.png 300w, https:\/\/www.reseau-entreprendre.org\/picardie\/wp-content\/uploads\/sites\/54\/2025\/08\/bandeau-evenements-1-768x140.png 768w, https:\/\/www.reseau-entreprendre.org\/picardie\/wp-content\/uploads\/sites\/54\/2025\/08\/bandeau-evenements-1-1536x280.png 1536w, https:\/\/www.reseau-entreprendre.org\/picardie\/wp-content\/uploads\/sites\/54\/2025\/08\/bandeau-evenements-1-210x38.png 210w, https:\/\/www.reseau-entreprendre.org\/picardie\/wp-content\/uploads\/sites\/54\/2025\/08\/bandeau-evenements-1-100x18.png 100w, https:\/\/www.reseau-entreprendre.org\/picardie\/wp-content\/uploads\/sites\/54\/2025\/08\/bandeau-evenements-1-scaled.png 1140w\" sizes=\"auto, (max-width: 1024px) 100vw, 1024px\" \/><\/figure>\n<\/div>\n\n\n<div style=\"height:18px\" aria-hidden=\"true\" class=\"wp-block-spacer\"><\/div>\n\n\n\n<p class=\"has-text-align-center\">R\u00e9seau Entreprendre Picardie vous invite \u00e0 ses prochains \u00e9v\u00e8nements : comit\u00e9s d&#8217;engagement, groupes de travail&#8230; ainsi que des soir\u00e9es pour partager autour de la Conviviale de fin d&#8217;ann\u00e9e (visite d&#8217;entreprise) ou la F\u00eate des Laur\u00e9ats avec la remise des Troph\u00e9es \u00e0 la promotion de Laur\u00e9ats ayant cr\u00e9er, repris ou d\u00e9velopp\u00e9 leur entreprise sur le territoire cette ann\u00e9e. Des moments cl\u00e9s pour \u00e9changer, apprendre et c\u00e9l\u00e9brer l\u2019entrepreneuriat local. Serez-vous des n\u00f4tres ?<\/p>\n\n\n\n<div style=\"height:40px\" aria-hidden=\"true\" class=\"wp-block-spacer\"><\/div>\n\n\n\n<div class=\"wp-block-columns is-layout-flex wp-container-core-columns-is-layout-9d6595d7 wp-block-columns-is-layout-flex\">\n<div class=\"wp-block-column is-layout-flow wp-block-column-is-layout-flow\">\n<figure class=\"wp-block-image size-large\"><img loading=\"lazy\" decoding=\"async\" width=\"1024\" height=\"171\" src=\"https:\/\/www.reseau-entreprendre.org\/picardie\/wp-content\/uploads\/sites\/54\/2023\/11\/comites-d-engagement-1024x171.jpg\" alt=\"\" class=\"wp-image-3212\" srcset=\"https:\/\/www.reseau-entreprendre.org\/picardie\/wp-content\/uploads\/sites\/54\/2023\/11\/comites-d-engagement-1024x171.jpg 1024w, https:\/\/www.reseau-entreprendre.org\/picardie\/wp-content\/uploads\/sites\/54\/2023\/11\/comites-d-engagement-300x50.jpg 300w, https:\/\/www.reseau-entreprendre.org\/picardie\/wp-content\/uploads\/sites\/54\/2023\/11\/comites-d-engagement-768x128.jpg 768w, https:\/\/www.reseau-entreprendre.org\/picardie\/wp-content\/uploads\/sites\/54\/2023\/11\/comites-d-engagement-1536x256.jpg 1536w, https:\/\/www.reseau-entreprendre.org\/picardie\/wp-content\/uploads\/sites\/54\/2023\/11\/comites-d-engagement-2048x342.jpg 2048w, https:\/\/www.reseau-entreprendre.org\/picardie\/wp-content\/uploads\/sites\/54\/2023\/11\/comites-d-engagement-210x35.jpg 210w, https:\/\/www.reseau-entreprendre.org\/picardie\/wp-content\/uploads\/sites\/54\/2023\/11\/comites-d-engagement-scaled.jpg 1140w\" sizes=\"auto, (max-width: 1024px) 100vw, 1024px\" \/><\/figure>\n\n\n\n<p class=\"has-text-align-center\">\u00e0 partir de 18h30<\/p>\n\n\n\n<p class=\"has-text-align-center has-medium-font-size\"><strong>5 mai 2026<\/strong> de 12h \u00e0 14h \u00e0 Amiens<br><strong>12 mai 2026<\/strong> \u00e0 Beauvais<br><strong>6 mai 2026<\/strong> \u00e0 Compi\u00e8gne<br><strong>24 juin 2026<\/strong> \u00e0 Compi\u00e8gne<br><\/p>\n<\/div>\n\n\n\n<div class=\"wp-block-column is-layout-flow wp-block-column-is-layout-flow\">\n<figure class=\"wp-block-image size-large\"><img loading=\"lazy\" decoding=\"async\" width=\"1024\" height=\"171\" src=\"https:\/\/www.reseau-entreprendre.org\/picardie\/wp-content\/uploads\/sites\/54\/2023\/11\/groupes-de-travail-membres-1024x171.jpg\" alt=\"\" class=\"wp-image-3213\" srcset=\"https:\/\/www.reseau-entreprendre.org\/picardie\/wp-content\/uploads\/sites\/54\/2023\/11\/groupes-de-travail-membres-1024x171.jpg 1024w, https:\/\/www.reseau-entreprendre.org\/picardie\/wp-content\/uploads\/sites\/54\/2023\/11\/groupes-de-travail-membres-300x50.jpg 300w, https:\/\/www.reseau-entreprendre.org\/picardie\/wp-content\/uploads\/sites\/54\/2023\/11\/groupes-de-travail-membres-768x128.jpg 768w, https:\/\/www.reseau-entreprendre.org\/picardie\/wp-content\/uploads\/sites\/54\/2023\/11\/groupes-de-travail-membres-1536x256.jpg 1536w, https:\/\/www.reseau-entreprendre.org\/picardie\/wp-content\/uploads\/sites\/54\/2023\/11\/groupes-de-travail-membres-2048x342.jpg 2048w, https:\/\/www.reseau-entreprendre.org\/picardie\/wp-content\/uploads\/sites\/54\/2023\/11\/groupes-de-travail-membres-210x35.jpg 210w, https:\/\/www.reseau-entreprendre.org\/picardie\/wp-content\/uploads\/sites\/54\/2023\/11\/groupes-de-travail-membres-scaled.jpg 1140w\" sizes=\"auto, (max-width: 1024px) 100vw, 1024px\" \/><\/figure>\n\n\n\n<p class=\"has-text-align-center has-medium-font-size\"><br><br><strong>27 mai 2026<\/strong> \u00e0 Compi\u00e8gne<br><strong>Mobilit\u00e9 \u00e9lectrique associ\u00e9 \u00e0 la fiscalit\u00e9 des v\u00e9hicules d&#8217;entreprise<\/strong><\/p>\n<\/div>\n<\/div>\n\n\n\n<div class=\"wp-block-columns is-layout-flex wp-container-core-columns-is-layout-9d6595d7 wp-block-columns-is-layout-flex\">\n<div class=\"wp-block-column is-layout-flow wp-block-column-is-layout-flow\">\n<p class=\"has-text-align-center\"><\/p>\n\n\n\n<figure class=\"wp-block-image size-large\"><img loading=\"lazy\" decoding=\"async\" width=\"1024\" height=\"171\" src=\"https:\/\/www.reseau-entreprendre.org\/picardie\/wp-content\/uploads\/sites\/54\/2023\/11\/clubs-laureats-1024x171.jpg\" alt=\"\" class=\"wp-image-3214\" srcset=\"https:\/\/www.reseau-entreprendre.org\/picardie\/wp-content\/uploads\/sites\/54\/2023\/11\/clubs-laureats-1024x171.jpg 1024w, https:\/\/www.reseau-entreprendre.org\/picardie\/wp-content\/uploads\/sites\/54\/2023\/11\/clubs-laureats-300x50.jpg 300w, https:\/\/www.reseau-entreprendre.org\/picardie\/wp-content\/uploads\/sites\/54\/2023\/11\/clubs-laureats-768x128.jpg 768w, https:\/\/www.reseau-entreprendre.org\/picardie\/wp-content\/uploads\/sites\/54\/2023\/11\/clubs-laureats-1536x256.jpg 1536w, https:\/\/www.reseau-entreprendre.org\/picardie\/wp-content\/uploads\/sites\/54\/2023\/11\/clubs-laureats-2048x342.jpg 2048w, https:\/\/www.reseau-entreprendre.org\/picardie\/wp-content\/uploads\/sites\/54\/2023\/11\/clubs-laureats-210x35.jpg 210w, https:\/\/www.reseau-entreprendre.org\/picardie\/wp-content\/uploads\/sites\/54\/2023\/11\/clubs-laureats-scaled.jpg 1140w\" sizes=\"auto, (max-width: 1024px) 100vw, 1024px\" \/><\/figure>\n\n\n\n<p class=\"has-text-align-center has-small-font-size\">\u00e0 partir de 18h30<\/p>\n\n\n\n<p class=\"has-text-align-center has-medium-font-size\"><strong>21 mai 2026<\/strong> \u00e0 Compi\u00e8gne<br><strong>8 juin 2026<\/strong> \u00e0 Amiens<br><strong>25 juin 2026<\/strong> \u00e0 Compi\u00e8gne<br><\/p>\n<\/div>\n\n\n\n<div class=\"wp-block-column is-layout-flow wp-block-column-is-layout-flow\">\n<p class=\"has-text-align-center has-medium-font-size\"><\/p>\n\n\n\n<figure class=\"wp-block-image size-large\"><img loading=\"lazy\" decoding=\"async\" width=\"1024\" height=\"171\" src=\"https:\/\/www.reseau-entreprendre.org\/picardie\/wp-content\/uploads\/sites\/54\/2023\/11\/formations-1024x171.jpg\" alt=\"\" class=\"wp-image-3356\" srcset=\"https:\/\/www.reseau-entreprendre.org\/picardie\/wp-content\/uploads\/sites\/54\/2023\/11\/formations-1024x171.jpg 1024w, https:\/\/www.reseau-entreprendre.org\/picardie\/wp-content\/uploads\/sites\/54\/2023\/11\/formations-300x50.jpg 300w, https:\/\/www.reseau-entreprendre.org\/picardie\/wp-content\/uploads\/sites\/54\/2023\/11\/formations-768x128.jpg 768w, https:\/\/www.reseau-entreprendre.org\/picardie\/wp-content\/uploads\/sites\/54\/2023\/11\/formations-1536x256.jpg 1536w, https:\/\/www.reseau-entreprendre.org\/picardie\/wp-content\/uploads\/sites\/54\/2023\/11\/formations-2048x342.jpg 2048w, https:\/\/www.reseau-entreprendre.org\/picardie\/wp-content\/uploads\/sites\/54\/2023\/11\/formations-210x35.jpg 210w, https:\/\/www.reseau-entreprendre.org\/picardie\/wp-content\/uploads\/sites\/54\/2023\/11\/formations-scaled.jpg 1140w\" sizes=\"auto, (max-width: 1024px) 100vw, 1024px\" \/><\/figure>\n\n\n\n<p class=\"has-text-align-center has-medium-font-size\">Formation &#8220;L\u2019accompagnement des entrepreneurs R\u00e9seau Entreprendre Picardie &#8211; posture, outils et bonnes pratiques&#8221;<br>6 octobre 2026 \u00e0 Venette<br><br>Club accompagnateur <br>Juin 2026<\/p>\n<\/div>\n<\/div>\n\n\n\n<div class=\"wp-block-columns is-layout-flex wp-container-core-columns-is-layout-9d6595d7 wp-block-columns-is-layout-flex\">\n<div class=\"wp-block-column is-layout-flow wp-block-column-is-layout-flow\">\n<figure class=\"wp-block-image size-large\"><img loading=\"lazy\" decoding=\"async\" width=\"1024\" height=\"171\" src=\"https:\/\/www.reseau-entreprendre.org\/picardie\/wp-content\/uploads\/sites\/54\/2025\/08\/prochains-evenements-1024x171.jpg\" alt=\"\" class=\"wp-image-4712\" srcset=\"https:\/\/www.reseau-entreprendre.org\/picardie\/wp-content\/uploads\/sites\/54\/2025\/08\/prochains-evenements-1024x171.jpg 1024w, https:\/\/www.reseau-entreprendre.org\/picardie\/wp-content\/uploads\/sites\/54\/2025\/08\/prochains-evenements-300x50.jpg 300w, https:\/\/www.reseau-entreprendre.org\/picardie\/wp-content\/uploads\/sites\/54\/2025\/08\/prochains-evenements-768x128.jpg 768w, https:\/\/www.reseau-entreprendre.org\/picardie\/wp-content\/uploads\/sites\/54\/2025\/08\/prochains-evenements-1536x256.jpg 1536w, https:\/\/www.reseau-entreprendre.org\/picardie\/wp-content\/uploads\/sites\/54\/2025\/08\/prochains-evenements-2048x342.jpg 2048w, https:\/\/www.reseau-entreprendre.org\/picardie\/wp-content\/uploads\/sites\/54\/2025\/08\/prochains-evenements-210x35.jpg 210w, https:\/\/www.reseau-entreprendre.org\/picardie\/wp-content\/uploads\/sites\/54\/2025\/08\/prochains-evenements-100x17.jpg 100w, https:\/\/www.reseau-entreprendre.org\/picardie\/wp-content\/uploads\/sites\/54\/2025\/08\/prochains-evenements-scaled.jpg 1140w\" sizes=\"auto, (max-width: 1024px) 100vw, 1024px\" \/><\/figure>\n\n\n\n<p class=\"has-text-align-center\" style=\"font-style:italic;font-weight:400\"><\/p>\n\n\n\n<figure class=\"wp-block-image size-large\"><a href=\"https:\/\/www.helloasso.com\/associations\/reseau-entreprendre-picardie\/evenements\/fete-des-entrepreneurs-laureats-invites\" target=\"_blank\" rel=\" noreferrer noopener\"><img loading=\"lazy\" decoding=\"async\" width=\"1024\" height=\"256\" src=\"https:\/\/www.reseau-entreprendre.org\/picardie\/wp-content\/uploads\/sites\/54\/2026\/02\/signature-mail-1024x256.jpg\" alt=\"\" class=\"wp-image-5095\" srcset=\"https:\/\/www.reseau-entreprendre.org\/picardie\/wp-content\/uploads\/sites\/54\/2026\/02\/signature-mail-1024x256.jpg 1024w, https:\/\/www.reseau-entreprendre.org\/picardie\/wp-content\/uploads\/sites\/54\/2026\/02\/signature-mail-300x75.jpg 300w, https:\/\/www.reseau-entreprendre.org\/picardie\/wp-content\/uploads\/sites\/54\/2026\/02\/signature-mail-768x192.jpg 768w, https:\/\/www.reseau-entreprendre.org\/picardie\/wp-content\/uploads\/sites\/54\/2026\/02\/signature-mail-1536x384.jpg 1536w, https:\/\/www.reseau-entreprendre.org\/picardie\/wp-content\/uploads\/sites\/54\/2026\/02\/signature-mail-210x53.jpg 210w, https:\/\/www.reseau-entreprendre.org\/picardie\/wp-content\/uploads\/sites\/54\/2026\/02\/signature-mail-100x25.jpg 100w, https:\/\/www.reseau-entreprendre.org\/picardie\/wp-content\/uploads\/sites\/54\/2026\/02\/signature-mail-scaled.jpg 1140w\" sizes=\"auto, (max-width: 1024px) 100vw, 1024px\" \/><\/a><\/figure>\n\n\n\n<p><\/p>\n\n\n\n<p class=\"has-text-align-center has-medium-font-size\"><strong>F\u00eate des Entrepreneurs Laur\u00e9ats <br><\/strong><a href=\"https:\/\/www.helloasso.com\/associations\/reseau-entreprendre-picardie\/evenements\/fete-des-entrepreneurs-laureats-invites\" target=\"_blank\" rel=\"noreferrer noopener\"><em>Inscription<\/em> sur HelloAsso <\/a><\/p>\n\n\n\n<div class=\"wp-block-buttons is-content-justification-center is-layout-flex wp-container-core-buttons-is-layout-16018d1d wp-block-buttons-is-layout-flex\">\n<div class=\"wp-block-button\"><a class=\"wp-block-button__link has-re-blue-background-color has-background wp-element-button\" href=\"https:\/\/www.helloasso.com\/associations\/reseau-entreprendre-picardie\/evenements\/fete-des-entrepreneurs-laureats-invites\" target=\"_blank\" rel=\"noreferrer noopener\"><strong>Inscrivez-vous<\/strong><\/a><\/div>\n<\/div>\n\n\n\n<p class=\"has-text-align-center has-re-blue-color has-text-color has-link-color has-medium-font-size wp-elements-cf0afb9b6632d27365152af3cb9b3b2e\"><strong>Le 28 avril 2026 \u00e0 18h <\/strong><br><strong>au <a href=\"https:\/\/www.google.com\/maps\/place\/\/data=!4m2!3m1!1s0x47e81862ca3461e9:0x502c6773755b4d20?sa=X&amp;ved=1t:8290&amp;ictx=111\" target=\"_blank\" rel=\"noreferrer noopener\">Palais de Fervaques \u00e0 Saint-Quentin<\/a><\/strong><\/p>\n\n\n\n<hr class=\"wp-block-separator has-alpha-channel-opacity\" \/>\n\n\n\n<div style=\"height:10px\" aria-hidden=\"true\" class=\"wp-block-spacer\"><\/div>\n\n\n\n<figure class=\"wp-block-image size-large\"><img loading=\"lazy\" decoding=\"async\" width=\"1024\" height=\"293\" src=\"https:\/\/www.reseau-entreprendre.org\/picardie\/wp-content\/uploads\/sites\/54\/2026\/03\/visio-AG-1024x293.jpg\" alt=\"\" class=\"wp-image-5331\" srcset=\"https:\/\/www.reseau-entreprendre.org\/picardie\/wp-content\/uploads\/sites\/54\/2026\/03\/visio-AG-1024x293.jpg 1024w, https:\/\/www.reseau-entreprendre.org\/picardie\/wp-content\/uploads\/sites\/54\/2026\/03\/visio-AG-300x86.jpg 300w, https:\/\/www.reseau-entreprendre.org\/picardie\/wp-content\/uploads\/sites\/54\/2026\/03\/visio-AG-768x220.jpg 768w, https:\/\/www.reseau-entreprendre.org\/picardie\/wp-content\/uploads\/sites\/54\/2026\/03\/visio-AG-210x60.jpg 210w, https:\/\/www.reseau-entreprendre.org\/picardie\/wp-content\/uploads\/sites\/54\/2026\/03\/visio-AG-100x29.jpg 100w, https:\/\/www.reseau-entreprendre.org\/picardie\/wp-content\/uploads\/sites\/54\/2026\/03\/visio-AG.jpg 1032w\" sizes=\"auto, (max-width: 1024px) 100vw, 1024px\" \/><\/figure>\n\n\n\n<div style=\"height:20px\" aria-hidden=\"true\" class=\"wp-block-spacer\"><\/div>\n\n\n\n<p class=\"has-text-align-center has-text-color has-link-color has-medium-font-size wp-elements-782397b5226820bfb59dc6bc3249da31\" style=\"color:#15bfba\"><strong>Assembl\u00e9e G\u00e9n\u00e9rale R\u00e9seau Entreprendre Picardie<br>2 juin 2026 de 12h \u00e0 13h en visio<\/strong><\/p>\n\n\n\n<hr class=\"wp-block-separator has-alpha-channel-opacity\" \/>\n\n\n\n<figure class=\"wp-block-image size-large\"><img loading=\"lazy\" decoding=\"async\" width=\"1024\" height=\"293\" src=\"https:\/\/www.reseau-entreprendre.org\/picardie\/wp-content\/uploads\/sites\/54\/2026\/03\/202511_40-ans_Signature-mail-2-1024x293.png\" alt=\"\" class=\"wp-image-5329\" srcset=\"https:\/\/www.reseau-entreprendre.org\/picardie\/wp-content\/uploads\/sites\/54\/2026\/03\/202511_40-ans_Signature-mail-2-1024x293.png 1024w, https:\/\/www.reseau-entreprendre.org\/picardie\/wp-content\/uploads\/sites\/54\/2026\/03\/202511_40-ans_Signature-mail-2-300x86.png 300w, https:\/\/www.reseau-entreprendre.org\/picardie\/wp-content\/uploads\/sites\/54\/2026\/03\/202511_40-ans_Signature-mail-2-768x220.png 768w, https:\/\/www.reseau-entreprendre.org\/picardie\/wp-content\/uploads\/sites\/54\/2026\/03\/202511_40-ans_Signature-mail-2-210x60.png 210w, https:\/\/www.reseau-entreprendre.org\/picardie\/wp-content\/uploads\/sites\/54\/2026\/03\/202511_40-ans_Signature-mail-2-100x29.png 100w, https:\/\/www.reseau-entreprendre.org\/picardie\/wp-content\/uploads\/sites\/54\/2026\/03\/202511_40-ans_Signature-mail-2.png 1032w\" sizes=\"auto, (max-width: 1024px) 100vw, 1024px\" \/><\/figure>\n\n\n\n<div style=\"height:20px\" aria-hidden=\"true\" class=\"wp-block-spacer\"><\/div>\n\n\n\n<p class=\"has-text-align-center has-text-color has-link-color has-medium-font-size wp-elements-de49b259c231f0550758d7136df37fb3\" style=\"color:#fe009d\"><strong>Venez c\u00e9l\u00e9brer avec l&#8217;\u00e9quipe R\u00e9seau Entreprendre Picardie les 40 ans de R\u00e9seau Entreprendre !<\/strong><br>les 1, 2 et 3 juillet \u00e0 Lille.<br>Conf\u00e9rences, ateliers, soir\u00e9e festive, t\u00e9moignages, visites d&#8217;entreprise&#8230; <a href=\"https:\/\/www.reseau-entreprendre-40ans.org\/fr\/\" id=\"https:\/\/www.reseau-entreprendre-40ans.org\/fr\/\" target=\"_blank\" rel=\"noreferrer noopener\">D\u00e9couvrez le programme<\/a><\/p>\n<\/div>\n\n\n\n<div class=\"wp-block-column is-layout-flow wp-block-column-is-layout-flow\">\n<figure class=\"wp-block-image size-large\"><img loading=\"lazy\" decoding=\"async\" width=\"1024\" height=\"170\" src=\"https:\/\/www.reseau-entreprendre.org\/picardie\/wp-content\/uploads\/sites\/54\/2025\/08\/prochains-evenements-partenaires-1-1024x170.jpg\" alt=\"\" class=\"wp-image-4707\" srcset=\"https:\/\/www.reseau-entreprendre.org\/picardie\/wp-content\/uploads\/sites\/54\/2025\/08\/prochains-evenements-partenaires-1-1024x170.jpg 1024w, https:\/\/www.reseau-entreprendre.org\/picardie\/wp-content\/uploads\/sites\/54\/2025\/08\/prochains-evenements-partenaires-1-300x50.jpg 300w, https:\/\/www.reseau-entreprendre.org\/picardie\/wp-content\/uploads\/sites\/54\/2025\/08\/prochains-evenements-partenaires-1-768x128.jpg 768w, https:\/\/www.reseau-entreprendre.org\/picardie\/wp-content\/uploads\/sites\/54\/2025\/08\/prochains-evenements-partenaires-1-210x35.jpg 210w, https:\/\/www.reseau-entreprendre.org\/picardie\/wp-content\/uploads\/sites\/54\/2025\/08\/prochains-evenements-partenaires-1-100x17.jpg 100w, https:\/\/www.reseau-entreprendre.org\/picardie\/wp-content\/uploads\/sites\/54\/2025\/08\/prochains-evenements-partenaires-1-scaled.jpg 1140w\" sizes=\"auto, (max-width: 1024px) 100vw, 1024px\" \/><\/figure>\n\n\n\n<p><\/p>\n\n\n\n<p class=\"has-text-align-center has-medium-font-size\"><strong>Vendredi 24 avril 2026 de 12h \u00e0 14h<br><\/strong>Voix d&#8217;Expert<br>sur le th\u00e8me de la transmission\/reprise d\u2019entreprise<br>\u00e0 Amiens<br><br><\/p>\n<\/div>\n<\/div>\n\n\n\n<p><\/p>\n\n\n\n<div style=\"height:19px\" aria-hidden=\"true\" class=\"wp-block-spacer\"><\/div>\n\n\n\n<h2 class=\"wp-block-heading has-text-align-center has-re-blue-color has-text-color has-link-color wp-elements-2421569467591d941ff9f48f63e3efb8\"><strong>Vous \u00eates int\u00e9ress\u00e9 pour participer \u00e0 nos prochains \u00e9v\u00e8nements ? <\/strong><\/h2>\n\n\n\n<p class=\"has-text-align-center\"><\/p>\n\n\n\n<div class=\"wp-block-buttons is-content-justification-center is-layout-flex wp-container-core-buttons-is-layout-16018d1d wp-block-buttons-is-layout-flex\">\n<div class=\"wp-block-button\"><a class=\"wp-block-button__link has-re-blue-background-color has-background has-custom-font-size wp-element-button\" href=\"https:\/\/www.reseau-entreprendre.org\/picardie\/contact\/\" style=\"font-size:25px\"><strong>Contactez votre D\u00e9l\u00e9gu\u00e9e Territoriale<\/strong><\/a><\/div>\n<\/div>\n\n\n\n<p><\/p>\n","protected":false},"excerpt":{"rendered":"<p>R\u00e9seau Entreprendre Picardie vous invite \u00e0 ses prochains \u00e9v\u00e8nements :<\/p>\n","protected":false},"author":55,"featured_media":0,"parent":0,"menu_order":0,"comment_status":"closed","ping_status":"closed","template":"","meta":{"_acf_changed":false,"_monsterinsights_skip_tracking":false,"_monsterinsights_sitenote_active":false,"_monsterinsights_sitenote_note":"","_monsterinsights_sitenote_category":0,"footnotes":""},"class_list":["post-2969","page","type-page","status-publish","hentry"],"acf":[],"yoast_head":"<!-- This site is optimized with the Yoast SEO plugin v27.4 - https:\/\/yoast.com\/product\/yoast-seo-wordpress\/ -->\n<title>Prochains \u00e9v\u00e8nements - R\u00e9seau Entreprendre Picardie<\/title>\n<meta name=\"description\" content=\"Listes des Prochains \u00e9v\u00e8nements R\u00e9seau Entreprendre Picardie. Vous souhaitez participer ? Contactez nous pour vous inscrire.\" \/>\n<meta name=\"robots\" content=\"index, follow, max-snippet:-1, max-image-preview:large, max-video-preview:-1\" \/>\n<link rel=\"canonical\" href=\"https:\/\/www.reseau-entreprendre.org\/picardie\/prochains-evenements-rep\/\" \/>\n<meta property=\"og:locale\" content=\"fr_FR\" \/>\n<meta property=\"og:type\" content=\"article\" \/>\n<meta property=\"og:title\" content=\"Prochains \u00e9v\u00e8nements - R\u00e9seau Entreprendre Picardie\" \/>\n<meta property=\"og:description\" content=\"Listes des Prochains \u00e9v\u00e8nements R\u00e9seau Entreprendre Picardie. Vous souhaitez participer ? Contactez nous pour vous inscrire.\" \/>\n<meta property=\"og:url\" content=\"https:\/\/www.reseau-entreprendre.org\/picardie\/prochains-evenements-rep\/\" \/>\n<meta property=\"og:site_name\" content=\"R\u00e9seau Entreprendre Picardie\" \/>\n<meta property=\"article:modified_time\" content=\"2026-04-23T08:30:23+00:00\" \/>\n<meta property=\"og:image\" content=\"https:\/\/www.reseau-entreprendre.org\/picardie\/wp-content\/uploads\/sites\/54\/2025\/08\/bandeau-evenements-1-scaled.png\" \/>\n\t<meta property=\"og:image:width\" content=\"1140\" \/>\n\t<meta property=\"og:image:height\" content=\"208\" \/>\n\t<meta property=\"og:image:type\" content=\"image\/png\" \/>\n<meta name=\"twitter:card\" content=\"summary_large_image\" \/>\n<meta name=\"twitter:label1\" content=\"Dur\u00e9e de lecture estim\u00e9e\" \/>\n\t<meta name=\"twitter:data1\" content=\"4 minutes\" \/>\n<script type=\"application\/ld+json\" class=\"yoast-schema-graph\">{\"@context\":\"https:\\\/\\\/schema.org\",\"@graph\":[{\"@type\":\"WebPage\",\"@id\":\"https:\\\/\\\/www.reseau-entreprendre.org\\\/picardie\\\/prochains-evenements-rep\\\/\",\"url\":\"https:\\\/\\\/www.reseau-entreprendre.org\\\/picardie\\\/prochains-evenements-rep\\\/\",\"name\":\"Prochains \u00e9v\u00e8nements - R\u00e9seau Entreprendre Picardie\",\"isPartOf\":{\"@id\":\"https:\\\/\\\/www.reseau-entreprendre.org\\\/picardie\\\/#website\"},\"primaryImageOfPage\":{\"@id\":\"https:\\\/\\\/www.reseau-entreprendre.org\\\/picardie\\\/prochains-evenements-rep\\\/#primaryimage\"},\"image\":{\"@id\":\"https:\\\/\\\/www.reseau-entreprendre.org\\\/picardie\\\/prochains-evenements-rep\\\/#primaryimage\"},\"thumbnailUrl\":\"https:\\\/\\\/www.reseau-entreprendre.org\\\/picardie\\\/wp-content\\\/uploads\\\/sites\\\/54\\\/2025\\\/08\\\/bandeau-evenements-1-1024x187.png\",\"datePublished\":\"2023-08-24T13:03:42+00:00\",\"dateModified\":\"2026-04-23T08:30:23+00:00\",\"description\":\"Listes des Prochains \u00e9v\u00e8nements R\u00e9seau Entreprendre Picardie. Vous souhaitez participer ? Contactez nous pour vous inscrire.\",\"breadcrumb\":{\"@id\":\"https:\\\/\\\/www.reseau-entreprendre.org\\\/picardie\\\/prochains-evenements-rep\\\/#breadcrumb\"},\"inLanguage\":\"fr-FR\",\"potentialAction\":[{\"@type\":\"ReadAction\",\"target\":[\"https:\\\/\\\/www.reseau-entreprendre.org\\\/picardie\\\/prochains-evenements-rep\\\/\"]}]},{\"@type\":\"ImageObject\",\"inLanguage\":\"fr-FR\",\"@id\":\"https:\\\/\\\/www.reseau-entreprendre.org\\\/picardie\\\/prochains-evenements-rep\\\/#primaryimage\",\"url\":\"https:\\\/\\\/www.reseau-entreprendre.org\\\/picardie\\\/wp-content\\\/uploads\\\/sites\\\/54\\\/2025\\\/08\\\/bandeau-evenements-1-scaled.png\",\"contentUrl\":\"https:\\\/\\\/www.reseau-entreprendre.org\\\/picardie\\\/wp-content\\\/uploads\\\/sites\\\/54\\\/2025\\\/08\\\/bandeau-evenements-1-scaled.png\",\"width\":1140,\"height\":208},{\"@type\":\"BreadcrumbList\",\"@id\":\"https:\\\/\\\/www.reseau-entreprendre.org\\\/picardie\\\/prochains-evenements-rep\\\/#breadcrumb\",\"itemListElement\":[{\"@type\":\"ListItem\",\"position\":1,\"name\":\"Accueil\",\"item\":\"https:\\\/\\\/www.reseau-entreprendre.org\\\/picardie\\\/\"},{\"@type\":\"ListItem\",\"position\":2,\"name\":\"Prochains \u00e9v\u00e8nements\"}]},{\"@type\":\"WebSite\",\"@id\":\"https:\\\/\\\/www.reseau-entreprendre.org\\\/picardie\\\/#website\",\"url\":\"https:\\\/\\\/www.reseau-entreprendre.org\\\/picardie\\\/\",\"name\":\"R\u00e9seau Entreprendre Picardie\",\"description\":\"Un site utilisant Les sites de R\u00e9seau Entreprendre\",\"potentialAction\":[{\"@type\":\"SearchAction\",\"target\":{\"@type\":\"EntryPoint\",\"urlTemplate\":\"https:\\\/\\\/www.reseau-entreprendre.org\\\/picardie\\\/?s={search_term_string}\"},\"query-input\":{\"@type\":\"PropertyValueSpecification\",\"valueRequired\":true,\"valueName\":\"search_term_string\"}}],\"inLanguage\":\"fr-FR\"}]}<\/script>\n<!-- \/ Yoast SEO plugin. -->","yoast_head_json":{"title":"Prochains \u00e9v\u00e8nements - R\u00e9seau Entreprendre Picardie","description":"Listes des Prochains \u00e9v\u00e8nements R\u00e9seau Entreprendre Picardie. Vous souhaitez participer ? Contactez nous pour vous inscrire.","robots":{"index":"index","follow":"follow","max-snippet":"max-snippet:-1","max-image-preview":"max-image-preview:large","max-video-preview":"max-video-preview:-1"},"canonical":"https:\/\/www.reseau-entreprendre.org\/picardie\/prochains-evenements-rep\/","og_locale":"fr_FR","og_type":"article","og_title":"Prochains \u00e9v\u00e8nements - R\u00e9seau Entreprendre Picardie","og_description":"Listes des Prochains \u00e9v\u00e8nements R\u00e9seau Entreprendre Picardie. Vous souhaitez participer ? Contactez nous pour vous inscrire.","og_url":"https:\/\/www.reseau-entreprendre.org\/picardie\/prochains-evenements-rep\/","og_site_name":"R\u00e9seau Entreprendre Picardie","article_modified_time":"2026-04-23T08:30:23+00:00","og_image":[{"width":1140,"height":208,"url":"https:\/\/www.reseau-entreprendre.org\/picardie\/wp-content\/uploads\/sites\/54\/2025\/08\/bandeau-evenements-1-scaled.png","type":"image\/png"}],"twitter_card":"summary_large_image","twitter_misc":{"Dur\u00e9e de lecture estim\u00e9e":"4 minutes"},"schema":{"@context":"https:\/\/schema.org","@graph":[{"@type":"WebPage","@id":"https:\/\/www.reseau-entreprendre.org\/picardie\/prochains-evenements-rep\/","url":"https:\/\/www.reseau-entreprendre.org\/picardie\/prochains-evenements-rep\/","name":"Prochains \u00e9v\u00e8nements - R\u00e9seau Entreprendre Picardie","isPartOf":{"@id":"https:\/\/www.reseau-entreprendre.org\/picardie\/#website"},"primaryImageOfPage":{"@id":"https:\/\/www.reseau-entreprendre.org\/picardie\/prochains-evenements-rep\/#primaryimage"},"image":{"@id":"https:\/\/www.reseau-entreprendre.org\/picardie\/prochains-evenements-rep\/#primaryimage"},"thumbnailUrl":"https:\/\/www.reseau-entreprendre.org\/picardie\/wp-content\/uploads\/sites\/54\/2025\/08\/bandeau-evenements-1-1024x187.png","datePublished":"2023-08-24T13:03:42+00:00","dateModified":"2026-04-23T08:30:23+00:00","description":"Listes des Prochains \u00e9v\u00e8nements R\u00e9seau Entreprendre Picardie. Vous souhaitez participer ? Contactez nous pour vous inscrire.","breadcrumb":{"@id":"https:\/\/www.reseau-entreprendre.org\/picardie\/prochains-evenements-rep\/#breadcrumb"},"inLanguage":"fr-FR","potentialAction":[{"@type":"ReadAction","target":["https:\/\/www.reseau-entreprendre.org\/picardie\/prochains-evenements-rep\/"]}]},{"@type":"ImageObject","inLanguage":"fr-FR","@id":"https:\/\/www.reseau-entreprendre.org\/picardie\/prochains-evenements-rep\/#primaryimage","url":"https:\/\/www.reseau-entreprendre.org\/picardie\/wp-content\/uploads\/sites\/54\/2025\/08\/bandeau-evenements-1-scaled.png","contentUrl":"https:\/\/www.reseau-entreprendre.org\/picardie\/wp-content\/uploads\/sites\/54\/2025\/08\/bandeau-evenements-1-scaled.png","width":1140,"height":208},{"@type":"BreadcrumbList","@id":"https:\/\/www.reseau-entreprendre.org\/picardie\/prochains-evenements-rep\/#breadcrumb","itemListElement":[{"@type":"ListItem","position":1,"name":"Accueil","item":"https:\/\/www.reseau-entreprendre.org\/picardie\/"},{"@type":"ListItem","position":2,"name":"Prochains \u00e9v\u00e8nements"}]},{"@type":"WebSite","@id":"https:\/\/www.reseau-entreprendre.org\/picardie\/#website","url":"https:\/\/www.reseau-entreprendre.org\/picardie\/","name":"R\u00e9seau Entreprendre Picardie","description":"Un site utilisant Les sites de R\u00e9seau Entreprendre","potentialAction":[{"@type":"SearchAction","target":{"@type":"EntryPoint","urlTemplate":"https:\/\/www.reseau-entreprendre.org\/picardie\/?s={search_term_string}"},"query-input":{"@type":"PropertyValueSpecification","valueRequired":true,"valueName":"search_term_string"}}],"inLanguage":"fr-FR"}]}},"_links":{"self":[{"href":"https:\/\/www.reseau-entreprendre.org\/picardie\/wp-json\/wp\/v2\/pages\/2969","targetHints":{"allow":["GET"]}}],"collection":[{"href":"https:\/\/www.reseau-entreprendre.org\/picardie\/wp-json\/wp\/v2\/pages"}],"about":[{"href":"https:\/\/www.reseau-entreprendre.org\/picardie\/wp-json\/wp\/v2\/types\/page"}],"author":[{"embeddable":true,"href":"https:\/\/www.reseau-entreprendre.org\/picardie\/wp-json\/wp\/v2\/users\/55"}],"replies":[{"embeddable":true,"href":"https:\/\/www.reseau-entreprendre.org\/picardie\/wp-json\/wp\/v2\/comments?post=2969"}],"version-history":[{"count":5,"href":"https:\/\/www.reseau-entreprendre.org\/picardie\/wp-json\/wp\/v2\/pages\/2969\/revisions"}],"predecessor-version":[{"id":5394,"href":"https:\/\/www.reseau-entreprendre.org\/picardie\/wp-json\/wp\/v2\/pages\/2969\/revisions\/5394"}],"wp:attachment":[{"href":"https:\/\/www.reseau-entreprendre.org\/picardie\/wp-json\/wp\/v2\/media?parent=2969"}],"curies":[{"name":"wp","href":"https:\/\/api.w.org\/{rel}","templated":true}]}}