{"id":45,"date":"2017-05-12T11:58:21","date_gmt":"2017-05-12T09:58:21","guid":{"rendered":"http:\/\/re-preprod-entreprendre.fr\/picardie\/?page_id=45"},"modified":"2026-03-26T17:58:24","modified_gmt":"2026-03-26T16:58:24","slug":"accueil","status":"publish","type":"page","link":"https:\/\/www.reseau-entreprendre.org\/picardie\/","title":{"rendered":"R\u00e9seau Entreprendre Picardie"},"content":{"rendered":"\n<div class=\"wp-block-group alignwide pb-0 padded bg-light\"><div class=\"wp-block-group__inner-container is-layout-flow wp-block-group-is-layout-flow\">\n<div class=\"wp-block-columns mb-5 is-layout-flex wp-container-core-columns-is-layout-9d6595d7 wp-block-columns-is-layout-flex\">\n<div class=\"wp-block-column is-vertically-aligned-center is-layout-flow wp-block-column-is-layout-flow\" style=\"flex-basis:43%\">\n<figure class=\"wp-block-image size-full lifted-bottom is-style-lifted-bottom\"><img loading=\"lazy\" decoding=\"async\" width=\"512\" height=\"512\" src=\"https:\/\/www.reseau-entreprendre.org\/picardie\/wp-content\/uploads\/sites\/54\/2025\/10\/accompagnement-bis.gif\" alt=\"\" class=\"wp-image-4961\" \/><\/figure>\n\n\n\n<p><\/p>\n<\/div>\n\n\n\n<div class=\"wp-block-column is-vertically-aligned-center is-layout-flow wp-block-column-is-layout-flow\">\n<h2 class=\"wp-block-heading has-re-blue-color has-text-color\" style=\"font-size:24px\"><strong>Pour cr\u00e9er des emplois, cr\u00e9ons des employeurs !<\/strong><\/h2>\n\n\n\n<p class=\"has-medium-font-size\">Depuis 2002, l\u2019association R\u00e9seau Entreprendre Picardie accompagne les dirigeants d\u2019entreprises dans la r\u00e9ussite de leur activit\u00e9 gr\u00e2ce aux b\u00e9n\u00e9voles du territoire.<\/p>\n\n\n\n<ul class=\"wp-block-list\">\n<li>Le c\u0153ur de notre engagement :&nbsp;<strong>faire grandir&nbsp;<\/strong>les entreprises r\u00e9gional et les&nbsp;<strong>p\u00e9renniser<\/strong>.<\/li>\n\n\n\n<li>La&nbsp;<strong>gratuit\u00e9<\/strong>&nbsp;et la<strong>&nbsp;r\u00e9ciprocit\u00e9<\/strong>&nbsp;guident notre action. <br>La gratuit\u00e9 garantit notre impartialit\u00e9. <br>La r\u00e9ciprocit\u00e9 encourage nos laur\u00e9ats \u00e0 donner \u00e0 leur tour.<\/li>\n\n\n\n<li>Nous agissons avec&nbsp;<strong>bienveillance<\/strong>&nbsp;et&nbsp;<strong>solidarit\u00e9<\/strong>.<\/li>\n<\/ul>\n\n\n\n<div class=\"wp-block-buttons is-layout-flex wp-block-buttons-is-layout-flex\">\n<div class=\"wp-block-button is-style-fill\"><a class=\"wp-block-button__link has-re-blue-background-color has-text-color has-background wp-element-button\" href=\"https:\/\/www.reseau-entreprendre.org\/picardie\/contact\/\" style=\"color:#ffffff\">Contactez-nous !<\/a><\/div>\n<\/div>\n<\/div>\n<\/div>\n<\/div><\/div>\n\n\n\n<div class=\"wp-block-group alignwide pb-0 padded bg-light\"><div class=\"wp-block-group__inner-container is-layout-flow wp-block-group-is-layout-flow\">\n<h2 class=\"wp-block-heading has-text-align-center has-re-blue-color has-text-color has-link-color wp-elements-1b42e504a6a33e25535224a5f2482313\"><strong>Comment rejoindre R\u00e9seau Entreprendre Picardie ?<\/strong><\/h2>\n\n\n\n<div style=\"height:25px\" aria-hidden=\"true\" class=\"wp-block-spacer\"><\/div>\n\n\n\n<div class=\"wp-block-columns is-layout-flex wp-container-core-columns-is-layout-9d6595d7 wp-block-columns-is-layout-flex\">\n<div class=\"wp-block-column is-layout-flow wp-block-column-is-layout-flow\"><div class=\"wp-block-image is-style-default\">\n<figure class=\"aligncenter size-large\"><img loading=\"lazy\" decoding=\"async\" width=\"1024\" height=\"1024\" src=\"https:\/\/www.reseau-entreprendre.org\/picardie\/wp-content\/uploads\/sites\/54\/2025\/04\/membre-1024x1024.jpg\" alt=\"\" class=\"wp-image-4482\" srcset=\"https:\/\/www.reseau-entreprendre.org\/picardie\/wp-content\/uploads\/sites\/54\/2025\/04\/membre-1024x1024.jpg 1024w, https:\/\/www.reseau-entreprendre.org\/picardie\/wp-content\/uploads\/sites\/54\/2025\/04\/membre-300x300.jpg 300w, https:\/\/www.reseau-entreprendre.org\/picardie\/wp-content\/uploads\/sites\/54\/2025\/04\/membre-150x150.jpg 150w, https:\/\/www.reseau-entreprendre.org\/picardie\/wp-content\/uploads\/sites\/54\/2025\/04\/membre-768x768.jpg 768w, https:\/\/www.reseau-entreprendre.org\/picardie\/wp-content\/uploads\/sites\/54\/2025\/04\/membre-500x500.jpg 500w, https:\/\/www.reseau-entreprendre.org\/picardie\/wp-content\/uploads\/sites\/54\/2025\/04\/membre-130x130.jpg 130w, https:\/\/www.reseau-entreprendre.org\/picardie\/wp-content\/uploads\/sites\/54\/2025\/04\/membre-100x100.jpg 100w, https:\/\/www.reseau-entreprendre.org\/picardie\/wp-content\/uploads\/sites\/54\/2025\/04\/membre.jpg 1080w\" sizes=\"auto, (max-width: 1024px) 100vw, 1024px\" \/><\/figure>\n<\/div>\n\n\n<div style=\"height:50px\" aria-hidden=\"true\" class=\"wp-block-spacer\"><\/div>\n\n\n\n<h3 class=\"wp-block-heading has-text-align-center has-re-red-color has-text-color has-link-color wp-elements-914ed44faf528a7dd971f4459d5c9d8a\"><strong>Vous souhaitez devenir membre ?<\/strong><br><strong>Choisissez votre degr\u00e9 d&#8217;implication<\/strong><\/h3>\n\n\n\n<p class=\"has-text-align-center has-medium-font-size\">Vous souhaitez partager vos valeurs et votre exp\u00e9rience en tant que chef d&#8217;entreprise, aupr\u00e8s des membres et des Laur\u00e9ats ? Vous enrichissez votre exp\u00e9rience en vous engageant dans l&#8217;accompagnement de nos laur\u00e9ats, en participant aux Groupes de Travail, Comit\u00e9s d&#8217;engagement, visite d&#8217;entreprise&#8230;<\/p>\n\n\n\n<div style=\"height:25px\" aria-hidden=\"true\" class=\"wp-block-spacer\"><\/div>\n\n\n\n<div class=\"wp-block-buttons is-content-justification-center is-layout-flex wp-container-core-buttons-is-layout-16018d1d wp-block-buttons-is-layout-flex\">\n<div class=\"wp-block-button\"><a class=\"wp-block-button__link has-re-red-background-color has-background wp-element-button\" href=\"https:\/\/www.reseau-entreprendre.org\/picardie\/accompagner\/\"><strong>Je veux en savoir plus !<\/strong><\/a><\/div>\n<\/div>\n<\/div>\n\n\n\n<div class=\"wp-block-column is-layout-flow wp-block-column-is-layout-flow\">\n<figure class=\"wp-block-image size-large\"><img loading=\"lazy\" decoding=\"async\" width=\"1024\" height=\"1024\" src=\"https:\/\/www.reseau-entreprendre.org\/picardie\/wp-content\/uploads\/sites\/54\/2026\/03\/laureats-1024x1024.jpg\" alt=\"\" class=\"wp-image-5269\" srcset=\"https:\/\/www.reseau-entreprendre.org\/picardie\/wp-content\/uploads\/sites\/54\/2026\/03\/laureats-1024x1024.jpg 1024w, https:\/\/www.reseau-entreprendre.org\/picardie\/wp-content\/uploads\/sites\/54\/2026\/03\/laureats-300x300.jpg 300w, https:\/\/www.reseau-entreprendre.org\/picardie\/wp-content\/uploads\/sites\/54\/2026\/03\/laureats-150x150.jpg 150w, https:\/\/www.reseau-entreprendre.org\/picardie\/wp-content\/uploads\/sites\/54\/2026\/03\/laureats-768x768.jpg 768w, https:\/\/www.reseau-entreprendre.org\/picardie\/wp-content\/uploads\/sites\/54\/2026\/03\/laureats-500x500.jpg 500w, https:\/\/www.reseau-entreprendre.org\/picardie\/wp-content\/uploads\/sites\/54\/2026\/03\/laureats-130x130.jpg 130w, https:\/\/www.reseau-entreprendre.org\/picardie\/wp-content\/uploads\/sites\/54\/2026\/03\/laureats-100x100.jpg 100w, https:\/\/www.reseau-entreprendre.org\/picardie\/wp-content\/uploads\/sites\/54\/2026\/03\/laureats.jpg 1080w\" sizes=\"auto, (max-width: 1024px) 100vw, 1024px\" \/><\/figure>\n\n\n\n<div style=\"height:50px\" aria-hidden=\"true\" class=\"wp-block-spacer\"><\/div>\n\n\n\n<h3 class=\"wp-block-heading has-text-align-center has-re-yellow-color has-text-color has-link-color wp-elements-e031fff610a7ceaed093f0127e74e6ca\"><strong>Pour la cr\u00e9ation, la reprise ou le d\u00e9veloppement de votre entreprise, RE Picardie vous accompagne !<\/strong><\/h3>\n\n\n\n<p class=\"has-text-align-center has-medium-font-size\">Gr\u00e2ce \u00e0 nos membres, chefs d&#8217;entreprise en activit\u00e9, vous recevrez l&#8217;exp\u00e9rience et de pr\u00e9cieux conseils pour r\u00e9ussir votre activit\u00e9. Avec les Clubs de Laur\u00e9ats vous partager mensuellement et collectivement des savoirs pour faire \u00e9voluer votre entreprise !<\/p>\n\n\n\n<div style=\"height:25px\" aria-hidden=\"true\" class=\"wp-block-spacer\"><\/div>\n\n\n\n<div class=\"wp-block-buttons alignwide is-content-justification-center is-layout-flex wp-container-core-buttons-is-layout-16018d1d wp-block-buttons-is-layout-flex\">\n<div class=\"wp-block-button\"><a class=\"wp-block-button__link has-re-yellow-background-color has-background wp-element-button\" href=\"https:\/\/www.reseau-entreprendre.org\/picardie\/entreprendre-2\/\" target=\"_blank\" rel=\"noreferrer noopener\"><strong>Devenir Laur\u00e9at<\/strong><\/a><\/div>\n<\/div>\n<\/div>\n<\/div>\n\n\n\n<div class=\"wp-block-columns mb-5 is-layout-flex wp-container-core-columns-is-layout-9d6595d7 wp-block-columns-is-layout-flex\">\n<div class=\"wp-block-column is-vertically-aligned-center is-layout-flow wp-block-column-is-layout-flow\"><\/div>\n\n\n\n<div class=\"wp-block-column is-vertically-aligned-center is-layout-flow wp-block-column-is-layout-flow\" style=\"flex-basis:43%\">\n<p><\/p>\n<\/div>\n<\/div>\n<\/div><\/div>\n\n\n\n<div style=\"height:40px\" aria-hidden=\"true\" class=\"wp-block-spacer\"><\/div>\n\n\n\n<hr class=\"wp-block-separator has-alpha-channel-opacity\" \/>\n\n\n\n<div style=\"height:40px\" aria-hidden=\"true\" class=\"wp-block-spacer\"><\/div>\n\n\n\n<div class=\"wp-block-columns is-layout-flex wp-container-core-columns-is-layout-9d6595d7 wp-block-columns-is-layout-flex\">\n<div class=\"wp-block-column is-layout-flow wp-block-column-is-layout-flow\">\n<figure class=\"wp-block-image size-full\"><img loading=\"lazy\" decoding=\"async\" width=\"540\" height=\"540\" src=\"https:\/\/www.reseau-entreprendre.org\/picardie\/wp-content\/uploads\/sites\/54\/2026\/03\/fete-des-entrepreneurs-laureats-2026-BUTZI.png\" alt=\"\" class=\"wp-image-5341\" srcset=\"https:\/\/www.reseau-entreprendre.org\/picardie\/wp-content\/uploads\/sites\/54\/2026\/03\/fete-des-entrepreneurs-laureats-2026-BUTZI.png 540w, https:\/\/www.reseau-entreprendre.org\/picardie\/wp-content\/uploads\/sites\/54\/2026\/03\/fete-des-entrepreneurs-laureats-2026-BUTZI-300x300.png 300w, https:\/\/www.reseau-entreprendre.org\/picardie\/wp-content\/uploads\/sites\/54\/2026\/03\/fete-des-entrepreneurs-laureats-2026-BUTZI-150x150.png 150w, https:\/\/www.reseau-entreprendre.org\/picardie\/wp-content\/uploads\/sites\/54\/2026\/03\/fete-des-entrepreneurs-laureats-2026-BUTZI-500x500.png 500w, https:\/\/www.reseau-entreprendre.org\/picardie\/wp-content\/uploads\/sites\/54\/2026\/03\/fete-des-entrepreneurs-laureats-2026-BUTZI-130x130.png 130w, https:\/\/www.reseau-entreprendre.org\/picardie\/wp-content\/uploads\/sites\/54\/2026\/03\/fete-des-entrepreneurs-laureats-2026-BUTZI-100x100.png 100w\" sizes=\"auto, (max-width: 540px) 100vw, 540px\" \/><\/figure>\n\n\n\n<div style=\"height:10px\" aria-hidden=\"true\" class=\"wp-block-spacer\"><\/div>\n\n\n\n<p class=\"has-text-align-center has-re-blue-color has-text-color has-link-color has-large-font-size wp-elements-437ab9a4dac682f7122dc9a91601bb39\"><strong>F\u00eate des Entrepreneurs Laur\u00e9ats <\/strong><\/p>\n\n\n\n<p class=\"has-text-align-center has-medium-font-size\">Venez d\u00e9couvrir R\u00e9seau Entreprendre Picardie lors de notre <strong>F\u00eate des Entrepreneurs Laur\u00e9ats le 28 avril au Palais de Fervaques \u00e0 Saint-Quentin.<\/strong> Les 32 Laur\u00e9ats de la promotion Turing 2025 recevront leur troph\u00e9e. Suivra une conf\u00e9rence sur &#8220;L&#8217;IA au c\u0153ur de l&#8217;entreprise&#8221;, <strong>un cocktail et un repas assis<\/strong> pour \u00e9changer et partager vos exp\u00e9riences avec les 300 chefs d&#8217;entreprise picards attendus.<br> <a href=\"https:\/\/www.helloasso.com\/associations\/reseau-entreprendre-picardie\/evenements\/fete-des-entrepreneurs-laureats-invites\" id=\"https:\/\/www.helloasso.com\/associations\/reseau-entreprendre-picardie\/evenements\/fete-des-entrepreneurs-laureats-invites\" target=\"_blank\" rel=\"noreferrer noopener\">Inscrivez vous sur HelloAsso<\/a><\/p>\n<\/div>\n\n\n\n<div class=\"wp-block-column is-layout-flow wp-block-column-is-layout-flow\">\n<figure class=\"wp-block-image size-full\"><img loading=\"lazy\" decoding=\"async\" width=\"410\" height=\"410\" src=\"https:\/\/www.reseau-entreprendre.org\/picardie\/wp-content\/uploads\/sites\/54\/2026\/03\/AG-carre-BD.png\" alt=\"\" class=\"wp-image-5352\" srcset=\"https:\/\/www.reseau-entreprendre.org\/picardie\/wp-content\/uploads\/sites\/54\/2026\/03\/AG-carre-BD.png 410w, https:\/\/www.reseau-entreprendre.org\/picardie\/wp-content\/uploads\/sites\/54\/2026\/03\/AG-carre-BD-300x300.png 300w, https:\/\/www.reseau-entreprendre.org\/picardie\/wp-content\/uploads\/sites\/54\/2026\/03\/AG-carre-BD-150x150.png 150w, https:\/\/www.reseau-entreprendre.org\/picardie\/wp-content\/uploads\/sites\/54\/2026\/03\/AG-carre-BD-130x130.png 130w, https:\/\/www.reseau-entreprendre.org\/picardie\/wp-content\/uploads\/sites\/54\/2026\/03\/AG-carre-BD-100x100.png 100w\" sizes=\"auto, (max-width: 410px) 100vw, 410px\" \/><\/figure>\n\n\n\n<div style=\"height:10px\" aria-hidden=\"true\" class=\"wp-block-spacer\"><\/div>\n\n\n\n<p class=\"has-text-align-center has-text-color has-link-color has-large-font-size wp-elements-0f690966aba1c0c80eb9db8346222ce7\" style=\"color:#00e5ce\"><strong>Assembl\u00e9e G\u00e9n\u00e9rale R\u00e9seau Entreprendre Picardie<\/strong><\/p>\n\n\n\n<p class=\"has-text-align-center has-medium-font-size\">L&#8217;Assembl\u00e9e G\u00e9n\u00e9rale se fera cette ann\u00e9e en visioconf\u00e9rence le 2 juin 2026 entre 12h et 13h.<br>Vous pouvez assister \u00e0 celle-ci via le lien ci-dessous. Retour sur les \u00e9l\u00e9ments forts de l&#8217;ann\u00e9e. <\/p>\n\n\n\n<p class=\"has-text-align-center has-medium-font-size\"><em>Seul les membres peuvent vot\u00e9s. <\/em><\/p>\n\n\n\n<p class=\"has-text-align-center has-medium-font-size\"><a href=\"https:\/\/teams.microsoft.com\/meet\/35430749137486?p=9aInnpuAAoM227VtUO\" id=\"https:\/\/teams.microsoft.com\/meet\/35430749137486?p=9aInnpuAAoM227VtUO\">Rejoindre la visio<\/a><\/p>\n<\/div>\n\n\n\n<div class=\"wp-block-column is-layout-flow wp-block-column-is-layout-flow\">\n<figure class=\"wp-block-image size-full\"><img loading=\"lazy\" decoding=\"async\" width=\"400\" height=\"400\" src=\"https:\/\/www.reseau-entreprendre.org\/picardie\/wp-content\/uploads\/sites\/54\/2026\/03\/40-ans-inscription.png\" alt=\"\" class=\"wp-image-5344\" srcset=\"https:\/\/www.reseau-entreprendre.org\/picardie\/wp-content\/uploads\/sites\/54\/2026\/03\/40-ans-inscription.png 400w, https:\/\/www.reseau-entreprendre.org\/picardie\/wp-content\/uploads\/sites\/54\/2026\/03\/40-ans-inscription-300x300.png 300w, https:\/\/www.reseau-entreprendre.org\/picardie\/wp-content\/uploads\/sites\/54\/2026\/03\/40-ans-inscription-150x150.png 150w, https:\/\/www.reseau-entreprendre.org\/picardie\/wp-content\/uploads\/sites\/54\/2026\/03\/40-ans-inscription-130x130.png 130w, https:\/\/www.reseau-entreprendre.org\/picardie\/wp-content\/uploads\/sites\/54\/2026\/03\/40-ans-inscription-100x100.png 100w\" sizes=\"auto, (max-width: 400px) 100vw, 400px\" \/><\/figure>\n\n\n\n<div style=\"height:10px\" aria-hidden=\"true\" class=\"wp-block-spacer\"><\/div>\n\n\n\n<p class=\"has-text-align-center has-text-color has-link-color has-large-font-size wp-elements-94fbdcb4982436c2fcec36553d3e15a9\" style=\"color:#ff00ea\"><strong>40 ans R\u00e9seau Entreprendre<\/strong><\/p>\n\n\n\n<p class=\"has-text-align-center has-medium-font-size\">C\u00e9l\u00e9brer les <strong>40 ans de R\u00e9seau Entreprendre\u00ae<\/strong>, c&#8217;est c\u00e9l\u00e9brer quatre d\u00e9cennies d&#8217;audace et de solidarit\u00e9 entrepreneuriales. L&#8217;entrepreneuriat est une aventure collective faite de partage, de confiance et d&#8217;engagement.<br>Rejoignez l&#8217;\u00e9quipe R\u00e9seau Entreprendre Picardie les <strong>1, 2 et 3 juillet 2026 \u00e0 Lille<\/strong>, pour des conf\u00e9rences, ateliers, t\u00e9moignages, visites d&#8217;entreprise&#8230; parmi les 1500 chefs d&#8217;entreprise venus de toute la France !<br>Plus d&#8217;information sur :<br><a href=\"https:\/\/www.reseau-entreprendre-40ans.org\/fr\/\" id=\"https:\/\/www.reseau-entreprendre-40ans.org\/fr\/\">reseau-entreprendre-40ans.org<\/a><\/p>\n<\/div>\n<\/div>\n\n\n\n<div style=\"height:40px\" aria-hidden=\"true\" class=\"wp-block-spacer\"><\/div>\n\n\n\n<hr class=\"wp-block-separator has-alpha-channel-opacity\" \/>\n\n\n\n<div style=\"height:40px\" aria-hidden=\"true\" class=\"wp-block-spacer\"><\/div>\n\n\n\n<h2 class=\"wp-block-heading has-text-align-center has-x-large-font-size\"><mark style=\"background-color:#ffffff\" class=\"has-inline-color has-re-red-color\"><strong>Retour sur la Conviviale de fin d&#8217;ann\u00e9e chez Poclain  <\/strong><\/mark><\/h2>\n\n\n<div class=\"wp-block-image\">\n<figure class=\"aligncenter size-full is-resized\"><img loading=\"lazy\" decoding=\"async\" width=\"1140\" height=\"410\" src=\"https:\/\/www.reseau-entreprendre.org\/picardie\/wp-content\/uploads\/sites\/54\/2026\/03\/bandeau-bas-evenement-poclain-scaled.jpg\" alt=\"\" class=\"wp-image-5275\" style=\"width:1126px;height:auto\" srcset=\"https:\/\/www.reseau-entreprendre.org\/picardie\/wp-content\/uploads\/sites\/54\/2026\/03\/bandeau-bas-evenement-poclain-scaled.jpg 1140w, https:\/\/www.reseau-entreprendre.org\/picardie\/wp-content\/uploads\/sites\/54\/2026\/03\/bandeau-bas-evenement-poclain-300x108.jpg 300w, https:\/\/www.reseau-entreprendre.org\/picardie\/wp-content\/uploads\/sites\/54\/2026\/03\/bandeau-bas-evenement-poclain-1024x368.jpg 1024w, https:\/\/www.reseau-entreprendre.org\/picardie\/wp-content\/uploads\/sites\/54\/2026\/03\/bandeau-bas-evenement-poclain-768x276.jpg 768w, https:\/\/www.reseau-entreprendre.org\/picardie\/wp-content\/uploads\/sites\/54\/2026\/03\/bandeau-bas-evenement-poclain-1536x552.jpg 1536w, https:\/\/www.reseau-entreprendre.org\/picardie\/wp-content\/uploads\/sites\/54\/2026\/03\/bandeau-bas-evenement-poclain-210x75.jpg 210w, https:\/\/www.reseau-entreprendre.org\/picardie\/wp-content\/uploads\/sites\/54\/2026\/03\/bandeau-bas-evenement-poclain-100x36.jpg 100w\" sizes=\"auto, (max-width: 1140px) 100vw, 1140px\" \/><\/figure>\n<\/div>\n\n\n<p class=\"has-text-align-center has-medium-font-size\"><a href=\"https:\/\/photos.google.com\/share\/AF1QipP_LDty2TFWQ9iX0FMCLkzPhZZ4Twgo-74w_zsNoMH2VjuXKcBPvgQZxfIZxexU1g?key=LTZfTHNQaWluaE0ybGtFWG1JdFc3VkFJb2doOEdn\" id=\"https:\/\/photos.google.com\/share\/AF1QipP_LDty2TFWQ9iX0FMCLkzPhZZ4Twgo-74w_zsNoMH2VjuXKcBPvgQZxfIZxexU1g?key=LTZfTHNQaWluaE0ybGtFWG1JdFc3VkFJb2doOEdn\" target=\"_blank\" rel=\"noreferrer noopener\"><strong>Toutes les photos de la soir\u00e9e<\/strong><\/a> du 2 d\u00e9cembre 2025<\/p>\n\n\n\n<div style=\"height:40px\" aria-hidden=\"true\" class=\"wp-block-spacer\"><\/div>\n\n\n\n<hr class=\"wp-block-separator has-alpha-channel-opacity\" \/>\n\n\n\n<div style=\"height:40px\" aria-hidden=\"true\" class=\"wp-block-spacer\"><\/div>\n\n\n\n<h2 class=\"wp-block-heading has-text-align-center has-x-large-font-size\"><mark style=\"background-color:#ffffff\" class=\"has-inline-color has-re-red-color\"><strong>Retour en images du 5 juin  <\/strong><\/mark><\/h2>\n\n\n<div class=\"wp-block-image\">\n<figure class=\"aligncenter size-full is-resized\"><a href=\"https:\/\/drive.google.com\/drive\/folders\/1vbE9W-yViK8Kin1A7J_RlcxLRuMDR1as\" target=\"_blank\" rel=\"noreferrer noopener\"><img loading=\"lazy\" decoding=\"async\" width=\"1140\" height=\"410\" src=\"https:\/\/www.reseau-entreprendre.org\/picardie\/wp-content\/uploads\/sites\/54\/2025\/06\/bandeau-bas-evenementfete-laureats2025-scaled.jpg\" alt=\"\" class=\"wp-image-4547\" style=\"width:1126px;height:auto\" srcset=\"https:\/\/www.reseau-entreprendre.org\/picardie\/wp-content\/uploads\/sites\/54\/2025\/06\/bandeau-bas-evenementfete-laureats2025-scaled.jpg 1140w, https:\/\/www.reseau-entreprendre.org\/picardie\/wp-content\/uploads\/sites\/54\/2025\/06\/bandeau-bas-evenementfete-laureats2025-300x108.jpg 300w, https:\/\/www.reseau-entreprendre.org\/picardie\/wp-content\/uploads\/sites\/54\/2025\/06\/bandeau-bas-evenementfete-laureats2025-1024x368.jpg 1024w, https:\/\/www.reseau-entreprendre.org\/picardie\/wp-content\/uploads\/sites\/54\/2025\/06\/bandeau-bas-evenementfete-laureats2025-768x276.jpg 768w, https:\/\/www.reseau-entreprendre.org\/picardie\/wp-content\/uploads\/sites\/54\/2025\/06\/bandeau-bas-evenementfete-laureats2025-1536x552.jpg 1536w, https:\/\/www.reseau-entreprendre.org\/picardie\/wp-content\/uploads\/sites\/54\/2025\/06\/bandeau-bas-evenementfete-laureats2025-210x75.jpg 210w, https:\/\/www.reseau-entreprendre.org\/picardie\/wp-content\/uploads\/sites\/54\/2025\/06\/bandeau-bas-evenementfete-laureats2025-100x36.jpg 100w\" sizes=\"auto, (max-width: 1140px) 100vw, 1140px\" \/><\/a><\/figure>\n<\/div>\n\n\n<p class=\"has-text-align-center has-medium-font-size\"><strong><a href=\"https:\/\/drive.google.com\/drive\/folders\/1vbE9W-yViK8Kin1A7J_RlcxLRuMDR1as\" target=\"_blank\" rel=\"noreferrer noopener\">Toutes les photos<\/a>, <a href=\"https:\/\/www.youtube.com\/watch?v=e7Mm8d8uu6Q\" target=\"_blank\" rel=\"noreferrer noopener\">la vid\u00e9o<\/a> et l&#8217;<a href=\"https:\/\/www.reseau-entreprendre.org\/picardie\/2025\/08\/21\/soiree-des-laureats-2025\/\">article<\/a> de la F\u00eate des Laur\u00e9ats 2025<\/strong><\/p>\n\n\n\n<div style=\"height:40px\" aria-hidden=\"true\" class=\"wp-block-spacer\"><\/div>\n\n\n\n<hr class=\"wp-block-separator has-alpha-channel-opacity\" \/>\n\n\n\n<div style=\"height:40px\" aria-hidden=\"true\" class=\"wp-block-spacer\"><\/div>\n\n\n\n<h2 class=\"wp-block-heading has-text-align-center has-x-large-font-size\"><mark style=\"background-color:#ffffff\" class=\"has-inline-color has-re-red-color\"><strong>Retour en images du 26 &amp; 27 Septembre  <\/strong><\/mark><\/h2>\n\n\n<div class=\"wp-block-image\">\n<figure class=\"aligncenter size-full is-resized\"><a href=\"https:\/\/drive.google.com\/drive\/folders\/1_UaC18CcywKSIz8ODMEIn52Mwo0RkQh_\" target=\"_blank\" rel=\"noreferrer noopener\"><img loading=\"lazy\" decoding=\"async\" width=\"1140\" height=\"410\" src=\"https:\/\/www.reseau-entreprendre.org\/picardie\/wp-content\/uploads\/sites\/54\/2024\/10\/bandeau-bas-evenement.png\" alt=\"R\u00e9gionale R\u00e9seau Entreprendre Picardie\" class=\"wp-image-3756\" style=\"width:1126px;height:auto\" srcset=\"https:\/\/www.reseau-entreprendre.org\/picardie\/wp-content\/uploads\/sites\/54\/2024\/10\/bandeau-bas-evenement.png 1140w, https:\/\/www.reseau-entreprendre.org\/picardie\/wp-content\/uploads\/sites\/54\/2024\/10\/bandeau-bas-evenement-300x108.png 300w, https:\/\/www.reseau-entreprendre.org\/picardie\/wp-content\/uploads\/sites\/54\/2024\/10\/bandeau-bas-evenement-1024x368.png 1024w, https:\/\/www.reseau-entreprendre.org\/picardie\/wp-content\/uploads\/sites\/54\/2024\/10\/bandeau-bas-evenement-768x276.png 768w, https:\/\/www.reseau-entreprendre.org\/picardie\/wp-content\/uploads\/sites\/54\/2024\/10\/bandeau-bas-evenement-1536x552.png 1536w, https:\/\/www.reseau-entreprendre.org\/picardie\/wp-content\/uploads\/sites\/54\/2024\/10\/bandeau-bas-evenement-210x75.png 210w, https:\/\/www.reseau-entreprendre.org\/picardie\/wp-content\/uploads\/sites\/54\/2024\/10\/bandeau-bas-evenement-100x36.png 100w\" sizes=\"auto, (max-width: 1140px) 100vw, 1140px\" \/><\/a><\/figure>\n<\/div>\n\n\n<p class=\"has-text-align-center has-medium-font-size\"><strong><a href=\"https:\/\/drive.google.com\/drive\/folders\/1_UaC18CcywKSIz8ODMEIn52Mwo0RkQh_\" target=\"_blank\" rel=\"noreferrer noopener\">Toutes les photos de la R\u00e9gionale 2024 ici<\/a><\/strong><\/p>\n\n\n\n<div style=\"height:30px\" aria-hidden=\"true\" class=\"wp-block-spacer\"><\/div>\n\n\n\n<hr class=\"wp-block-separator has-css-opacity\" \/>\n\n\n\n<div style=\"height:61px\" aria-hidden=\"true\" class=\"wp-block-spacer\"><\/div>\n\n\n\n<div class=\"wp-block-group alignwide\"><div class=\"wp-block-group__inner-container is-layout-flow wp-block-group-is-layout-flow\">\n<h2 class=\"wp-block-heading has-text-align-center\">R\u00e9seau Entreprendre Picardie, c\u2019est\u2026<\/h2>\n\n\n\n<div style=\"height:40px\" aria-hidden=\"true\" class=\"wp-block-spacer\"><\/div>\n\n\n\n<div class=\"wp-block-columns alignfull bordures chiffres-cles is-layout-flex wp-container-core-columns-is-layout-9d6595d7 wp-block-columns-is-layout-flex\">\n<div class=\"wp-block-column is-layout-flow wp-block-column-is-layout-flow\"><div>\n        <span class=\"d-block w-100 text-center\" style=\"color:#1595bf\">\n            <svg class=\"icon\" width=\"89\" height=\"75\" viewBox=\"0 0 89 75\" fill=\"none\" xmlns=\"http:\/\/www.w3.org\/2000\/svg\">\n<g id=\"Ic&#195;&#180;ne Chef d&#39;entreprise\">\n<path id=\"Stroke 1\" d=\"M49.5241 1L39.1261 25.2621\" stroke=\"currentColor\" stroke-width=\"1.93752\" stroke-linecap=\"round\" stroke-linejoin=\"round\"\/>\n<path id=\"Stroke 3\" d=\"M49.5242 25.2621L59.9222 1\" stroke=\"currentColor\" stroke-width=\"1.93752\" stroke-linecap=\"round\" stroke-linejoin=\"round\"\/>\n<path id=\"Stroke 6\" d=\"M52.9901 46.0579H77.2522\" stroke=\"currentColor\" stroke-width=\"1.93752\" stroke-linecap=\"round\" stroke-linejoin=\"round\"\/>\n<path id=\"Stroke 7\" d=\"M52.9901 35.66H77.2522\" stroke=\"currentColor\" stroke-width=\"1.93752\" stroke-linecap=\"round\" stroke-linejoin=\"round\"\/>\n<path id=\"Stroke 8\" d=\"M52.9901 56.4563H77.2522\" stroke=\"currentColor\" stroke-width=\"1.93752\" stroke-linecap=\"round\" stroke-linejoin=\"round\"\/>\n<path id=\"Stroke 9\" fill-rule=\"evenodd\" clip-rule=\"evenodd\" d=\"M35.6601 40.8589C35.6601 45.6472 31.7799 49.5239 26.9951 49.5239C22.2103 49.5239 18.3301 45.6472 18.3301 40.8589C18.3301 36.0706 22.2103 32.1938 26.9951 32.1938C31.7799 32.1938 35.6601 36.0706 35.6601 40.8589Z\" stroke=\"currentColor\" stroke-width=\"1.93752\" stroke-linejoin=\"round\"\/>\n<path id=\"Stroke 11\" d=\"M42.5921 63.3883V61.1492C42.5921 58.314 40.8661 55.7665 38.2336 54.7128L33.9271 52.9902L26.9951 59.9223L20.0631 52.9902L15.7566 54.7128C13.1241 55.7665 11.3981 58.314 11.3981 61.1492V63.3883\" stroke=\"currentColor\" stroke-width=\"1.93752\" stroke-linecap=\"round\" stroke-linejoin=\"round\"\/>\n<path id=\"Stroke 13\" d=\"M60.9122 14.8643H80.7187C84.5469 14.8643 87.6507 17.9681 87.6507 21.7963V66.8544C87.6507 70.6826 84.5469 73.7864 80.7187 73.7864H7.9325C4.1043 73.7864 1.00049 70.6826 1.00049 66.8544V21.7963C1.00049 17.9681 4.1043 14.8643 7.9325 14.8643H43.5821\" stroke=\"currentColor\" stroke-width=\"1.93752\" stroke-linecap=\"round\" stroke-linejoin=\"round\"\/>\n<path id=\"Stroke 15\" d=\"M39.1261 1L44.3251 13.131\" stroke=\"currentColor\" stroke-width=\"1.93752\" stroke-linecap=\"round\" stroke-linejoin=\"round\"\/>\n<path id=\"Stroke 17\" d=\"M34.67 14.864L28.7275 1\" stroke=\"currentColor\" stroke-width=\"1.93752\" stroke-linecap=\"round\" stroke-linejoin=\"round\"\/>\n<path id=\"Stroke 19\" d=\"M51.01 21.7959H51.2578C52.2127 21.7959 52.9908 22.5706 52.9908 23.5289C52.9908 24.4873 52.2127 25.2619 51.2578 25.2619H37.3938C36.4372 25.2619 35.6608 24.4873 35.6608 23.5289C35.6608 22.5706 36.4372 21.7959 37.3938 21.7959H40.612\" stroke=\"currentColor\" stroke-width=\"1.93752\" stroke-linejoin=\"round\"\/>\n<\/g>\n<\/svg>        <\/span>\n    <\/div>\n\n\n\n<div style=\"height:20px\" aria-hidden=\"true\" class=\"wp-block-spacer\"><\/div>\n\n\n\n<h2 class=\"wp-block-heading has-text-align-center has-re-blue-color has-text-color\"><strong><strong>332<\/strong><\/strong><\/h2>\n\n\n\n<h3 class=\"wp-block-heading has-text-align-center has-re-blue-color has-text-color\" style=\"font-size:28px\"><strong>Entrepreneurs<\/strong><\/h3>\n\n\n\n<p class=\"has-text-align-center\">accompagn\u00e9s<\/p>\n\n\n\n<p class=\"has-text-align-center\"><\/p>\n\n\n\n<p><\/p>\n<\/div>\n\n\n\n<div class=\"wp-block-column is-layout-flow wp-block-column-is-layout-flow\"><div>\n        <span class=\"d-block w-100 text-center\" style=\"color:#f34f63\">\n            <svg class=\"icon\" width=\"78\" height=\"72\" viewBox=\"0 0 78 72\" fill=\"none\" xmlns=\"http:\/\/www.w3.org\/2000\/svg\">\n<g id=\"\">\n<path id=\"Stroke 1\" d=\"M25.0768 13.0384V5.5144C25.0768 3.02095 27.0978 1 29.5912 1H47.6488C50.1423 1 52.1632 3.02095 52.1632 5.5144V13.0384\" stroke=\"currentColor\" stroke-width=\"1.76\" stroke-linejoin=\"round\"\/>\n<path id=\"Stroke 3\" d=\"M4.00961 40.8213V64.2014C4.00961 67.5255 6.70471 70.2206 10.0288 70.2206H67.2112C70.5353 70.2206 73.2304 67.5255 73.2304 64.2014V40.8213\" stroke=\"currentColor\" stroke-width=\"1.76\" stroke-linejoin=\"round\"\/>\n<path id=\"Stroke 5\" d=\"M46.144 43.1346H67.2112C72.1966 43.1346 76.24 39.0912 76.24 34.1058V16.0482C76.24 14.3869 74.8917 13.0386 73.2304 13.0386H4.0096C2.3483 13.0386 1 14.3869 1 16.0482V24.9596V34.1058C1 39.0912 5.0434 43.1346 10.0288 43.1346H31.096\" stroke=\"currentColor\" stroke-width=\"1.76\" stroke-linejoin=\"round\"\/>\n<path id=\"Stroke 7\" fill-rule=\"evenodd\" clip-rule=\"evenodd\" d=\"M38.62 52.1632V52.1632C34.4653 52.1632 31.096 48.7955 31.096 44.6392V40.1248C31.096 38.4635 32.4443 37.1152 34.1056 37.1152H43.1344C44.7957 37.1152 46.144 38.4635 46.144 40.1248V44.6392C46.144 48.7955 42.7748 52.1632 38.62 52.1632Z\" stroke=\"currentColor\" stroke-width=\"1.76\" stroke-linejoin=\"round\"\/>\n<path id=\"Stroke 9\" d=\"M38.62 43.1343V46.1439\" stroke=\"currentColor\" stroke-width=\"1.76\" stroke-linecap=\"round\" stroke-linejoin=\"round\"\/>\n<\/g>\n<\/svg>        <\/span>\n    <\/div>\n\n\n\n<div style=\"height:20px\" aria-hidden=\"true\" class=\"wp-block-spacer\"><\/div>\n\n\n\n<h2 class=\"wp-block-heading has-text-align-center has-re-red-color has-text-color\"><strong><strong>3956<\/strong><\/strong><\/h2>\n\n\n\n<h3 class=\"wp-block-heading has-text-align-center has-re-red-color has-text-color\"><strong>Emplois<\/strong><\/h3>\n\n\n\n<p class=\"has-text-align-center\">cr\u00e9\u00e9s ou sauvegard\u00e9s depuis 2002<\/p>\n<\/div>\n\n\n\n<div class=\"wp-block-column is-layout-flow wp-block-column-is-layout-flow\"><div>\n        <span class=\"d-block w-100 text-center\" style=\"color:#ffbb61\">\n            <svg class=\"icon\" width=\"96\" height=\"64\" viewBox=\"0 0 96 64\" fill=\"none\" xmlns=\"http:\/\/www.w3.org\/2000\/svg\">\n<g id=\"Ic&#195;&#180;nes S&#39;engager\">\n<path id=\"Stroke 1\" fill-rule=\"evenodd\" clip-rule=\"evenodd\" d=\"M44.4457 61.1944C42.6579 62.9822 39.756 62.9822 37.9683 61.1944C36.1805 59.4067 36.1805 56.5048 37.9683 54.717L40.1431 52.5422C41.9308 50.7545 44.8311 50.7545 46.6205 52.5422C48.4082 54.3316 48.4082 57.2319 46.6205 59.0196L44.4457 61.1944Z\" stroke=\"currentColor\" stroke-width=\"1.42884\" stroke-linejoin=\"round\"\/>\n<path id=\"Stroke 3\" fill-rule=\"evenodd\" clip-rule=\"evenodd\" d=\"M34.7299 57.9556C32.9421 59.7434 30.0402 59.7434 28.2524 57.9556C26.4647 56.1678 26.4647 53.266 28.2524 51.4782L33.6659 46.0647C35.4537 44.2769 38.354 44.2769 40.1433 46.0647C41.9311 47.8541 41.9311 50.7543 40.1433 52.5421L34.7299 57.9556Z\" stroke=\"currentColor\" stroke-width=\"1.42884\" stroke-linejoin=\"round\"\/>\n<path id=\"Stroke 5\" fill-rule=\"evenodd\" clip-rule=\"evenodd\" d=\"M28.2523 51.4783C26.4645 53.2661 23.5627 53.2661 21.7749 51.4783C19.9871 49.6905 19.9871 46.7887 21.7749 45.0009L27.1884 39.5874C28.9762 37.7996 31.8764 37.7996 33.6658 39.5874C35.4536 41.3768 35.4536 44.277 33.6658 46.0648L28.2523 51.4783Z\" stroke=\"currentColor\" stroke-width=\"1.42884\" stroke-linejoin=\"round\"\/>\n<path id=\"Stroke 7\" fill-rule=\"evenodd\" clip-rule=\"evenodd\" d=\"M23.3944 43.3814C21.6066 45.1692 18.7048 45.1692 16.917 43.3814C15.1292 41.5937 15.1292 38.6918 16.917 36.904L20.7111 33.1099C22.4989 31.3221 25.3992 31.3221 27.1885 33.1099C28.9763 34.8993 28.9763 37.7995 27.1885 39.5873L23.3944 43.3814Z\" stroke=\"currentColor\" stroke-width=\"1.42884\" stroke-linejoin=\"round\"\/>\n<path id=\"Stroke 9\" d=\"M52.8193 49.5806L61.193 57.9559C62.9808 59.7436 65.881 59.7436 67.6704 57.9559C69.4582 56.1665 69.4582 53.2662 67.6704 51.4784\" stroke=\"currentColor\" stroke-width=\"1.42884\" stroke-linecap=\"round\" stroke-linejoin=\"round\"\/>\n<path id=\"Stroke 11\" d=\"M59.2969 43.1033L67.6705 51.4786C69.4583 53.2663 72.3586 53.2663 74.148 51.4786C75.9357 49.6892 75.9357 46.7889 74.148 45.0012L72.5286 43.3818\" stroke=\"currentColor\" stroke-width=\"1.42884\" stroke-linecap=\"round\" stroke-linejoin=\"round\"\/>\n<path id=\"Stroke 13\" d=\"M47.6621 57.3799L51.4757 61.1935C53.2651 62.9829 56.1653 62.9829 57.9531 61.1935C59.7425 59.4057 59.7425 56.5054 57.9531 54.7161\" stroke=\"currentColor\" stroke-width=\"1.42884\" stroke-linecap=\"round\" stroke-linejoin=\"round\"\/>\n<path id=\"Stroke 15\" d=\"M65.7739 36.6257L72.5282 43.3817C74.5265 45.3783 77.9126 45.1451 79.5838 42.6773C80.8274 40.8441 80.4501 38.3487 78.8858 36.7828\" stroke=\"currentColor\" stroke-width=\"1.42884\" stroke-linecap=\"round\" stroke-linejoin=\"round\"\/>\n<path id=\"Stroke 17\" fill-rule=\"evenodd\" clip-rule=\"evenodd\" d=\"M94.9223 31.7677L86.8256 36.6257L69.0127 5.77223L77.1095 1L94.9223 31.7677Z\" stroke=\"currentColor\" stroke-width=\"1.42884\" stroke-linecap=\"round\" stroke-linejoin=\"round\"\/>\n<path id=\"Stroke 19\" fill-rule=\"evenodd\" clip-rule=\"evenodd\" d=\"M1 31.7677L9.09676 36.6257L26.9096 5.77223L18.8129 1L1 31.7677Z\" stroke=\"currentColor\" stroke-width=\"1.42884\" stroke-linecap=\"round\" stroke-linejoin=\"round\"\/>\n<path id=\"Stroke 21\" d=\"M69.7957 7.12793C68.471 7.3433 67.1253 7.47771 65.7748 7.47771L48.7473 7.47609C46.1693 7.47609 43.7014 8.4979 41.0133 11.186L38.0499 14.1511C37.1382 15.0611 36.6265 16.2983 36.6265 17.5857V30.1486C36.6265 31.0425 37.3503 31.768 38.2458 31.768H39.8652C43.4423 31.768 46.3426 28.8677 46.3426 25.2906V22.0519L46.3458 22.0486C51.267 17.1339 59.2391 17.1355 64.1571 22.0535L78.8851 36.7831L85.0775 33.5962\" stroke=\"currentColor\" stroke-width=\"1.42884\" stroke-linejoin=\"round\"\/>\n<path id=\"Stroke 23\" d=\"M10.8457 33.5967L17.0365 36.7836\" stroke=\"currentColor\" stroke-width=\"1.42884\" stroke-linejoin=\"round\"\/>\n<path id=\"Stroke 25\" d=\"M47.1515 7.61897C46.6268 7.53153 46.0957 7.47647 45.5564 7.47647L30.1483 7.47809C28.7978 7.47809 27.4521 7.34368 26.1274 7.12831\" stroke=\"currentColor\" stroke-width=\"1.42884\" stroke-linejoin=\"round\"\/>\n<\/g>\n<\/svg>        <\/span>\n    <\/div>\n\n\n\n<div style=\"height:20px\" aria-hidden=\"true\" class=\"wp-block-spacer\"><\/div>\n\n\n\n<h2 class=\"wp-block-heading has-text-align-center has-re-yellow-color has-text-color\"><strong>240<\/strong><\/h2>\n\n\n\n<h3 class=\"wp-block-heading has-text-align-center has-re-yellow-color has-text-color\"><strong><strong>Chefs d&#8217;entreprise<\/strong><\/strong><\/h3>\n\n\n\n<p class=\"has-text-align-center\">accompagnateurs b\u00e9n\u00e9voles, laur\u00e9ats et membres<\/p>\n<\/div>\n\n\n\n<div class=\"wp-block-column is-layout-flow wp-block-column-is-layout-flow\"><div>\n        <span class=\"d-block w-100 text-center\" style=\"color:#1595bf\">\n            <svg class=\"icon\" width=\"68\" height=\"68\" xmlns=\"http:\/\/www.w3.org\/2000\/svg\"><g stroke=\"currentColor\" stroke-width=\"1.235\" fill=\"none\" fill-rule=\"evenodd\" stroke-linejoin=\"round\"><path d=\"M33.928 66.856c18.185 0 32.928-14.743 32.928-32.928C66.856 15.743 52.113 1 33.928 1 15.743 1 1 15.743 1 33.928c0 9.092 3.687 17.324 9.644 23.283L1 66.856h32.928z\"\/><path d=\"M27.342 45.782h0a5.269 5.269 0 005.269 5.269h13.598c1.846 0 3.559-1.509 3.523-3.354a3.257 3.257 0 00-.674-1.916l.017.001c1.01.1 2.036-.315 2.599-1.159 1.091-1.644.785-3.272-.155-4.32a3.286 3.286 0 002.166-3.082 3.28 3.28 0 00-1.543-2.78 3.129 3.129 0 00.082-2.097c-.452-1.45-1.883-2.367-3.398-2.367H41.83a1.316 1.316 0 01-1.317-1.317v-7.903a3.951 3.951 0 00-3.952-3.952h-1.317v5.269a7.904 7.904 0 01-7.903 7.903\" stroke-linecap=\"round\"\/><path d=\"M19.44 51.05h5.268a2.635 2.635 0 002.634-2.634v-18.44h-13.17\" stroke-linecap=\"round\"\/><\/g><\/svg>        <\/span>\n    <\/div>\n\n\n\n<div style=\"height:20px\" aria-hidden=\"true\" class=\"wp-block-spacer\"><\/div>\n\n\n\n<h2 class=\"wp-block-heading has-text-align-center has-re-blue-color has-text-color\"><strong>4759<\/strong><\/h2>\n\n\n\n<h3 class=\"wp-block-heading has-text-align-center has-re-blue-color has-text-color\"> <strong>K\u20ac <\/strong><\/h3>\n\n\n\n<h3 class=\"wp-block-heading has-text-align-center has-re-blue-color has-text-color\"><strong><strong>de Pr\u00eat d&#8217;honneur accord\u00e9s<\/strong><\/strong><\/h3>\n\n\n<\/div>\n<\/div>\n\n\n\n<div class=\"wp-block-buttons is-horizontal is-content-justification-center is-layout-flex wp-container-core-buttons-is-layout-499968f5 wp-block-buttons-is-layout-flex\">\n<div class=\"wp-block-button is-style-fill\"><a class=\"wp-block-button__link has-re-blue-background-color has-background wp-element-button\" href=\"https:\/\/www.reseau-entreprendre.org\/picardie\/qui-sommes-nous\/\">EN SAVOIR +<\/a><\/div>\n<\/div>\n<\/div><\/div>\n\n\n\n<div style=\"height:61px\" aria-hidden=\"true\" class=\"wp-block-spacer\"><\/div>\n\n\n\n<hr class=\"wp-block-separator has-css-opacity\" \/>\n\n\n\n<div style=\"height:61px\" aria-hidden=\"true\" class=\"wp-block-spacer\"><\/div>\n\n\n\n<div class=\"wp-block-group\"><div class=\"wp-block-group__inner-container is-layout-flow wp-block-group-is-layout-flow\">\n<h2 class=\"wp-block-heading has-text-align-center\">Ils nous soutiennent<\/h2>\n\n\n\n<div style=\"height:40px\" aria-hidden=\"true\" class=\"wp-block-spacer\"><\/div>\n\n\n<div data-block_fed623570739b1cee2ff295317863b9b class=\"re-partners-home align\">\n  \n  <\/div>\n<\/div><\/div>\n","protected":false},"excerpt":{"rendered":"<p>Pour cr\u00e9er des emplois, cr\u00e9ons des employeurs ! Depuis 2002,<\/p>\n","protected":false},"author":55,"featured_media":0,"parent":0,"menu_order":0,"comment_status":"closed","ping_status":"closed","template":"views\/page-widescreen.blade.php","meta":{"_acf_changed":false,"_monsterinsights_skip_tracking":false,"_monsterinsights_sitenote_active":false,"_monsterinsights_sitenote_note":"","_monsterinsights_sitenote_category":0,"footnotes":""},"class_list":["post-45","page","type-page","status-publish","hentry"],"acf":[],"yoast_head":"<!-- This site is optimized with the Yoast SEO plugin v27.4 - https:\/\/yoast.com\/product\/yoast-seo-wordpress\/ -->\n<title>R\u00e9seau Entreprendre Picardie<\/title>\n<meta name=\"description\" content=\"Vous avez un projet de cr\u00e9ation ou de reprise d&#039;entreprise ? R\u00e9seau Entreprendre Picardie vous accompagne de mani\u00e8re personnalis\u00e9e.\" \/>\n<meta name=\"robots\" content=\"index, follow, max-snippet:-1, max-image-preview:large, max-video-preview:-1\" \/>\n<link rel=\"canonical\" href=\"https:\/\/www.reseau-entreprendre.org\/picardie\/\" \/>\n<meta property=\"og:locale\" content=\"fr_FR\" \/>\n<meta property=\"og:type\" content=\"article\" \/>\n<meta property=\"og:title\" content=\"R\u00e9seau Entreprendre Picardie\" \/>\n<meta property=\"og:description\" content=\"Vous avez un projet de cr\u00e9ation ou de reprise d&#039;entreprise ? R\u00e9seau Entreprendre Picardie vous accompagne de mani\u00e8re personnalis\u00e9e.\" \/>\n<meta property=\"og:url\" content=\"https:\/\/www.reseau-entreprendre.org\/picardie\/\" \/>\n<meta property=\"og:site_name\" content=\"R\u00e9seau Entreprendre Picardie\" \/>\n<meta property=\"article:modified_time\" content=\"2026-03-26T16:58:24+00:00\" \/>\n<meta property=\"og:image\" content=\"https:\/\/www.reseau-entreprendre.org\/picardie\/wp-content\/uploads\/sites\/54\/2025\/10\/accompagnement-bis.gif\" \/>\n\t<meta property=\"og:image:width\" content=\"512\" \/>\n\t<meta property=\"og:image:height\" content=\"512\" \/>\n\t<meta property=\"og:image:type\" content=\"image\/gif\" \/>\n<meta name=\"twitter:card\" content=\"summary_large_image\" \/>\n<meta name=\"twitter:label1\" content=\"Dur\u00e9e de lecture estim\u00e9e\" \/>\n\t<meta name=\"twitter:data1\" content=\"5 minutes\" \/>\n<script type=\"application\/ld+json\" class=\"yoast-schema-graph\">{\"@context\":\"https:\\\/\\\/schema.org\",\"@graph\":[{\"@type\":\"WebPage\",\"@id\":\"https:\\\/\\\/www.reseau-entreprendre.org\\\/picardie\\\/\",\"url\":\"https:\\\/\\\/www.reseau-entreprendre.org\\\/picardie\\\/\",\"name\":\"R\u00e9seau Entreprendre Picardie\",\"isPartOf\":{\"@id\":\"https:\\\/\\\/www.reseau-entreprendre.org\\\/picardie\\\/#website\"},\"primaryImageOfPage\":{\"@id\":\"https:\\\/\\\/www.reseau-entreprendre.org\\\/picardie\\\/#primaryimage\"},\"image\":{\"@id\":\"https:\\\/\\\/www.reseau-entreprendre.org\\\/picardie\\\/#primaryimage\"},\"thumbnailUrl\":\"https:\\\/\\\/www.reseau-entreprendre.org\\\/picardie\\\/wp-content\\\/uploads\\\/sites\\\/54\\\/2025\\\/10\\\/accompagnement-bis.gif\",\"datePublished\":\"2017-05-12T09:58:21+00:00\",\"dateModified\":\"2026-03-26T16:58:24+00:00\",\"description\":\"Vous avez un projet de cr\u00e9ation ou de reprise d'entreprise ? R\u00e9seau Entreprendre Picardie vous accompagne de mani\u00e8re personnalis\u00e9e.\",\"breadcrumb\":{\"@id\":\"https:\\\/\\\/www.reseau-entreprendre.org\\\/picardie\\\/#breadcrumb\"},\"inLanguage\":\"fr-FR\",\"potentialAction\":[{\"@type\":\"ReadAction\",\"target\":[\"https:\\\/\\\/www.reseau-entreprendre.org\\\/picardie\\\/\"]}]},{\"@type\":\"ImageObject\",\"inLanguage\":\"fr-FR\",\"@id\":\"https:\\\/\\\/www.reseau-entreprendre.org\\\/picardie\\\/#primaryimage\",\"url\":\"https:\\\/\\\/www.reseau-entreprendre.org\\\/picardie\\\/wp-content\\\/uploads\\\/sites\\\/54\\\/2025\\\/10\\\/accompagnement-bis.gif\",\"contentUrl\":\"https:\\\/\\\/www.reseau-entreprendre.org\\\/picardie\\\/wp-content\\\/uploads\\\/sites\\\/54\\\/2025\\\/10\\\/accompagnement-bis.gif\",\"width\":512,\"height\":512},{\"@type\":\"BreadcrumbList\",\"@id\":\"https:\\\/\\\/www.reseau-entreprendre.org\\\/picardie\\\/#breadcrumb\",\"itemListElement\":[{\"@type\":\"ListItem\",\"position\":1,\"name\":\"Accueil\",\"item\":\"https:\\\/\\\/www.reseau-entreprendre.org\\\/picardie\\\/\"},{\"@type\":\"ListItem\",\"position\":2,\"name\":\"R\u00e9seau Entreprendre Picardie\"}]},{\"@type\":\"WebSite\",\"@id\":\"https:\\\/\\\/www.reseau-entreprendre.org\\\/picardie\\\/#website\",\"url\":\"https:\\\/\\\/www.reseau-entreprendre.org\\\/picardie\\\/\",\"name\":\"R\u00e9seau Entreprendre Picardie\",\"description\":\"Un site utilisant Les sites de R\u00e9seau Entreprendre\",\"potentialAction\":[{\"@type\":\"SearchAction\",\"target\":{\"@type\":\"EntryPoint\",\"urlTemplate\":\"https:\\\/\\\/www.reseau-entreprendre.org\\\/picardie\\\/?s={search_term_string}\"},\"query-input\":{\"@type\":\"PropertyValueSpecification\",\"valueRequired\":true,\"valueName\":\"search_term_string\"}}],\"inLanguage\":\"fr-FR\"}]}<\/script>\n<!-- \/ Yoast SEO plugin. -->","yoast_head_json":{"title":"R\u00e9seau Entreprendre Picardie","description":"Vous avez un projet de cr\u00e9ation ou de reprise d'entreprise ? R\u00e9seau Entreprendre Picardie vous accompagne de mani\u00e8re personnalis\u00e9e.","robots":{"index":"index","follow":"follow","max-snippet":"max-snippet:-1","max-image-preview":"max-image-preview:large","max-video-preview":"max-video-preview:-1"},"canonical":"https:\/\/www.reseau-entreprendre.org\/picardie\/","og_locale":"fr_FR","og_type":"article","og_title":"R\u00e9seau Entreprendre Picardie","og_description":"Vous avez un projet de cr\u00e9ation ou de reprise d'entreprise ? R\u00e9seau Entreprendre Picardie vous accompagne de mani\u00e8re personnalis\u00e9e.","og_url":"https:\/\/www.reseau-entreprendre.org\/picardie\/","og_site_name":"R\u00e9seau Entreprendre Picardie","article_modified_time":"2026-03-26T16:58:24+00:00","og_image":[{"width":512,"height":512,"url":"https:\/\/www.reseau-entreprendre.org\/picardie\/wp-content\/uploads\/sites\/54\/2025\/10\/accompagnement-bis.gif","type":"image\/gif"}],"twitter_card":"summary_large_image","twitter_misc":{"Dur\u00e9e de lecture estim\u00e9e":"5 minutes"},"schema":{"@context":"https:\/\/schema.org","@graph":[{"@type":"WebPage","@id":"https:\/\/www.reseau-entreprendre.org\/picardie\/","url":"https:\/\/www.reseau-entreprendre.org\/picardie\/","name":"R\u00e9seau Entreprendre Picardie","isPartOf":{"@id":"https:\/\/www.reseau-entreprendre.org\/picardie\/#website"},"primaryImageOfPage":{"@id":"https:\/\/www.reseau-entreprendre.org\/picardie\/#primaryimage"},"image":{"@id":"https:\/\/www.reseau-entreprendre.org\/picardie\/#primaryimage"},"thumbnailUrl":"https:\/\/www.reseau-entreprendre.org\/picardie\/wp-content\/uploads\/sites\/54\/2025\/10\/accompagnement-bis.gif","datePublished":"2017-05-12T09:58:21+00:00","dateModified":"2026-03-26T16:58:24+00:00","description":"Vous avez un projet de cr\u00e9ation ou de reprise d'entreprise ? R\u00e9seau Entreprendre Picardie vous accompagne de mani\u00e8re personnalis\u00e9e.","breadcrumb":{"@id":"https:\/\/www.reseau-entreprendre.org\/picardie\/#breadcrumb"},"inLanguage":"fr-FR","potentialAction":[{"@type":"ReadAction","target":["https:\/\/www.reseau-entreprendre.org\/picardie\/"]}]},{"@type":"ImageObject","inLanguage":"fr-FR","@id":"https:\/\/www.reseau-entreprendre.org\/picardie\/#primaryimage","url":"https:\/\/www.reseau-entreprendre.org\/picardie\/wp-content\/uploads\/sites\/54\/2025\/10\/accompagnement-bis.gif","contentUrl":"https:\/\/www.reseau-entreprendre.org\/picardie\/wp-content\/uploads\/sites\/54\/2025\/10\/accompagnement-bis.gif","width":512,"height":512},{"@type":"BreadcrumbList","@id":"https:\/\/www.reseau-entreprendre.org\/picardie\/#breadcrumb","itemListElement":[{"@type":"ListItem","position":1,"name":"Accueil","item":"https:\/\/www.reseau-entreprendre.org\/picardie\/"},{"@type":"ListItem","position":2,"name":"R\u00e9seau Entreprendre Picardie"}]},{"@type":"WebSite","@id":"https:\/\/www.reseau-entreprendre.org\/picardie\/#website","url":"https:\/\/www.reseau-entreprendre.org\/picardie\/","name":"R\u00e9seau Entreprendre Picardie","description":"Un site utilisant Les sites de R\u00e9seau Entreprendre","potentialAction":[{"@type":"SearchAction","target":{"@type":"EntryPoint","urlTemplate":"https:\/\/www.reseau-entreprendre.org\/picardie\/?s={search_term_string}"},"query-input":{"@type":"PropertyValueSpecification","valueRequired":true,"valueName":"search_term_string"}}],"inLanguage":"fr-FR"}]}},"_links":{"self":[{"href":"https:\/\/www.reseau-entreprendre.org\/picardie\/wp-json\/wp\/v2\/pages\/45","targetHints":{"allow":["GET"]}}],"collection":[{"href":"https:\/\/www.reseau-entreprendre.org\/picardie\/wp-json\/wp\/v2\/pages"}],"about":[{"href":"https:\/\/www.reseau-entreprendre.org\/picardie\/wp-json\/wp\/v2\/types\/page"}],"author":[{"embeddable":true,"href":"https:\/\/www.reseau-entreprendre.org\/picardie\/wp-json\/wp\/v2\/users\/55"}],"replies":[{"embeddable":true,"href":"https:\/\/www.reseau-entreprendre.org\/picardie\/wp-json\/wp\/v2\/comments?post=45"}],"version-history":[{"count":0,"href":"https:\/\/www.reseau-entreprendre.org\/picardie\/wp-json\/wp\/v2\/pages\/45\/revisions"}],"wp:attachment":[{"href":"https:\/\/www.reseau-entreprendre.org\/picardie\/wp-json\/wp\/v2\/media?parent=45"}],"curies":[{"name":"wp","href":"https:\/\/api.w.org\/{rel}","templated":true}]}}