{"id":7995,"date":"2025-07-30T14:30:40","date_gmt":"2025-07-30T12:30:40","guid":{"rendered":"https:\/\/www.reseau-entreprendre.org\/rhone\/?page_id=7995"},"modified":"2025-07-30T15:00:24","modified_gmt":"2025-07-30T13:00:24","slug":"accompagner-2","status":"publish","type":"page","link":"https:\/\/www.reseau-entreprendre.org\/rhone\/accompagner-2\/","title":{"rendered":"Accompagner"},"content":{"rendered":"\n<div class=\"wp-block-group p-5 has-background\" style=\"background-color:#f8f8fc\"><div class=\"wp-block-group__inner-container is-layout-flow wp-block-group-is-layout-flow\">\n<div style=\"height:19px\" aria-hidden=\"true\" class=\"wp-block-spacer\"><\/div>\n\n\n\n<h3 class=\"wp-block-heading has-text-align-center has-re-blue-color has-text-color\"><strong>Une implication \u00e0 la carte<\/strong><\/h3>\n\n\n\n<div style=\"height:37px\" aria-hidden=\"true\" class=\"wp-block-spacer\"><\/div>\n\n\n\n<div class=\"wp-block-columns is-layout-flex wp-container-core-columns-is-layout-9d6595d7 wp-block-columns-is-layout-flex\">\n<div class=\"wp-block-column is-layout-flow wp-block-column-is-layout-flow\">\n<figure class=\"wp-block-gallery aligncenter has-nested-images columns-default is-cropped wp-block-gallery-1 is-layout-flex wp-block-gallery-is-layout-flex\">\n<figure class=\"wp-block-image size-full\"><img loading=\"lazy\" decoding=\"async\" width=\"585\" height=\"358\" data-id=\"8807\" src=\"https:\/\/www.reseau-entreprendre.org\/rhone\/wp-content\/uploads\/sites\/32\/2025\/07\/Capture-decran-2025-07-30-112741.png\" alt=\"\" class=\"wp-image-8807\" srcset=\"https:\/\/www.reseau-entreprendre.org\/rhone\/wp-content\/uploads\/sites\/32\/2025\/07\/Capture-decran-2025-07-30-112741.png 585w, https:\/\/www.reseau-entreprendre.org\/rhone\/wp-content\/uploads\/sites\/32\/2025\/07\/Capture-decran-2025-07-30-112741-300x184.png 300w, https:\/\/www.reseau-entreprendre.org\/rhone\/wp-content\/uploads\/sites\/32\/2025\/07\/Capture-decran-2025-07-30-112741-210x130.png 210w, https:\/\/www.reseau-entreprendre.org\/rhone\/wp-content\/uploads\/sites\/32\/2025\/07\/Capture-decran-2025-07-30-112741-100x61.png 100w\" sizes=\"auto, (max-width: 585px) 100vw, 585px\" \/><\/figure>\n<\/figure>\n\n\n\n<p class=\"has-text-align-center\">Vous intervenez d\u00e8s les premi\u00e8res \u00e9tapes du parcours, en challengeant le projet d\u2019un candidat pour l\u2019aider \u00e0 affiner sa vision. <\/p>\n\n\n\n<p><\/p>\n\n\n\n<figure class=\"wp-block-image size-full\"><img loading=\"lazy\" decoding=\"async\" width=\"586\" height=\"359\" src=\"https:\/\/www.reseau-entreprendre.org\/rhone\/wp-content\/uploads\/sites\/32\/2025\/07\/Capture-decran-2025-07-30-114215.png\" alt=\"\" class=\"wp-image-8811\" srcset=\"https:\/\/www.reseau-entreprendre.org\/rhone\/wp-content\/uploads\/sites\/32\/2025\/07\/Capture-decran-2025-07-30-114215.png 586w, https:\/\/www.reseau-entreprendre.org\/rhone\/wp-content\/uploads\/sites\/32\/2025\/07\/Capture-decran-2025-07-30-114215-300x184.png 300w, https:\/\/www.reseau-entreprendre.org\/rhone\/wp-content\/uploads\/sites\/32\/2025\/07\/Capture-decran-2025-07-30-114215-210x130.png 210w, https:\/\/www.reseau-entreprendre.org\/rhone\/wp-content\/uploads\/sites\/32\/2025\/07\/Capture-decran-2025-07-30-114215-100x61.png 100w\" sizes=\"auto, (max-width: 586px) 100vw, 586px\" \/><\/figure>\n\n\n\n<p class=\"has-text-align-center\"><\/p>\n\n\n\n<p class=\"has-text-align-center\">Vous transmettez votre v\u00e9cu, vos apprentissages ou vos outils en animant des \u00e9changes entre pairs riches et concrets.<\/p>\n<\/div>\n\n\n\n<div class=\"wp-block-column is-layout-flow wp-block-column-is-layout-flow\"><div class=\"wp-block-image\">\n<figure class=\"aligncenter size-full\"><img loading=\"lazy\" decoding=\"async\" width=\"586\" height=\"359\" src=\"https:\/\/www.reseau-entreprendre.org\/rhone\/wp-content\/uploads\/sites\/32\/2025\/07\/Capture-decran-2025-07-30-113019.png\" alt=\"\" class=\"wp-image-8808\" srcset=\"https:\/\/www.reseau-entreprendre.org\/rhone\/wp-content\/uploads\/sites\/32\/2025\/07\/Capture-decran-2025-07-30-113019.png 586w, https:\/\/www.reseau-entreprendre.org\/rhone\/wp-content\/uploads\/sites\/32\/2025\/07\/Capture-decran-2025-07-30-113019-300x184.png 300w, https:\/\/www.reseau-entreprendre.org\/rhone\/wp-content\/uploads\/sites\/32\/2025\/07\/Capture-decran-2025-07-30-113019-210x130.png 210w, https:\/\/www.reseau-entreprendre.org\/rhone\/wp-content\/uploads\/sites\/32\/2025\/07\/Capture-decran-2025-07-30-113019-100x61.png 100w\" sizes=\"auto, (max-width: 586px) 100vw, 586px\" \/><\/figure>\n<\/div>\n\n\n<p class=\"has-text-align-center\">Vous prenez part \u00e0 une d\u00e9cision collective strat\u00e9gique : celle de lancer (ou non) l\u2019accompagnement d\u2019un futur laur\u00e9at.<\/p>\n\n\n\n<p><\/p>\n\n\n\n<figure class=\"wp-block-image size-full\"><img loading=\"lazy\" decoding=\"async\" width=\"411\" height=\"250\" src=\"https:\/\/www.reseau-entreprendre.org\/rhone\/wp-content\/uploads\/sites\/32\/2025\/07\/Capture-decran-2025-07-30-141206.png\" alt=\"\" class=\"wp-image-8814\" srcset=\"https:\/\/www.reseau-entreprendre.org\/rhone\/wp-content\/uploads\/sites\/32\/2025\/07\/Capture-decran-2025-07-30-141206.png 411w, https:\/\/www.reseau-entreprendre.org\/rhone\/wp-content\/uploads\/sites\/32\/2025\/07\/Capture-decran-2025-07-30-141206-300x182.png 300w, https:\/\/www.reseau-entreprendre.org\/rhone\/wp-content\/uploads\/sites\/32\/2025\/07\/Capture-decran-2025-07-30-141206-210x128.png 210w, https:\/\/www.reseau-entreprendre.org\/rhone\/wp-content\/uploads\/sites\/32\/2025\/07\/Capture-decran-2025-07-30-141206-100x61.png 100w\" sizes=\"auto, (max-width: 411px) 100vw, 411px\" \/><\/figure>\n\n\n\n<p><\/p>\n\n\n\n<p class=\"has-text-align-center\">Soir\u00e9es, visites d\u2019entreprise, d\u00e9jeuners, F\u00eate des Laur\u00e9ats\u2026 Vous partagez des moments humains et authentiques entre dirigeants engag\u00e9s.<\/p>\n<\/div>\n\n\n\n<div class=\"wp-block-column is-layout-flow wp-block-column-is-layout-flow\"><div class=\"wp-block-image\">\n<figure class=\"aligncenter size-full\"><img loading=\"lazy\" decoding=\"async\" width=\"580\" height=\"353\" src=\"https:\/\/www.reseau-entreprendre.org\/rhone\/wp-content\/uploads\/sites\/32\/2025\/07\/Capture-decran-2025-07-30-113247.png\" alt=\"\" class=\"wp-image-8809\" srcset=\"https:\/\/www.reseau-entreprendre.org\/rhone\/wp-content\/uploads\/sites\/32\/2025\/07\/Capture-decran-2025-07-30-113247.png 580w, https:\/\/www.reseau-entreprendre.org\/rhone\/wp-content\/uploads\/sites\/32\/2025\/07\/Capture-decran-2025-07-30-113247-300x183.png 300w, https:\/\/www.reseau-entreprendre.org\/rhone\/wp-content\/uploads\/sites\/32\/2025\/07\/Capture-decran-2025-07-30-113247-210x128.png 210w, https:\/\/www.reseau-entreprendre.org\/rhone\/wp-content\/uploads\/sites\/32\/2025\/07\/Capture-decran-2025-07-30-113247-100x61.png 100w\" sizes=\"auto, (max-width: 580px) 100vw, 580px\" \/><\/figure>\n<\/div>\n\n\n<p class=\"has-text-align-center\">Vous devenez le bin\u00f4me d\u2019un entrepreneur : chaque mois, vous l\u2019aidez \u00e0 prendre du recul, structurer, avancer.<\/p>\n\n\n\n<p><\/p>\n\n\n\n<p><\/p>\n\n\n\n<p><\/p>\n\n\n\n<p><\/p>\n\n\n\n<p class=\"has-text-align-center\">Rejoignez la communaut\u00e9 de dirigeants engag\u00e9es !<\/p>\n\n\n\n<div class=\"wp-block-buttons is-horizontal is-content-justification-center is-layout-flex wp-container-core-buttons-is-layout-499968f5 wp-block-buttons-is-layout-flex\">\n<div class=\"wp-block-button is-style-fill\"><a class=\"wp-block-button__link has-re-blue-background-color has-background wp-element-button\" href=\"https:\/\/www.reseau-entreprendre.org\/rhone\/formulaire-benevole\/\" target=\"_blank\" rel=\"noreferrer noopener\">Je deviens membre !<\/a><\/div>\n<\/div>\n<\/div>\n<\/div>\n<\/div><\/div>\n\n\n\n<div style=\"height:43px\" aria-hidden=\"true\" class=\"wp-block-spacer\"><\/div>\n\n\n\n<h3 class=\"wp-block-heading has-text-align-center has-re-red-color has-text-color\"><strong>Nos membres t\u00e9moignent<\/strong><\/h3>\n\n\n\n<div style=\"height:34px\" aria-hidden=\"true\" class=\"wp-block-spacer\"><\/div>\n\n\n\n<div class=\"wp-block-columns is-layout-flex wp-container-core-columns-is-layout-9d6595d7 wp-block-columns-is-layout-flex\">\n<div class=\"wp-block-column is-layout-flow wp-block-column-is-layout-flow\">\n<figure class=\"wp-block-image size-full\"><img loading=\"lazy\" decoding=\"async\" width=\"1080\" height=\"1080\" src=\"https:\/\/www.reseau-entreprendre.org\/rhone\/wp-content\/uploads\/sites\/32\/2023\/09\/14.png\" alt=\"\" class=\"wp-image-7490\" srcset=\"https:\/\/www.reseau-entreprendre.org\/rhone\/wp-content\/uploads\/sites\/32\/2023\/09\/14.png 1080w, https:\/\/www.reseau-entreprendre.org\/rhone\/wp-content\/uploads\/sites\/32\/2023\/09\/14-300x300.png 300w, https:\/\/www.reseau-entreprendre.org\/rhone\/wp-content\/uploads\/sites\/32\/2023\/09\/14-1024x1024.png 1024w, https:\/\/www.reseau-entreprendre.org\/rhone\/wp-content\/uploads\/sites\/32\/2023\/09\/14-150x150.png 150w, https:\/\/www.reseau-entreprendre.org\/rhone\/wp-content\/uploads\/sites\/32\/2023\/09\/14-768x768.png 768w, https:\/\/www.reseau-entreprendre.org\/rhone\/wp-content\/uploads\/sites\/32\/2023\/09\/14-130x130.png 130w\" sizes=\"auto, (max-width: 1080px) 100vw, 1080px\" \/><\/figure>\n\n\n\n<p class=\"has-text-align-center\"><strong>Gilles Chaufferin<\/strong><br>Allyane<\/p>\n\n\n\n<p class=\"has-text-align-center has-normal-font-size\">J\u2019ai une image tr\u00e8s positive du R\u00e9seau Entreprendre Rh\u00f4ne. Il y a peu de manquements : une dynamique de progr\u00e8s et la possibilit\u00e9 d\u2019agir v\u00e9ritablement.<\/p>\n<\/div>\n\n\n\n<div class=\"wp-block-column is-layout-flow wp-block-column-is-layout-flow\">\n<figure class=\"wp-block-image size-full\"><img loading=\"lazy\" decoding=\"async\" width=\"1200\" height=\"1200\" src=\"https:\/\/www.reseau-entreprendre.org\/rhone\/wp-content\/uploads\/sites\/32\/2025\/07\/Kit-de-Comm-Membres-19.png\" alt=\"\" class=\"wp-image-8829\" srcset=\"https:\/\/www.reseau-entreprendre.org\/rhone\/wp-content\/uploads\/sites\/32\/2025\/07\/Kit-de-Comm-Membres-19.png 1200w, https:\/\/www.reseau-entreprendre.org\/rhone\/wp-content\/uploads\/sites\/32\/2025\/07\/Kit-de-Comm-Membres-19-300x300.png 300w, https:\/\/www.reseau-entreprendre.org\/rhone\/wp-content\/uploads\/sites\/32\/2025\/07\/Kit-de-Comm-Membres-19-1024x1024.png 1024w, https:\/\/www.reseau-entreprendre.org\/rhone\/wp-content\/uploads\/sites\/32\/2025\/07\/Kit-de-Comm-Membres-19-150x150.png 150w, https:\/\/www.reseau-entreprendre.org\/rhone\/wp-content\/uploads\/sites\/32\/2025\/07\/Kit-de-Comm-Membres-19-768x768.png 768w, https:\/\/www.reseau-entreprendre.org\/rhone\/wp-content\/uploads\/sites\/32\/2025\/07\/Kit-de-Comm-Membres-19-500x500.png 500w, https:\/\/www.reseau-entreprendre.org\/rhone\/wp-content\/uploads\/sites\/32\/2025\/07\/Kit-de-Comm-Membres-19-130x130.png 130w, https:\/\/www.reseau-entreprendre.org\/rhone\/wp-content\/uploads\/sites\/32\/2025\/07\/Kit-de-Comm-Membres-19-100x100.png 100w\" sizes=\"auto, (max-width: 1200px) 100vw, 1200px\" \/><\/figure>\n\n\n\n<p class=\"has-text-align-center\"><strong>Barbara Bertholet<\/strong><br>Bignon Lebray et associ\u00e9s<\/p>\n\n\n\n<p class=\"has-text-align-center has-normal-font-size\">J\u2019aime que le d\u00e9veloppement des entreprises soient soutenues par des personnes et non seulement par l\u2019argent. J\u2019adh\u00e8re \u00e0 ces valeurs fortes.<\/p>\n<\/div>\n\n\n\n<div class=\"wp-block-column is-layout-flow wp-block-column-is-layout-flow\">\n<figure class=\"wp-block-image size-full\"><img loading=\"lazy\" decoding=\"async\" width=\"1200\" height=\"1200\" src=\"https:\/\/www.reseau-entreprendre.org\/rhone\/wp-content\/uploads\/sites\/32\/2025\/07\/Kit-de-Comm-Membres-18.png\" alt=\"\" class=\"wp-image-8827\" srcset=\"https:\/\/www.reseau-entreprendre.org\/rhone\/wp-content\/uploads\/sites\/32\/2025\/07\/Kit-de-Comm-Membres-18.png 1200w, https:\/\/www.reseau-entreprendre.org\/rhone\/wp-content\/uploads\/sites\/32\/2025\/07\/Kit-de-Comm-Membres-18-300x300.png 300w, https:\/\/www.reseau-entreprendre.org\/rhone\/wp-content\/uploads\/sites\/32\/2025\/07\/Kit-de-Comm-Membres-18-1024x1024.png 1024w, https:\/\/www.reseau-entreprendre.org\/rhone\/wp-content\/uploads\/sites\/32\/2025\/07\/Kit-de-Comm-Membres-18-150x150.png 150w, https:\/\/www.reseau-entreprendre.org\/rhone\/wp-content\/uploads\/sites\/32\/2025\/07\/Kit-de-Comm-Membres-18-768x768.png 768w, https:\/\/www.reseau-entreprendre.org\/rhone\/wp-content\/uploads\/sites\/32\/2025\/07\/Kit-de-Comm-Membres-18-500x500.png 500w, https:\/\/www.reseau-entreprendre.org\/rhone\/wp-content\/uploads\/sites\/32\/2025\/07\/Kit-de-Comm-Membres-18-130x130.png 130w, https:\/\/www.reseau-entreprendre.org\/rhone\/wp-content\/uploads\/sites\/32\/2025\/07\/Kit-de-Comm-Membres-18-100x100.png 100w\" sizes=\"auto, (max-width: 1200px) 100vw, 1200px\" \/><\/figure>\n\n\n\n<p class=\"has-text-align-center\"><strong>Eric Burgun<\/strong><br>Burgun Dulac Assurances<\/p>\n\n\n\n<p class=\"has-text-align-center has-normal-font-size\">L\u2019association a l\u2019avantage de ne pas \u00eatre orient\u00e9 que \u00ab business \u00bb . On est v\u00e9ritablement acteur pour aider les entrepreneurs dans leur d\u00e9veloppement.<\/p>\n<\/div>\n\n\n\n<div class=\"wp-block-column is-layout-flow wp-block-column-is-layout-flow\">\n<figure class=\"wp-block-image size-full\"><img loading=\"lazy\" decoding=\"async\" width=\"1080\" height=\"1080\" src=\"https:\/\/www.reseau-entreprendre.org\/rhone\/wp-content\/uploads\/sites\/32\/2023\/09\/7.png\" alt=\"\" class=\"wp-image-7497\" srcset=\"https:\/\/www.reseau-entreprendre.org\/rhone\/wp-content\/uploads\/sites\/32\/2023\/09\/7.png 1080w, https:\/\/www.reseau-entreprendre.org\/rhone\/wp-content\/uploads\/sites\/32\/2023\/09\/7-300x300.png 300w, https:\/\/www.reseau-entreprendre.org\/rhone\/wp-content\/uploads\/sites\/32\/2023\/09\/7-1024x1024.png 1024w, https:\/\/www.reseau-entreprendre.org\/rhone\/wp-content\/uploads\/sites\/32\/2023\/09\/7-150x150.png 150w, https:\/\/www.reseau-entreprendre.org\/rhone\/wp-content\/uploads\/sites\/32\/2023\/09\/7-768x768.png 768w, https:\/\/www.reseau-entreprendre.org\/rhone\/wp-content\/uploads\/sites\/32\/2023\/09\/7-130x130.png 130w\" sizes=\"auto, (max-width: 1080px) 100vw, 1080px\" \/><\/figure>\n\n\n\n<p class=\"has-text-align-center\"><strong>Audrey Guerra<\/strong><br>Midi et Demi<\/p>\n\n\n\n<p class=\"has-text-align-center has-normal-font-size\">J\u2019ai \u00e9t\u00e9 laur\u00e9ate, et je suis \u00e0 pr\u00e9sent membre d\u2019avenir. J\u2019appr\u00e9cie particuli\u00e8rement les valeurs et l\u2019accompagnement humain de cette association.<\/p>\n<\/div>\n<\/div>\n\n\n\n<p><\/p>\n","protected":false},"excerpt":{"rendered":"<p>Une implication \u00e0 la carte Vous intervenez d\u00e8s les premi\u00e8res<\/p>\n","protected":false},"author":33,"featured_media":0,"parent":0,"menu_order":0,"comment_status":"closed","ping_status":"closed","template":"","meta":{"_acf_changed":false,"_monsterinsights_skip_tracking":false,"_monsterinsights_sitenote_active":false,"_monsterinsights_sitenote_note":"","_monsterinsights_sitenote_category":0,"footnotes":""},"class_list":["post-7995","page","type-page","status-publish","hentry"],"acf":[],"yoast_head":"<!-- This site is optimized with the Yoast SEO plugin v27.4 - https:\/\/yoast.com\/product\/yoast-seo-wordpress\/ -->\n<title>Accompagner la cr\u00e9ation d&#039;entreprise | R\u00e9seau Entreprendre Rh\u00f4ne<\/title>\n<meta name=\"description\" content=\"Vous souhaiter accompagner des entrepreneurs et mettre vos exp\u00e9riences au service d&#039;autrui ? R\u00e9seau Entreprendre vous propose de devenir mentor !\" \/>\n<meta name=\"robots\" content=\"index, follow, max-snippet:-1, max-image-preview:large, max-video-preview:-1\" \/>\n<link rel=\"canonical\" href=\"https:\/\/www.reseau-entreprendre.org\/rhone\/accompagner-2\/\" \/>\n<meta property=\"og:locale\" content=\"fr_FR\" \/>\n<meta property=\"og:type\" content=\"article\" \/>\n<meta property=\"og:title\" content=\"Accompagner la cr\u00e9ation d&#039;entreprise | R\u00e9seau Entreprendre Rh\u00f4ne\" \/>\n<meta property=\"og:description\" content=\"Vous souhaiter accompagner des entrepreneurs et mettre vos exp\u00e9riences au service d&#039;autrui ? R\u00e9seau Entreprendre vous propose de devenir mentor !\" \/>\n<meta property=\"og:url\" content=\"https:\/\/www.reseau-entreprendre.org\/rhone\/accompagner-2\/\" \/>\n<meta property=\"og:site_name\" content=\"R\u00e9seau Entreprendre Rh\u00f4ne\" \/>\n<meta property=\"article:publisher\" content=\"https:\/\/www.facebook.com\/R%c3%a9seau-Entreprendre-Rh%c3%b4ne-1929780440581177\/?ref=bookmarks\" \/>\n<meta property=\"article:modified_time\" content=\"2025-07-30T13:00:24+00:00\" \/>\n<meta property=\"og:image\" content=\"https:\/\/www.reseau-entreprendre.org\/rhone\/wp-content\/uploads\/sites\/32\/2025\/07\/Capture-decran-2025-07-30-112741.png\" \/>\n\t<meta property=\"og:image:width\" content=\"585\" \/>\n\t<meta property=\"og:image:height\" content=\"358\" \/>\n\t<meta property=\"og:image:type\" content=\"image\/png\" \/>\n<meta name=\"twitter:card\" content=\"summary_large_image\" \/>\n<script type=\"application\/ld+json\" class=\"yoast-schema-graph\">{\"@context\":\"https:\\\/\\\/schema.org\",\"@graph\":[{\"@type\":\"WebPage\",\"@id\":\"https:\\\/\\\/www.reseau-entreprendre.org\\\/rhone\\\/accompagner-2\\\/\",\"url\":\"https:\\\/\\\/www.reseau-entreprendre.org\\\/rhone\\\/accompagner-2\\\/\",\"name\":\"Accompagner la cr\u00e9ation d'entreprise | R\u00e9seau Entreprendre Rh\u00f4ne\",\"isPartOf\":{\"@id\":\"https:\\\/\\\/www.reseau-entreprendre.org\\\/rhone\\\/#website\"},\"primaryImageOfPage\":{\"@id\":\"https:\\\/\\\/www.reseau-entreprendre.org\\\/rhone\\\/accompagner-2\\\/#primaryimage\"},\"image\":{\"@id\":\"https:\\\/\\\/www.reseau-entreprendre.org\\\/rhone\\\/accompagner-2\\\/#primaryimage\"},\"thumbnailUrl\":\"https:\\\/\\\/www.reseau-entreprendre.org\\\/rhone\\\/wp-content\\\/uploads\\\/sites\\\/32\\\/2025\\\/07\\\/Capture-decran-2025-07-30-112741.png\",\"datePublished\":\"2025-07-30T12:30:40+00:00\",\"dateModified\":\"2025-07-30T13:00:24+00:00\",\"description\":\"Vous souhaiter accompagner des entrepreneurs et mettre vos exp\u00e9riences au service d'autrui ? R\u00e9seau Entreprendre vous propose de devenir mentor !\",\"breadcrumb\":{\"@id\":\"https:\\\/\\\/www.reseau-entreprendre.org\\\/rhone\\\/accompagner-2\\\/#breadcrumb\"},\"inLanguage\":\"fr-FR\",\"potentialAction\":[{\"@type\":\"ReadAction\",\"target\":[\"https:\\\/\\\/www.reseau-entreprendre.org\\\/rhone\\\/accompagner-2\\\/\"]}]},{\"@type\":\"ImageObject\",\"inLanguage\":\"fr-FR\",\"@id\":\"https:\\\/\\\/www.reseau-entreprendre.org\\\/rhone\\\/accompagner-2\\\/#primaryimage\",\"url\":\"https:\\\/\\\/www.reseau-entreprendre.org\\\/rhone\\\/wp-content\\\/uploads\\\/sites\\\/32\\\/2025\\\/07\\\/Capture-decran-2025-07-30-112741.png\",\"contentUrl\":\"https:\\\/\\\/www.reseau-entreprendre.org\\\/rhone\\\/wp-content\\\/uploads\\\/sites\\\/32\\\/2025\\\/07\\\/Capture-decran-2025-07-30-112741.png\",\"width\":585,\"height\":358},{\"@type\":\"BreadcrumbList\",\"@id\":\"https:\\\/\\\/www.reseau-entreprendre.org\\\/rhone\\\/accompagner-2\\\/#breadcrumb\",\"itemListElement\":[{\"@type\":\"ListItem\",\"position\":1,\"name\":\"Accueil\",\"item\":\"https:\\\/\\\/www.reseau-entreprendre.org\\\/rhone\\\/\"},{\"@type\":\"ListItem\",\"position\":2,\"name\":\"Accompagner\"}]},{\"@type\":\"WebSite\",\"@id\":\"https:\\\/\\\/www.reseau-entreprendre.org\\\/rhone\\\/#website\",\"url\":\"https:\\\/\\\/www.reseau-entreprendre.org\\\/rhone\\\/\",\"name\":\"R\u00e9seau Entreprendre Rh\u00f4ne\",\"description\":\"Un site utilisant Les sites de R\u00e9seau Entreprendre\",\"publisher\":{\"@id\":\"https:\\\/\\\/www.reseau-entreprendre.org\\\/rhone\\\/#organization\"},\"potentialAction\":[{\"@type\":\"SearchAction\",\"target\":{\"@type\":\"EntryPoint\",\"urlTemplate\":\"https:\\\/\\\/www.reseau-entreprendre.org\\\/rhone\\\/?s={search_term_string}\"},\"query-input\":{\"@type\":\"PropertyValueSpecification\",\"valueRequired\":true,\"valueName\":\"search_term_string\"}}],\"inLanguage\":\"fr-FR\"},{\"@type\":\"Organization\",\"@id\":\"https:\\\/\\\/www.reseau-entreprendre.org\\\/rhone\\\/#organization\",\"name\":\"R\u00e9seau Entreprendre Rh\u00f4ne\",\"url\":\"https:\\\/\\\/www.reseau-entreprendre.org\\\/rhone\\\/\",\"logo\":{\"@type\":\"ImageObject\",\"inLanguage\":\"fr-FR\",\"@id\":\"https:\\\/\\\/www.reseau-entreprendre.org\\\/rhone\\\/#\\\/schema\\\/logo\\\/image\\\/\",\"url\":\"https:\\\/\\\/www.reseau-entreprendre.org\\\/rhone\\\/wp-content\\\/uploads\\\/sites\\\/32\\\/2018\\\/11\\\/logo_horizontal_re_couleur_rhone-Copie.png\",\"contentUrl\":\"https:\\\/\\\/www.reseau-entreprendre.org\\\/rhone\\\/wp-content\\\/uploads\\\/sites\\\/32\\\/2018\\\/11\\\/logo_horizontal_re_couleur_rhone-Copie.png\",\"width\":1446,\"height\":376,\"caption\":\"R\u00e9seau Entreprendre Rh\u00f4ne\"},\"image\":{\"@id\":\"https:\\\/\\\/www.reseau-entreprendre.org\\\/rhone\\\/#\\\/schema\\\/logo\\\/image\\\/\"},\"sameAs\":[\"https:\\\/\\\/www.facebook.com\\\/R\u00e9seau-Entreprendre-Rh\u00f4ne-1929780440581177\\\/?ref=bookmarks\",\"https:\\\/\\\/www.linkedin.com\\\/in\\\/reseau-entreprendre-rhone\\\/\"]}]}<\/script>\n<!-- \/ Yoast SEO plugin. -->","yoast_head_json":{"title":"Accompagner la cr\u00e9ation d'entreprise | R\u00e9seau Entreprendre Rh\u00f4ne","description":"Vous souhaiter accompagner des entrepreneurs et mettre vos exp\u00e9riences au service d'autrui ? R\u00e9seau Entreprendre vous propose de devenir mentor !","robots":{"index":"index","follow":"follow","max-snippet":"max-snippet:-1","max-image-preview":"max-image-preview:large","max-video-preview":"max-video-preview:-1"},"canonical":"https:\/\/www.reseau-entreprendre.org\/rhone\/accompagner-2\/","og_locale":"fr_FR","og_type":"article","og_title":"Accompagner la cr\u00e9ation d'entreprise | R\u00e9seau Entreprendre Rh\u00f4ne","og_description":"Vous souhaiter accompagner des entrepreneurs et mettre vos exp\u00e9riences au service d'autrui ? R\u00e9seau Entreprendre vous propose de devenir mentor !","og_url":"https:\/\/www.reseau-entreprendre.org\/rhone\/accompagner-2\/","og_site_name":"R\u00e9seau Entreprendre Rh\u00f4ne","article_publisher":"https:\/\/www.facebook.com\/R%c3%a9seau-Entreprendre-Rh%c3%b4ne-1929780440581177\/?ref=bookmarks","article_modified_time":"2025-07-30T13:00:24+00:00","og_image":[{"width":585,"height":358,"url":"https:\/\/www.reseau-entreprendre.org\/rhone\/wp-content\/uploads\/sites\/32\/2025\/07\/Capture-decran-2025-07-30-112741.png","type":"image\/png"}],"twitter_card":"summary_large_image","schema":{"@context":"https:\/\/schema.org","@graph":[{"@type":"WebPage","@id":"https:\/\/www.reseau-entreprendre.org\/rhone\/accompagner-2\/","url":"https:\/\/www.reseau-entreprendre.org\/rhone\/accompagner-2\/","name":"Accompagner la cr\u00e9ation d'entreprise | R\u00e9seau Entreprendre Rh\u00f4ne","isPartOf":{"@id":"https:\/\/www.reseau-entreprendre.org\/rhone\/#website"},"primaryImageOfPage":{"@id":"https:\/\/www.reseau-entreprendre.org\/rhone\/accompagner-2\/#primaryimage"},"image":{"@id":"https:\/\/www.reseau-entreprendre.org\/rhone\/accompagner-2\/#primaryimage"},"thumbnailUrl":"https:\/\/www.reseau-entreprendre.org\/rhone\/wp-content\/uploads\/sites\/32\/2025\/07\/Capture-decran-2025-07-30-112741.png","datePublished":"2025-07-30T12:30:40+00:00","dateModified":"2025-07-30T13:00:24+00:00","description":"Vous souhaiter accompagner des entrepreneurs et mettre vos exp\u00e9riences au service d'autrui ? R\u00e9seau Entreprendre vous propose de devenir mentor !","breadcrumb":{"@id":"https:\/\/www.reseau-entreprendre.org\/rhone\/accompagner-2\/#breadcrumb"},"inLanguage":"fr-FR","potentialAction":[{"@type":"ReadAction","target":["https:\/\/www.reseau-entreprendre.org\/rhone\/accompagner-2\/"]}]},{"@type":"ImageObject","inLanguage":"fr-FR","@id":"https:\/\/www.reseau-entreprendre.org\/rhone\/accompagner-2\/#primaryimage","url":"https:\/\/www.reseau-entreprendre.org\/rhone\/wp-content\/uploads\/sites\/32\/2025\/07\/Capture-decran-2025-07-30-112741.png","contentUrl":"https:\/\/www.reseau-entreprendre.org\/rhone\/wp-content\/uploads\/sites\/32\/2025\/07\/Capture-decran-2025-07-30-112741.png","width":585,"height":358},{"@type":"BreadcrumbList","@id":"https:\/\/www.reseau-entreprendre.org\/rhone\/accompagner-2\/#breadcrumb","itemListElement":[{"@type":"ListItem","position":1,"name":"Accueil","item":"https:\/\/www.reseau-entreprendre.org\/rhone\/"},{"@type":"ListItem","position":2,"name":"Accompagner"}]},{"@type":"WebSite","@id":"https:\/\/www.reseau-entreprendre.org\/rhone\/#website","url":"https:\/\/www.reseau-entreprendre.org\/rhone\/","name":"R\u00e9seau Entreprendre Rh\u00f4ne","description":"Un site utilisant Les sites de R\u00e9seau Entreprendre","publisher":{"@id":"https:\/\/www.reseau-entreprendre.org\/rhone\/#organization"},"potentialAction":[{"@type":"SearchAction","target":{"@type":"EntryPoint","urlTemplate":"https:\/\/www.reseau-entreprendre.org\/rhone\/?s={search_term_string}"},"query-input":{"@type":"PropertyValueSpecification","valueRequired":true,"valueName":"search_term_string"}}],"inLanguage":"fr-FR"},{"@type":"Organization","@id":"https:\/\/www.reseau-entreprendre.org\/rhone\/#organization","name":"R\u00e9seau Entreprendre Rh\u00f4ne","url":"https:\/\/www.reseau-entreprendre.org\/rhone\/","logo":{"@type":"ImageObject","inLanguage":"fr-FR","@id":"https:\/\/www.reseau-entreprendre.org\/rhone\/#\/schema\/logo\/image\/","url":"https:\/\/www.reseau-entreprendre.org\/rhone\/wp-content\/uploads\/sites\/32\/2018\/11\/logo_horizontal_re_couleur_rhone-Copie.png","contentUrl":"https:\/\/www.reseau-entreprendre.org\/rhone\/wp-content\/uploads\/sites\/32\/2018\/11\/logo_horizontal_re_couleur_rhone-Copie.png","width":1446,"height":376,"caption":"R\u00e9seau Entreprendre Rh\u00f4ne"},"image":{"@id":"https:\/\/www.reseau-entreprendre.org\/rhone\/#\/schema\/logo\/image\/"},"sameAs":["https:\/\/www.facebook.com\/R\u00e9seau-Entreprendre-Rh\u00f4ne-1929780440581177\/?ref=bookmarks","https:\/\/www.linkedin.com\/in\/reseau-entreprendre-rhone\/"]}]}},"_links":{"self":[{"href":"https:\/\/www.reseau-entreprendre.org\/rhone\/wp-json\/wp\/v2\/pages\/7995","targetHints":{"allow":["GET"]}}],"collection":[{"href":"https:\/\/www.reseau-entreprendre.org\/rhone\/wp-json\/wp\/v2\/pages"}],"about":[{"href":"https:\/\/www.reseau-entreprendre.org\/rhone\/wp-json\/wp\/v2\/types\/page"}],"author":[{"embeddable":true,"href":"https:\/\/www.reseau-entreprendre.org\/rhone\/wp-json\/wp\/v2\/users\/33"}],"replies":[{"embeddable":true,"href":"https:\/\/www.reseau-entreprendre.org\/rhone\/wp-json\/wp\/v2\/comments?post=7995"}],"version-history":[{"count":0,"href":"https:\/\/www.reseau-entreprendre.org\/rhone\/wp-json\/wp\/v2\/pages\/7995\/revisions"}],"wp:attachment":[{"href":"https:\/\/www.reseau-entreprendre.org\/rhone\/wp-json\/wp\/v2\/media?parent=7995"}],"curies":[{"name":"wp","href":"https:\/\/api.w.org\/{rel}","templated":true}]}}