{"id":15,"date":"2017-04-28T12:33:47","date_gmt":"2017-04-28T10:33:47","guid":{"rendered":"https:\/\/www.reseau-entreprendre.org\/val-d-oise\/?page_id=15"},"modified":"2025-06-03T14:53:53","modified_gmt":"2025-06-03T12:53:53","slug":"jentreprends-2-2","status":"publish","type":"page","link":"https:\/\/www.reseau-entreprendre.org\/val-d-oise\/jentreprends-2-2\/","title":{"rendered":"J&#8217;entreprends"},"content":{"rendered":"\n<p><\/p>\n\n\n\n<p class=\"has-large-font-size\">VOUS VOULEZ&nbsp;<strong>ENTREPRENDRE<\/strong>&nbsp;ET VOUS RECHERCHEZ UN&nbsp;<strong>ACCOMPAGNEMENT<\/strong>&nbsp;?<\/p>\n\n\n\n<div style=\"height:16px\" aria-hidden=\"true\" class=\"wp-block-spacer\"><\/div>\n\n\n\n<p class=\"has-text-align-center\" style=\"font-size:18px\">Les entrepreneurs le disent et l\u2019affirment : il faut se faire aider \u00e0 la&nbsp;<strong>cr\u00e9ation<\/strong>, \u00e0 la&nbsp;<strong>reprise<\/strong>&nbsp;et au&nbsp;<strong>d\u00e9veloppement<\/strong>&nbsp;d\u2019une entreprise. L\u2019accompagnement permet de rompre l\u2019isolement, d\u2019\u00e9changer sur son projet, d\u2019identifier des opportunit\u00e9s business, de s\u2019entourer et de faire financer son projet.<\/p>\n\n\n\n<div style=\"height:19px\" aria-hidden=\"true\" class=\"wp-block-spacer\"><\/div>\n\n\n\n<div class=\"wp-block-buttons is-content-justification-center is-layout-flex wp-container-core-buttons-is-layout-16018d1d wp-block-buttons-is-layout-flex\">\n<div class=\"wp-block-button has-custom-width wp-block-button__width-50 is-style-fill\"><a class=\"wp-block-button__link has-re-blue-background-color has-background wp-element-button\" href=\"https:\/\/www.reseau-entreprendre.org\/val-d-oise\/success-story\/\">Voir les entreprises accompagn\u00e9es<\/a><\/div>\n<\/div>\n\n\n\n<div style=\"height:61px\" aria-hidden=\"true\" class=\"wp-block-spacer\"><\/div>\n\n\n<div data-block_b55caeaecee433196ad610446feb2fc5 class=\"re-testimonials re-testimonials-acf-simple alignauto\">  \n    <div class=\"testimonials\">\n                                    <div class=\"testimonial\">\n                    <div class=\"row justify-content-between\">\n                        <div class=\"col-lg-4 col-image\">\n                            <div class=\"aspect-ratio\">\n                                                                    <img class=\"aspect-ratio-item\" data-aos=\"fade-right\" src='https:\/\/www.reseau-entreprendre.org\/val-d-oise\/wp-content\/uploads\/sites\/27\/2025\/03\/1516277797754.jpg'>\n                                                                <\/span>\n                            <\/div>\n                        <\/div>\n                        <div class=\"col-lg-8 my-auto col-info\" data-aos=\"fade-left\">\n                                                        <div class=\"description\">\n                                <blockquote><p>Rencontrer d&#8217;autres entrepreneurs permet de se sortir la t\u00eate du guidon, de prendre du recul et de mieux prendre ses d\u00e9cisions. A l&#8217;issue des mes 2 ans d&#8217;accompagnement, j&#8217;ai d\u00e9cid\u00e9 de rendre ce qu&#8217;on m&#8217;a apport\u00e9.<\/p><\/blockquote>\n\n                            <\/div>\n                            <div class=\"person\">\n                                <span class=\"author\">\n                                    Lotfi Kara Terki, Laur\u00e9at 2014 et Ancien Co-Pr\u00e9sident (2019-2022)\n                                <\/span>\n                                <span class=\"company\">\n                                     L.V.I. SYSTEMS\n                                <\/span>\n                            <\/div>\n                                                    <\/div>\n                    <\/div>\n                <\/div>\n                            <div class=\"testimonial\">\n                    <div class=\"row justify-content-between\">\n                        <div class=\"col-lg-4 col-image\">\n                            <div class=\"aspect-ratio\">\n                                                                    <img class=\"aspect-ratio-item\" data-aos=\"fade-right\" src='https:\/\/www.reseau-entreprendre.org\/val-d-oise\/wp-content\/uploads\/sites\/27\/2025\/03\/Capture-decran-2025-03-18-171419.png'>\n                                                                <\/span>\n                            <\/div>\n                        <\/div>\n                        <div class=\"col-lg-8 my-auto col-info\" data-aos=\"fade-left\">\n                                                        <div class=\"description\">\n                                <blockquote><p>La force de R\u00e9seau Entreprendre Val d&#8217;Oise est repr\u00e9sent\u00e9e par ses valeurs tourn\u00e9es vers l&#8217;Homme, l&#8217;emploi et la r\u00e9ciprocit\u00e9. On re\u00e7oit beaucoup.<\/p><\/blockquote>\n\n                            <\/div>\n                            <div class=\"person\">\n                                <span class=\"author\">\n                                    Fabien FERMEAUX, Laur\u00e9at 2019 et Membre actif\n                                <\/span>\n                                <span class=\"company\">\n                                     Franchis\u00e9 Boulangerie Ange\n                                <\/span>\n                            <\/div>\n                                                    <\/div>\n                    <\/div>\n                <\/div>\n                        <\/div>\n    <div class=\"testimonials-arrows\"><\/div>\n<\/div>\n\n\n\n<div style=\"height:57px\" aria-hidden=\"true\" class=\"wp-block-spacer\"><\/div>\n\n\n\n<h5 class=\"wp-block-heading has-background\" style=\"background-color:#1595bf0f\"><strong>Pendant 2 ans, les Laur\u00e9ats et Laur\u00e9ates b\u00e9n\u00e9ficient d\u2019un accompagnement gratuit en 2 volets :<\/strong><\/h5>\n\n\n\n<div class=\"wp-block-columns has-background is-layout-flex wp-container-core-columns-is-layout-9d6595d7 wp-block-columns-is-layout-flex\" style=\"background-color:#1595bf0f\">\n<div class=\"wp-block-column is-layout-flow wp-block-column-is-layout-flow\" style=\"flex-basis:33.33%\">\n<p class=\"has-re-yellow-color has-text-color has-link-color has-medium-font-size wp-elements-1c3420edcce607d1b7e5f164286aa92c\"><strong>Accompagnement financier<\/strong><\/p>\n\n\n\n<p style=\"font-size:16px\">Les Laur\u00e9ats et Laur\u00e9ates dont l\u2019entreprise est immatricul\u00e9e depuis moins de 3 ans peuvent b\u00e9n\u00e9ficier d\u2019<strong>un Pr\u00eat d\u2019Honneur pouvant aller de 15 000\u20ac \u00e0 50 000\u20ac<\/strong>.<\/p>\n\n\n\n<p style=\"font-size:16px\">Ces pr\u00eats personnels sont \u00e0 <strong>taux z\u00e9ro<\/strong>, sans garantie, sans caution et remboursables sur <strong>12 mois<\/strong>.<\/p>\n<\/div>\n\n\n\n<div class=\"wp-block-column is-layout-flow wp-block-column-is-layout-flow\" style=\"flex-basis:66.66%\">\n<p class=\"has-re-blue-color has-text-color has-link-color has-medium-font-size wp-elements-81680e18fd2eaeff3c979bed42cadb4b\"><strong>Accompagnement humain<\/strong><\/p>\n\n\n\n<p style=\"font-size:16px\"><strong>Accompagnement individuel<\/strong>&nbsp;: en fonction de leur maturit\u00e9 d\u2019entreprise, les entrepreneurs sont accompagn\u00e9s mensuellement pendant 2 ans par un ou plusieurs Membres qui les mentorent, leur apportent une prise de recul et leur permettent de se poser les bonnes questions.<\/p>\n\n\n\n<p style=\"font-size:16px\"><strong>Accompagnement collectif&nbsp;<\/strong>: chaque entrepreneur rejoint un club compos\u00e9 d&#8217;entreprises de maturit\u00e9 \u00e9quivalente qui se retrouvent mensuellement pour partager leurs actualit\u00e9s, s\u2019entraider, s\u2019encourager et grandir entre pairs.<\/p>\n\n\n\n<p style=\"font-size:16px\"><strong>Vie de R\u00e9seau<\/strong>&nbsp;: Membres et Laur\u00e9ats b\u00e9n\u00e9ficient de la force d\u2019un r\u00e9seau local, national et international, qu\u2019ils peuvent contacter, mobiliser et rencontrer \u00e0 l\u2019occasion d\u2019une multitude d\u2019\u00e9v\u00e9nements \u2013 tables rondes, ateliers pratiques, d\u00e9jeuners inspirants, permanences d\u2019experts, afterworks et soir\u00e9es de rencontre. <\/p>\n<\/div>\n<\/div>\n\n\n\n<div class=\"wp-block-buttons has-background is-content-justification-center is-layout-flex wp-container-core-buttons-is-layout-5590e8cb wp-block-buttons-is-layout-flex\" style=\"background-color:#1595bf0f\">\n<div class=\"wp-block-button has-custom-width wp-block-button__width-25 is-style-outline is-style-outline--1\"><a class=\"wp-block-button__link has-re-blue-color has-text-color has-background has-link-color wp-element-button\" href=\"https:\/\/www.reseau-entreprendre.org\/val-d-oise\/deposer-une-demande\/\" style=\"border-radius:0px;background-color:#1595bf0f\">Formulaire de candidature<\/a><\/div>\n<\/div>\n\n\n\n<div style=\"height:30px\" aria-hidden=\"true\" class=\"wp-block-spacer\"><\/div>\n\n\n\n<h2 class=\"wp-block-heading has-re-red-color has-text-color has-link-color wp-elements-8423042f6ee1947bfb34fdd67480d894\"><strong><strong>REPRENEURS OU CR\u00c9ATEURS D\u2019ENTREPRISE<\/strong>&nbsp;<strong>\u2013<\/strong>&nbsp;<strong>CRIT\u00c8RES D\u2019\u00c9LIGIBILIT\u00c9<\/strong><\/strong><\/h2>\n\n\n\n<div style=\"height:23px\" aria-hidden=\"true\" class=\"wp-block-spacer\"><\/div>\n\n\n\n<ul class=\"wp-block-list\">\n<li>Vous \u00eates d\u00e9di\u00e9(e) \u00e0 100% \u00e0 votre projet ?<\/li>\n<\/ul>\n\n\n\n<ul class=\"wp-block-list\">\n<li>Votre projet est implant\u00e9 dans le d\u00e9partement du Val d&#8217;Oise ?<\/li>\n<\/ul>\n\n\n\n<ul class=\"wp-block-list\">\n<li>Vous avez une forte ambition de cr\u00e9ation ou de maintien d\u2019emploi ?<\/li>\n<\/ul>\n\n\n\n<p class=\"has-text-color has-link-color wp-elements-4d9caaa27179a3b49dd5743ab02ba70e\" style=\"color:#ffffff\"><\/p>\n\n\n\n<div style=\"height:34px\" aria-hidden=\"true\" class=\"wp-block-spacer\"><\/div>\n\n\n\n<h2 class=\"wp-block-heading\"><strong>D\u00e9couvrez nos 3 parcours d&#8217;accompagnement et leurs crit\u00e8res d&#8217;\u00e9ligibilit\u00e9.<\/strong><\/h2>\n\n\n\n<div style=\"height:26px\" aria-hidden=\"true\" class=\"wp-block-spacer\"><\/div>\n\n\n\n<h2 class=\"wp-block-heading has-text-color has-link-color wp-elements-2f838db6446eb67ce709726b9dff538a\" style=\"color:#ffffff\"><\/h2>\n\n\n\n<div class=\"wp-block-columns is-layout-flex wp-container-core-columns-is-layout-9d6595d7 wp-block-columns-is-layout-flex\">\n<div class=\"wp-block-column is-layout-flow wp-block-column-is-layout-flow\">\n<p class=\"has-text-align-center has-re-blue-background-color has-text-color has-background has-link-color wp-elements-151b413f30326baccb65e53c6bdab7c7\" style=\"color:#ffffff;font-size:25px\"><strong>PROGRAMME START<\/strong><\/p>\n<\/div>\n\n\n\n<div class=\"wp-block-column is-layout-flow wp-block-column-is-layout-flow\">\n<p class=\"has-text-align-center has-re-yellow-background-color has-text-color has-background has-link-color wp-elements-6caed8a4c779ef8b5129fbf573fd531d\" style=\"color:#ffffff;font-size:25px\"><strong>PROGRAMME BOOSTER<\/strong><\/p>\n<\/div>\n\n\n\n<div class=\"wp-block-column is-layout-flow wp-block-column-is-layout-flow\">\n<p class=\"has-text-align-center has-re-red-background-color has-text-color has-background has-link-color wp-elements-fddcba02599fb8669ec16bc49ecba732\" style=\"color:#ffffff;font-size:25px\"><strong>PROGRAMME AMBITION<\/strong><\/p>\n<\/div>\n<\/div>\n\n\n\n<div class=\"wp-block-columns is-layout-flex wp-container-core-columns-is-layout-9d6595d7 wp-block-columns-is-layout-flex\">\n<div class=\"wp-block-column is-layout-flow wp-block-column-is-layout-flow\">\n<p style=\"font-size:16px\">Le programme Start a pour vocation&nbsp;<strong>d\u2019aider les cr\u00e9ateurs d\u2019entreprise au d\u00e9marrage de leur activit\u00e9.<\/strong><\/p>\n\n\n\n<p style=\"font-size:16px\">Pendant 2 ans, les Laur\u00e9at(e)s b\u00e9n\u00e9ficient d\u2019un accompagnement humain et financier pour les aider \u00e0 acqu\u00e9rir peu \u00e0 peu une posture de chefs d\u2019entreprise.<\/p>\n<\/div>\n\n\n\n<div class=\"wp-block-column is-layout-flow wp-block-column-is-layout-flow\">\n<p style=\"font-size:16px\">Le programme Booster a pour vocation&nbsp;<strong>d\u2019accompagner les entrepreneurs dans le d\u00e9veloppement de leur entreprise.<\/strong><\/p>\n\n\n\n<p style=\"font-size:16px\">Pendant 2 ans, les Laur\u00e9at(e)s Booster b\u00e9n\u00e9ficient d\u2019un accompagnement humain focalis\u00e9 sur la structuration de leur projet de d\u00e9veloppement.<\/p>\n<\/div>\n\n\n\n<div class=\"wp-block-column is-layout-flow wp-block-column-is-layout-flow\">\n<p style=\"font-size:16px\">Le programme Ambition a pour vocation&nbsp;<strong>d\u2019aider les entrepreneurs dont l\u2019activit\u00e9 est en forte croissance.<\/strong><\/p>\n\n\n\n<p style=\"font-size:16px\">Les Laur\u00e9at(e)s Ambition b\u00e9n\u00e9ficient d\u2019un accompagnement humain compos\u00e9 de 3 chefs d\u2019entreprise aux profils compl\u00e9mentaires destin\u00e9 \u00e0 structurer leur gouvernance.<\/p>\n<\/div>\n<\/div>\n\n\n\n<div class=\"wp-block-columns is-layout-flex wp-container-core-columns-is-layout-9d6595d7 wp-block-columns-is-layout-flex\">\n<div class=\"wp-block-column is-layout-flow wp-block-column-is-layout-flow\">\n<div class=\"wp-block-buttons is-layout-flex wp-block-buttons-is-layout-flex\">\n<div class=\"wp-block-button has-custom-width wp-block-button__width-100\"><a class=\"wp-block-button__link has-re-blue-background-color has-background has-text-align-center wp-element-button\" href=\"https:\/\/www.reseau-entreprendre.org\/val-d-oise\/parcours-start-creation-reprise\/\"><em>Plus d&#8217;informations sur le programme <strong>START<\/strong> <strong>CREATION \/ REPRISE<\/strong><\/em><\/a><\/div>\n<\/div>\n<\/div>\n\n\n\n<div class=\"wp-block-column is-layout-flow wp-block-column-is-layout-flow\">\n<div class=\"wp-block-buttons is-layout-flex wp-block-buttons-is-layout-flex\">\n<div class=\"wp-block-button has-custom-width wp-block-button__width-100\"><a class=\"wp-block-button__link has-re-blue-background-color has-background has-text-align-center wp-element-button\" href=\"https:\/\/www.reseau-entreprendre.org\/val-d-oise\/parcours-booster\/\"><em>Plus d&#8217;informations sur le programme <strong>BOOSTER<\/strong><\/em><\/a><\/div>\n<\/div>\n<\/div>\n\n\n\n<div class=\"wp-block-column is-layout-flow wp-block-column-is-layout-flow\">\n<div class=\"wp-block-buttons is-layout-flex wp-container-core-buttons-is-layout-132b0da8 wp-block-buttons-is-layout-flex\">\n<div class=\"wp-block-button has-custom-width wp-block-button__width-100\"><a class=\"wp-block-button__link has-re-blue-background-color has-background has-text-align-center wp-element-button\" href=\"https:\/\/www.reseau-entreprendre.org\/val-d-oise\/parcours-ambition\/\"><em>Plus d&#8217;informations sur le programme <strong>AMBITION<\/strong><\/em><\/a><\/div>\n<\/div>\n<\/div>\n<\/div>\n\n\n\n\n\n<div class=\"wp-block-group\"><div class=\"wp-block-group__inner-container is-layout-constrained wp-block-group-is-layout-constrained\"><\/div><\/div>\n","protected":false},"excerpt":{"rendered":"<p>VOUS VOULEZ&nbsp;ENTREPRENDRE&nbsp;ET VOUS RECHERCHEZ UN&nbsp;ACCOMPAGNEMENT&nbsp;? Les entrepreneurs le disent et<\/p>\n","protected":false},"author":28,"featured_media":0,"parent":0,"menu_order":0,"comment_status":"closed","ping_status":"closed","template":"","meta":{"_acf_changed":false,"_monsterinsights_skip_tracking":false,"_monsterinsights_sitenote_active":false,"_monsterinsights_sitenote_note":"","_monsterinsights_sitenote_category":0,"footnotes":""},"class_list":["post-15","page","type-page","status-publish","hentry"],"acf":[],"yoast_head":"<!-- This site is optimized with the Yoast SEO plugin v27.4 - https:\/\/yoast.com\/product\/yoast-seo-wordpress\/ -->\n<title>J&#039;entreprends | R\u00e9seau Entreprendre Val d&#039;Oise<\/title>\n<meta name=\"description\" content=\"Vous \u00eates entrepreneur et souhaitez b\u00e9n\u00e9ficier d&#039;un accompagnement? Devenez Laur\u00e9at R\u00e9seau Entreprendre Val d&#039;Oise !\" \/>\n<meta name=\"robots\" content=\"index, follow, max-snippet:-1, max-image-preview:large, max-video-preview:-1\" \/>\n<link rel=\"canonical\" href=\"https:\/\/www.reseau-entreprendre.org\/val-d-oise\/jentreprends-2-2\/\" \/>\n<meta property=\"og:locale\" content=\"fr_FR\" \/>\n<meta property=\"og:type\" content=\"article\" \/>\n<meta property=\"og:title\" content=\"J&#039;entreprends | R\u00e9seau Entreprendre Val d&#039;Oise\" \/>\n<meta property=\"og:description\" content=\"Vous \u00eates entrepreneur et souhaitez b\u00e9n\u00e9ficier d&#039;un accompagnement? Devenez Laur\u00e9at R\u00e9seau Entreprendre Val d&#039;Oise !\" \/>\n<meta property=\"og:url\" content=\"https:\/\/www.reseau-entreprendre.org\/val-d-oise\/jentreprends-2-2\/\" \/>\n<meta property=\"og:site_name\" content=\"R\u00e9seau Entreprendre Val d&#039;Oise\" \/>\n<meta property=\"article:modified_time\" content=\"2025-06-03T12:53:53+00:00\" \/>\n<meta name=\"twitter:card\" content=\"summary_large_image\" \/>\n<meta name=\"twitter:label1\" content=\"Dur\u00e9e de lecture estim\u00e9e\" \/>\n\t<meta name=\"twitter:data1\" content=\"3 minutes\" \/>\n<script type=\"application\/ld+json\" class=\"yoast-schema-graph\">{\"@context\":\"https:\\\/\\\/schema.org\",\"@graph\":[{\"@type\":\"WebPage\",\"@id\":\"https:\\\/\\\/www.reseau-entreprendre.org\\\/val-d-oise\\\/jentreprends-2-2\\\/\",\"url\":\"https:\\\/\\\/www.reseau-entreprendre.org\\\/val-d-oise\\\/jentreprends-2-2\\\/\",\"name\":\"J'entreprends | R\u00e9seau Entreprendre Val d'Oise\",\"isPartOf\":{\"@id\":\"https:\\\/\\\/www.reseau-entreprendre.org\\\/val-d-oise\\\/#website\"},\"datePublished\":\"2017-04-28T10:33:47+00:00\",\"dateModified\":\"2025-06-03T12:53:53+00:00\",\"description\":\"Vous \u00eates entrepreneur et souhaitez b\u00e9n\u00e9ficier d'un accompagnement? Devenez Laur\u00e9at R\u00e9seau Entreprendre Val d'Oise !\",\"breadcrumb\":{\"@id\":\"https:\\\/\\\/www.reseau-entreprendre.org\\\/val-d-oise\\\/jentreprends-2-2\\\/#breadcrumb\"},\"inLanguage\":\"fr-FR\",\"potentialAction\":[{\"@type\":\"ReadAction\",\"target\":[\"https:\\\/\\\/www.reseau-entreprendre.org\\\/val-d-oise\\\/jentreprends-2-2\\\/\"]}]},{\"@type\":\"BreadcrumbList\",\"@id\":\"https:\\\/\\\/www.reseau-entreprendre.org\\\/val-d-oise\\\/jentreprends-2-2\\\/#breadcrumb\",\"itemListElement\":[{\"@type\":\"ListItem\",\"position\":1,\"name\":\"Accueil\",\"item\":\"https:\\\/\\\/www.reseau-entreprendre.org\\\/val-d-oise\\\/\"},{\"@type\":\"ListItem\",\"position\":2,\"name\":\"J&#8217;entreprends\"}]},{\"@type\":\"WebSite\",\"@id\":\"https:\\\/\\\/www.reseau-entreprendre.org\\\/val-d-oise\\\/#website\",\"url\":\"https:\\\/\\\/www.reseau-entreprendre.org\\\/val-d-oise\\\/\",\"name\":\"R\u00e9seau Entreprendre Val d&#039;Oise\",\"description\":\"\",\"potentialAction\":[{\"@type\":\"SearchAction\",\"target\":{\"@type\":\"EntryPoint\",\"urlTemplate\":\"https:\\\/\\\/www.reseau-entreprendre.org\\\/val-d-oise\\\/?s={search_term_string}\"},\"query-input\":{\"@type\":\"PropertyValueSpecification\",\"valueRequired\":true,\"valueName\":\"search_term_string\"}}],\"inLanguage\":\"fr-FR\"}]}<\/script>\n<!-- \/ Yoast SEO plugin. -->","yoast_head_json":{"title":"J'entreprends | R\u00e9seau Entreprendre Val d'Oise","description":"Vous \u00eates entrepreneur et souhaitez b\u00e9n\u00e9ficier d'un accompagnement? Devenez Laur\u00e9at R\u00e9seau Entreprendre Val d'Oise !","robots":{"index":"index","follow":"follow","max-snippet":"max-snippet:-1","max-image-preview":"max-image-preview:large","max-video-preview":"max-video-preview:-1"},"canonical":"https:\/\/www.reseau-entreprendre.org\/val-d-oise\/jentreprends-2-2\/","og_locale":"fr_FR","og_type":"article","og_title":"J'entreprends | R\u00e9seau Entreprendre Val d'Oise","og_description":"Vous \u00eates entrepreneur et souhaitez b\u00e9n\u00e9ficier d'un accompagnement? Devenez Laur\u00e9at R\u00e9seau Entreprendre Val d'Oise !","og_url":"https:\/\/www.reseau-entreprendre.org\/val-d-oise\/jentreprends-2-2\/","og_site_name":"R\u00e9seau Entreprendre Val d&#039;Oise","article_modified_time":"2025-06-03T12:53:53+00:00","twitter_card":"summary_large_image","twitter_misc":{"Dur\u00e9e de lecture estim\u00e9e":"3 minutes"},"schema":{"@context":"https:\/\/schema.org","@graph":[{"@type":"WebPage","@id":"https:\/\/www.reseau-entreprendre.org\/val-d-oise\/jentreprends-2-2\/","url":"https:\/\/www.reseau-entreprendre.org\/val-d-oise\/jentreprends-2-2\/","name":"J'entreprends | R\u00e9seau Entreprendre Val d'Oise","isPartOf":{"@id":"https:\/\/www.reseau-entreprendre.org\/val-d-oise\/#website"},"datePublished":"2017-04-28T10:33:47+00:00","dateModified":"2025-06-03T12:53:53+00:00","description":"Vous \u00eates entrepreneur et souhaitez b\u00e9n\u00e9ficier d'un accompagnement? Devenez Laur\u00e9at R\u00e9seau Entreprendre Val d'Oise !","breadcrumb":{"@id":"https:\/\/www.reseau-entreprendre.org\/val-d-oise\/jentreprends-2-2\/#breadcrumb"},"inLanguage":"fr-FR","potentialAction":[{"@type":"ReadAction","target":["https:\/\/www.reseau-entreprendre.org\/val-d-oise\/jentreprends-2-2\/"]}]},{"@type":"BreadcrumbList","@id":"https:\/\/www.reseau-entreprendre.org\/val-d-oise\/jentreprends-2-2\/#breadcrumb","itemListElement":[{"@type":"ListItem","position":1,"name":"Accueil","item":"https:\/\/www.reseau-entreprendre.org\/val-d-oise\/"},{"@type":"ListItem","position":2,"name":"J&#8217;entreprends"}]},{"@type":"WebSite","@id":"https:\/\/www.reseau-entreprendre.org\/val-d-oise\/#website","url":"https:\/\/www.reseau-entreprendre.org\/val-d-oise\/","name":"R\u00e9seau Entreprendre Val d&#039;Oise","description":"","potentialAction":[{"@type":"SearchAction","target":{"@type":"EntryPoint","urlTemplate":"https:\/\/www.reseau-entreprendre.org\/val-d-oise\/?s={search_term_string}"},"query-input":{"@type":"PropertyValueSpecification","valueRequired":true,"valueName":"search_term_string"}}],"inLanguage":"fr-FR"}]}},"_links":{"self":[{"href":"https:\/\/www.reseau-entreprendre.org\/val-d-oise\/wp-json\/wp\/v2\/pages\/15","targetHints":{"allow":["GET"]}}],"collection":[{"href":"https:\/\/www.reseau-entreprendre.org\/val-d-oise\/wp-json\/wp\/v2\/pages"}],"about":[{"href":"https:\/\/www.reseau-entreprendre.org\/val-d-oise\/wp-json\/wp\/v2\/types\/page"}],"author":[{"embeddable":true,"href":"https:\/\/www.reseau-entreprendre.org\/val-d-oise\/wp-json\/wp\/v2\/users\/28"}],"replies":[{"embeddable":true,"href":"https:\/\/www.reseau-entreprendre.org\/val-d-oise\/wp-json\/wp\/v2\/comments?post=15"}],"version-history":[{"count":0,"href":"https:\/\/www.reseau-entreprendre.org\/val-d-oise\/wp-json\/wp\/v2\/pages\/15\/revisions"}],"wp:attachment":[{"href":"https:\/\/www.reseau-entreprendre.org\/val-d-oise\/wp-json\/wp\/v2\/media?parent=15"}],"curies":[{"name":"wp","href":"https:\/\/api.w.org\/{rel}","templated":true}]}}