{"id":2906,"date":"2024-05-06T15:09:46","date_gmt":"2024-05-06T13:09:46","guid":{"rendered":"https:\/\/www.reseau-entreprendre.org\/val-d-oise\/?page_id=2906"},"modified":"2025-02-26T18:00:54","modified_gmt":"2025-02-26T17:00:54","slug":"nos-valeurs","status":"publish","type":"page","link":"https:\/\/www.reseau-entreprendre.org\/val-d-oise\/nos-valeurs\/","title":{"rendered":"Nos valeurs"},"content":{"rendered":"\n<div class=\"wp-block-columns is-layout-flex wp-container-core-columns-is-layout-9d6595d7 wp-block-columns-is-layout-flex\">\n<div class=\"wp-block-column is-layout-flow wp-block-column-is-layout-flow\">\n<div class=\"wp-block-group is-vertical is-content-justification-center is-layout-flex wp-container-core-group-is-layout-4b2eccd6 wp-block-group-is-layout-flex\">\n<figure class=\"wp-block-image\"><img decoding=\"async\" src=\"https:\/\/www.reseau-entreprendre.org\/paris\/wp-content\/uploads\/sites\/19\/2021\/12\/1-1.png\" alt=\"\" class=\"wp-image-6294\" \/><\/figure>\n\n\n\n<p class=\"has-re-red-color has-text-color has-link-color wp-elements-79bec8f7589855ef75da57f128518434\"><strong>L\u2019important, c\u2019est la personne<\/strong><\/p>\n\n\n\n<p>Avant la qualit\u00e9 du projet qu\u2019elle porte, c\u2019est la personne m\u00eame, son potentiel \u00e0 devenir entrepreneur, qui mobilise le soutien des chefs d\u2019entreprise.<\/p>\n<\/div>\n<\/div>\n\n\n\n<div class=\"wp-block-column is-layout-flow wp-block-column-is-layout-flow\">\n<div class=\"wp-block-group is-vertical is-content-justification-center is-layout-flex wp-container-core-group-is-layout-4b2eccd6 wp-block-group-is-layout-flex\">\n<figure class=\"wp-block-image\"><img decoding=\"async\" src=\"https:\/\/www.reseau-entreprendre.org\/paris\/wp-content\/uploads\/sites\/19\/2021\/12\/3-2.png\" alt=\"\" class=\"wp-image-6298\" \/><\/figure>\n\n\n\n<p class=\"has-re-yellow-color has-text-color has-link-color wp-elements-198e9bc3f691a3d940808e04f0695a44\"><strong>Le principe, c\u2019est la gratuit\u00e9<\/strong><\/p>\n\n\n\n<p>La gratuit\u00e9 de l\u2019offre aux cr\u00e9ateurs et repreneurs pour que toutes leurs ressources contribuent \u00e0 la r\u00e9ussite de leur projet.<\/p>\n<\/div>\n<\/div>\n\n\n\n<div class=\"wp-block-column is-layout-flow wp-block-column-is-layout-flow\">\n<div class=\"wp-block-group is-vertical is-content-justification-center is-layout-flex wp-container-core-group-is-layout-4b2eccd6 wp-block-group-is-layout-flex\">\n<figure class=\"wp-block-image\"><img decoding=\"async\" src=\"https:\/\/www.reseau-entreprendre.org\/paris\/wp-content\/uploads\/sites\/19\/2021\/12\/2-2.png\" alt=\"\" class=\"wp-image-6297\" \/><\/figure>\n\n\n\n<p class=\"has-re-blue-color has-text-color has-link-color wp-elements-b24a64408661502efb8323f1396a0afb\"><strong>L\u2019esprit, c\u2019est la r\u00e9ciprocit\u00e9<\/strong><\/p>\n\n\n\n<p>Les b\u00e9n\u00e9ficiaires sont invit\u00e9s \u00e0 rendre demain \u00e0 d\u2019autres, ce qu\u2019ils re\u00e7oivent aujourd\u2019hui, devenant ainsi le maillon d\u2019une cha\u00eene d\u2019entraide entre chefs d\u2019entreprise.<\/p>\n<\/div>\n<\/div>\n<\/div>\n","protected":false},"excerpt":{"rendered":"<p>L\u2019important, c\u2019est la personne Avant la qualit\u00e9 du projet qu\u2019elle<\/p>\n","protected":false},"author":28,"featured_media":0,"parent":0,"menu_order":0,"comment_status":"closed","ping_status":"closed","template":"","meta":{"_acf_changed":false,"_monsterinsights_skip_tracking":false,"_monsterinsights_sitenote_active":false,"_monsterinsights_sitenote_note":"","_monsterinsights_sitenote_category":0,"footnotes":""},"class_list":["post-2906","page","type-page","status-publish","hentry"],"acf":[],"yoast_head":"<!-- This site is optimized with the Yoast SEO plugin v27.4 - https:\/\/yoast.com\/product\/yoast-seo-wordpress\/ -->\n<title>Nos valeurs - R\u00e9seau Entreprendre Val d&#039;Oise<\/title>\n<meta name=\"robots\" content=\"index, follow, max-snippet:-1, max-image-preview:large, max-video-preview:-1\" \/>\n<link rel=\"canonical\" href=\"https:\/\/www.reseau-entreprendre.org\/val-d-oise\/nos-valeurs\/\" \/>\n<meta property=\"og:locale\" content=\"fr_FR\" \/>\n<meta property=\"og:type\" content=\"article\" \/>\n<meta property=\"og:title\" content=\"Nos valeurs - R\u00e9seau Entreprendre Val d&#039;Oise\" \/>\n<meta property=\"og:description\" content=\"L\u2019important, c\u2019est la personne Avant la qualit\u00e9 du projet qu\u2019elle\" \/>\n<meta property=\"og:url\" content=\"https:\/\/www.reseau-entreprendre.org\/val-d-oise\/nos-valeurs\/\" \/>\n<meta property=\"og:site_name\" content=\"R\u00e9seau Entreprendre Val d&#039;Oise\" \/>\n<meta property=\"article:modified_time\" content=\"2025-02-26T17:00:54+00:00\" \/>\n<meta name=\"twitter:card\" content=\"summary_large_image\" \/>\n<meta name=\"twitter:label1\" content=\"Dur\u00e9e de lecture estim\u00e9e\" \/>\n\t<meta name=\"twitter:data1\" content=\"2 minutes\" \/>\n<script type=\"application\/ld+json\" class=\"yoast-schema-graph\">{\"@context\":\"https:\\\/\\\/schema.org\",\"@graph\":[{\"@type\":\"WebPage\",\"@id\":\"https:\\\/\\\/www.reseau-entreprendre.org\\\/val-d-oise\\\/nos-valeurs\\\/\",\"url\":\"https:\\\/\\\/www.reseau-entreprendre.org\\\/val-d-oise\\\/nos-valeurs\\\/\",\"name\":\"Nos valeurs - R\u00e9seau Entreprendre Val d&#039;Oise\",\"isPartOf\":{\"@id\":\"https:\\\/\\\/www.reseau-entreprendre.org\\\/val-d-oise\\\/#website\"},\"primaryImageOfPage\":{\"@id\":\"https:\\\/\\\/www.reseau-entreprendre.org\\\/val-d-oise\\\/nos-valeurs\\\/#primaryimage\"},\"image\":{\"@id\":\"https:\\\/\\\/www.reseau-entreprendre.org\\\/val-d-oise\\\/nos-valeurs\\\/#primaryimage\"},\"thumbnailUrl\":\"https:\\\/\\\/www.reseau-entreprendre.org\\\/paris\\\/wp-content\\\/uploads\\\/sites\\\/19\\\/2021\\\/12\\\/1-1.png\",\"datePublished\":\"2024-05-06T13:09:46+00:00\",\"dateModified\":\"2025-02-26T17:00:54+00:00\",\"breadcrumb\":{\"@id\":\"https:\\\/\\\/www.reseau-entreprendre.org\\\/val-d-oise\\\/nos-valeurs\\\/#breadcrumb\"},\"inLanguage\":\"fr-FR\",\"potentialAction\":[{\"@type\":\"ReadAction\",\"target\":[\"https:\\\/\\\/www.reseau-entreprendre.org\\\/val-d-oise\\\/nos-valeurs\\\/\"]}]},{\"@type\":\"ImageObject\",\"inLanguage\":\"fr-FR\",\"@id\":\"https:\\\/\\\/www.reseau-entreprendre.org\\\/val-d-oise\\\/nos-valeurs\\\/#primaryimage\",\"url\":\"https:\\\/\\\/www.reseau-entreprendre.org\\\/paris\\\/wp-content\\\/uploads\\\/sites\\\/19\\\/2021\\\/12\\\/1-1.png\",\"contentUrl\":\"https:\\\/\\\/www.reseau-entreprendre.org\\\/paris\\\/wp-content\\\/uploads\\\/sites\\\/19\\\/2021\\\/12\\\/1-1.png\"},{\"@type\":\"BreadcrumbList\",\"@id\":\"https:\\\/\\\/www.reseau-entreprendre.org\\\/val-d-oise\\\/nos-valeurs\\\/#breadcrumb\",\"itemListElement\":[{\"@type\":\"ListItem\",\"position\":1,\"name\":\"Accueil\",\"item\":\"https:\\\/\\\/www.reseau-entreprendre.org\\\/val-d-oise\\\/\"},{\"@type\":\"ListItem\",\"position\":2,\"name\":\"Nos valeurs\"}]},{\"@type\":\"WebSite\",\"@id\":\"https:\\\/\\\/www.reseau-entreprendre.org\\\/val-d-oise\\\/#website\",\"url\":\"https:\\\/\\\/www.reseau-entreprendre.org\\\/val-d-oise\\\/\",\"name\":\"R\u00e9seau Entreprendre Val d&#039;Oise\",\"description\":\"\",\"potentialAction\":[{\"@type\":\"SearchAction\",\"target\":{\"@type\":\"EntryPoint\",\"urlTemplate\":\"https:\\\/\\\/www.reseau-entreprendre.org\\\/val-d-oise\\\/?s={search_term_string}\"},\"query-input\":{\"@type\":\"PropertyValueSpecification\",\"valueRequired\":true,\"valueName\":\"search_term_string\"}}],\"inLanguage\":\"fr-FR\"}]}<\/script>\n<!-- \/ Yoast SEO plugin. -->","yoast_head_json":{"title":"Nos valeurs - R\u00e9seau Entreprendre Val d&#039;Oise","robots":{"index":"index","follow":"follow","max-snippet":"max-snippet:-1","max-image-preview":"max-image-preview:large","max-video-preview":"max-video-preview:-1"},"canonical":"https:\/\/www.reseau-entreprendre.org\/val-d-oise\/nos-valeurs\/","og_locale":"fr_FR","og_type":"article","og_title":"Nos valeurs - R\u00e9seau Entreprendre Val d&#039;Oise","og_description":"L\u2019important, c\u2019est la personne Avant la qualit\u00e9 du projet qu\u2019elle","og_url":"https:\/\/www.reseau-entreprendre.org\/val-d-oise\/nos-valeurs\/","og_site_name":"R\u00e9seau Entreprendre Val d&#039;Oise","article_modified_time":"2025-02-26T17:00:54+00:00","twitter_card":"summary_large_image","twitter_misc":{"Dur\u00e9e de lecture estim\u00e9e":"2 minutes"},"schema":{"@context":"https:\/\/schema.org","@graph":[{"@type":"WebPage","@id":"https:\/\/www.reseau-entreprendre.org\/val-d-oise\/nos-valeurs\/","url":"https:\/\/www.reseau-entreprendre.org\/val-d-oise\/nos-valeurs\/","name":"Nos valeurs - R\u00e9seau Entreprendre Val d&#039;Oise","isPartOf":{"@id":"https:\/\/www.reseau-entreprendre.org\/val-d-oise\/#website"},"primaryImageOfPage":{"@id":"https:\/\/www.reseau-entreprendre.org\/val-d-oise\/nos-valeurs\/#primaryimage"},"image":{"@id":"https:\/\/www.reseau-entreprendre.org\/val-d-oise\/nos-valeurs\/#primaryimage"},"thumbnailUrl":"https:\/\/www.reseau-entreprendre.org\/paris\/wp-content\/uploads\/sites\/19\/2021\/12\/1-1.png","datePublished":"2024-05-06T13:09:46+00:00","dateModified":"2025-02-26T17:00:54+00:00","breadcrumb":{"@id":"https:\/\/www.reseau-entreprendre.org\/val-d-oise\/nos-valeurs\/#breadcrumb"},"inLanguage":"fr-FR","potentialAction":[{"@type":"ReadAction","target":["https:\/\/www.reseau-entreprendre.org\/val-d-oise\/nos-valeurs\/"]}]},{"@type":"ImageObject","inLanguage":"fr-FR","@id":"https:\/\/www.reseau-entreprendre.org\/val-d-oise\/nos-valeurs\/#primaryimage","url":"https:\/\/www.reseau-entreprendre.org\/paris\/wp-content\/uploads\/sites\/19\/2021\/12\/1-1.png","contentUrl":"https:\/\/www.reseau-entreprendre.org\/paris\/wp-content\/uploads\/sites\/19\/2021\/12\/1-1.png"},{"@type":"BreadcrumbList","@id":"https:\/\/www.reseau-entreprendre.org\/val-d-oise\/nos-valeurs\/#breadcrumb","itemListElement":[{"@type":"ListItem","position":1,"name":"Accueil","item":"https:\/\/www.reseau-entreprendre.org\/val-d-oise\/"},{"@type":"ListItem","position":2,"name":"Nos valeurs"}]},{"@type":"WebSite","@id":"https:\/\/www.reseau-entreprendre.org\/val-d-oise\/#website","url":"https:\/\/www.reseau-entreprendre.org\/val-d-oise\/","name":"R\u00e9seau Entreprendre Val d&#039;Oise","description":"","potentialAction":[{"@type":"SearchAction","target":{"@type":"EntryPoint","urlTemplate":"https:\/\/www.reseau-entreprendre.org\/val-d-oise\/?s={search_term_string}"},"query-input":{"@type":"PropertyValueSpecification","valueRequired":true,"valueName":"search_term_string"}}],"inLanguage":"fr-FR"}]}},"_links":{"self":[{"href":"https:\/\/www.reseau-entreprendre.org\/val-d-oise\/wp-json\/wp\/v2\/pages\/2906","targetHints":{"allow":["GET"]}}],"collection":[{"href":"https:\/\/www.reseau-entreprendre.org\/val-d-oise\/wp-json\/wp\/v2\/pages"}],"about":[{"href":"https:\/\/www.reseau-entreprendre.org\/val-d-oise\/wp-json\/wp\/v2\/types\/page"}],"author":[{"embeddable":true,"href":"https:\/\/www.reseau-entreprendre.org\/val-d-oise\/wp-json\/wp\/v2\/users\/28"}],"replies":[{"embeddable":true,"href":"https:\/\/www.reseau-entreprendre.org\/val-d-oise\/wp-json\/wp\/v2\/comments?post=2906"}],"version-history":[{"count":0,"href":"https:\/\/www.reseau-entreprendre.org\/val-d-oise\/wp-json\/wp\/v2\/pages\/2906\/revisions"}],"wp:attachment":[{"href":"https:\/\/www.reseau-entreprendre.org\/val-d-oise\/wp-json\/wp\/v2\/media?parent=2906"}],"curies":[{"name":"wp","href":"https:\/\/api.w.org\/{rel}","templated":true}]}}