{"id":4289,"date":"2025-06-02T16:04:51","date_gmt":"2025-06-02T14:04:51","guid":{"rendered":"https:\/\/www.reseau-entreprendre.org\/val-d-oise\/?page_id=4289"},"modified":"2025-06-02T16:07:47","modified_gmt":"2025-06-02T14:07:47","slug":"parcours-booster","status":"publish","type":"page","link":"https:\/\/www.reseau-entreprendre.org\/val-d-oise\/parcours-booster\/","title":{"rendered":"Parcours BOOSTER"},"content":{"rendered":"\n<div class=\"wp-block-columns is-layout-flex wp-container-core-columns-is-layout-9d6595d7 wp-block-columns-is-layout-flex\">\n<div class=\"wp-block-column is-layout-flow wp-block-column-is-layout-flow\"><div class=\"wp-block-image\">\n<figure class=\"aligncenter size-large\"><img loading=\"lazy\" decoding=\"async\" width=\"1295\" height=\"526\" src=\"https:\/\/www.reseau-entreprendre.org\/val-d-oise\/wp-content\/uploads\/sites\/27\/2025\/06\/Capture-decran-2025-06-02-154913-edited.png\" alt=\"\" class=\"wp-image-4305\" srcset=\"https:\/\/www.reseau-entreprendre.org\/val-d-oise\/wp-content\/uploads\/sites\/27\/2025\/06\/Capture-decran-2025-06-02-154913-edited.png 1295w, https:\/\/www.reseau-entreprendre.org\/val-d-oise\/wp-content\/uploads\/sites\/27\/2025\/06\/Capture-decran-2025-06-02-154913-edited-300x122.png 300w, https:\/\/www.reseau-entreprendre.org\/val-d-oise\/wp-content\/uploads\/sites\/27\/2025\/06\/Capture-decran-2025-06-02-154913-edited-1024x416.png 1024w, https:\/\/www.reseau-entreprendre.org\/val-d-oise\/wp-content\/uploads\/sites\/27\/2025\/06\/Capture-decran-2025-06-02-154913-edited-768x312.png 768w, https:\/\/www.reseau-entreprendre.org\/val-d-oise\/wp-content\/uploads\/sites\/27\/2025\/06\/Capture-decran-2025-06-02-154913-edited-210x85.png 210w, https:\/\/www.reseau-entreprendre.org\/val-d-oise\/wp-content\/uploads\/sites\/27\/2025\/06\/Capture-decran-2025-06-02-154913-edited-100x41.png 100w\" sizes=\"auto, (max-width: 1295px) 100vw, 1295px\" \/><\/figure>\n<\/div><\/div>\n<\/div>\n\n\n\n<p class=\"has-text-align-center has-re-yellow-color has-text-color has-background has-link-color wp-elements-68f99c19645bd8edc5cf7d2bda6252e9\" style=\"background-color:#fdf4e7;font-size:26px\"><strong>Le Programme\u00a0Booster\u00a0est un programme d\u2019aide destin\u00e9 aux entreprises en phase d\u00e9veloppement.<\/strong><\/p>\n\n\n\n<div style=\"height:14px\" aria-hidden=\"true\" class=\"wp-block-spacer\"><\/div>\n\n\n\n<div class=\"wp-block-columns is-layout-flex wp-container-core-columns-is-layout-9d6595d7 wp-block-columns-is-layout-flex\">\n<div class=\"wp-block-column has-background is-layout-flow wp-block-column-is-layout-flow\" style=\"background-color:#edfaff;font-size:17px\">\n<p><\/p>\n\n\n\n<p class=\"has-text-align-center\"><strong>Nos crit\u00e8res d&#8217;\u00e9ligibilit\u00e9 : <br><\/strong><br>&#8211; Immatriculation <strong>entre 3 et 7 ans<\/strong><\/p>\n\n\n\n<p class=\"has-text-align-center\">&#8211; Equipe de<strong>\u00a05 salari\u00e9s minimum<\/strong><\/p>\n\n\n\n<p class=\"has-text-align-center\">&#8211; Pr\u00e9vision de\u00a0<strong>doubler ses effectifs dans les 2 ans<\/strong><\/p>\n\n\n\n<p class=\"has-text-align-center\">&#8211; <strong>Chiffre d\u2019affaires d\u2019au moins 500K\u20ac<\/strong><\/p>\n\n\n\n<p class=\"has-text-align-center\">&#8211; Pr\u00e9vision\u00a0d\u2019accroitre son chiffre d\u2019affaires <strong>d\u2019au moins 25%<\/strong><\/p>\n<\/div>\n\n\n\n<div class=\"wp-block-column has-background is-layout-flow wp-block-column-is-layout-flow\" style=\"background-color:#fff1e0;font-size:17px\">\n<p><\/p>\n\n\n\n<p class=\"has-text-align-center\"><strong>Notre offre d&#8217;accompagnement :<br><\/strong><br><strong>  <\/strong><strong> Accompagnement de<\/strong>&nbsp;<strong>18 mois<\/strong>&nbsp;individuel et collectif<br>&#8211;<strong> Individuel<\/strong>&nbsp;avec <strong>2<\/strong> chefs d\u2019entreprise exp\u00e9riment\u00e9s<br>&#8211; <strong>Collectif&nbsp;<\/strong>au travers de nos Clubs Laur\u00e9ats<\/p>\n\n\n\n<p class=\"has-text-align-center\">  <strong>Mise en r\u00e9seau<\/strong>&nbsp;locale, nationale et internationale<\/p>\n<\/div>\n<\/div>\n\n\n\n<div style=\"height:13px\" aria-hidden=\"true\" class=\"wp-block-spacer\"><\/div>\n\n\n\n<p class=\"has-text-align-center\" style=\"font-size:20px\"><strong>Nous les avons accompagn\u00e9s<\/strong><\/p>\n\n\n\n<div class=\"wp-block-columns is-layout-flex wp-container-core-columns-is-layout-9d6595d7 wp-block-columns-is-layout-flex\">\n<div class=\"wp-block-column is-layout-flow wp-block-column-is-layout-flow\"><div class=\"wp-block-image\">\n<figure class=\"aligncenter size-full is-resized\"><img loading=\"lazy\" decoding=\"async\" width=\"167\" height=\"94\" src=\"https:\/\/www.reseau-entreprendre.org\/val-d-oise\/wp-content\/uploads\/sites\/27\/2025\/06\/midi_pile_logistique_logo-edited.jpg\" alt=\"\" class=\"wp-image-4299\" style=\"width:295px;height:auto\" srcset=\"https:\/\/www.reseau-entreprendre.org\/val-d-oise\/wp-content\/uploads\/sites\/27\/2025\/06\/midi_pile_logistique_logo-edited.jpg 167w, https:\/\/www.reseau-entreprendre.org\/val-d-oise\/wp-content\/uploads\/sites\/27\/2025\/06\/midi_pile_logistique_logo-edited-100x56.jpg 100w\" sizes=\"auto, (max-width: 167px) 100vw, 167px\" \/><\/figure>\n<\/div><\/div>\n\n\n\n<div class=\"wp-block-column is-layout-flow wp-block-column-is-layout-flow\">\n<figure class=\"wp-block-image size-full\"><img loading=\"lazy\" decoding=\"async\" width=\"900\" height=\"506\" src=\"https:\/\/www.reseau-entreprendre.org\/val-d-oise\/wp-content\/uploads\/sites\/27\/2025\/06\/unnamed-edited.jpg\" alt=\"\" class=\"wp-image-4300\" srcset=\"https:\/\/www.reseau-entreprendre.org\/val-d-oise\/wp-content\/uploads\/sites\/27\/2025\/06\/unnamed-edited.jpg 900w, https:\/\/www.reseau-entreprendre.org\/val-d-oise\/wp-content\/uploads\/sites\/27\/2025\/06\/unnamed-edited-300x169.jpg 300w, https:\/\/www.reseau-entreprendre.org\/val-d-oise\/wp-content\/uploads\/sites\/27\/2025\/06\/unnamed-edited-768x432.jpg 768w, https:\/\/www.reseau-entreprendre.org\/val-d-oise\/wp-content\/uploads\/sites\/27\/2025\/06\/unnamed-edited-210x118.jpg 210w, https:\/\/www.reseau-entreprendre.org\/val-d-oise\/wp-content\/uploads\/sites\/27\/2025\/06\/unnamed-edited-100x56.jpg 100w\" sizes=\"auto, (max-width: 900px) 100vw, 900px\" \/><\/figure>\n<\/div>\n\n\n\n<div class=\"wp-block-column is-layout-flow wp-block-column-is-layout-flow\"><div class=\"wp-block-image\">\n<figure class=\"aligncenter size-full is-resized\"><img loading=\"lazy\" decoding=\"async\" width=\"225\" height=\"127\" src=\"https:\/\/www.reseau-entreprendre.org\/val-d-oise\/wp-content\/uploads\/sites\/27\/2025\/06\/images-edited.jpg\" alt=\"\" class=\"wp-image-4302\" style=\"width:291px;height:auto\" srcset=\"https:\/\/www.reseau-entreprendre.org\/val-d-oise\/wp-content\/uploads\/sites\/27\/2025\/06\/images-edited.jpg 225w, https:\/\/www.reseau-entreprendre.org\/val-d-oise\/wp-content\/uploads\/sites\/27\/2025\/06\/images-edited-210x119.jpg 210w, https:\/\/www.reseau-entreprendre.org\/val-d-oise\/wp-content\/uploads\/sites\/27\/2025\/06\/images-edited-100x56.jpg 100w\" sizes=\"auto, (max-width: 225px) 100vw, 225px\" \/><\/figure>\n<\/div><\/div>\n<\/div>\n\n\n\n<div class=\"wp-block-buttons is-content-justification-center is-layout-flex wp-container-core-buttons-is-layout-16018d1d wp-block-buttons-is-layout-flex\">\n<div class=\"wp-block-button has-custom-width wp-block-button__width-25 is-style-outline is-style-outline--1\"><a class=\"wp-block-button__link has-background has-custom-font-size wp-element-button\" href=\"https:\/\/www.reseau-entreprendre.org\/val-d-oise\/deposer-une-demande\/\" style=\"background-color:#faead5;font-size:23px\"><strong>Je candidate<\/strong><\/a><\/div>\n<\/div>\n","protected":false},"excerpt":{"rendered":"<p>Le Programme\u00a0Booster\u00a0est un programme d\u2019aide destin\u00e9 aux entreprises en phase<\/p>\n","protected":false},"author":28,"featured_media":0,"parent":0,"menu_order":0,"comment_status":"closed","ping_status":"closed","template":"","meta":{"_acf_changed":false,"_monsterinsights_skip_tracking":false,"_monsterinsights_sitenote_active":false,"_monsterinsights_sitenote_note":"","_monsterinsights_sitenote_category":0,"footnotes":""},"class_list":["post-4289","page","type-page","status-publish","hentry"],"acf":[],"yoast_head":"<!-- This site is optimized with the Yoast SEO plugin v27.4 - https:\/\/yoast.com\/product\/yoast-seo-wordpress\/ -->\n<title>Parcours BOOSTER - R\u00e9seau Entreprendre Val d&#039;Oise<\/title>\n<meta name=\"robots\" content=\"index, follow, max-snippet:-1, max-image-preview:large, max-video-preview:-1\" \/>\n<link rel=\"canonical\" href=\"https:\/\/www.reseau-entreprendre.org\/val-d-oise\/parcours-booster\/\" \/>\n<meta property=\"og:locale\" content=\"fr_FR\" \/>\n<meta property=\"og:type\" content=\"article\" \/>\n<meta property=\"og:title\" content=\"Parcours BOOSTER - R\u00e9seau Entreprendre Val d&#039;Oise\" \/>\n<meta property=\"og:description\" content=\"Le Programme\u00a0Booster\u00a0est un programme d\u2019aide destin\u00e9 aux entreprises en phase\" \/>\n<meta property=\"og:url\" content=\"https:\/\/www.reseau-entreprendre.org\/val-d-oise\/parcours-booster\/\" \/>\n<meta property=\"og:site_name\" content=\"R\u00e9seau Entreprendre Val d&#039;Oise\" \/>\n<meta property=\"article:modified_time\" content=\"2025-06-02T14:07:47+00:00\" \/>\n<meta property=\"og:image\" content=\"https:\/\/www.reseau-entreprendre.org\/val-d-oise\/wp-content\/uploads\/sites\/27\/2025\/06\/Capture-decran-2025-06-02-154913-edited.png\" \/>\n\t<meta property=\"og:image:width\" content=\"1295\" \/>\n\t<meta property=\"og:image:height\" content=\"526\" \/>\n\t<meta property=\"og:image:type\" content=\"image\/png\" \/>\n<meta name=\"twitter:card\" content=\"summary_large_image\" \/>\n<meta name=\"twitter:label1\" content=\"Dur\u00e9e de lecture estim\u00e9e\" \/>\n\t<meta name=\"twitter:data1\" content=\"2 minutes\" \/>\n<script type=\"application\/ld+json\" class=\"yoast-schema-graph\">{\"@context\":\"https:\\\/\\\/schema.org\",\"@graph\":[{\"@type\":\"WebPage\",\"@id\":\"https:\\\/\\\/www.reseau-entreprendre.org\\\/val-d-oise\\\/parcours-booster\\\/\",\"url\":\"https:\\\/\\\/www.reseau-entreprendre.org\\\/val-d-oise\\\/parcours-booster\\\/\",\"name\":\"Parcours BOOSTER - R\u00e9seau Entreprendre Val d&#039;Oise\",\"isPartOf\":{\"@id\":\"https:\\\/\\\/www.reseau-entreprendre.org\\\/val-d-oise\\\/#website\"},\"primaryImageOfPage\":{\"@id\":\"https:\\\/\\\/www.reseau-entreprendre.org\\\/val-d-oise\\\/parcours-booster\\\/#primaryimage\"},\"image\":{\"@id\":\"https:\\\/\\\/www.reseau-entreprendre.org\\\/val-d-oise\\\/parcours-booster\\\/#primaryimage\"},\"thumbnailUrl\":\"https:\\\/\\\/www.reseau-entreprendre.org\\\/val-d-oise\\\/wp-content\\\/uploads\\\/sites\\\/27\\\/2025\\\/06\\\/Capture-decran-2025-06-02-154913-edited.png\",\"datePublished\":\"2025-06-02T14:04:51+00:00\",\"dateModified\":\"2025-06-02T14:07:47+00:00\",\"breadcrumb\":{\"@id\":\"https:\\\/\\\/www.reseau-entreprendre.org\\\/val-d-oise\\\/parcours-booster\\\/#breadcrumb\"},\"inLanguage\":\"fr-FR\",\"potentialAction\":[{\"@type\":\"ReadAction\",\"target\":[\"https:\\\/\\\/www.reseau-entreprendre.org\\\/val-d-oise\\\/parcours-booster\\\/\"]}]},{\"@type\":\"ImageObject\",\"inLanguage\":\"fr-FR\",\"@id\":\"https:\\\/\\\/www.reseau-entreprendre.org\\\/val-d-oise\\\/parcours-booster\\\/#primaryimage\",\"url\":\"https:\\\/\\\/www.reseau-entreprendre.org\\\/val-d-oise\\\/wp-content\\\/uploads\\\/sites\\\/27\\\/2025\\\/06\\\/Capture-decran-2025-06-02-154913-edited.png\",\"contentUrl\":\"https:\\\/\\\/www.reseau-entreprendre.org\\\/val-d-oise\\\/wp-content\\\/uploads\\\/sites\\\/27\\\/2025\\\/06\\\/Capture-decran-2025-06-02-154913-edited.png\",\"width\":1295,\"height\":526},{\"@type\":\"BreadcrumbList\",\"@id\":\"https:\\\/\\\/www.reseau-entreprendre.org\\\/val-d-oise\\\/parcours-booster\\\/#breadcrumb\",\"itemListElement\":[{\"@type\":\"ListItem\",\"position\":1,\"name\":\"Accueil\",\"item\":\"https:\\\/\\\/www.reseau-entreprendre.org\\\/val-d-oise\\\/\"},{\"@type\":\"ListItem\",\"position\":2,\"name\":\"Parcours BOOSTER\"}]},{\"@type\":\"WebSite\",\"@id\":\"https:\\\/\\\/www.reseau-entreprendre.org\\\/val-d-oise\\\/#website\",\"url\":\"https:\\\/\\\/www.reseau-entreprendre.org\\\/val-d-oise\\\/\",\"name\":\"R\u00e9seau Entreprendre Val d&#039;Oise\",\"description\":\"\",\"potentialAction\":[{\"@type\":\"SearchAction\",\"target\":{\"@type\":\"EntryPoint\",\"urlTemplate\":\"https:\\\/\\\/www.reseau-entreprendre.org\\\/val-d-oise\\\/?s={search_term_string}\"},\"query-input\":{\"@type\":\"PropertyValueSpecification\",\"valueRequired\":true,\"valueName\":\"search_term_string\"}}],\"inLanguage\":\"fr-FR\"}]}<\/script>\n<!-- \/ Yoast SEO plugin. -->","yoast_head_json":{"title":"Parcours BOOSTER - R\u00e9seau Entreprendre Val d&#039;Oise","robots":{"index":"index","follow":"follow","max-snippet":"max-snippet:-1","max-image-preview":"max-image-preview:large","max-video-preview":"max-video-preview:-1"},"canonical":"https:\/\/www.reseau-entreprendre.org\/val-d-oise\/parcours-booster\/","og_locale":"fr_FR","og_type":"article","og_title":"Parcours BOOSTER - R\u00e9seau Entreprendre Val d&#039;Oise","og_description":"Le Programme\u00a0Booster\u00a0est un programme d\u2019aide destin\u00e9 aux entreprises en phase","og_url":"https:\/\/www.reseau-entreprendre.org\/val-d-oise\/parcours-booster\/","og_site_name":"R\u00e9seau Entreprendre Val d&#039;Oise","article_modified_time":"2025-06-02T14:07:47+00:00","og_image":[{"width":1295,"height":526,"url":"https:\/\/www.reseau-entreprendre.org\/val-d-oise\/wp-content\/uploads\/sites\/27\/2025\/06\/Capture-decran-2025-06-02-154913-edited.png","type":"image\/png"}],"twitter_card":"summary_large_image","twitter_misc":{"Dur\u00e9e de lecture estim\u00e9e":"2 minutes"},"schema":{"@context":"https:\/\/schema.org","@graph":[{"@type":"WebPage","@id":"https:\/\/www.reseau-entreprendre.org\/val-d-oise\/parcours-booster\/","url":"https:\/\/www.reseau-entreprendre.org\/val-d-oise\/parcours-booster\/","name":"Parcours BOOSTER - R\u00e9seau Entreprendre Val d&#039;Oise","isPartOf":{"@id":"https:\/\/www.reseau-entreprendre.org\/val-d-oise\/#website"},"primaryImageOfPage":{"@id":"https:\/\/www.reseau-entreprendre.org\/val-d-oise\/parcours-booster\/#primaryimage"},"image":{"@id":"https:\/\/www.reseau-entreprendre.org\/val-d-oise\/parcours-booster\/#primaryimage"},"thumbnailUrl":"https:\/\/www.reseau-entreprendre.org\/val-d-oise\/wp-content\/uploads\/sites\/27\/2025\/06\/Capture-decran-2025-06-02-154913-edited.png","datePublished":"2025-06-02T14:04:51+00:00","dateModified":"2025-06-02T14:07:47+00:00","breadcrumb":{"@id":"https:\/\/www.reseau-entreprendre.org\/val-d-oise\/parcours-booster\/#breadcrumb"},"inLanguage":"fr-FR","potentialAction":[{"@type":"ReadAction","target":["https:\/\/www.reseau-entreprendre.org\/val-d-oise\/parcours-booster\/"]}]},{"@type":"ImageObject","inLanguage":"fr-FR","@id":"https:\/\/www.reseau-entreprendre.org\/val-d-oise\/parcours-booster\/#primaryimage","url":"https:\/\/www.reseau-entreprendre.org\/val-d-oise\/wp-content\/uploads\/sites\/27\/2025\/06\/Capture-decran-2025-06-02-154913-edited.png","contentUrl":"https:\/\/www.reseau-entreprendre.org\/val-d-oise\/wp-content\/uploads\/sites\/27\/2025\/06\/Capture-decran-2025-06-02-154913-edited.png","width":1295,"height":526},{"@type":"BreadcrumbList","@id":"https:\/\/www.reseau-entreprendre.org\/val-d-oise\/parcours-booster\/#breadcrumb","itemListElement":[{"@type":"ListItem","position":1,"name":"Accueil","item":"https:\/\/www.reseau-entreprendre.org\/val-d-oise\/"},{"@type":"ListItem","position":2,"name":"Parcours BOOSTER"}]},{"@type":"WebSite","@id":"https:\/\/www.reseau-entreprendre.org\/val-d-oise\/#website","url":"https:\/\/www.reseau-entreprendre.org\/val-d-oise\/","name":"R\u00e9seau Entreprendre Val d&#039;Oise","description":"","potentialAction":[{"@type":"SearchAction","target":{"@type":"EntryPoint","urlTemplate":"https:\/\/www.reseau-entreprendre.org\/val-d-oise\/?s={search_term_string}"},"query-input":{"@type":"PropertyValueSpecification","valueRequired":true,"valueName":"search_term_string"}}],"inLanguage":"fr-FR"}]}},"_links":{"self":[{"href":"https:\/\/www.reseau-entreprendre.org\/val-d-oise\/wp-json\/wp\/v2\/pages\/4289","targetHints":{"allow":["GET"]}}],"collection":[{"href":"https:\/\/www.reseau-entreprendre.org\/val-d-oise\/wp-json\/wp\/v2\/pages"}],"about":[{"href":"https:\/\/www.reseau-entreprendre.org\/val-d-oise\/wp-json\/wp\/v2\/types\/page"}],"author":[{"embeddable":true,"href":"https:\/\/www.reseau-entreprendre.org\/val-d-oise\/wp-json\/wp\/v2\/users\/28"}],"replies":[{"embeddable":true,"href":"https:\/\/www.reseau-entreprendre.org\/val-d-oise\/wp-json\/wp\/v2\/comments?post=4289"}],"version-history":[{"count":0,"href":"https:\/\/www.reseau-entreprendre.org\/val-d-oise\/wp-json\/wp\/v2\/pages\/4289\/revisions"}],"wp:attachment":[{"href":"https:\/\/www.reseau-entreprendre.org\/val-d-oise\/wp-json\/wp\/v2\/media?parent=4289"}],"curies":[{"name":"wp","href":"https:\/\/api.w.org\/{rel}","templated":true}]}}