{"id":45,"date":"2025-02-26T16:52:52","date_gmt":"2025-02-26T15:52:52","guid":{"rendered":"https:\/\/www.reseau-entreprendre.org\/val-d-oise\/?page_id=45"},"modified":"2026-04-27T12:03:23","modified_gmt":"2026-04-27T10:03:23","slug":"accueil-2","status":"publish","type":"page","link":"https:\/\/www.reseau-entreprendre.org\/val-d-oise\/","title":{"rendered":"Accueil"},"content":{"rendered":"\n<div class=\"wp-block-buttons is-layout-flex wp-block-buttons-is-layout-flex\"><\/div>\n\n\n\n<figure class=\"wp-block-embed aligncenter is-type-video is-provider-youtube wp-block-embed-youtube wp-embed-aspect-16-9 wp-has-aspect-ratio\"><div class=\"wp-block-embed__wrapper\">\n<iframe loading=\"lazy\" title=\"15eme anniversaire et F\u00eate des Entrepreneurs de R\u00e9seau Entreprendre Val d&#039;Oise\" width=\"500\" height=\"281\" src=\"https:\/\/www.youtube.com\/embed\/CJ_8-UAhFeU?start=19&#038;feature=oembed\" frameborder=\"0\" allow=\"accelerometer; autoplay; clipboard-write; encrypted-media; gyroscope; picture-in-picture; web-share\" referrerpolicy=\"strict-origin-when-cross-origin\" allowfullscreen><\/iframe>\n<\/div><\/figure>\n\n\n\n<div style=\"height:16px\" aria-hidden=\"true\" class=\"wp-block-spacer\"><\/div>\n\n\n\n<div class=\"wp-block-group alignwide\"><div class=\"wp-block-group__inner-container is-layout-flow wp-block-group-is-layout-flow\">\n<h2 class=\"wp-block-heading alignwide has-text-align-center\">R\u00e9seau Entreprendre Val d&#8217;Oise c\u2019est\u2026<\/h2>\n\n\n\n<div style=\"height:41px\" aria-hidden=\"true\" class=\"wp-block-spacer\"><\/div>\n\n\n\n<div class=\"wp-block-columns bordures chiffres-cles is-layout-flex wp-container-core-columns-is-layout-9d6595d7 wp-block-columns-is-layout-flex\">\n<div class=\"wp-block-column is-layout-flow wp-block-column-is-layout-flow\"><div>\n        <span class=\"d-block w-100 text-center\" style=\"color:#1595bf\">\n            <svg class=\"icon\" width=\"59\" height=\"61\" xmlns=\"http:\/\/www.w3.org\/2000\/svg\"><path d=\"M57.412 35.38l-.474 13.123-3.33-3.373L38.924 60 33.1 54.101l14.683-14.87-3.33-3.37 12.959-.482zm-42.043 4.998l.09.09L1.587 54.514l-.088-.09 13.87-14.047zm1.261 6.385l.09.09-5.045 5.108-.088-.09 5.043-5.108zM58 1l-.003.07-.896 26.331-.102-.104-6.198-6.276-30.425 30.812-.087-.088 30.512-30.902 6.183 6.262.885-25.974-25.646.896 6.183 6.264L7.89 39.19l-.087-.09 30.424-30.81-6.299-6.38.145-.005L58 1zM5.281 42.932l.089.09-2.521 2.554-.089-.09 2.521-2.554zm20.031-40.06l-.475 13.123-3.329-3.371L6.825 27.493 1 21.594l14.683-14.87-3.33-3.37 12.96-.482z\" stroke=\"currentColor\" stroke-width=\"1.14\" fill=\"none\" fill-rule=\"evenodd\" stroke-linecap=\"round\" stroke-linejoin=\"round\"\/><\/svg>        <\/span>\n    <\/div>\n\n\n\n<div style=\"height:20px\" aria-hidden=\"true\" class=\"wp-block-spacer\"><\/div>\n\n\n\n<h2 class=\"wp-block-heading has-text-align-center has-re-blue-color has-text-color\"><strong>295<\/strong><\/h2>\n\n\n\n<h3 class=\"wp-block-heading has-text-align-center has-re-blue-color has-text-color\"><strong>Laur\u00e9ats<\/strong><\/h3>\n\n\n\n<p class=\"has-text-align-center\">accompagn\u00e9s ou en cours d&#8217;accompagnement<\/p>\n<\/div>\n\n\n\n<div class=\"wp-block-column is-layout-flow wp-block-column-is-layout-flow\"><div>\n        <span class=\"d-block w-100 text-center\" style=\"color:#ffbb61\">\n            <svg class=\"icon\" width=\"78\" height=\"72\" viewBox=\"0 0 78 72\" fill=\"none\" xmlns=\"http:\/\/www.w3.org\/2000\/svg\">\n<g id=\"\">\n<path id=\"Stroke 1\" d=\"M25.0768 13.0384V5.5144C25.0768 3.02095 27.0978 1 29.5912 1H47.6488C50.1423 1 52.1632 3.02095 52.1632 5.5144V13.0384\" stroke=\"currentColor\" stroke-width=\"1.76\" stroke-linejoin=\"round\"\/>\n<path id=\"Stroke 3\" d=\"M4.00961 40.8213V64.2014C4.00961 67.5255 6.70471 70.2206 10.0288 70.2206H67.2112C70.5353 70.2206 73.2304 67.5255 73.2304 64.2014V40.8213\" stroke=\"currentColor\" stroke-width=\"1.76\" stroke-linejoin=\"round\"\/>\n<path id=\"Stroke 5\" d=\"M46.144 43.1346H67.2112C72.1966 43.1346 76.24 39.0912 76.24 34.1058V16.0482C76.24 14.3869 74.8917 13.0386 73.2304 13.0386H4.0096C2.3483 13.0386 1 14.3869 1 16.0482V24.9596V34.1058C1 39.0912 5.0434 43.1346 10.0288 43.1346H31.096\" stroke=\"currentColor\" stroke-width=\"1.76\" stroke-linejoin=\"round\"\/>\n<path id=\"Stroke 7\" fill-rule=\"evenodd\" clip-rule=\"evenodd\" d=\"M38.62 52.1632V52.1632C34.4653 52.1632 31.096 48.7955 31.096 44.6392V40.1248C31.096 38.4635 32.4443 37.1152 34.1056 37.1152H43.1344C44.7957 37.1152 46.144 38.4635 46.144 40.1248V44.6392C46.144 48.7955 42.7748 52.1632 38.62 52.1632Z\" stroke=\"currentColor\" stroke-width=\"1.76\" stroke-linejoin=\"round\"\/>\n<path id=\"Stroke 9\" d=\"M38.62 43.1343V46.1439\" stroke=\"currentColor\" stroke-width=\"1.76\" stroke-linecap=\"round\" stroke-linejoin=\"round\"\/>\n<\/g>\n<\/svg>        <\/span>\n    <\/div>\n\n\n\n<div style=\"height:20px\" aria-hidden=\"true\" class=\"wp-block-spacer\"><\/div>\n\n\n\n<h2 class=\"wp-block-heading has-text-align-center has-re-yellow-color has-text-color\"><strong>+1493<\/strong><\/h2>\n\n\n\n<h3 class=\"wp-block-heading has-text-align-center has-re-yellow-color has-text-color\"><strong><strong>Emplois<\/strong><\/strong><\/h3>\n\n\n\n<p class=\"has-text-align-center\">cr\u00e9\u00e9s ou sauvegard\u00e9s depuis 2011<\/p>\n<\/div>\n\n\n\n<div class=\"wp-block-column is-layout-flow wp-block-column-is-layout-flow\"><div>\n        <span class=\"d-block w-100 text-center\" style=\"color:#f34f63\">\n            <svg class=\"icon\" width=\"77\" height=\"77\" viewBox=\"0 0 77 77\" fill=\"none\" xmlns=\"http:\/\/www.w3.org\/2000\/svg\">\n<g id=\"\">\n<path id=\"Stroke 1\" d=\"M24.8795 50.2515C28.1764 50.2515 30.8494 47.5785 30.8494 44.2817V25.2228C30.8494 22.9662 29.3927 20.9618 27.254 20.241C26.2854 19.9141 23.3871 18.9097 23.3871 18.9097L15.9247 26.372L8.46235 18.9097C8.46235 18.9097 5.56397 19.9141 4.59536 20.241C2.45665 20.9618 1 22.9662 1 25.2228V44.2817C1 47.5785 3.67301 50.2515 6.96988 50.2515\" stroke=\"currentColor\" stroke-width=\"2\" stroke-linejoin=\"round\"\/>\n<path id=\"Stroke 3\" fill-rule=\"evenodd\" clip-rule=\"evenodd\" d=\"M23.3871 8.46235C23.3871 12.586 20.044 15.9247 15.9248 15.9247C11.8055 15.9247 8.4624 12.586 8.4624 8.46235C8.4624 4.33866 11.8055 1 15.9248 1C20.044 1 23.3871 4.33866 23.3871 8.46235Z\" stroke=\"currentColor\" stroke-width=\"2\" stroke-linejoin=\"round\"\/>\n<path id=\"Stroke 5\" d=\"M24.8794 30.8494V74.131C24.8794 74.9563 24.2107 75.6235 23.3869 75.6235H8.4622C7.63835 75.6235 6.96973 74.9563 6.96973 74.131V30.8494\" stroke=\"currentColor\" stroke-width=\"2\" stroke-linecap=\"round\" stroke-linejoin=\"round\"\/>\n<path id=\"Stroke 7\" d=\"M15.9245 48.759V75.6235\" stroke=\"currentColor\" stroke-width=\"2\" stroke-linecap=\"round\" stroke-linejoin=\"round\"\/>\n<path id=\"Stroke 9\" d=\"M24.8794 64.6283C30.0672 71.3086 38.1549 75.6233 47.2664 75.6233C62.9284 75.6233 75.6234 62.9268 75.6234 47.2664C75.6234 31.6059 62.9284 18.9094 47.2664 18.9094C41.0936 18.9094 35.3983 20.8974 30.7493 24.2495\" stroke=\"currentColor\" stroke-width=\"2\" stroke-linejoin=\"round\"\/>\n<path id=\"Stroke 11\" d=\"M57.7138 42.7891L51.7455 48.7589L45.7726 54.7288L39.8042 48.7589\" stroke=\"currentColor\" stroke-width=\"2\" stroke-linecap=\"round\" stroke-linejoin=\"round\"\/>\n<\/g>\n<\/svg>        <\/span>\n    <\/div>\n\n\n\n<div style=\"height:20px\" aria-hidden=\"true\" class=\"wp-block-spacer\"><\/div>\n\n\n\n<h2 class=\"wp-block-heading has-text-align-center has-re-red-color has-text-color\"><strong>65<\/strong><\/h2>\n\n\n\n<h3 class=\"wp-block-heading has-text-align-center has-re-red-color has-text-color\"><strong>Chefs d&#8217;entreprise<\/strong><\/h3>\n\n\n\n<p class=\"has-text-align-center\">accompagnateurs b\u00e9n\u00e9voles et Membres<\/p>\n<\/div>\n\n\n\n<div class=\"wp-block-column is-layout-flow wp-block-column-is-layout-flow\"><div>\n        <span class=\"d-block w-100 text-center\" style=\"color:#1595bf\">\n            <svg class=\"icon\" width=\"68\" height=\"68\" xmlns=\"http:\/\/www.w3.org\/2000\/svg\"><g stroke=\"currentColor\" stroke-width=\"1.235\" fill=\"none\" fill-rule=\"evenodd\" stroke-linejoin=\"round\"><path d=\"M33.928 66.856c18.185 0 32.928-14.743 32.928-32.928C66.856 15.743 52.113 1 33.928 1 15.743 1 1 15.743 1 33.928c0 9.092 3.687 17.324 9.644 23.283L1 66.856h32.928z\"\/><path d=\"M27.342 45.782h0a5.269 5.269 0 005.269 5.269h13.598c1.846 0 3.559-1.509 3.523-3.354a3.257 3.257 0 00-.674-1.916l.017.001c1.01.1 2.036-.315 2.599-1.159 1.091-1.644.785-3.272-.155-4.32a3.286 3.286 0 002.166-3.082 3.28 3.28 0 00-1.543-2.78 3.129 3.129 0 00.082-2.097c-.452-1.45-1.883-2.367-3.398-2.367H41.83a1.316 1.316 0 01-1.317-1.317v-7.903a3.951 3.951 0 00-3.952-3.952h-1.317v5.269a7.904 7.904 0 01-7.903 7.903\" stroke-linecap=\"round\"\/><path d=\"M19.44 51.05h5.268a2.635 2.635 0 002.634-2.634v-18.44h-13.17\" stroke-linecap=\"round\"\/><\/g><\/svg>        <\/span>\n    <\/div>\n\n\n\n<div style=\"height:20px\" aria-hidden=\"true\" class=\"wp-block-spacer\"><\/div>\n\n\n\n<h1 class=\"wp-block-heading has-text-align-center has-re-blue-color has-text-color\"><strong>5.72<\/strong><\/h1>\n\n\n\n<h3 class=\"wp-block-heading has-text-align-center has-re-blue-color has-text-color\"><strong>M\u20ac<\/strong> <strong>de pr\u00eats engag\u00e9s<\/strong><\/h3>\n\n\n\n<p class=\"has-text-align-center\">pour servir d&#8217;effet de levier aupr\u00e8s des banques<\/p>\n<\/div>\n<\/div>\n<\/div><\/div>\n\n\n\n<h2 class=\"wp-block-heading has-text-align-center has-re-red-color has-text-color has-link-color wp-elements-e55a9daacee197d4d267426ac438434b\"><strong>Soutenir l\u2019entrepreneuriat local,<\/strong><br><strong>sans ralentir votre activit\u00e9<\/strong><\/h2>\n\n\n\n<div style=\"height:29px\" aria-hidden=\"true\" class=\"wp-block-spacer\"><\/div>\n\n\n\n<div class=\"wp-block-group is-content-justification-center is-nowrap is-layout-flex wp-container-core-group-is-layout-94bc23d7 wp-block-group-is-layout-flex\"><div class=\"wp-block-image\">\n<figure class=\"aligncenter size-full is-resized\"><img loading=\"lazy\" decoding=\"async\" width=\"512\" height=\"512\" src=\"https:\/\/www.reseau-entreprendre.org\/val-d-oise\/wp-content\/uploads\/sites\/27\/2026\/04\/charite.png\" alt=\"\" class=\"wp-image-4644\" style=\"width:182px;height:auto\" srcset=\"https:\/\/www.reseau-entreprendre.org\/val-d-oise\/wp-content\/uploads\/sites\/27\/2026\/04\/charite.png 512w, https:\/\/www.reseau-entreprendre.org\/val-d-oise\/wp-content\/uploads\/sites\/27\/2026\/04\/charite-300x300.png 300w, https:\/\/www.reseau-entreprendre.org\/val-d-oise\/wp-content\/uploads\/sites\/27\/2026\/04\/charite-150x150.png 150w, https:\/\/www.reseau-entreprendre.org\/val-d-oise\/wp-content\/uploads\/sites\/27\/2026\/04\/charite-500x500.png 500w, https:\/\/www.reseau-entreprendre.org\/val-d-oise\/wp-content\/uploads\/sites\/27\/2026\/04\/charite-130x130.png 130w, https:\/\/www.reseau-entreprendre.org\/val-d-oise\/wp-content\/uploads\/sites\/27\/2026\/04\/charite-100x100.png 100w\" sizes=\"auto, (max-width: 512px) 100vw, 512px\" \/><\/figure>\n<\/div>\n\n\n<p>Vous manquez de temps, mais vous souhaitez agir <br><strong>concr\u00e8tement pour votre territoire ?<\/strong><br>Votre don permet d\u2019accompagner les entrepreneurs d\u2019aujourd\u2019hui <br>et de faire \u00e9merger les <strong>entreprises de demain<\/strong>, ici, dans le Val\u2011d\u2019Oise.<\/p>\n<\/div>\n\n\n\n<div style=\"height:30px\" aria-hidden=\"true\" class=\"wp-block-spacer\"><\/div>\n\n\n\n<div class=\"wp-block-buttons alignwide is-horizontal is-content-justification-center is-layout-flex wp-container-core-buttons-is-layout-937ffba9 wp-block-buttons-is-layout-flex\">\n<div class=\"wp-block-button is-style-outline is-style-outline--1\"><a class=\"wp-block-button__link has-re-yellow-color has-text-color has-link-color has-text-align-center wp-element-button\" href=\"https:\/\/www.helloasso.com\/associations\/reseau-entreprendre-val-d-oise\/formulaires\/3\">Je soutiens le d\u00e9veloppement entrepreneurial<\/a><\/div>\n<\/div>\n\n\n\n\n\n\n\n<div style=\"height:50px\" aria-hidden=\"true\" class=\"wp-block-spacer\"><\/div>\n\n\n\n<div class=\"wp-block-group alignwide\"><div class=\"wp-block-group__inner-container is-layout-flow wp-block-group-is-layout-flow\"><div data-block_2600802883365cbc20be6442a41c874a class=\"re-home-newslist alignfull\">\n  <div class=\"pb-3 text-center\">\n    \n\n<h2 class=\"wp-block-heading\"><strong>Notre actualit\u00e9<\/strong><\/h2>\n\n\n  <\/div>\n\n  <div class=\"row\">\n    \n    \n                                            <div class=\"col-sm-4\">\n            <article class=\"news__card post-4661 post type-post status-publish format-standard has-post-thumbnail hentry category-actualites news\">\n  <figure>\n    \n    <a href=\"https:\/\/www.reseau-entreprendre.org\/val-d-oise\/2026\/04\/06\/retour-sur-evenement-premier-afterwork-de-2026\/\">\n               <img loading=\"lazy\" decoding=\"async\" width=\"391\" height=\"383\" src=\"https:\/\/www.reseau-entreprendre.org\/val-d-oise\/wp-content\/uploads\/sites\/27\/2026\/04\/1775035739614-391x383.jpg\" class=\"img-fluid wp-post-image\" alt=\"\" \/>          <\/a>\n  <\/figure>\n  <aside>\n    <h2 class=\"entry-title\">Retour sur \u00e9v\u00e8nement : Premier afterwork de 2026<\/h2>\n    <footer>\n      <a class=\"readmore\" href=\"https:\/\/www.reseau-entreprendre.org\/val-d-oise\/2026\/04\/06\/retour-sur-evenement-premier-afterwork-de-2026\/\">Lire la suite<\/a>\n      <span class=\"date\">6 avril 2026<\/span>\n    <\/footer>\n\n    \n\n          <div class=\"tags\">\n                  <a href=\"https:\/\/www.reseau-entreprendre.org\/val-d-oise\/actualites\/?categoryid=4\">\n            Actualit\u00e9s\n          <\/a>\n              <\/div>\n      <\/aside>\n<\/article>\n          <\/div>\n                                          <div class=\"col-sm-4\">\n            <article class=\"news__card post-4657 post type-post status-publish format-standard has-post-thumbnail hentry category-actualites news\">\n  <figure>\n    \n    <a href=\"https:\/\/www.reseau-entreprendre.org\/val-d-oise\/2026\/04\/03\/comite-dengagement-locwatt\/\">\n               <img loading=\"lazy\" decoding=\"async\" width=\"391\" height=\"383\" src=\"https:\/\/www.reseau-entreprendre.org\/val-d-oise\/wp-content\/uploads\/sites\/27\/2026\/04\/1774969184065-391x383.jpg\" class=\"img-fluid wp-post-image\" alt=\"\" \/>          <\/a>\n  <\/figure>\n  <aside>\n    <h2 class=\"entry-title\">Comit\u00e9 d&#8217;engagement : Locwatt<\/h2>\n    <footer>\n      <a class=\"readmore\" href=\"https:\/\/www.reseau-entreprendre.org\/val-d-oise\/2026\/04\/03\/comite-dengagement-locwatt\/\">Lire la suite<\/a>\n      <span class=\"date\">3 avril 2026<\/span>\n    <\/footer>\n\n    \n\n          <div class=\"tags\">\n                  <a href=\"https:\/\/www.reseau-entreprendre.org\/val-d-oise\/actualites\/?categoryid=4\">\n            Actualit\u00e9s\n          <\/a>\n              <\/div>\n      <\/aside>\n<\/article>\n          <\/div>\n                                          <div class=\"col-sm-4\">\n            <article class=\"news__card post-4654 post type-post status-publish format-standard has-post-thumbnail hentry category-actualites news\">\n  <figure>\n    \n    <a href=\"https:\/\/www.reseau-entreprendre.org\/val-d-oise\/2026\/04\/01\/reseau-entreprendre-val-doise-au-forum-des-createurs\/\">\n               <img loading=\"lazy\" decoding=\"async\" width=\"391\" height=\"383\" src=\"https:\/\/www.reseau-entreprendre.org\/val-d-oise\/wp-content\/uploads\/sites\/27\/2026\/04\/WhatsApp-Image-2026-03-24-at-14.21.03-391x383.jpeg\" class=\"img-fluid wp-post-image\" alt=\"\" \/>          <\/a>\n  <\/figure>\n  <aside>\n    <h2 class=\"entry-title\">R\u00e9seau Entreprendre Val d&#8217;Oise au Forum des Cr\u00e9ateurs<\/h2>\n    <footer>\n      <a class=\"readmore\" href=\"https:\/\/www.reseau-entreprendre.org\/val-d-oise\/2026\/04\/01\/reseau-entreprendre-val-doise-au-forum-des-createurs\/\">Lire la suite<\/a>\n      <span class=\"date\">1 avril 2026<\/span>\n    <\/footer>\n\n    \n\n          <div class=\"tags\">\n                  <a href=\"https:\/\/www.reseau-entreprendre.org\/val-d-oise\/actualites\/?categoryid=4\">\n            Actualit\u00e9s\n          <\/a>\n              <\/div>\n      <\/aside>\n<\/article>\n          <\/div>\n                    \n\n    \n    \n      <\/div>\n\n  <div class=\"text-center pt-5\">\n        <a class=\"btn btn-outline-re-blue\" href=\"https:\/\/www.reseau-entreprendre.org\/val-d-oise\/actualites\/\">\n        Voir tout\n    <\/a>\n  <\/div>\n<\/div>\n<\/div><\/div>\n\n\n\n<hr class=\"wp-block-separator has-css-opacity\" \/>\n\n\n\n<div class=\"wp-block-group\"><div class=\"wp-block-group__inner-container is-layout-flow wp-block-group-is-layout-flow\">\n<h2 class=\"wp-block-heading alignfull has-text-align-center\">Ils nous soutiennent<\/h2>\n\n\n\n<div style=\"height:40px\" aria-hidden=\"true\" class=\"wp-block-spacer\"><\/div>\n\n\n<div data-block_fed623570739b1cee2ff295317863b9b class=\"re-partners-home align\">\n  \n  <\/div>\n<\/div><\/div>\n\n\n\n<p><\/p>\n","protected":false},"excerpt":{"rendered":"<p>R\u00e9seau Entreprendre Val d&#8217;Oise c\u2019est\u2026 295 Laur\u00e9ats accompagn\u00e9s ou en<\/p>\n","protected":false},"author":28,"featured_media":0,"parent":0,"menu_order":0,"comment_status":"closed","ping_status":"closed","template":"views\/page-widescreen.blade.php","meta":{"_acf_changed":false,"_monsterinsights_skip_tracking":false,"_monsterinsights_sitenote_active":false,"_monsterinsights_sitenote_note":"","_monsterinsights_sitenote_category":0,"footnotes":""},"class_list":["post-45","page","type-page","status-publish","hentry"],"acf":[],"yoast_head":"<!-- This site is optimized with the Yoast SEO plugin v27.4 - https:\/\/yoast.com\/product\/yoast-seo-wordpress\/ -->\n<title>R\u00e9seau Entreprendre Val d&#039;Oise - Financement et Accompagnement<\/title>\n<meta name=\"description\" content=\"Accompagnement et financement de projet dans le Val d&#039;Oise par des chefs d&#039;entreprises. Pr\u00eat d&#039;honneur \u00e0 0% avec diff\u00e9r\u00e9 de remboursement de 18 mois.\" \/>\n<meta name=\"robots\" content=\"index, follow, max-snippet:-1, max-image-preview:large, max-video-preview:-1\" \/>\n<link rel=\"canonical\" href=\"https:\/\/www.reseau-entreprendre.org\/val-d-oise\/\" \/>\n<meta property=\"og:locale\" content=\"fr_FR\" \/>\n<meta property=\"og:type\" content=\"article\" \/>\n<meta property=\"og:title\" content=\"R\u00e9seau Entreprendre Val d&#039;Oise - Financement et Accompagnement\" \/>\n<meta property=\"og:description\" content=\"Accompagnement et financement de projet dans le Val d&#039;Oise par des chefs d&#039;entreprises. Pr\u00eat d&#039;honneur \u00e0 0% avec diff\u00e9r\u00e9 de remboursement de 18 mois.\" \/>\n<meta property=\"og:url\" content=\"https:\/\/www.reseau-entreprendre.org\/val-d-oise\/\" \/>\n<meta property=\"og:site_name\" content=\"R\u00e9seau Entreprendre Val d&#039;Oise\" \/>\n<meta property=\"article:modified_time\" content=\"2026-04-27T10:03:23+00:00\" \/>\n<meta property=\"og:image\" content=\"https:\/\/www.reseau-entreprendre.org\/val-d-oise\/wp-content\/uploads\/sites\/27\/2026\/04\/charite.png\" \/>\n\t<meta property=\"og:image:width\" content=\"512\" \/>\n\t<meta property=\"og:image:height\" content=\"512\" \/>\n\t<meta property=\"og:image:type\" content=\"image\/png\" \/>\n<meta name=\"twitter:card\" content=\"summary_large_image\" \/>\n<meta name=\"twitter:label1\" content=\"Dur\u00e9e de lecture estim\u00e9e\" \/>\n\t<meta name=\"twitter:data1\" content=\"1 minute\" \/>\n<script type=\"application\/ld+json\" class=\"yoast-schema-graph\">{\"@context\":\"https:\\\/\\\/schema.org\",\"@graph\":[{\"@type\":\"WebPage\",\"@id\":\"https:\\\/\\\/www.reseau-entreprendre.org\\\/val-d-oise\\\/\",\"url\":\"https:\\\/\\\/www.reseau-entreprendre.org\\\/val-d-oise\\\/\",\"name\":\"R\u00e9seau Entreprendre Val d'Oise - Financement et Accompagnement\",\"isPartOf\":{\"@id\":\"https:\\\/\\\/www.reseau-entreprendre.org\\\/val-d-oise\\\/#website\"},\"primaryImageOfPage\":{\"@id\":\"https:\\\/\\\/www.reseau-entreprendre.org\\\/val-d-oise\\\/#primaryimage\"},\"image\":{\"@id\":\"https:\\\/\\\/www.reseau-entreprendre.org\\\/val-d-oise\\\/#primaryimage\"},\"thumbnailUrl\":\"https:\\\/\\\/www.reseau-entreprendre.org\\\/val-d-oise\\\/wp-content\\\/uploads\\\/sites\\\/27\\\/2026\\\/04\\\/charite.png\",\"datePublished\":\"2025-02-26T15:52:52+00:00\",\"dateModified\":\"2026-04-27T10:03:23+00:00\",\"description\":\"Accompagnement et financement de projet dans le Val d'Oise par des chefs d'entreprises. Pr\u00eat d'honneur \u00e0 0% avec diff\u00e9r\u00e9 de remboursement de 18 mois.\",\"breadcrumb\":{\"@id\":\"https:\\\/\\\/www.reseau-entreprendre.org\\\/val-d-oise\\\/#breadcrumb\"},\"inLanguage\":\"fr-FR\",\"potentialAction\":[{\"@type\":\"ReadAction\",\"target\":[\"https:\\\/\\\/www.reseau-entreprendre.org\\\/val-d-oise\\\/\"]}]},{\"@type\":\"ImageObject\",\"inLanguage\":\"fr-FR\",\"@id\":\"https:\\\/\\\/www.reseau-entreprendre.org\\\/val-d-oise\\\/#primaryimage\",\"url\":\"https:\\\/\\\/www.reseau-entreprendre.org\\\/val-d-oise\\\/wp-content\\\/uploads\\\/sites\\\/27\\\/2026\\\/04\\\/charite.png\",\"contentUrl\":\"https:\\\/\\\/www.reseau-entreprendre.org\\\/val-d-oise\\\/wp-content\\\/uploads\\\/sites\\\/27\\\/2026\\\/04\\\/charite.png\",\"width\":512,\"height\":512},{\"@type\":\"BreadcrumbList\",\"@id\":\"https:\\\/\\\/www.reseau-entreprendre.org\\\/val-d-oise\\\/#breadcrumb\",\"itemListElement\":[{\"@type\":\"ListItem\",\"position\":1,\"name\":\"Accueil\",\"item\":\"https:\\\/\\\/www.reseau-entreprendre.org\\\/val-d-oise\\\/\"},{\"@type\":\"ListItem\",\"position\":2,\"name\":\"Accueil\"}]},{\"@type\":\"WebSite\",\"@id\":\"https:\\\/\\\/www.reseau-entreprendre.org\\\/val-d-oise\\\/#website\",\"url\":\"https:\\\/\\\/www.reseau-entreprendre.org\\\/val-d-oise\\\/\",\"name\":\"R\u00e9seau Entreprendre Val d&#039;Oise\",\"description\":\"\",\"potentialAction\":[{\"@type\":\"SearchAction\",\"target\":{\"@type\":\"EntryPoint\",\"urlTemplate\":\"https:\\\/\\\/www.reseau-entreprendre.org\\\/val-d-oise\\\/?s={search_term_string}\"},\"query-input\":{\"@type\":\"PropertyValueSpecification\",\"valueRequired\":true,\"valueName\":\"search_term_string\"}}],\"inLanguage\":\"fr-FR\"}]}<\/script>\n<!-- \/ Yoast SEO plugin. -->","yoast_head_json":{"title":"R\u00e9seau Entreprendre Val d'Oise - Financement et Accompagnement","description":"Accompagnement et financement de projet dans le Val d'Oise par des chefs d'entreprises. Pr\u00eat d'honneur \u00e0 0% avec diff\u00e9r\u00e9 de remboursement de 18 mois.","robots":{"index":"index","follow":"follow","max-snippet":"max-snippet:-1","max-image-preview":"max-image-preview:large","max-video-preview":"max-video-preview:-1"},"canonical":"https:\/\/www.reseau-entreprendre.org\/val-d-oise\/","og_locale":"fr_FR","og_type":"article","og_title":"R\u00e9seau Entreprendre Val d'Oise - Financement et Accompagnement","og_description":"Accompagnement et financement de projet dans le Val d'Oise par des chefs d'entreprises. Pr\u00eat d'honneur \u00e0 0% avec diff\u00e9r\u00e9 de remboursement de 18 mois.","og_url":"https:\/\/www.reseau-entreprendre.org\/val-d-oise\/","og_site_name":"R\u00e9seau Entreprendre Val d&#039;Oise","article_modified_time":"2026-04-27T10:03:23+00:00","og_image":[{"width":512,"height":512,"url":"https:\/\/www.reseau-entreprendre.org\/val-d-oise\/wp-content\/uploads\/sites\/27\/2026\/04\/charite.png","type":"image\/png"}],"twitter_card":"summary_large_image","twitter_misc":{"Dur\u00e9e de lecture estim\u00e9e":"1 minute"},"schema":{"@context":"https:\/\/schema.org","@graph":[{"@type":"WebPage","@id":"https:\/\/www.reseau-entreprendre.org\/val-d-oise\/","url":"https:\/\/www.reseau-entreprendre.org\/val-d-oise\/","name":"R\u00e9seau Entreprendre Val d'Oise - Financement et Accompagnement","isPartOf":{"@id":"https:\/\/www.reseau-entreprendre.org\/val-d-oise\/#website"},"primaryImageOfPage":{"@id":"https:\/\/www.reseau-entreprendre.org\/val-d-oise\/#primaryimage"},"image":{"@id":"https:\/\/www.reseau-entreprendre.org\/val-d-oise\/#primaryimage"},"thumbnailUrl":"https:\/\/www.reseau-entreprendre.org\/val-d-oise\/wp-content\/uploads\/sites\/27\/2026\/04\/charite.png","datePublished":"2025-02-26T15:52:52+00:00","dateModified":"2026-04-27T10:03:23+00:00","description":"Accompagnement et financement de projet dans le Val d'Oise par des chefs d'entreprises. Pr\u00eat d'honneur \u00e0 0% avec diff\u00e9r\u00e9 de remboursement de 18 mois.","breadcrumb":{"@id":"https:\/\/www.reseau-entreprendre.org\/val-d-oise\/#breadcrumb"},"inLanguage":"fr-FR","potentialAction":[{"@type":"ReadAction","target":["https:\/\/www.reseau-entreprendre.org\/val-d-oise\/"]}]},{"@type":"ImageObject","inLanguage":"fr-FR","@id":"https:\/\/www.reseau-entreprendre.org\/val-d-oise\/#primaryimage","url":"https:\/\/www.reseau-entreprendre.org\/val-d-oise\/wp-content\/uploads\/sites\/27\/2026\/04\/charite.png","contentUrl":"https:\/\/www.reseau-entreprendre.org\/val-d-oise\/wp-content\/uploads\/sites\/27\/2026\/04\/charite.png","width":512,"height":512},{"@type":"BreadcrumbList","@id":"https:\/\/www.reseau-entreprendre.org\/val-d-oise\/#breadcrumb","itemListElement":[{"@type":"ListItem","position":1,"name":"Accueil","item":"https:\/\/www.reseau-entreprendre.org\/val-d-oise\/"},{"@type":"ListItem","position":2,"name":"Accueil"}]},{"@type":"WebSite","@id":"https:\/\/www.reseau-entreprendre.org\/val-d-oise\/#website","url":"https:\/\/www.reseau-entreprendre.org\/val-d-oise\/","name":"R\u00e9seau Entreprendre Val d&#039;Oise","description":"","potentialAction":[{"@type":"SearchAction","target":{"@type":"EntryPoint","urlTemplate":"https:\/\/www.reseau-entreprendre.org\/val-d-oise\/?s={search_term_string}"},"query-input":{"@type":"PropertyValueSpecification","valueRequired":true,"valueName":"search_term_string"}}],"inLanguage":"fr-FR"}]}},"_links":{"self":[{"href":"https:\/\/www.reseau-entreprendre.org\/val-d-oise\/wp-json\/wp\/v2\/pages\/45","targetHints":{"allow":["GET"]}}],"collection":[{"href":"https:\/\/www.reseau-entreprendre.org\/val-d-oise\/wp-json\/wp\/v2\/pages"}],"about":[{"href":"https:\/\/www.reseau-entreprendre.org\/val-d-oise\/wp-json\/wp\/v2\/types\/page"}],"author":[{"embeddable":true,"href":"https:\/\/www.reseau-entreprendre.org\/val-d-oise\/wp-json\/wp\/v2\/users\/28"}],"replies":[{"embeddable":true,"href":"https:\/\/www.reseau-entreprendre.org\/val-d-oise\/wp-json\/wp\/v2\/comments?post=45"}],"version-history":[{"count":4,"href":"https:\/\/www.reseau-entreprendre.org\/val-d-oise\/wp-json\/wp\/v2\/pages\/45\/revisions"}],"predecessor-version":[{"id":4693,"href":"https:\/\/www.reseau-entreprendre.org\/val-d-oise\/wp-json\/wp\/v2\/pages\/45\/revisions\/4693"}],"wp:attachment":[{"href":"https:\/\/www.reseau-entreprendre.org\/val-d-oise\/wp-json\/wp\/v2\/media?parent=45"}],"curies":[{"name":"wp","href":"https:\/\/api.w.org\/{rel}","templated":true}]}}