{"id":6836,"date":"2023-06-12T14:49:32","date_gmt":"2023-06-12T12:49:32","guid":{"rendered":"https:\/\/www.reseau-entreprendre.org\/vendee\/?page_id=6836"},"modified":"2023-12-04T11:03:49","modified_gmt":"2023-12-04T10:03:49","slug":"laureats-2022","status":"publish","type":"page","link":"https:\/\/www.reseau-entreprendre.org\/vendee\/laureats-2022\/","title":{"rendered":"Laur\u00e9ats 2022"},"content":{"rendered":"\n<div class=\"wp-block-query news__card post type-post status-publish format-standard has-post-thumbnail hentry category-actualites news is-layout-flow wp-block-query-is-layout-flow\"><ul class=\"is-flex-container columns-3 wp-block-post-template has-text-color has-re-blue-color is-layout-flow wp-block-post-template-is-layout-flow\"><li class=\"wp-block-post post-5758 post type-post status-publish format-standard has-post-thumbnail hentry category-actualites category-laureats-2022 news \">\n<figure class=\"news__card wp-block-post-featured-image wp-duotone-unset-1\"><a href=\"https:\/\/www.reseau-entreprendre.org\/vendee\/2023\/01\/05\/nouveaux-laureats-florian-amiand-et-valentin-ligner-recycuir-creation\/\" target=\"_self\"  ><img loading=\"lazy\" decoding=\"async\" width=\"1080\" height=\"1080\" src=\"https:\/\/www.reseau-entreprendre.org\/vendee\/wp-content\/uploads\/sites\/18\/2023\/01\/18.png\" class=\"attachment-post-thumbnail size-post-thumbnail wp-post-image\" alt=\"POREVA by RECYCUIR [cr\u00e9ation] &#8211; Florian AMIAND et Valentin LIGNER\" style=\"object-fit:cover;\" srcset=\"https:\/\/www.reseau-entreprendre.org\/vendee\/wp-content\/uploads\/sites\/18\/2023\/01\/18.png 1080w, https:\/\/www.reseau-entreprendre.org\/vendee\/wp-content\/uploads\/sites\/18\/2023\/01\/18-300x300.png 300w, https:\/\/www.reseau-entreprendre.org\/vendee\/wp-content\/uploads\/sites\/18\/2023\/01\/18-1024x1024.png 1024w, https:\/\/www.reseau-entreprendre.org\/vendee\/wp-content\/uploads\/sites\/18\/2023\/01\/18-150x150.png 150w, https:\/\/www.reseau-entreprendre.org\/vendee\/wp-content\/uploads\/sites\/18\/2023\/01\/18-768x768.png 768w, https:\/\/www.reseau-entreprendre.org\/vendee\/wp-content\/uploads\/sites\/18\/2023\/01\/18-130x130.png 130w\" sizes=\"auto, (max-width: 1080px) 100vw, 1080px\" \/><\/a><\/figure>\n\n\n<aside class=\"wp-block-group alignwide has-re-yellow-color has-text-color has-background has-small-font-size\" style=\"background-color:#f5f5f5\"><div class=\"wp-block-group__inner-container is-layout-constrained wp-block-group-is-layout-constrained\"><h2 style=\"color:#212529; font-style:normal;font-weight:600;\" class=\"wp-block-post-title has-text-color has-medium-font-size\">POREVA by RECYCUIR [cr\u00e9ation] &#8211; Florian AMIAND et Valentin LIGNER<\/h2>\n\n<div class=\"has-text-align-left wp-block-post-date has-text-color has-re-yellow-color\"><time datetime=\"2023-01-05T17:39:21+01:00\"><a href=\"https:\/\/www.reseau-entreprendre.org\/vendee\/2023\/01\/05\/nouveaux-laureats-florian-amiand-et-valentin-ligner-recycuir-creation\/\">5 janvier 2023<\/a><\/time><\/div><\/div><\/aside>\n\n<\/li><li class=\"wp-block-post post-5744 post type-post status-publish format-standard has-post-thumbnail hentry category-actualites category-laureats-2022 news \">\n<figure class=\"news__card wp-block-post-featured-image wp-duotone-unset-2\"><a href=\"https:\/\/www.reseau-entreprendre.org\/vendee\/2022\/12\/20\/nouveaux-laureats-cedric-et-melanie-charpentreau-au-fil-de-leontine-croissance\/\" target=\"_self\"  ><img loading=\"lazy\" decoding=\"async\" width=\"1080\" height=\"1080\" src=\"https:\/\/www.reseau-entreprendre.org\/vendee\/wp-content\/uploads\/sites\/18\/2023\/01\/17.png\" class=\"attachment-post-thumbnail size-post-thumbnail wp-post-image\" alt=\"AU FIL DE L\u00c9ONTINE [croissance] &#8211; C\u00e9dric et M\u00e9lanie CHARPENTREAU\" style=\"object-fit:cover;\" srcset=\"https:\/\/www.reseau-entreprendre.org\/vendee\/wp-content\/uploads\/sites\/18\/2023\/01\/17.png 1080w, https:\/\/www.reseau-entreprendre.org\/vendee\/wp-content\/uploads\/sites\/18\/2023\/01\/17-300x300.png 300w, https:\/\/www.reseau-entreprendre.org\/vendee\/wp-content\/uploads\/sites\/18\/2023\/01\/17-1024x1024.png 1024w, https:\/\/www.reseau-entreprendre.org\/vendee\/wp-content\/uploads\/sites\/18\/2023\/01\/17-150x150.png 150w, https:\/\/www.reseau-entreprendre.org\/vendee\/wp-content\/uploads\/sites\/18\/2023\/01\/17-768x768.png 768w, https:\/\/www.reseau-entreprendre.org\/vendee\/wp-content\/uploads\/sites\/18\/2023\/01\/17-130x130.png 130w\" sizes=\"auto, (max-width: 1080px) 100vw, 1080px\" \/><\/a><\/figure>\n\n\n<aside class=\"wp-block-group alignwide has-re-yellow-color has-text-color has-background has-small-font-size\" style=\"background-color:#f5f5f5\"><div class=\"wp-block-group__inner-container is-layout-constrained wp-block-group-is-layout-constrained\"><h2 style=\"color:#212529; font-style:normal;font-weight:600;\" class=\"wp-block-post-title has-text-color has-medium-font-size\">AU FIL DE L\u00c9ONTINE [croissance] &#8211; C\u00e9dric et M\u00e9lanie CHARPENTREAU<\/h2>\n\n<div class=\"has-text-align-left wp-block-post-date has-text-color has-re-yellow-color\"><time datetime=\"2022-12-20T16:11:54+01:00\"><a href=\"https:\/\/www.reseau-entreprendre.org\/vendee\/2022\/12\/20\/nouveaux-laureats-cedric-et-melanie-charpentreau-au-fil-de-leontine-croissance\/\">20 d\u00e9cembre 2022<\/a><\/time><\/div><\/div><\/aside>\n\n<\/li><li class=\"wp-block-post post-5734 post type-post status-publish format-standard has-post-thumbnail hentry category-actualites category-laureats-2022 news \">\n<figure class=\"news__card wp-block-post-featured-image wp-duotone-unset-3\"><a href=\"https:\/\/www.reseau-entreprendre.org\/vendee\/2022\/12\/20\/nouveau-laureat-thomas-ailleret-ligado-creation\/\" target=\"_self\"  ><img loading=\"lazy\" decoding=\"async\" width=\"1080\" height=\"1080\" src=\"https:\/\/www.reseau-entreprendre.org\/vendee\/wp-content\/uploads\/sites\/18\/2023\/01\/16.png\" class=\"attachment-post-thumbnail size-post-thumbnail wp-post-image\" alt=\"LIGADO &#8211; LE DIGRAPHE [cr\u00e9ation] &#8211; Thomas AILLERET\" style=\"object-fit:cover;\" srcset=\"https:\/\/www.reseau-entreprendre.org\/vendee\/wp-content\/uploads\/sites\/18\/2023\/01\/16.png 1080w, https:\/\/www.reseau-entreprendre.org\/vendee\/wp-content\/uploads\/sites\/18\/2023\/01\/16-300x300.png 300w, https:\/\/www.reseau-entreprendre.org\/vendee\/wp-content\/uploads\/sites\/18\/2023\/01\/16-1024x1024.png 1024w, https:\/\/www.reseau-entreprendre.org\/vendee\/wp-content\/uploads\/sites\/18\/2023\/01\/16-150x150.png 150w, https:\/\/www.reseau-entreprendre.org\/vendee\/wp-content\/uploads\/sites\/18\/2023\/01\/16-768x768.png 768w, https:\/\/www.reseau-entreprendre.org\/vendee\/wp-content\/uploads\/sites\/18\/2023\/01\/16-130x130.png 130w\" sizes=\"auto, (max-width: 1080px) 100vw, 1080px\" \/><\/a><\/figure>\n\n\n<aside class=\"wp-block-group alignwide has-re-yellow-color has-text-color has-background has-small-font-size\" style=\"background-color:#f5f5f5\"><div class=\"wp-block-group__inner-container is-layout-constrained wp-block-group-is-layout-constrained\"><h2 style=\"color:#212529; font-style:normal;font-weight:600;\" class=\"wp-block-post-title has-text-color has-medium-font-size\">LIGADO &#8211; LE DIGRAPHE [cr\u00e9ation] &#8211; Thomas AILLERET<\/h2>\n\n<div class=\"has-text-align-left wp-block-post-date has-text-color has-re-yellow-color\"><time datetime=\"2022-12-20T10:32:32+01:00\"><a href=\"https:\/\/www.reseau-entreprendre.org\/vendee\/2022\/12\/20\/nouveau-laureat-thomas-ailleret-ligado-creation\/\">20 d\u00e9cembre 2022<\/a><\/time><\/div><\/div><\/aside>\n\n<\/li><li class=\"wp-block-post post-5719 post type-post status-publish format-standard has-post-thumbnail hentry category-actualites category-laureats-2022 news \">\n<figure class=\"news__card wp-block-post-featured-image wp-duotone-unset-4\"><a href=\"https:\/\/www.reseau-entreprendre.org\/vendee\/2022\/12\/12\/nouveau-laureat-jerome-beilvert-grondin-marine-service-reprise\/\" target=\"_self\"  ><img loading=\"lazy\" decoding=\"async\" width=\"1080\" height=\"1080\" src=\"https:\/\/www.reseau-entreprendre.org\/vendee\/wp-content\/uploads\/sites\/18\/2023\/01\/15.png\" class=\"attachment-post-thumbnail size-post-thumbnail wp-post-image\" alt=\"GRONDIN MARINE SERVICE [reprise] J\u00e9r\u00f4me BEILVERT\" style=\"object-fit:cover;\" srcset=\"https:\/\/www.reseau-entreprendre.org\/vendee\/wp-content\/uploads\/sites\/18\/2023\/01\/15.png 1080w, https:\/\/www.reseau-entreprendre.org\/vendee\/wp-content\/uploads\/sites\/18\/2023\/01\/15-300x300.png 300w, https:\/\/www.reseau-entreprendre.org\/vendee\/wp-content\/uploads\/sites\/18\/2023\/01\/15-1024x1024.png 1024w, https:\/\/www.reseau-entreprendre.org\/vendee\/wp-content\/uploads\/sites\/18\/2023\/01\/15-150x150.png 150w, https:\/\/www.reseau-entreprendre.org\/vendee\/wp-content\/uploads\/sites\/18\/2023\/01\/15-768x768.png 768w, https:\/\/www.reseau-entreprendre.org\/vendee\/wp-content\/uploads\/sites\/18\/2023\/01\/15-130x130.png 130w\" sizes=\"auto, (max-width: 1080px) 100vw, 1080px\" \/><\/a><\/figure>\n\n\n<aside class=\"wp-block-group alignwide has-re-yellow-color has-text-color has-background has-small-font-size\" style=\"background-color:#f5f5f5\"><div class=\"wp-block-group__inner-container is-layout-constrained wp-block-group-is-layout-constrained\"><h2 style=\"color:#212529; font-style:normal;font-weight:600;\" class=\"wp-block-post-title has-text-color has-medium-font-size\">GRONDIN MARINE SERVICE [reprise] J\u00e9r\u00f4me BEILVERT<\/h2>\n\n<div class=\"has-text-align-left wp-block-post-date has-text-color has-re-yellow-color\"><time datetime=\"2022-12-12T10:59:24+01:00\"><a href=\"https:\/\/www.reseau-entreprendre.org\/vendee\/2022\/12\/12\/nouveau-laureat-jerome-beilvert-grondin-marine-service-reprise\/\">12 d\u00e9cembre 2022<\/a><\/time><\/div><\/div><\/aside>\n\n<\/li><li class=\"wp-block-post post-5704 post type-post status-publish format-standard has-post-thumbnail hentry category-actualites category-laureats-2022 news \">\n<figure class=\"news__card wp-block-post-featured-image wp-duotone-unset-5\"><a href=\"https:\/\/www.reseau-entreprendre.org\/vendee\/2022\/11\/25\/nouveaux-laureats-emeline-jarry-et-amaury-jaskowiec-sibap-reprise\/\" target=\"_self\"  ><img loading=\"lazy\" decoding=\"async\" width=\"1080\" height=\"1080\" src=\"https:\/\/www.reseau-entreprendre.org\/vendee\/wp-content\/uploads\/sites\/18\/2023\/01\/14.png\" class=\"attachment-post-thumbnail size-post-thumbnail wp-post-image\" alt=\"SIBAP [reprise] &#8211; Emeline JARRY et Amaury JASKOWIEC\" style=\"object-fit:cover;\" srcset=\"https:\/\/www.reseau-entreprendre.org\/vendee\/wp-content\/uploads\/sites\/18\/2023\/01\/14.png 1080w, https:\/\/www.reseau-entreprendre.org\/vendee\/wp-content\/uploads\/sites\/18\/2023\/01\/14-300x300.png 300w, https:\/\/www.reseau-entreprendre.org\/vendee\/wp-content\/uploads\/sites\/18\/2023\/01\/14-1024x1024.png 1024w, https:\/\/www.reseau-entreprendre.org\/vendee\/wp-content\/uploads\/sites\/18\/2023\/01\/14-150x150.png 150w, https:\/\/www.reseau-entreprendre.org\/vendee\/wp-content\/uploads\/sites\/18\/2023\/01\/14-768x768.png 768w, https:\/\/www.reseau-entreprendre.org\/vendee\/wp-content\/uploads\/sites\/18\/2023\/01\/14-130x130.png 130w\" sizes=\"auto, (max-width: 1080px) 100vw, 1080px\" \/><\/a><\/figure>\n\n\n<aside class=\"wp-block-group alignwide has-re-yellow-color has-text-color has-background has-small-font-size\" style=\"background-color:#f5f5f5\"><div class=\"wp-block-group__inner-container is-layout-constrained wp-block-group-is-layout-constrained\"><h2 style=\"color:#212529; font-style:normal;font-weight:600;\" class=\"wp-block-post-title has-text-color has-medium-font-size\">SIBAP [reprise] &#8211; Emeline JARRY et Amaury JASKOWIEC<\/h2>\n\n<div class=\"has-text-align-left wp-block-post-date has-text-color has-re-yellow-color\"><time datetime=\"2022-11-25T15:53:07+01:00\"><a href=\"https:\/\/www.reseau-entreprendre.org\/vendee\/2022\/11\/25\/nouveaux-laureats-emeline-jarry-et-amaury-jaskowiec-sibap-reprise\/\">25 novembre 2022<\/a><\/time><\/div><\/div><\/aside>\n\n<\/li><li class=\"wp-block-post post-5467 post type-post status-publish format-standard has-post-thumbnail hentry category-actualites category-laureats-2022 news \">\n<figure class=\"news__card wp-block-post-featured-image wp-duotone-unset-6\"><a href=\"https:\/\/www.reseau-entreprendre.org\/vendee\/2022\/10\/18\/nouveau-laureat-eric-jarmont-cdl-creation-2\/\" target=\"_self\"  ><img loading=\"lazy\" decoding=\"async\" width=\"1080\" height=\"1080\" src=\"https:\/\/www.reseau-entreprendre.org\/vendee\/wp-content\/uploads\/sites\/18\/2023\/01\/13.png\" class=\"attachment-post-thumbnail size-post-thumbnail wp-post-image\" alt=\"CDL [cr\u00e9ation] &#8211; Eric JAMONT\" style=\"object-fit:cover;\" srcset=\"https:\/\/www.reseau-entreprendre.org\/vendee\/wp-content\/uploads\/sites\/18\/2023\/01\/13.png 1080w, https:\/\/www.reseau-entreprendre.org\/vendee\/wp-content\/uploads\/sites\/18\/2023\/01\/13-300x300.png 300w, https:\/\/www.reseau-entreprendre.org\/vendee\/wp-content\/uploads\/sites\/18\/2023\/01\/13-1024x1024.png 1024w, https:\/\/www.reseau-entreprendre.org\/vendee\/wp-content\/uploads\/sites\/18\/2023\/01\/13-150x150.png 150w, https:\/\/www.reseau-entreprendre.org\/vendee\/wp-content\/uploads\/sites\/18\/2023\/01\/13-768x768.png 768w, https:\/\/www.reseau-entreprendre.org\/vendee\/wp-content\/uploads\/sites\/18\/2023\/01\/13-130x130.png 130w\" sizes=\"auto, (max-width: 1080px) 100vw, 1080px\" \/><\/a><\/figure>\n\n\n<aside class=\"wp-block-group alignwide has-re-yellow-color has-text-color has-background has-small-font-size\" style=\"background-color:#f5f5f5\"><div class=\"wp-block-group__inner-container is-layout-constrained wp-block-group-is-layout-constrained\"><h2 style=\"color:#212529; font-style:normal;font-weight:600;\" class=\"wp-block-post-title has-text-color has-medium-font-size\">CDL [cr\u00e9ation] &#8211; Eric JAMONT<\/h2>\n\n<div class=\"has-text-align-left wp-block-post-date has-text-color has-re-yellow-color\"><time datetime=\"2022-10-18T11:40:34+02:00\"><a href=\"https:\/\/www.reseau-entreprendre.org\/vendee\/2022\/10\/18\/nouveau-laureat-eric-jarmont-cdl-creation-2\/\">18 octobre 2022<\/a><\/time><\/div><\/div><\/aside>\n\n<\/li><li class=\"wp-block-post post-5386 post type-post status-publish format-standard has-post-thumbnail hentry category-actualites category-laureats-2022 news \">\n<figure class=\"news__card wp-block-post-featured-image wp-duotone-unset-7\"><a href=\"https:\/\/www.reseau-entreprendre.org\/vendee\/2022\/09\/30\/nouveau-laureat-antoine-de-beaumesnil-m2w-reprise-2\/\" target=\"_self\"  ><img loading=\"lazy\" decoding=\"async\" width=\"1080\" height=\"1080\" src=\"https:\/\/www.reseau-entreprendre.org\/vendee\/wp-content\/uploads\/sites\/18\/2023\/01\/11.png\" class=\"attachment-post-thumbnail size-post-thumbnail wp-post-image\" alt=\"M2W [reprise] &#8211; Antoine de BEAUMESNIL\" style=\"object-fit:cover;\" srcset=\"https:\/\/www.reseau-entreprendre.org\/vendee\/wp-content\/uploads\/sites\/18\/2023\/01\/11.png 1080w, https:\/\/www.reseau-entreprendre.org\/vendee\/wp-content\/uploads\/sites\/18\/2023\/01\/11-300x300.png 300w, https:\/\/www.reseau-entreprendre.org\/vendee\/wp-content\/uploads\/sites\/18\/2023\/01\/11-1024x1024.png 1024w, https:\/\/www.reseau-entreprendre.org\/vendee\/wp-content\/uploads\/sites\/18\/2023\/01\/11-150x150.png 150w, https:\/\/www.reseau-entreprendre.org\/vendee\/wp-content\/uploads\/sites\/18\/2023\/01\/11-768x768.png 768w, https:\/\/www.reseau-entreprendre.org\/vendee\/wp-content\/uploads\/sites\/18\/2023\/01\/11-130x130.png 130w\" sizes=\"auto, (max-width: 1080px) 100vw, 1080px\" \/><\/a><\/figure>\n\n\n<aside class=\"wp-block-group alignwide has-re-yellow-color has-text-color has-background has-small-font-size\" style=\"background-color:#f5f5f5\"><div class=\"wp-block-group__inner-container is-layout-constrained wp-block-group-is-layout-constrained\"><h2 style=\"color:#212529; font-style:normal;font-weight:600;\" class=\"wp-block-post-title has-text-color has-medium-font-size\">M2W [reprise] &#8211; Antoine de BEAUMESNIL<\/h2>\n\n<div class=\"has-text-align-left wp-block-post-date has-text-color has-re-yellow-color\"><time datetime=\"2022-09-30T15:00:59+02:00\"><a href=\"https:\/\/www.reseau-entreprendre.org\/vendee\/2022\/09\/30\/nouveau-laureat-antoine-de-beaumesnil-m2w-reprise-2\/\">30 septembre 2022<\/a><\/time><\/div><\/div><\/aside>\n\n<\/li><li class=\"wp-block-post post-5376 post type-post status-publish format-standard has-post-thumbnail hentry category-actualites category-laureats-2022 news \">\n<figure class=\"news__card wp-block-post-featured-image wp-duotone-unset-8\"><a href=\"https:\/\/www.reseau-entreprendre.org\/vendee\/2022\/09\/27\/nouveau-laureat-stephane-corde-pizza-dici-creation\/\" target=\"_self\"  ><img loading=\"lazy\" decoding=\"async\" width=\"1080\" height=\"1080\" src=\"https:\/\/www.reseau-entreprendre.org\/vendee\/wp-content\/uploads\/sites\/18\/2023\/01\/12.png\" class=\"attachment-post-thumbnail size-post-thumbnail wp-post-image\" alt=\"PIZZA D&#8217;ICI [cr\u00e9ation] &#8211; St\u00e9phane CORDE\" style=\"object-fit:cover;\" srcset=\"https:\/\/www.reseau-entreprendre.org\/vendee\/wp-content\/uploads\/sites\/18\/2023\/01\/12.png 1080w, https:\/\/www.reseau-entreprendre.org\/vendee\/wp-content\/uploads\/sites\/18\/2023\/01\/12-300x300.png 300w, https:\/\/www.reseau-entreprendre.org\/vendee\/wp-content\/uploads\/sites\/18\/2023\/01\/12-1024x1024.png 1024w, https:\/\/www.reseau-entreprendre.org\/vendee\/wp-content\/uploads\/sites\/18\/2023\/01\/12-150x150.png 150w, https:\/\/www.reseau-entreprendre.org\/vendee\/wp-content\/uploads\/sites\/18\/2023\/01\/12-768x768.png 768w, https:\/\/www.reseau-entreprendre.org\/vendee\/wp-content\/uploads\/sites\/18\/2023\/01\/12-130x130.png 130w\" sizes=\"auto, (max-width: 1080px) 100vw, 1080px\" \/><\/a><\/figure>\n\n\n<aside class=\"wp-block-group alignwide has-re-yellow-color has-text-color has-background has-small-font-size\" style=\"background-color:#f5f5f5\"><div class=\"wp-block-group__inner-container is-layout-constrained wp-block-group-is-layout-constrained\"><h2 style=\"color:#212529; font-style:normal;font-weight:600;\" class=\"wp-block-post-title has-text-color has-medium-font-size\">PIZZA D&#8217;ICI [cr\u00e9ation] &#8211; St\u00e9phane CORDE<\/h2>\n\n<div class=\"has-text-align-left wp-block-post-date has-text-color has-re-yellow-color\"><time datetime=\"2022-09-27T16:28:18+02:00\"><a href=\"https:\/\/www.reseau-entreprendre.org\/vendee\/2022\/09\/27\/nouveau-laureat-stephane-corde-pizza-dici-creation\/\">27 septembre 2022<\/a><\/time><\/div><\/div><\/aside>\n\n<\/li><li class=\"wp-block-post post-5304 post type-post status-publish format-standard has-post-thumbnail hentry category-actualites category-laureats-2022 news \">\n<figure class=\"news__card wp-block-post-featured-image wp-duotone-unset-9\"><a href=\"https:\/\/www.reseau-entreprendre.org\/vendee\/2022\/07\/08\/nouveaux-laureats-eric-daude-et-veronique-bouron-grip-ink-reprise-2\/\" target=\"_self\"  ><img loading=\"lazy\" decoding=\"async\" width=\"1080\" height=\"1080\" src=\"https:\/\/www.reseau-entreprendre.org\/vendee\/wp-content\/uploads\/sites\/18\/2023\/01\/10.png\" class=\"attachment-post-thumbnail size-post-thumbnail wp-post-image\" alt=\"GRIP.INK [reprise] &#8211; Eric DAUD\u00c9 et V\u00e9ronique BOURON\" style=\"object-fit:cover;\" srcset=\"https:\/\/www.reseau-entreprendre.org\/vendee\/wp-content\/uploads\/sites\/18\/2023\/01\/10.png 1080w, https:\/\/www.reseau-entreprendre.org\/vendee\/wp-content\/uploads\/sites\/18\/2023\/01\/10-300x300.png 300w, https:\/\/www.reseau-entreprendre.org\/vendee\/wp-content\/uploads\/sites\/18\/2023\/01\/10-1024x1024.png 1024w, https:\/\/www.reseau-entreprendre.org\/vendee\/wp-content\/uploads\/sites\/18\/2023\/01\/10-150x150.png 150w, https:\/\/www.reseau-entreprendre.org\/vendee\/wp-content\/uploads\/sites\/18\/2023\/01\/10-768x768.png 768w, https:\/\/www.reseau-entreprendre.org\/vendee\/wp-content\/uploads\/sites\/18\/2023\/01\/10-130x130.png 130w\" sizes=\"auto, (max-width: 1080px) 100vw, 1080px\" \/><\/a><\/figure>\n\n\n<aside class=\"wp-block-group alignwide has-re-yellow-color has-text-color has-background has-small-font-size\" style=\"background-color:#f5f5f5\"><div class=\"wp-block-group__inner-container is-layout-constrained wp-block-group-is-layout-constrained\"><h2 style=\"color:#212529; font-style:normal;font-weight:600;\" class=\"wp-block-post-title has-text-color has-medium-font-size\">GRIP.INK [reprise] &#8211; Eric DAUD\u00c9 et V\u00e9ronique BOURON<\/h2>\n\n<div class=\"has-text-align-left wp-block-post-date has-text-color has-re-yellow-color\"><time datetime=\"2022-07-08T09:58:08+02:00\"><a href=\"https:\/\/www.reseau-entreprendre.org\/vendee\/2022\/07\/08\/nouveaux-laureats-eric-daude-et-veronique-bouron-grip-ink-reprise-2\/\">8 juillet 2022<\/a><\/time><\/div><\/div><\/aside>\n\n<\/li><li class=\"wp-block-post post-5292 post type-post status-publish format-standard has-post-thumbnail hentry category-actualites category-laureats-2022 news \">\n<figure class=\"news__card wp-block-post-featured-image wp-duotone-unset-10\"><a href=\"https:\/\/www.reseau-entreprendre.org\/vendee\/2022\/07\/05\/nouveaux-laureats-jimmy-boissonnot-et-anthony-hervelin-squid-surfboards-creation\/\" target=\"_self\"  ><img loading=\"lazy\" decoding=\"async\" width=\"1080\" height=\"1080\" src=\"https:\/\/www.reseau-entreprendre.org\/vendee\/wp-content\/uploads\/sites\/18\/2023\/01\/9.png\" class=\"attachment-post-thumbnail size-post-thumbnail wp-post-image\" alt=\"SQUID SURFBOARDS [cr\u00e9ation] &#8211; Jimmy BOISSONNOT et Anthony HERVELIN\" style=\"object-fit:cover;\" srcset=\"https:\/\/www.reseau-entreprendre.org\/vendee\/wp-content\/uploads\/sites\/18\/2023\/01\/9.png 1080w, https:\/\/www.reseau-entreprendre.org\/vendee\/wp-content\/uploads\/sites\/18\/2023\/01\/9-300x300.png 300w, https:\/\/www.reseau-entreprendre.org\/vendee\/wp-content\/uploads\/sites\/18\/2023\/01\/9-1024x1024.png 1024w, https:\/\/www.reseau-entreprendre.org\/vendee\/wp-content\/uploads\/sites\/18\/2023\/01\/9-150x150.png 150w, https:\/\/www.reseau-entreprendre.org\/vendee\/wp-content\/uploads\/sites\/18\/2023\/01\/9-768x768.png 768w, https:\/\/www.reseau-entreprendre.org\/vendee\/wp-content\/uploads\/sites\/18\/2023\/01\/9-130x130.png 130w\" sizes=\"auto, (max-width: 1080px) 100vw, 1080px\" \/><\/a><\/figure>\n\n\n<aside class=\"wp-block-group alignwide has-re-yellow-color has-text-color has-background has-small-font-size\" style=\"background-color:#f5f5f5\"><div class=\"wp-block-group__inner-container is-layout-constrained wp-block-group-is-layout-constrained\"><h2 style=\"color:#212529; font-style:normal;font-weight:600;\" class=\"wp-block-post-title has-text-color has-medium-font-size\">SQUID SURFBOARDS [cr\u00e9ation] &#8211; Jimmy BOISSONNOT et Anthony HERVELIN<\/h2>\n\n<div class=\"has-text-align-left wp-block-post-date has-text-color has-re-yellow-color\"><time datetime=\"2022-07-05T16:46:24+02:00\"><a href=\"https:\/\/www.reseau-entreprendre.org\/vendee\/2022\/07\/05\/nouveaux-laureats-jimmy-boissonnot-et-anthony-hervelin-squid-surfboards-creation\/\">5 juillet 2022<\/a><\/time><\/div><\/div><\/aside>\n\n<\/li><li class=\"wp-block-post post-5276 post type-post status-publish format-standard has-post-thumbnail hentry category-actualites category-laureats-2022 news \">\n<figure class=\"news__card wp-block-post-featured-image wp-duotone-unset-11\"><a href=\"https:\/\/www.reseau-entreprendre.org\/vendee\/2022\/06\/27\/nouveau-laureat-nicolas-simonnet-robin-technologies-croissance\/\" target=\"_self\"  ><img loading=\"lazy\" decoding=\"async\" width=\"1080\" height=\"1080\" src=\"https:\/\/www.reseau-entreprendre.org\/vendee\/wp-content\/uploads\/sites\/18\/2023\/01\/8.png\" class=\"attachment-post-thumbnail size-post-thumbnail wp-post-image\" alt=\"ROBIN TECHNOLOGIES [croissance] &#8211; Nicolas SIMONNET\" style=\"object-fit:cover;\" srcset=\"https:\/\/www.reseau-entreprendre.org\/vendee\/wp-content\/uploads\/sites\/18\/2023\/01\/8.png 1080w, https:\/\/www.reseau-entreprendre.org\/vendee\/wp-content\/uploads\/sites\/18\/2023\/01\/8-300x300.png 300w, https:\/\/www.reseau-entreprendre.org\/vendee\/wp-content\/uploads\/sites\/18\/2023\/01\/8-1024x1024.png 1024w, https:\/\/www.reseau-entreprendre.org\/vendee\/wp-content\/uploads\/sites\/18\/2023\/01\/8-150x150.png 150w, https:\/\/www.reseau-entreprendre.org\/vendee\/wp-content\/uploads\/sites\/18\/2023\/01\/8-768x768.png 768w, https:\/\/www.reseau-entreprendre.org\/vendee\/wp-content\/uploads\/sites\/18\/2023\/01\/8-130x130.png 130w\" sizes=\"auto, (max-width: 1080px) 100vw, 1080px\" \/><\/a><\/figure>\n\n\n<aside class=\"wp-block-group alignwide has-re-yellow-color has-text-color has-background has-small-font-size\" style=\"background-color:#f5f5f5\"><div class=\"wp-block-group__inner-container is-layout-constrained wp-block-group-is-layout-constrained\"><h2 style=\"color:#212529; font-style:normal;font-weight:600;\" class=\"wp-block-post-title has-text-color has-medium-font-size\">ROBIN TECHNOLOGIES [croissance] &#8211; Nicolas SIMONNET<\/h2>\n\n<div class=\"has-text-align-left wp-block-post-date has-text-color has-re-yellow-color\"><time datetime=\"2022-06-27T17:30:58+02:00\"><a href=\"https:\/\/www.reseau-entreprendre.org\/vendee\/2022\/06\/27\/nouveau-laureat-nicolas-simonnet-robin-technologies-croissance\/\">27 juin 2022<\/a><\/time><\/div><\/div><\/aside>\n\n<\/li><li class=\"wp-block-post post-5271 post type-post status-publish format-standard has-post-thumbnail hentry category-actualites category-laureats-2022 news \">\n<figure class=\"news__card wp-block-post-featured-image wp-duotone-unset-12\"><a href=\"https:\/\/www.reseau-entreprendre.org\/vendee\/2022\/06\/24\/nouveau-laureat-francois-tourancheau-marion-energies-reprise\/\" target=\"_self\"  ><img loading=\"lazy\" decoding=\"async\" width=\"1080\" height=\"1080\" src=\"https:\/\/www.reseau-entreprendre.org\/vendee\/wp-content\/uploads\/sites\/18\/2023\/01\/7.png\" class=\"attachment-post-thumbnail size-post-thumbnail wp-post-image\" alt=\"MARION \u00c9NERGIES [reprise] &#8211; Fran\u00e7ois TOURANCHEAU\" style=\"object-fit:cover;\" srcset=\"https:\/\/www.reseau-entreprendre.org\/vendee\/wp-content\/uploads\/sites\/18\/2023\/01\/7.png 1080w, https:\/\/www.reseau-entreprendre.org\/vendee\/wp-content\/uploads\/sites\/18\/2023\/01\/7-300x300.png 300w, https:\/\/www.reseau-entreprendre.org\/vendee\/wp-content\/uploads\/sites\/18\/2023\/01\/7-1024x1024.png 1024w, https:\/\/www.reseau-entreprendre.org\/vendee\/wp-content\/uploads\/sites\/18\/2023\/01\/7-150x150.png 150w, https:\/\/www.reseau-entreprendre.org\/vendee\/wp-content\/uploads\/sites\/18\/2023\/01\/7-768x768.png 768w, https:\/\/www.reseau-entreprendre.org\/vendee\/wp-content\/uploads\/sites\/18\/2023\/01\/7-130x130.png 130w\" sizes=\"auto, (max-width: 1080px) 100vw, 1080px\" \/><\/a><\/figure>\n\n\n<aside class=\"wp-block-group alignwide has-re-yellow-color has-text-color has-background has-small-font-size\" style=\"background-color:#f5f5f5\"><div class=\"wp-block-group__inner-container is-layout-constrained wp-block-group-is-layout-constrained\"><h2 style=\"color:#212529; font-style:normal;font-weight:600;\" class=\"wp-block-post-title has-text-color has-medium-font-size\">MARION \u00c9NERGIES [reprise] &#8211; Fran\u00e7ois TOURANCHEAU<\/h2>\n\n<div class=\"has-text-align-left wp-block-post-date has-text-color has-re-yellow-color\"><time datetime=\"2022-06-24T16:48:03+02:00\"><a href=\"https:\/\/www.reseau-entreprendre.org\/vendee\/2022\/06\/24\/nouveau-laureat-francois-tourancheau-marion-energies-reprise\/\">24 juin 2022<\/a><\/time><\/div><\/div><\/aside>\n\n<\/li><\/ul>\n\n<nav class=\"wp-block-query-pagination is-content-justification-center is-layout-flex wp-container-core-query-pagination-is-layout-16018d1d wp-block-query-pagination-is-layout-flex\" aria-label=\"Pagination\">\n\n\n<div class=\"wp-block-query-pagination-numbers\"><span aria-current=\"page\" class=\"page-numbers current\">1<\/span>\n<a class=\"page-numbers\" href=\"?query-0-page=2\">2<\/a><\/div>\n\n<a href=\"\/vendee\/wp-json\/wp\/v2\/pages\/6836?query-0-page=2\" class=\"wp-block-query-pagination-next\">Page suivante<span class='wp-block-query-pagination-next-arrow is-arrow-chevron' aria-hidden='true'>\u00bb<\/span><\/a>\n<\/nav>\n\n<\/div>\n","protected":false},"excerpt":{"rendered":"","protected":false},"author":125,"featured_media":0,"parent":0,"menu_order":0,"comment_status":"closed","ping_status":"closed","template":"","meta":{"_acf_changed":false,"_monsterinsights_skip_tracking":false,"_monsterinsights_sitenote_active":false,"_monsterinsights_sitenote_note":"","_monsterinsights_sitenote_category":0,"footnotes":""},"class_list":["post-6836","page","type-page","status-publish","hentry"],"acf":[],"yoast_head":"<!-- This site is optimized with the Yoast SEO plugin v27.4 - https:\/\/yoast.com\/product\/yoast-seo-wordpress\/ -->\n<title>Laur\u00e9ats 2022 - R\u00e9seau Entreprendre Vend\u00e9e<\/title>\n<meta name=\"robots\" content=\"index, follow, max-snippet:-1, max-image-preview:large, max-video-preview:-1\" \/>\n<link rel=\"canonical\" href=\"https:\/\/www.reseau-entreprendre.org\/vendee\/laureats-2022\/\" \/>\n<link rel=\"next\" href=\"https:\/\/www.reseau-entreprendre.org\/vendee\/laureats-2022\/6836?query-0-page=2\" \/>\n<meta property=\"og:locale\" content=\"fr_FR\" \/>\n<meta property=\"og:type\" content=\"article\" \/>\n<meta property=\"og:title\" content=\"Laur\u00e9ats 2022 - R\u00e9seau Entreprendre Vend\u00e9e\" \/>\n<meta property=\"og:url\" content=\"https:\/\/www.reseau-entreprendre.org\/vendee\/laureats-2022\/\" \/>\n<meta property=\"og:site_name\" content=\"R\u00e9seau Entreprendre Vend\u00e9e\" \/>\n<meta property=\"article:modified_time\" content=\"2023-12-04T10:03:49+00:00\" \/>\n<meta name=\"twitter:card\" content=\"summary_large_image\" \/>\n<script type=\"application\/ld+json\" class=\"yoast-schema-graph\">{\"@context\":\"https:\\\/\\\/schema.org\",\"@graph\":[{\"@type\":\"WebPage\",\"@id\":\"https:\\\/\\\/www.reseau-entreprendre.org\\\/vendee\\\/laureats-2022\\\/\",\"url\":\"https:\\\/\\\/www.reseau-entreprendre.org\\\/vendee\\\/laureats-2022\\\/\",\"name\":\"Laur\u00e9ats 2022 - R\u00e9seau Entreprendre Vend\u00e9e\",\"isPartOf\":{\"@id\":\"https:\\\/\\\/www.reseau-entreprendre.org\\\/vendee\\\/#website\"},\"datePublished\":\"2023-06-12T12:49:32+00:00\",\"dateModified\":\"2023-12-04T10:03:49+00:00\",\"breadcrumb\":{\"@id\":\"https:\\\/\\\/www.reseau-entreprendre.org\\\/vendee\\\/laureats-2022\\\/#breadcrumb\"},\"inLanguage\":\"fr-FR\",\"potentialAction\":[{\"@type\":\"ReadAction\",\"target\":[\"https:\\\/\\\/www.reseau-entreprendre.org\\\/vendee\\\/laureats-2022\\\/\"]}]},{\"@type\":\"BreadcrumbList\",\"@id\":\"https:\\\/\\\/www.reseau-entreprendre.org\\\/vendee\\\/laureats-2022\\\/#breadcrumb\",\"itemListElement\":[{\"@type\":\"ListItem\",\"position\":1,\"name\":\"Accueil\",\"item\":\"https:\\\/\\\/www.reseau-entreprendre.org\\\/vendee\\\/\"},{\"@type\":\"ListItem\",\"position\":2,\"name\":\"Laur\u00e9ats 2022\"}]},{\"@type\":\"WebSite\",\"@id\":\"https:\\\/\\\/www.reseau-entreprendre.org\\\/vendee\\\/#website\",\"url\":\"https:\\\/\\\/www.reseau-entreprendre.org\\\/vendee\\\/\",\"name\":\"R\u00e9seau Entreprendre Vend\u00e9e\",\"description\":\"Un site utilisant Les sites de R\u00e9seau Entreprendre\",\"potentialAction\":[{\"@type\":\"SearchAction\",\"target\":{\"@type\":\"EntryPoint\",\"urlTemplate\":\"https:\\\/\\\/www.reseau-entreprendre.org\\\/vendee\\\/?s={search_term_string}\"},\"query-input\":{\"@type\":\"PropertyValueSpecification\",\"valueRequired\":true,\"valueName\":\"search_term_string\"}}],\"inLanguage\":\"fr-FR\"}]}<\/script>\n<!-- \/ Yoast SEO plugin. -->","yoast_head_json":{"title":"Laur\u00e9ats 2022 - R\u00e9seau Entreprendre Vend\u00e9e","robots":{"index":"index","follow":"follow","max-snippet":"max-snippet:-1","max-image-preview":"max-image-preview:large","max-video-preview":"max-video-preview:-1"},"canonical":"https:\/\/www.reseau-entreprendre.org\/vendee\/laureats-2022\/","next":"https:\/\/www.reseau-entreprendre.org\/vendee\/laureats-2022\/6836?query-0-page=2","og_locale":"fr_FR","og_type":"article","og_title":"Laur\u00e9ats 2022 - R\u00e9seau Entreprendre Vend\u00e9e","og_url":"https:\/\/www.reseau-entreprendre.org\/vendee\/laureats-2022\/","og_site_name":"R\u00e9seau Entreprendre Vend\u00e9e","article_modified_time":"2023-12-04T10:03:49+00:00","twitter_card":"summary_large_image","schema":{"@context":"https:\/\/schema.org","@graph":[{"@type":"WebPage","@id":"https:\/\/www.reseau-entreprendre.org\/vendee\/laureats-2022\/","url":"https:\/\/www.reseau-entreprendre.org\/vendee\/laureats-2022\/","name":"Laur\u00e9ats 2022 - R\u00e9seau Entreprendre Vend\u00e9e","isPartOf":{"@id":"https:\/\/www.reseau-entreprendre.org\/vendee\/#website"},"datePublished":"2023-06-12T12:49:32+00:00","dateModified":"2023-12-04T10:03:49+00:00","breadcrumb":{"@id":"https:\/\/www.reseau-entreprendre.org\/vendee\/laureats-2022\/#breadcrumb"},"inLanguage":"fr-FR","potentialAction":[{"@type":"ReadAction","target":["https:\/\/www.reseau-entreprendre.org\/vendee\/laureats-2022\/"]}]},{"@type":"BreadcrumbList","@id":"https:\/\/www.reseau-entreprendre.org\/vendee\/laureats-2022\/#breadcrumb","itemListElement":[{"@type":"ListItem","position":1,"name":"Accueil","item":"https:\/\/www.reseau-entreprendre.org\/vendee\/"},{"@type":"ListItem","position":2,"name":"Laur\u00e9ats 2022"}]},{"@type":"WebSite","@id":"https:\/\/www.reseau-entreprendre.org\/vendee\/#website","url":"https:\/\/www.reseau-entreprendre.org\/vendee\/","name":"R\u00e9seau Entreprendre Vend\u00e9e","description":"Un site utilisant Les sites de R\u00e9seau Entreprendre","potentialAction":[{"@type":"SearchAction","target":{"@type":"EntryPoint","urlTemplate":"https:\/\/www.reseau-entreprendre.org\/vendee\/?s={search_term_string}"},"query-input":{"@type":"PropertyValueSpecification","valueRequired":true,"valueName":"search_term_string"}}],"inLanguage":"fr-FR"}]}},"_links":{"self":[{"href":"https:\/\/www.reseau-entreprendre.org\/vendee\/wp-json\/wp\/v2\/pages\/6836","targetHints":{"allow":["GET"]}}],"collection":[{"href":"https:\/\/www.reseau-entreprendre.org\/vendee\/wp-json\/wp\/v2\/pages"}],"about":[{"href":"https:\/\/www.reseau-entreprendre.org\/vendee\/wp-json\/wp\/v2\/types\/page"}],"author":[{"embeddable":true,"href":"https:\/\/www.reseau-entreprendre.org\/vendee\/wp-json\/wp\/v2\/users\/125"}],"replies":[{"embeddable":true,"href":"https:\/\/www.reseau-entreprendre.org\/vendee\/wp-json\/wp\/v2\/comments?post=6836"}],"version-history":[{"count":0,"href":"https:\/\/www.reseau-entreprendre.org\/vendee\/wp-json\/wp\/v2\/pages\/6836\/revisions"}],"wp:attachment":[{"href":"https:\/\/www.reseau-entreprendre.org\/vendee\/wp-json\/wp\/v2\/media?parent=6836"}],"curies":[{"name":"wp","href":"https:\/\/api.w.org\/{rel}","templated":true}]}}