{"id":6889,"date":"2023-06-12T14:55:06","date_gmt":"2023-06-12T12:55:06","guid":{"rendered":"https:\/\/www.reseau-entreprendre.org\/vendee\/?page_id=6889"},"modified":"2023-06-12T15:10:03","modified_gmt":"2023-06-12T13:10:03","slug":"laureats-2019","status":"publish","type":"page","link":"https:\/\/www.reseau-entreprendre.org\/vendee\/laureats-2019\/","title":{"rendered":"Laur\u00e9ats 2019"},"content":{"rendered":"\n<div class=\"wp-block-query news__card post type-post status-publish format-standard has-post-thumbnail hentry category-actualites news is-layout-flow wp-block-query-is-layout-flow\"><ul class=\"is-flex-container columns-3 wp-block-post-template has-text-color has-re-blue-color is-layout-flow wp-block-post-template-is-layout-flow\"><li class=\"wp-block-post post-2844 post type-post status-publish format-standard has-post-thumbnail hentry category-actualites category-laureats-2019 news \">\n<figure class=\"news__card wp-block-post-featured-image wp-duotone-unset-1\"><a href=\"https:\/\/www.reseau-entreprendre.org\/vendee\/2020\/01\/20\/nouveau-laureat-2019-%f0%9f%91%8d-stefan-schulte\/\" target=\"_self\"  ><img loading=\"lazy\" decoding=\"async\" width=\"1434\" height=\"1124\" src=\"https:\/\/www.reseau-entreprendre.org\/vendee\/wp-content\/uploads\/sites\/18\/2020\/01\/20191219_094604-1.jpg\" class=\"attachment-post-thumbnail size-post-thumbnail wp-post-image\" alt=\"promo 2019 : Stefan SCHULTE\" style=\"object-fit:cover;\" srcset=\"https:\/\/www.reseau-entreprendre.org\/vendee\/wp-content\/uploads\/sites\/18\/2020\/01\/20191219_094604-1.jpg 1434w, https:\/\/www.reseau-entreprendre.org\/vendee\/wp-content\/uploads\/sites\/18\/2020\/01\/20191219_094604-1-300x235.jpg 300w, https:\/\/www.reseau-entreprendre.org\/vendee\/wp-content\/uploads\/sites\/18\/2020\/01\/20191219_094604-1-1024x803.jpg 1024w, https:\/\/www.reseau-entreprendre.org\/vendee\/wp-content\/uploads\/sites\/18\/2020\/01\/20191219_094604-1-768x602.jpg 768w\" sizes=\"auto, (max-width: 1434px) 100vw, 1434px\" \/><\/a><\/figure>\n\n\n<aside class=\"wp-block-group alignwide has-re-yellow-color has-text-color has-background has-small-font-size\" style=\"background-color:#f5f5f5\"><div class=\"wp-block-group__inner-container is-layout-constrained wp-block-group-is-layout-constrained\"><h2 style=\"color:#212529; font-style:normal;font-weight:600;\" class=\"wp-block-post-title has-text-color has-medium-font-size\">promo 2019 : Stefan SCHULTE<\/h2>\n\n<div class=\"has-text-align-left wp-block-post-date has-text-color has-re-yellow-color\"><time datetime=\"2020-01-20T13:59:26+01:00\"><a href=\"https:\/\/www.reseau-entreprendre.org\/vendee\/2020\/01\/20\/nouveau-laureat-2019-%f0%9f%91%8d-stefan-schulte\/\">20 janvier 2020<\/a><\/time><\/div><\/div><\/aside>\n\n<\/li><li class=\"wp-block-post post-2831 post type-post status-publish format-standard has-post-thumbnail hentry category-actualites category-laureats-2019 news \">\n<figure class=\"news__card wp-block-post-featured-image wp-duotone-unset-2\"><a href=\"https:\/\/www.reseau-entreprendre.org\/vendee\/2020\/01\/14\/nouveau-laureat-2019-%f0%9f%91%8d-vincent-soulard\/\" target=\"_self\"  ><img loading=\"lazy\" decoding=\"async\" width=\"620\" height=\"413\" src=\"https:\/\/www.reseau-entreprendre.org\/vendee\/wp-content\/uploads\/sites\/18\/2020\/01\/Apollo.png\" class=\"attachment-post-thumbnail size-post-thumbnail wp-post-image\" alt=\"promo 2019 : Vincent SOULARD\" style=\"object-fit:cover;\" srcset=\"https:\/\/www.reseau-entreprendre.org\/vendee\/wp-content\/uploads\/sites\/18\/2020\/01\/Apollo.png 620w, https:\/\/www.reseau-entreprendre.org\/vendee\/wp-content\/uploads\/sites\/18\/2020\/01\/Apollo-300x200.png 300w\" sizes=\"auto, (max-width: 620px) 100vw, 620px\" \/><\/a><\/figure>\n\n\n<aside class=\"wp-block-group alignwide has-re-yellow-color has-text-color has-background has-small-font-size\" style=\"background-color:#f5f5f5\"><div class=\"wp-block-group__inner-container is-layout-constrained wp-block-group-is-layout-constrained\"><h2 style=\"color:#212529; font-style:normal;font-weight:600;\" class=\"wp-block-post-title has-text-color has-medium-font-size\">promo 2019 : Vincent SOULARD<\/h2>\n\n<div class=\"has-text-align-left wp-block-post-date has-text-color has-re-yellow-color\"><time datetime=\"2020-01-14T12:06:22+01:00\"><a href=\"https:\/\/www.reseau-entreprendre.org\/vendee\/2020\/01\/14\/nouveau-laureat-2019-%f0%9f%91%8d-vincent-soulard\/\">14 janvier 2020<\/a><\/time><\/div><\/div><\/aside>\n\n<\/li><li class=\"wp-block-post post-2850 post type-post status-publish format-standard has-post-thumbnail hentry category-actualites category-laureats-2019 news \">\n<figure class=\"news__card wp-block-post-featured-image wp-duotone-unset-3\"><a href=\"https:\/\/www.reseau-entreprendre.org\/vendee\/2020\/01\/10\/nouveau-laureat-2019-%f0%9f%91%8d-alexandre-brunet\/\" target=\"_self\"  ><img loading=\"lazy\" decoding=\"async\" width=\"1701\" height=\"1243\" src=\"https:\/\/www.reseau-entreprendre.org\/vendee\/wp-content\/uploads\/sites\/18\/2020\/01\/20191217_175949.jpg\" class=\"attachment-post-thumbnail size-post-thumbnail wp-post-image\" alt=\"promo 2019 : Alexandre BRUNET\" style=\"object-fit:cover;\" srcset=\"https:\/\/www.reseau-entreprendre.org\/vendee\/wp-content\/uploads\/sites\/18\/2020\/01\/20191217_175949.jpg 1701w, https:\/\/www.reseau-entreprendre.org\/vendee\/wp-content\/uploads\/sites\/18\/2020\/01\/20191217_175949-300x219.jpg 300w, https:\/\/www.reseau-entreprendre.org\/vendee\/wp-content\/uploads\/sites\/18\/2020\/01\/20191217_175949-1024x748.jpg 1024w, https:\/\/www.reseau-entreprendre.org\/vendee\/wp-content\/uploads\/sites\/18\/2020\/01\/20191217_175949-768x561.jpg 768w, https:\/\/www.reseau-entreprendre.org\/vendee\/wp-content\/uploads\/sites\/18\/2020\/01\/20191217_175949-1536x1122.jpg 1536w\" sizes=\"auto, (max-width: 1701px) 100vw, 1701px\" \/><\/a><\/figure>\n\n\n<aside class=\"wp-block-group alignwide has-re-yellow-color has-text-color has-background has-small-font-size\" style=\"background-color:#f5f5f5\"><div class=\"wp-block-group__inner-container is-layout-constrained wp-block-group-is-layout-constrained\"><h2 style=\"color:#212529; font-style:normal;font-weight:600;\" class=\"wp-block-post-title has-text-color has-medium-font-size\">promo 2019 : Alexandre BRUNET<\/h2>\n\n<div class=\"has-text-align-left wp-block-post-date has-text-color has-re-yellow-color\"><time datetime=\"2020-01-10T14:11:06+01:00\"><a href=\"https:\/\/www.reseau-entreprendre.org\/vendee\/2020\/01\/10\/nouveau-laureat-2019-%f0%9f%91%8d-alexandre-brunet\/\">10 janvier 2020<\/a><\/time><\/div><\/div><\/aside>\n\n<\/li><li class=\"wp-block-post post-2791 post type-post status-publish format-standard has-post-thumbnail hentry category-actualites category-laureats-2019 news \">\n<figure class=\"news__card wp-block-post-featured-image wp-duotone-unset-4\"><a href=\"https:\/\/www.reseau-entreprendre.org\/vendee\/2019\/12\/20\/nouveau-laureat-2019-%f0%9f%91%8d-antony-neau-2\/\" target=\"_self\"  ><img loading=\"lazy\" decoding=\"async\" width=\"500\" height=\"339\" src=\"https:\/\/www.reseau-entreprendre.org\/vendee\/wp-content\/uploads\/sites\/18\/2019\/12\/ANEAU.jpg\" class=\"attachment-post-thumbnail size-post-thumbnail wp-post-image\" alt=\"promo 2019 &#x1f393; : Antony NEAU\" style=\"object-fit:cover;\" srcset=\"https:\/\/www.reseau-entreprendre.org\/vendee\/wp-content\/uploads\/sites\/18\/2019\/12\/ANEAU.jpg 500w, https:\/\/www.reseau-entreprendre.org\/vendee\/wp-content\/uploads\/sites\/18\/2019\/12\/ANEAU-300x203.jpg 300w, https:\/\/www.reseau-entreprendre.org\/vendee\/wp-content\/uploads\/sites\/18\/2019\/12\/ANEAU-370x250.jpg 370w\" sizes=\"auto, (max-width: 500px) 100vw, 500px\" \/><\/a><\/figure>\n\n\n<aside class=\"wp-block-group alignwide has-re-yellow-color has-text-color has-background has-small-font-size\" style=\"background-color:#f5f5f5\"><div class=\"wp-block-group__inner-container is-layout-constrained wp-block-group-is-layout-constrained\"><h2 style=\"color:#212529; font-style:normal;font-weight:600;\" class=\"wp-block-post-title has-text-color has-medium-font-size\">promo 2019 &#x1f393; : Antony NEAU<\/h2>\n\n<div class=\"has-text-align-left wp-block-post-date has-text-color has-re-yellow-color\"><time datetime=\"2019-12-20T15:53:27+01:00\"><a href=\"https:\/\/www.reseau-entreprendre.org\/vendee\/2019\/12\/20\/nouveau-laureat-2019-%f0%9f%91%8d-antony-neau-2\/\">20 d\u00e9cembre 2019<\/a><\/time><\/div><\/div><\/aside>\n\n<\/li><li class=\"wp-block-post post-2859 post type-post status-publish format-standard has-post-thumbnail hentry category-actualites category-laureats-2019 news \">\n<figure class=\"news__card wp-block-post-featured-image wp-duotone-unset-5\"><a href=\"https:\/\/www.reseau-entreprendre.org\/vendee\/2019\/12\/20\/nouveau-laureat-2019-%f0%9f%91%8d-mathieu-decottignies\/\" target=\"_self\"  ><img loading=\"lazy\" decoding=\"async\" width=\"1984\" height=\"1484\" src=\"https:\/\/www.reseau-entreprendre.org\/vendee\/wp-content\/uploads\/sites\/18\/2020\/01\/ghjgjhg.jpg\" class=\"attachment-post-thumbnail size-post-thumbnail wp-post-image\" alt=\"promo 2019 : Mathieu DECOTTIGNIES\" style=\"object-fit:cover;\" srcset=\"https:\/\/www.reseau-entreprendre.org\/vendee\/wp-content\/uploads\/sites\/18\/2020\/01\/ghjgjhg.jpg 1984w, https:\/\/www.reseau-entreprendre.org\/vendee\/wp-content\/uploads\/sites\/18\/2020\/01\/ghjgjhg-300x224.jpg 300w, https:\/\/www.reseau-entreprendre.org\/vendee\/wp-content\/uploads\/sites\/18\/2020\/01\/ghjgjhg-1024x766.jpg 1024w, https:\/\/www.reseau-entreprendre.org\/vendee\/wp-content\/uploads\/sites\/18\/2020\/01\/ghjgjhg-768x574.jpg 768w, https:\/\/www.reseau-entreprendre.org\/vendee\/wp-content\/uploads\/sites\/18\/2020\/01\/ghjgjhg-1536x1149.jpg 1536w\" sizes=\"auto, (max-width: 1984px) 100vw, 1984px\" \/><\/a><\/figure>\n\n\n<aside class=\"wp-block-group alignwide has-re-yellow-color has-text-color has-background has-small-font-size\" style=\"background-color:#f5f5f5\"><div class=\"wp-block-group__inner-container is-layout-constrained wp-block-group-is-layout-constrained\"><h2 style=\"color:#212529; font-style:normal;font-weight:600;\" class=\"wp-block-post-title has-text-color has-medium-font-size\">promo 2019 : Mathieu DECOTTIGNIES<\/h2>\n\n<div class=\"has-text-align-left wp-block-post-date has-text-color has-re-yellow-color\"><time datetime=\"2019-12-20T14:48:04+01:00\"><a href=\"https:\/\/www.reseau-entreprendre.org\/vendee\/2019\/12\/20\/nouveau-laureat-2019-%f0%9f%91%8d-mathieu-decottignies\/\">20 d\u00e9cembre 2019<\/a><\/time><\/div><\/div><\/aside>\n\n<\/li><li class=\"wp-block-post post-2783 post type-post status-publish format-standard has-post-thumbnail hentry category-actualites category-laureats-2019 news \">\n<figure class=\"news__card wp-block-post-featured-image wp-duotone-unset-6\"><a href=\"https:\/\/www.reseau-entreprendre.org\/vendee\/2019\/12\/17\/nouveau-laureat-2019-%f0%9f%91%8d-julien-caillaud\/\" target=\"_self\"  ><img loading=\"lazy\" decoding=\"async\" width=\"500\" height=\"339\" src=\"https:\/\/www.reseau-entreprendre.org\/vendee\/wp-content\/uploads\/sites\/18\/2019\/12\/Julien-Caillaud.jpg\" class=\"attachment-post-thumbnail size-post-thumbnail wp-post-image\" alt=\"promo 2019 &#x1f393; : Julien CAILLAUD\" style=\"object-fit:cover;\" srcset=\"https:\/\/www.reseau-entreprendre.org\/vendee\/wp-content\/uploads\/sites\/18\/2019\/12\/Julien-Caillaud.jpg 500w, https:\/\/www.reseau-entreprendre.org\/vendee\/wp-content\/uploads\/sites\/18\/2019\/12\/Julien-Caillaud-300x203.jpg 300w, https:\/\/www.reseau-entreprendre.org\/vendee\/wp-content\/uploads\/sites\/18\/2019\/12\/Julien-Caillaud-370x250.jpg 370w\" sizes=\"auto, (max-width: 500px) 100vw, 500px\" \/><\/a><\/figure>\n\n\n<aside class=\"wp-block-group alignwide has-re-yellow-color has-text-color has-background has-small-font-size\" style=\"background-color:#f5f5f5\"><div class=\"wp-block-group__inner-container is-layout-constrained wp-block-group-is-layout-constrained\"><h2 style=\"color:#212529; font-style:normal;font-weight:600;\" class=\"wp-block-post-title has-text-color has-medium-font-size\">promo 2019 &#x1f393; : Julien CAILLAUD<\/h2>\n\n<div class=\"has-text-align-left wp-block-post-date has-text-color has-re-yellow-color\"><time datetime=\"2019-12-17T09:51:46+01:00\"><a href=\"https:\/\/www.reseau-entreprendre.org\/vendee\/2019\/12\/17\/nouveau-laureat-2019-%f0%9f%91%8d-julien-caillaud\/\">17 d\u00e9cembre 2019<\/a><\/time><\/div><\/div><\/aside>\n\n<\/li><li class=\"wp-block-post post-2765 post type-post status-publish format-standard has-post-thumbnail hentry category-actualites category-laureats-2019 news \">\n<figure class=\"news__card wp-block-post-featured-image wp-duotone-unset-7\"><a href=\"https:\/\/www.reseau-entreprendre.org\/vendee\/2019\/12\/13\/nouveaux-laureats-2019-%f0%9f%91%8d-christophe-drude-frederic-neau-et-nicolas-berger\/\" target=\"_self\"  ><img loading=\"lazy\" decoding=\"async\" width=\"500\" height=\"339\" src=\"https:\/\/www.reseau-entreprendre.org\/vendee\/wp-content\/uploads\/sites\/18\/2019\/12\/A4-Formation.jpg\" class=\"attachment-post-thumbnail size-post-thumbnail wp-post-image\" alt=\"promo 2019 &#x1f393; : Christophe DRUDE, Fr\u00e9d\u00e9ric NEAU et Nicolas BERGER\" style=\"object-fit:cover;\" srcset=\"https:\/\/www.reseau-entreprendre.org\/vendee\/wp-content\/uploads\/sites\/18\/2019\/12\/A4-Formation.jpg 500w, https:\/\/www.reseau-entreprendre.org\/vendee\/wp-content\/uploads\/sites\/18\/2019\/12\/A4-Formation-300x203.jpg 300w, https:\/\/www.reseau-entreprendre.org\/vendee\/wp-content\/uploads\/sites\/18\/2019\/12\/A4-Formation-370x250.jpg 370w\" sizes=\"auto, (max-width: 500px) 100vw, 500px\" \/><\/a><\/figure>\n\n\n<aside class=\"wp-block-group alignwide has-re-yellow-color has-text-color has-background has-small-font-size\" style=\"background-color:#f5f5f5\"><div class=\"wp-block-group__inner-container is-layout-constrained wp-block-group-is-layout-constrained\"><h2 style=\"color:#212529; font-style:normal;font-weight:600;\" class=\"wp-block-post-title has-text-color has-medium-font-size\">promo 2019 &#x1f393; : Christophe DRUDE, Fr\u00e9d\u00e9ric NEAU et Nicolas BERGER<\/h2>\n\n<div class=\"has-text-align-left wp-block-post-date has-text-color has-re-yellow-color\"><time datetime=\"2019-12-13T15:28:49+01:00\"><a href=\"https:\/\/www.reseau-entreprendre.org\/vendee\/2019\/12\/13\/nouveaux-laureats-2019-%f0%9f%91%8d-christophe-drude-frederic-neau-et-nicolas-berger\/\">13 d\u00e9cembre 2019<\/a><\/time><\/div><\/div><\/aside>\n\n<\/li><li class=\"wp-block-post post-2675 post type-post status-publish format-standard has-post-thumbnail hentry category-actualites category-laureats-2019 news \">\n<figure class=\"news__card wp-block-post-featured-image wp-duotone-unset-8\"><a href=\"https:\/\/www.reseau-entreprendre.org\/vendee\/2019\/10\/23\/nouveau-laureat-booster-2019-%f0%9f%91%8d-fabrice-houle\/\" target=\"_self\"  ><img loading=\"lazy\" decoding=\"async\" width=\"4032\" height=\"2680\" src=\"https:\/\/www.reseau-entreprendre.org\/vendee\/wp-content\/uploads\/sites\/18\/2019\/10\/Photo-Fabrice-Houl\u00e9-4.jpg\" class=\"attachment-post-thumbnail size-post-thumbnail wp-post-image\" alt=\"promo 2019 &#x1f393; : Fabrice HOUL\u00c9\" style=\"object-fit:cover;\" srcset=\"https:\/\/www.reseau-entreprendre.org\/vendee\/wp-content\/uploads\/sites\/18\/2019\/10\/Photo-Fabrice-Houl\u00e9-4.jpg 4032w, https:\/\/www.reseau-entreprendre.org\/vendee\/wp-content\/uploads\/sites\/18\/2019\/10\/Photo-Fabrice-Houl\u00e9-4-300x199.jpg 300w, https:\/\/www.reseau-entreprendre.org\/vendee\/wp-content\/uploads\/sites\/18\/2019\/10\/Photo-Fabrice-Houl\u00e9-4-768x510.jpg 768w, https:\/\/www.reseau-entreprendre.org\/vendee\/wp-content\/uploads\/sites\/18\/2019\/10\/Photo-Fabrice-Houl\u00e9-4-1024x681.jpg 1024w\" sizes=\"auto, (max-width: 4032px) 100vw, 4032px\" \/><\/a><\/figure>\n\n\n<aside class=\"wp-block-group alignwide has-re-yellow-color has-text-color has-background has-small-font-size\" style=\"background-color:#f5f5f5\"><div class=\"wp-block-group__inner-container is-layout-constrained wp-block-group-is-layout-constrained\"><h2 style=\"color:#212529; font-style:normal;font-weight:600;\" class=\"wp-block-post-title has-text-color has-medium-font-size\">promo 2019 &#x1f393; : Fabrice HOUL\u00c9<\/h2>\n\n<div class=\"has-text-align-left wp-block-post-date has-text-color has-re-yellow-color\"><time datetime=\"2019-10-23T11:10:17+02:00\"><a href=\"https:\/\/www.reseau-entreprendre.org\/vendee\/2019\/10\/23\/nouveau-laureat-booster-2019-%f0%9f%91%8d-fabrice-houle\/\">23 octobre 2019<\/a><\/time><\/div><\/div><\/aside>\n\n<\/li><li class=\"wp-block-post post-2665 post type-post status-publish format-standard has-post-thumbnail hentry category-actualites category-laureats-2019 news \">\n<figure class=\"news__card wp-block-post-featured-image wp-duotone-unset-9\"><a href=\"https:\/\/www.reseau-entreprendre.org\/vendee\/2019\/10\/17\/nouvelle-laureate-2019-%f0%9f%91%8d-henriette-hippomene\/\" target=\"_self\"  ><img loading=\"lazy\" decoding=\"async\" width=\"500\" height=\"339\" src=\"https:\/\/www.reseau-entreprendre.org\/vendee\/wp-content\/uploads\/sites\/18\/2019\/10\/hxa.jpg\" class=\"attachment-post-thumbnail size-post-thumbnail wp-post-image\" alt=\"promo 2019 &#x1f393; : Henriette HIPPOMENE\" style=\"object-fit:cover;\" srcset=\"https:\/\/www.reseau-entreprendre.org\/vendee\/wp-content\/uploads\/sites\/18\/2019\/10\/hxa.jpg 500w, https:\/\/www.reseau-entreprendre.org\/vendee\/wp-content\/uploads\/sites\/18\/2019\/10\/hxa-300x203.jpg 300w, https:\/\/www.reseau-entreprendre.org\/vendee\/wp-content\/uploads\/sites\/18\/2019\/10\/hxa-370x250.jpg 370w\" sizes=\"auto, (max-width: 500px) 100vw, 500px\" \/><\/a><\/figure>\n\n\n<aside class=\"wp-block-group alignwide has-re-yellow-color has-text-color has-background has-small-font-size\" style=\"background-color:#f5f5f5\"><div class=\"wp-block-group__inner-container is-layout-constrained wp-block-group-is-layout-constrained\"><h2 style=\"color:#212529; font-style:normal;font-weight:600;\" class=\"wp-block-post-title has-text-color has-medium-font-size\">promo 2019 &#x1f393; : Henriette HIPPOMENE<\/h2>\n\n<div class=\"has-text-align-left wp-block-post-date has-text-color has-re-yellow-color\"><time datetime=\"2019-10-17T13:39:03+02:00\"><a href=\"https:\/\/www.reseau-entreprendre.org\/vendee\/2019\/10\/17\/nouvelle-laureate-2019-%f0%9f%91%8d-henriette-hippomene\/\">17 octobre 2019<\/a><\/time><\/div><\/div><\/aside>\n\n<\/li><li class=\"wp-block-post post-2656 post type-post status-publish format-standard has-post-thumbnail hentry category-actualites category-laureats-2019 news \">\n<figure class=\"news__card wp-block-post-featured-image wp-duotone-unset-10\"><a href=\"https:\/\/www.reseau-entreprendre.org\/vendee\/2019\/10\/15\/nouveau-laureat-ambition-2019-%f0%9f%91%8d-cedric-orseau\/\" target=\"_self\"  ><img loading=\"lazy\" decoding=\"async\" width=\"500\" height=\"339\" src=\"https:\/\/www.reseau-entreprendre.org\/vendee\/wp-content\/uploads\/sites\/18\/2019\/10\/Atlantique-Conception-1.jpg\" class=\"attachment-post-thumbnail size-post-thumbnail wp-post-image\" alt=\"promo 2019 &#x1f393; : C\u00e9dric ORSEAU\" style=\"object-fit:cover;\" srcset=\"https:\/\/www.reseau-entreprendre.org\/vendee\/wp-content\/uploads\/sites\/18\/2019\/10\/Atlantique-Conception-1.jpg 500w, https:\/\/www.reseau-entreprendre.org\/vendee\/wp-content\/uploads\/sites\/18\/2019\/10\/Atlantique-Conception-1-300x203.jpg 300w, https:\/\/www.reseau-entreprendre.org\/vendee\/wp-content\/uploads\/sites\/18\/2019\/10\/Atlantique-Conception-1-370x250.jpg 370w\" sizes=\"auto, (max-width: 500px) 100vw, 500px\" \/><\/a><\/figure>\n\n\n<aside class=\"wp-block-group alignwide has-re-yellow-color has-text-color has-background has-small-font-size\" style=\"background-color:#f5f5f5\"><div class=\"wp-block-group__inner-container is-layout-constrained wp-block-group-is-layout-constrained\"><h2 style=\"color:#212529; font-style:normal;font-weight:600;\" class=\"wp-block-post-title has-text-color has-medium-font-size\">promo 2019 &#x1f393; : C\u00e9dric ORSEAU<\/h2>\n\n<div class=\"has-text-align-left wp-block-post-date has-text-color has-re-yellow-color\"><time datetime=\"2019-10-15T17:44:15+02:00\"><a href=\"https:\/\/www.reseau-entreprendre.org\/vendee\/2019\/10\/15\/nouveau-laureat-ambition-2019-%f0%9f%91%8d-cedric-orseau\/\">15 octobre 2019<\/a><\/time><\/div><\/div><\/aside>\n\n<\/li><li class=\"wp-block-post post-2625 post type-post status-publish format-standard has-post-thumbnail hentry category-actualites category-laureats-2019 news \">\n<figure class=\"news__card wp-block-post-featured-image wp-duotone-unset-11\"><a href=\"https:\/\/www.reseau-entreprendre.org\/vendee\/2019\/09\/24\/nouveaux-laureats-2019-%f0%9f%91%8d-angeline-vachon-et-ludovic-cornuau\/\" target=\"_self\"  ><img loading=\"lazy\" decoding=\"async\" width=\"500\" height=\"339\" src=\"https:\/\/www.reseau-entreprendre.org\/vendee\/wp-content\/uploads\/sites\/18\/2019\/09\/Sans-titre-2.jpg\" class=\"attachment-post-thumbnail size-post-thumbnail wp-post-image\" alt=\"promo 2019 &#x1f393; : Ang\u00e9line VACHON et Ludovic CORNUAU\" style=\"object-fit:cover;\" srcset=\"https:\/\/www.reseau-entreprendre.org\/vendee\/wp-content\/uploads\/sites\/18\/2019\/09\/Sans-titre-2.jpg 500w, https:\/\/www.reseau-entreprendre.org\/vendee\/wp-content\/uploads\/sites\/18\/2019\/09\/Sans-titre-2-300x203.jpg 300w, https:\/\/www.reseau-entreprendre.org\/vendee\/wp-content\/uploads\/sites\/18\/2019\/09\/Sans-titre-2-370x250.jpg 370w\" sizes=\"auto, (max-width: 500px) 100vw, 500px\" \/><\/a><\/figure>\n\n\n<aside class=\"wp-block-group alignwide has-re-yellow-color has-text-color has-background has-small-font-size\" style=\"background-color:#f5f5f5\"><div class=\"wp-block-group__inner-container is-layout-constrained wp-block-group-is-layout-constrained\"><h2 style=\"color:#212529; font-style:normal;font-weight:600;\" class=\"wp-block-post-title has-text-color has-medium-font-size\">promo 2019 &#x1f393; : Ang\u00e9line VACHON et Ludovic CORNUAU<\/h2>\n\n<div class=\"has-text-align-left wp-block-post-date has-text-color has-re-yellow-color\"><time datetime=\"2019-09-24T09:45:38+02:00\"><a href=\"https:\/\/www.reseau-entreprendre.org\/vendee\/2019\/09\/24\/nouveaux-laureats-2019-%f0%9f%91%8d-angeline-vachon-et-ludovic-cornuau\/\">24 septembre 2019<\/a><\/time><\/div><\/div><\/aside>\n\n<\/li><li class=\"wp-block-post post-2591 post type-post status-publish format-standard has-post-thumbnail hentry category-actualites category-laureats-2019 news \">\n<figure class=\"news__card wp-block-post-featured-image wp-duotone-unset-12\"><a href=\"https:\/\/www.reseau-entreprendre.org\/vendee\/2019\/08\/28\/promo-2019-%f0%9f%8e%93-fabrice-arnaud\/\" target=\"_self\"  ><img loading=\"lazy\" decoding=\"async\" width=\"500\" height=\"339\" src=\"https:\/\/www.reseau-entreprendre.org\/vendee\/wp-content\/uploads\/sites\/18\/2019\/07\/scambio_rectangle.jpg\" class=\"attachment-post-thumbnail size-post-thumbnail wp-post-image\" alt=\"promo 2019 &#x1f393;: Fabrice ARNAUD\" style=\"object-fit:cover;\" srcset=\"https:\/\/www.reseau-entreprendre.org\/vendee\/wp-content\/uploads\/sites\/18\/2019\/07\/scambio_rectangle.jpg 500w, https:\/\/www.reseau-entreprendre.org\/vendee\/wp-content\/uploads\/sites\/18\/2019\/07\/scambio_rectangle-300x203.jpg 300w, https:\/\/www.reseau-entreprendre.org\/vendee\/wp-content\/uploads\/sites\/18\/2019\/07\/scambio_rectangle-370x250.jpg 370w\" sizes=\"auto, (max-width: 500px) 100vw, 500px\" \/><\/a><\/figure>\n\n\n<aside class=\"wp-block-group alignwide has-re-yellow-color has-text-color has-background has-small-font-size\" style=\"background-color:#f5f5f5\"><div class=\"wp-block-group__inner-container is-layout-constrained wp-block-group-is-layout-constrained\"><h2 style=\"color:#212529; font-style:normal;font-weight:600;\" class=\"wp-block-post-title has-text-color has-medium-font-size\">promo 2019 &#x1f393;: Fabrice ARNAUD<\/h2>\n\n<div class=\"has-text-align-left wp-block-post-date has-text-color has-re-yellow-color\"><time datetime=\"2019-08-28T09:23:26+02:00\"><a href=\"https:\/\/www.reseau-entreprendre.org\/vendee\/2019\/08\/28\/promo-2019-%f0%9f%8e%93-fabrice-arnaud\/\">28 ao\u00fbt 2019<\/a><\/time><\/div><\/div><\/aside>\n\n<\/li><\/ul>\n\n<nav class=\"wp-block-query-pagination is-content-justification-center is-layout-flex wp-container-core-query-pagination-is-layout-16018d1d wp-block-query-pagination-is-layout-flex\" aria-label=\"Pagination\">\n\n\n<div class=\"wp-block-query-pagination-numbers\"><span aria-current=\"page\" class=\"page-numbers current\">1<\/span>\n<a class=\"page-numbers\" href=\"?query-0-page=2\">2<\/a><\/div>\n\n<a href=\"\/vendee\/wp-json\/wp\/v2\/pages\/6889?query-0-page=2\" class=\"wp-block-query-pagination-next\">Page suivante<span class='wp-block-query-pagination-next-arrow is-arrow-chevron' aria-hidden='true'>\u00bb<\/span><\/a>\n<\/nav>\n\n<\/div>\n","protected":false},"excerpt":{"rendered":"","protected":false},"author":125,"featured_media":0,"parent":0,"menu_order":0,"comment_status":"closed","ping_status":"closed","template":"","meta":{"_acf_changed":false,"_monsterinsights_skip_tracking":false,"_monsterinsights_sitenote_active":false,"_monsterinsights_sitenote_note":"","_monsterinsights_sitenote_category":0,"footnotes":""},"class_list":["post-6889","page","type-page","status-publish","hentry"],"acf":[],"yoast_head":"<!-- This site is optimized with the Yoast SEO plugin v27.4 - https:\/\/yoast.com\/product\/yoast-seo-wordpress\/ -->\n<title>Laur\u00e9ats 2019 - R\u00e9seau Entreprendre Vend\u00e9e<\/title>\n<meta name=\"robots\" content=\"index, follow, max-snippet:-1, max-image-preview:large, max-video-preview:-1\" \/>\n<link rel=\"canonical\" href=\"https:\/\/www.reseau-entreprendre.org\/vendee\/laureats-2019\/\" \/>\n<link rel=\"next\" href=\"https:\/\/www.reseau-entreprendre.org\/vendee\/laureats-2019\/6889?query-0-page=2\" \/>\n<meta property=\"og:locale\" content=\"fr_FR\" \/>\n<meta property=\"og:type\" content=\"article\" \/>\n<meta property=\"og:title\" content=\"Laur\u00e9ats 2019 - R\u00e9seau Entreprendre Vend\u00e9e\" \/>\n<meta property=\"og:url\" content=\"https:\/\/www.reseau-entreprendre.org\/vendee\/laureats-2019\/\" \/>\n<meta property=\"og:site_name\" content=\"R\u00e9seau Entreprendre Vend\u00e9e\" \/>\n<meta property=\"article:modified_time\" content=\"2023-06-12T13:10:03+00:00\" \/>\n<meta name=\"twitter:card\" content=\"summary_large_image\" \/>\n<script type=\"application\/ld+json\" class=\"yoast-schema-graph\">{\"@context\":\"https:\\\/\\\/schema.org\",\"@graph\":[{\"@type\":\"WebPage\",\"@id\":\"https:\\\/\\\/www.reseau-entreprendre.org\\\/vendee\\\/laureats-2019\\\/\",\"url\":\"https:\\\/\\\/www.reseau-entreprendre.org\\\/vendee\\\/laureats-2019\\\/\",\"name\":\"Laur\u00e9ats 2019 - R\u00e9seau Entreprendre Vend\u00e9e\",\"isPartOf\":{\"@id\":\"https:\\\/\\\/www.reseau-entreprendre.org\\\/vendee\\\/#website\"},\"datePublished\":\"2023-06-12T12:55:06+00:00\",\"dateModified\":\"2023-06-12T13:10:03+00:00\",\"breadcrumb\":{\"@id\":\"https:\\\/\\\/www.reseau-entreprendre.org\\\/vendee\\\/laureats-2019\\\/#breadcrumb\"},\"inLanguage\":\"fr-FR\",\"potentialAction\":[{\"@type\":\"ReadAction\",\"target\":[\"https:\\\/\\\/www.reseau-entreprendre.org\\\/vendee\\\/laureats-2019\\\/\"]}]},{\"@type\":\"BreadcrumbList\",\"@id\":\"https:\\\/\\\/www.reseau-entreprendre.org\\\/vendee\\\/laureats-2019\\\/#breadcrumb\",\"itemListElement\":[{\"@type\":\"ListItem\",\"position\":1,\"name\":\"Accueil\",\"item\":\"https:\\\/\\\/www.reseau-entreprendre.org\\\/vendee\\\/\"},{\"@type\":\"ListItem\",\"position\":2,\"name\":\"Laur\u00e9ats 2019\"}]},{\"@type\":\"WebSite\",\"@id\":\"https:\\\/\\\/www.reseau-entreprendre.org\\\/vendee\\\/#website\",\"url\":\"https:\\\/\\\/www.reseau-entreprendre.org\\\/vendee\\\/\",\"name\":\"R\u00e9seau Entreprendre Vend\u00e9e\",\"description\":\"Un site utilisant Les sites de R\u00e9seau Entreprendre\",\"potentialAction\":[{\"@type\":\"SearchAction\",\"target\":{\"@type\":\"EntryPoint\",\"urlTemplate\":\"https:\\\/\\\/www.reseau-entreprendre.org\\\/vendee\\\/?s={search_term_string}\"},\"query-input\":{\"@type\":\"PropertyValueSpecification\",\"valueRequired\":true,\"valueName\":\"search_term_string\"}}],\"inLanguage\":\"fr-FR\"}]}<\/script>\n<!-- \/ Yoast SEO plugin. -->","yoast_head_json":{"title":"Laur\u00e9ats 2019 - R\u00e9seau Entreprendre Vend\u00e9e","robots":{"index":"index","follow":"follow","max-snippet":"max-snippet:-1","max-image-preview":"max-image-preview:large","max-video-preview":"max-video-preview:-1"},"canonical":"https:\/\/www.reseau-entreprendre.org\/vendee\/laureats-2019\/","next":"https:\/\/www.reseau-entreprendre.org\/vendee\/laureats-2019\/6889?query-0-page=2","og_locale":"fr_FR","og_type":"article","og_title":"Laur\u00e9ats 2019 - R\u00e9seau Entreprendre Vend\u00e9e","og_url":"https:\/\/www.reseau-entreprendre.org\/vendee\/laureats-2019\/","og_site_name":"R\u00e9seau Entreprendre Vend\u00e9e","article_modified_time":"2023-06-12T13:10:03+00:00","twitter_card":"summary_large_image","schema":{"@context":"https:\/\/schema.org","@graph":[{"@type":"WebPage","@id":"https:\/\/www.reseau-entreprendre.org\/vendee\/laureats-2019\/","url":"https:\/\/www.reseau-entreprendre.org\/vendee\/laureats-2019\/","name":"Laur\u00e9ats 2019 - R\u00e9seau Entreprendre Vend\u00e9e","isPartOf":{"@id":"https:\/\/www.reseau-entreprendre.org\/vendee\/#website"},"datePublished":"2023-06-12T12:55:06+00:00","dateModified":"2023-06-12T13:10:03+00:00","breadcrumb":{"@id":"https:\/\/www.reseau-entreprendre.org\/vendee\/laureats-2019\/#breadcrumb"},"inLanguage":"fr-FR","potentialAction":[{"@type":"ReadAction","target":["https:\/\/www.reseau-entreprendre.org\/vendee\/laureats-2019\/"]}]},{"@type":"BreadcrumbList","@id":"https:\/\/www.reseau-entreprendre.org\/vendee\/laureats-2019\/#breadcrumb","itemListElement":[{"@type":"ListItem","position":1,"name":"Accueil","item":"https:\/\/www.reseau-entreprendre.org\/vendee\/"},{"@type":"ListItem","position":2,"name":"Laur\u00e9ats 2019"}]},{"@type":"WebSite","@id":"https:\/\/www.reseau-entreprendre.org\/vendee\/#website","url":"https:\/\/www.reseau-entreprendre.org\/vendee\/","name":"R\u00e9seau Entreprendre Vend\u00e9e","description":"Un site utilisant Les sites de R\u00e9seau Entreprendre","potentialAction":[{"@type":"SearchAction","target":{"@type":"EntryPoint","urlTemplate":"https:\/\/www.reseau-entreprendre.org\/vendee\/?s={search_term_string}"},"query-input":{"@type":"PropertyValueSpecification","valueRequired":true,"valueName":"search_term_string"}}],"inLanguage":"fr-FR"}]}},"_links":{"self":[{"href":"https:\/\/www.reseau-entreprendre.org\/vendee\/wp-json\/wp\/v2\/pages\/6889","targetHints":{"allow":["GET"]}}],"collection":[{"href":"https:\/\/www.reseau-entreprendre.org\/vendee\/wp-json\/wp\/v2\/pages"}],"about":[{"href":"https:\/\/www.reseau-entreprendre.org\/vendee\/wp-json\/wp\/v2\/types\/page"}],"author":[{"embeddable":true,"href":"https:\/\/www.reseau-entreprendre.org\/vendee\/wp-json\/wp\/v2\/users\/125"}],"replies":[{"embeddable":true,"href":"https:\/\/www.reseau-entreprendre.org\/vendee\/wp-json\/wp\/v2\/comments?post=6889"}],"version-history":[{"count":0,"href":"https:\/\/www.reseau-entreprendre.org\/vendee\/wp-json\/wp\/v2\/pages\/6889\/revisions"}],"wp:attachment":[{"href":"https:\/\/www.reseau-entreprendre.org\/vendee\/wp-json\/wp\/v2\/media?parent=6889"}],"curies":[{"name":"wp","href":"https:\/\/api.w.org\/{rel}","templated":true}]}}