{"id":7100,"date":"2023-09-27T10:51:11","date_gmt":"2023-09-27T08:51:11","guid":{"rendered":"https:\/\/www.reseau-entreprendre.org\/vendee\/?page_id=7100"},"modified":"2024-05-21T14:50:56","modified_gmt":"2024-05-21T12:50:56","slug":"a-la-vendeenne-by-reseau-entreprendre-vendee","status":"publish","type":"page","link":"https:\/\/www.reseau-entreprendre.org\/vendee\/a-la-vendeenne-by-reseau-entreprendre-vendee\/","title":{"rendered":"A La Vend\u00e9enne by R\u00e9seau Entreprendre Vend\u00e9e"},"content":{"rendered":"\n<div class=\"wp-block-columns is-layout-flex wp-container-core-columns-is-layout-9d6595d7 wp-block-columns-is-layout-flex\">\n<div class=\"wp-block-column is-layout-flow wp-block-column-is-layout-flow\"><div class=\"wp-block-image\">\n<figure class=\"aligncenter size-full is-resized\"><img loading=\"lazy\" decoding=\"async\" width=\"975\" height=\"287\" src=\"https:\/\/www.reseau-entreprendre.org\/vendee\/wp-content\/uploads\/sites\/18\/2023\/09\/Rendre-les-idees-amusantes-1-5.png\" alt=\"\" class=\"wp-image-7155\" style=\"aspect-ratio:3.397212543554007;width:588px;height:auto\" srcset=\"https:\/\/www.reseau-entreprendre.org\/vendee\/wp-content\/uploads\/sites\/18\/2023\/09\/Rendre-les-idees-amusantes-1-5.png 975w, https:\/\/www.reseau-entreprendre.org\/vendee\/wp-content\/uploads\/sites\/18\/2023\/09\/Rendre-les-idees-amusantes-1-5-300x88.png 300w, https:\/\/www.reseau-entreprendre.org\/vendee\/wp-content\/uploads\/sites\/18\/2023\/09\/Rendre-les-idees-amusantes-1-5-768x226.png 768w, https:\/\/www.reseau-entreprendre.org\/vendee\/wp-content\/uploads\/sites\/18\/2023\/09\/Rendre-les-idees-amusantes-1-5-210x62.png 210w\" sizes=\"auto, (max-width: 975px) 100vw, 975px\" \/><\/figure>\n<\/div><\/div>\n<\/div>\n\n\n\n<h2 class=\"wp-block-heading has-text-align-left has-re-blue-color has-text-color has-background\" style=\"background-color:#ffffff12;font-size:18px\"><strong>La Commission Innovation<\/strong><\/h2>\n\n\n\n<p style=\"font-size:16px\">Cr\u00e9\u00e9e en 2014, la Commission Innovation est compos\u00e9e de 17 dirigeants et partenaires, membres de l&#8217;association qui \u0153uvrent \u00e0 la promotion de l&#8217;innovation entrepreneuriale en Vend\u00e9e. <\/p>\n\n\n\n<p style=\"font-size:16px\">Son objectif : faire rayonner l&#8217;innovation de nos membres et laur\u00e9ats pour contribuer \u00e0 l&#8217;\u00e9conomie vend\u00e9enne de demain et \u00e0 la cr\u00e9ation des prochains fleurons vend\u00e9ens.<\/p>\n\n\n\n<p class=\"has-re-yellow-color has-text-color has-medium-font-size\"><strong>Les missions :<\/strong><\/p>\n\n\n\n<div class=\"wp-block-columns is-layout-flex wp-container-core-columns-is-layout-9d6595d7 wp-block-columns-is-layout-flex\">\n<div class=\"wp-block-column is-layout-flow wp-block-column-is-layout-flow\">\n<p style=\"font-size:16px\">\u25cf Faire de l\u2019innovation un liant entre nos membres et laur\u00e9ats<br>\u25cf Valoriser des exemples d\u2019innovation chez nos membres et laur\u00e9ats<br>\u25cf Vulgariser : l\u2019innovation accessible \u00e0 tous !<br><\/p>\n<\/div>\n\n\n\n<div class=\"wp-block-column is-layout-flow wp-block-column-is-layout-flow\">\n<p style=\"font-size:16px\">\u25cf R\u00e9compenser les meilleures initiatives <br>\u25cf Innover au sein de R\u00e9seau Entreprendre Vend\u00e9e<br>\u25cf Contribuer \u00e0 la cr\u00e9ation de nouveaux emplois<br>\u25cf Aider \u00e0 faire \u00e9voluer les porteurs de projets en chefs d\u2019entreprise<\/p>\n<\/div>\n<\/div>\n\n\n\n<h2 class=\"wp-block-heading has-text-align-left has-re-blue-color has-text-color has-background\" style=\"background-color:#ffffff12;font-size:18px\"><strong>ALV &#8211; A La Vend\u00e9enne<\/strong> : qu&#8217;est-ce que c&#8217;est ?<\/h2>\n\n\n\n<p style=\"font-size:16px\">C\u2019est un label cr\u00e9\u00e9 par  R\u00e9seau Entreprendre Vend\u00e9e afin de <strong>faire rayonner les innovations des membres et laur\u00e9ats de l\u2019association.<\/strong> <br>Ce label permet d <strong>\u2019identifier une initiative vend\u00e9enne li\u00e9e \u00e0 l\u2019innovation<\/strong> et refl\u00e8te la vision de l\u2019entrepreneuriat dans un monde qui \u00e9volue. <br>Il a pour objectif de promouvoir  les valeurs de R\u00e9seau Entreprendre (la personne, la gratuit\u00e9, la r\u00e9ciprocit\u00e9) sp\u00e9cifiquement appliqu\u00e9es \u00e0 la Vend\u00e9e (b\u00e9n\u00e9volat, engagement, partage).<\/p>\n\n\n\n<div style=\"height:21px\" aria-hidden=\"true\" class=\"wp-block-spacer\"><\/div>\n\n\n\n<h3 class=\"wp-block-heading has-text-align-center\">Les 4 outils <em>A La Vend\u00e9enne<\/em><\/h3>\n\n\n\n<div style=\"height:21px\" aria-hidden=\"true\" class=\"wp-block-spacer\"><\/div>\n\n\n\n<div class=\"wp-block-columns is-layout-flex wp-container-core-columns-is-layout-9d6595d7 wp-block-columns-is-layout-flex\">\n<div class=\"wp-block-column is-layout-flow wp-block-column-is-layout-flow\">\n<div class=\"wp-block-columns is-layout-flex wp-container-core-columns-is-layout-9d6595d7 wp-block-columns-is-layout-flex\">\n<div class=\"wp-block-column is-layout-flow wp-block-column-is-layout-flow\">\n<figure class=\"wp-block-image size-full\"><a href=\"https:\/\/podcast.ausha.co\/a-la-vendeenne-par-reseau-entreprendre-vendee\"><img loading=\"lazy\" decoding=\"async\" width=\"1485\" height=\"1485\" src=\"https:\/\/www.reseau-entreprendre.org\/vendee\/wp-content\/uploads\/sites\/18\/2023\/11\/1-1.png\" alt=\"\" class=\"wp-image-7346\" srcset=\"https:\/\/www.reseau-entreprendre.org\/vendee\/wp-content\/uploads\/sites\/18\/2023\/11\/1-1.png 1485w, https:\/\/www.reseau-entreprendre.org\/vendee\/wp-content\/uploads\/sites\/18\/2023\/11\/1-1-300x300.png 300w, https:\/\/www.reseau-entreprendre.org\/vendee\/wp-content\/uploads\/sites\/18\/2023\/11\/1-1-1024x1024.png 1024w, https:\/\/www.reseau-entreprendre.org\/vendee\/wp-content\/uploads\/sites\/18\/2023\/11\/1-1-150x150.png 150w, https:\/\/www.reseau-entreprendre.org\/vendee\/wp-content\/uploads\/sites\/18\/2023\/11\/1-1-768x768.png 768w, https:\/\/www.reseau-entreprendre.org\/vendee\/wp-content\/uploads\/sites\/18\/2023\/11\/1-1-130x130.png 130w\" sizes=\"auto, (max-width: 1485px) 100vw, 1485px\" \/><\/a><\/figure>\n<\/div>\n\n\n\n<div class=\"wp-block-column is-layout-flow wp-block-column-is-layout-flow\">\n<figure class=\"wp-block-image size-full\"><img loading=\"lazy\" decoding=\"async\" width=\"2160\" height=\"2160\" src=\"https:\/\/www.reseau-entreprendre.org\/vendee\/wp-content\/uploads\/sites\/18\/2023\/11\/Podcast-RC.png\" alt=\"\" class=\"wp-image-7349\" srcset=\"https:\/\/www.reseau-entreprendre.org\/vendee\/wp-content\/uploads\/sites\/18\/2023\/11\/Podcast-RC.png 2160w, https:\/\/www.reseau-entreprendre.org\/vendee\/wp-content\/uploads\/sites\/18\/2023\/11\/Podcast-RC-300x300.png 300w, https:\/\/www.reseau-entreprendre.org\/vendee\/wp-content\/uploads\/sites\/18\/2023\/11\/Podcast-RC-1024x1024.png 1024w, https:\/\/www.reseau-entreprendre.org\/vendee\/wp-content\/uploads\/sites\/18\/2023\/11\/Podcast-RC-150x150.png 150w, https:\/\/www.reseau-entreprendre.org\/vendee\/wp-content\/uploads\/sites\/18\/2023\/11\/Podcast-RC-768x768.png 768w, https:\/\/www.reseau-entreprendre.org\/vendee\/wp-content\/uploads\/sites\/18\/2023\/11\/Podcast-RC-1536x1536.png 1536w, https:\/\/www.reseau-entreprendre.org\/vendee\/wp-content\/uploads\/sites\/18\/2023\/11\/Podcast-RC-2048x2048.png 2048w, https:\/\/www.reseau-entreprendre.org\/vendee\/wp-content\/uploads\/sites\/18\/2023\/11\/Podcast-RC-130x130.png 130w\" sizes=\"auto, (max-width: 2160px) 100vw, 2160px\" \/><\/figure>\n<\/div>\n<\/div>\n\n\n\n<div class=\"wp-block-columns is-layout-flex wp-container-core-columns-is-layout-9d6595d7 wp-block-columns-is-layout-flex\">\n<div class=\"wp-block-column is-layout-flow wp-block-column-is-layout-flow\">\n<p class=\"has-text-align-center\" style=\"font-size:15px\"><a href=\"https:\/\/podcast.ausha.co\/a-la-vendeenne-par-reseau-entreprendre-vendee\">D\u00e9couvrez le portrait de<br> 6 dirigeants vend\u00e9ens inspirants <br>\u00e0 travers <strong>le partage de leurs<br> succ\u00e8s et leurs \u00e9checs.<\/strong><\/a><\/p>\n<\/div>\n\n\n\n<div class=\"wp-block-column is-layout-flow wp-block-column-is-layout-flow\">\n<p class=\"has-text-align-center\" style=\"font-size:15px\">Pour les porteurs de projets candidats \u00e0 l&#8217;accompagnement (futurs laur\u00e9ats)  :<br><strong>Ais-je la posture du dirigeant ?<\/strong><\/p>\n<\/div>\n<\/div>\n<\/div>\n\n\n\n<div class=\"wp-block-column is-layout-flow wp-block-column-is-layout-flow\">\n<div class=\"wp-block-columns is-layout-flex wp-container-core-columns-is-layout-9d6595d7 wp-block-columns-is-layout-flex\">\n<div class=\"wp-block-column is-layout-flow wp-block-column-is-layout-flow\">\n<figure class=\"wp-block-image size-full\"><img loading=\"lazy\" decoding=\"async\" width=\"1485\" height=\"1485\" src=\"https:\/\/www.reseau-entreprendre.org\/vendee\/wp-content\/uploads\/sites\/18\/2023\/11\/2.png\" alt=\"\" class=\"wp-image-7347\" srcset=\"https:\/\/www.reseau-entreprendre.org\/vendee\/wp-content\/uploads\/sites\/18\/2023\/11\/2.png 1485w, https:\/\/www.reseau-entreprendre.org\/vendee\/wp-content\/uploads\/sites\/18\/2023\/11\/2-300x300.png 300w, https:\/\/www.reseau-entreprendre.org\/vendee\/wp-content\/uploads\/sites\/18\/2023\/11\/2-1024x1024.png 1024w, https:\/\/www.reseau-entreprendre.org\/vendee\/wp-content\/uploads\/sites\/18\/2023\/11\/2-150x150.png 150w, https:\/\/www.reseau-entreprendre.org\/vendee\/wp-content\/uploads\/sites\/18\/2023\/11\/2-768x768.png 768w, https:\/\/www.reseau-entreprendre.org\/vendee\/wp-content\/uploads\/sites\/18\/2023\/11\/2-130x130.png 130w\" sizes=\"auto, (max-width: 1485px) 100vw, 1485px\" \/><\/figure>\n<\/div>\n\n\n\n<div class=\"wp-block-column is-layout-flow wp-block-column-is-layout-flow\">\n<figure class=\"wp-block-image size-full\"><img loading=\"lazy\" decoding=\"async\" width=\"1485\" height=\"1485\" src=\"https:\/\/www.reseau-entreprendre.org\/vendee\/wp-content\/uploads\/sites\/18\/2023\/11\/3.png\" alt=\"\" class=\"wp-image-7348\" srcset=\"https:\/\/www.reseau-entreprendre.org\/vendee\/wp-content\/uploads\/sites\/18\/2023\/11\/3.png 1485w, https:\/\/www.reseau-entreprendre.org\/vendee\/wp-content\/uploads\/sites\/18\/2023\/11\/3-300x300.png 300w, https:\/\/www.reseau-entreprendre.org\/vendee\/wp-content\/uploads\/sites\/18\/2023\/11\/3-1024x1024.png 1024w, https:\/\/www.reseau-entreprendre.org\/vendee\/wp-content\/uploads\/sites\/18\/2023\/11\/3-150x150.png 150w, https:\/\/www.reseau-entreprendre.org\/vendee\/wp-content\/uploads\/sites\/18\/2023\/11\/3-768x768.png 768w, https:\/\/www.reseau-entreprendre.org\/vendee\/wp-content\/uploads\/sites\/18\/2023\/11\/3-130x130.png 130w\" sizes=\"auto, (max-width: 1485px) 100vw, 1485px\" \/><\/figure>\n<\/div>\n<\/div>\n\n\n\n<div class=\"wp-block-columns is-layout-flex wp-container-core-columns-is-layout-9d6595d7 wp-block-columns-is-layout-flex\">\n<div class=\"wp-block-column is-layout-flow wp-block-column-is-layout-flow\">\n<p class=\"has-text-align-center\" style=\"font-size:15px\">Appel \u00e0 candidature r\u00e9serv\u00e9 les membres et laur\u00e9ats de <strong>R\u00e9seau Entreprendre Vend\u00e9e*<\/strong><\/p>\n<\/div>\n\n\n\n<div class=\"wp-block-column is-layout-flow wp-block-column-is-layout-flow\">\n<p class=\"has-text-align-center\" style=\"font-size:15px\"><strong>Une plateforme web interne<\/strong><br>pour retrouver les outils, conseils et initiatives des membres et laur\u00e9ats (\u00e0 venir) <\/p>\n<\/div>\n<\/div>\n<\/div>\n<\/div>\n\n\n\n<h2 class=\"wp-block-heading has-text-align-left has-re-blue-color has-text-color has-background\" style=\"background-color:#ffffff12;font-size:18px\"><strong>* J&#8217;INNOVE DANS MON ENTREPRISE<\/strong> : l&#8217;appel \u00e0 candidature pour les membres et laur\u00e9at(e)s<\/h2>\n\n\n\n<p style=\"font-size:16px\">Vous \u00eates membre ou laur\u00e9at(e) de R\u00e9seau Entreprendre Vend\u00e9e et vous voulez pr\u00e9senter la d\u00e9marche innovante de votre entreprise (innovation manag\u00e9riale, technique, \u00e9conomique etc &#8230; &#x2b07;&#xfe0f;) ? <strong>Alors pr\u00e9sentez votre candidature <\/strong><mark class=\"has-inline-color has-re-yellow-color\"><strong>pour partager et promouvoir vos bonnes pratiques !<\/strong> <\/mark><\/p>\n\n\n\n<p class=\"has-text-align-center has-re-red-color has-text-color has-link-color wp-elements-a7008acbad08d3d6f55b0ad1fc9d8f0d\" style=\"font-size:16px\"><strong>Mars 2024 : CL\u00d4TURE DES CANDIDATURES<\/strong><\/p>\n\n\n<div class=\"wp-block-image\">\n<figure class=\"aligncenter size-full is-resized\"><img loading=\"lazy\" decoding=\"async\" width=\"5528\" height=\"3513\" src=\"https:\/\/www.reseau-entreprendre.org\/vendee\/wp-content\/uploads\/sites\/18\/2023\/11\/Infographie-2.png\" alt=\"\" class=\"wp-image-7325\" style=\"aspect-ratio:1.5735838314830628;width:902px;height:auto\" srcset=\"https:\/\/www.reseau-entreprendre.org\/vendee\/wp-content\/uploads\/sites\/18\/2023\/11\/Infographie-2.png 5528w, https:\/\/www.reseau-entreprendre.org\/vendee\/wp-content\/uploads\/sites\/18\/2023\/11\/Infographie-2-300x191.png 300w, https:\/\/www.reseau-entreprendre.org\/vendee\/wp-content\/uploads\/sites\/18\/2023\/11\/Infographie-2-1024x651.png 1024w, https:\/\/www.reseau-entreprendre.org\/vendee\/wp-content\/uploads\/sites\/18\/2023\/11\/Infographie-2-768x488.png 768w, https:\/\/www.reseau-entreprendre.org\/vendee\/wp-content\/uploads\/sites\/18\/2023\/11\/Infographie-2-1536x976.png 1536w, https:\/\/www.reseau-entreprendre.org\/vendee\/wp-content\/uploads\/sites\/18\/2023\/11\/Infographie-2-2048x1301.png 2048w, https:\/\/www.reseau-entreprendre.org\/vendee\/wp-content\/uploads\/sites\/18\/2023\/11\/Infographie-2-205x130.png 205w\" sizes=\"auto, (max-width: 5528px) 100vw, 5528px\" \/><\/figure>\n<\/div>","protected":false},"excerpt":{"rendered":"<p>La Commission Innovation Cr\u00e9\u00e9e en 2014, la Commission Innovation est<\/p>\n","protected":false},"author":18,"featured_media":0,"parent":0,"menu_order":0,"comment_status":"closed","ping_status":"closed","template":"","meta":{"_acf_changed":false,"_monsterinsights_skip_tracking":false,"_monsterinsights_sitenote_active":false,"_monsterinsights_sitenote_note":"","_monsterinsights_sitenote_category":0,"footnotes":""},"class_list":["post-7100","page","type-page","status-publish","hentry"],"acf":[],"yoast_head":"<!-- This site is optimized with the Yoast SEO plugin v27.4 - https:\/\/yoast.com\/product\/yoast-seo-wordpress\/ -->\n<title>A La Vend\u00e9enne by R\u00e9seau Entreprendre Vend\u00e9e - R\u00e9seau Entreprendre Vend\u00e9e<\/title>\n<meta name=\"robots\" content=\"index, follow, max-snippet:-1, max-image-preview:large, max-video-preview:-1\" \/>\n<link rel=\"canonical\" href=\"https:\/\/www.reseau-entreprendre.org\/vendee\/a-la-vendeenne-by-reseau-entreprendre-vendee\/\" \/>\n<meta property=\"og:locale\" content=\"fr_FR\" \/>\n<meta property=\"og:type\" content=\"article\" \/>\n<meta property=\"og:title\" content=\"A La Vend\u00e9enne by R\u00e9seau Entreprendre Vend\u00e9e - R\u00e9seau Entreprendre Vend\u00e9e\" \/>\n<meta property=\"og:description\" content=\"La Commission Innovation Cr\u00e9\u00e9e en 2014, la Commission Innovation est\" \/>\n<meta property=\"og:url\" content=\"https:\/\/www.reseau-entreprendre.org\/vendee\/a-la-vendeenne-by-reseau-entreprendre-vendee\/\" \/>\n<meta property=\"og:site_name\" content=\"R\u00e9seau Entreprendre Vend\u00e9e\" \/>\n<meta property=\"article:modified_time\" content=\"2024-05-21T12:50:56+00:00\" \/>\n<meta property=\"og:image\" content=\"https:\/\/www.reseau-entreprendre.org\/vendee\/wp-content\/uploads\/sites\/18\/2023\/09\/Rendre-les-idees-amusantes-1-5.png\" \/>\n<meta name=\"twitter:card\" content=\"summary_large_image\" \/>\n<meta name=\"twitter:label1\" content=\"Dur\u00e9e de lecture estim\u00e9e\" \/>\n\t<meta name=\"twitter:data1\" content=\"3 minutes\" \/>\n<script type=\"application\/ld+json\" class=\"yoast-schema-graph\">{\"@context\":\"https:\\\/\\\/schema.org\",\"@graph\":[{\"@type\":\"WebPage\",\"@id\":\"https:\\\/\\\/www.reseau-entreprendre.org\\\/vendee\\\/a-la-vendeenne-by-reseau-entreprendre-vendee\\\/\",\"url\":\"https:\\\/\\\/www.reseau-entreprendre.org\\\/vendee\\\/a-la-vendeenne-by-reseau-entreprendre-vendee\\\/\",\"name\":\"A La Vend\u00e9enne by R\u00e9seau Entreprendre Vend\u00e9e - R\u00e9seau Entreprendre Vend\u00e9e\",\"isPartOf\":{\"@id\":\"https:\\\/\\\/www.reseau-entreprendre.org\\\/vendee\\\/#website\"},\"primaryImageOfPage\":{\"@id\":\"https:\\\/\\\/www.reseau-entreprendre.org\\\/vendee\\\/a-la-vendeenne-by-reseau-entreprendre-vendee\\\/#primaryimage\"},\"image\":{\"@id\":\"https:\\\/\\\/www.reseau-entreprendre.org\\\/vendee\\\/a-la-vendeenne-by-reseau-entreprendre-vendee\\\/#primaryimage\"},\"thumbnailUrl\":\"https:\\\/\\\/www.reseau-entreprendre.org\\\/vendee\\\/wp-content\\\/uploads\\\/sites\\\/18\\\/2023\\\/09\\\/Rendre-les-idees-amusantes-1-5.png\",\"datePublished\":\"2023-09-27T08:51:11+00:00\",\"dateModified\":\"2024-05-21T12:50:56+00:00\",\"breadcrumb\":{\"@id\":\"https:\\\/\\\/www.reseau-entreprendre.org\\\/vendee\\\/a-la-vendeenne-by-reseau-entreprendre-vendee\\\/#breadcrumb\"},\"inLanguage\":\"fr-FR\",\"potentialAction\":[{\"@type\":\"ReadAction\",\"target\":[\"https:\\\/\\\/www.reseau-entreprendre.org\\\/vendee\\\/a-la-vendeenne-by-reseau-entreprendre-vendee\\\/\"]}]},{\"@type\":\"ImageObject\",\"inLanguage\":\"fr-FR\",\"@id\":\"https:\\\/\\\/www.reseau-entreprendre.org\\\/vendee\\\/a-la-vendeenne-by-reseau-entreprendre-vendee\\\/#primaryimage\",\"url\":\"https:\\\/\\\/www.reseau-entreprendre.org\\\/vendee\\\/wp-content\\\/uploads\\\/sites\\\/18\\\/2023\\\/09\\\/Rendre-les-idees-amusantes-1-5.png\",\"contentUrl\":\"https:\\\/\\\/www.reseau-entreprendre.org\\\/vendee\\\/wp-content\\\/uploads\\\/sites\\\/18\\\/2023\\\/09\\\/Rendre-les-idees-amusantes-1-5.png\",\"width\":975,\"height\":287},{\"@type\":\"BreadcrumbList\",\"@id\":\"https:\\\/\\\/www.reseau-entreprendre.org\\\/vendee\\\/a-la-vendeenne-by-reseau-entreprendre-vendee\\\/#breadcrumb\",\"itemListElement\":[{\"@type\":\"ListItem\",\"position\":1,\"name\":\"Accueil\",\"item\":\"https:\\\/\\\/www.reseau-entreprendre.org\\\/vendee\\\/\"},{\"@type\":\"ListItem\",\"position\":2,\"name\":\"A La Vend\u00e9enne by R\u00e9seau Entreprendre Vend\u00e9e\"}]},{\"@type\":\"WebSite\",\"@id\":\"https:\\\/\\\/www.reseau-entreprendre.org\\\/vendee\\\/#website\",\"url\":\"https:\\\/\\\/www.reseau-entreprendre.org\\\/vendee\\\/\",\"name\":\"R\u00e9seau Entreprendre Vend\u00e9e\",\"description\":\"Un site utilisant Les sites de R\u00e9seau Entreprendre\",\"potentialAction\":[{\"@type\":\"SearchAction\",\"target\":{\"@type\":\"EntryPoint\",\"urlTemplate\":\"https:\\\/\\\/www.reseau-entreprendre.org\\\/vendee\\\/?s={search_term_string}\"},\"query-input\":{\"@type\":\"PropertyValueSpecification\",\"valueRequired\":true,\"valueName\":\"search_term_string\"}}],\"inLanguage\":\"fr-FR\"}]}<\/script>\n<!-- \/ Yoast SEO plugin. -->","yoast_head_json":{"title":"A La Vend\u00e9enne by R\u00e9seau Entreprendre Vend\u00e9e - R\u00e9seau Entreprendre Vend\u00e9e","robots":{"index":"index","follow":"follow","max-snippet":"max-snippet:-1","max-image-preview":"max-image-preview:large","max-video-preview":"max-video-preview:-1"},"canonical":"https:\/\/www.reseau-entreprendre.org\/vendee\/a-la-vendeenne-by-reseau-entreprendre-vendee\/","og_locale":"fr_FR","og_type":"article","og_title":"A La Vend\u00e9enne by R\u00e9seau Entreprendre Vend\u00e9e - R\u00e9seau Entreprendre Vend\u00e9e","og_description":"La Commission Innovation Cr\u00e9\u00e9e en 2014, la Commission Innovation est","og_url":"https:\/\/www.reseau-entreprendre.org\/vendee\/a-la-vendeenne-by-reseau-entreprendre-vendee\/","og_site_name":"R\u00e9seau Entreprendre Vend\u00e9e","article_modified_time":"2024-05-21T12:50:56+00:00","og_image":[{"url":"https:\/\/www.reseau-entreprendre.org\/vendee\/wp-content\/uploads\/sites\/18\/2023\/09\/Rendre-les-idees-amusantes-1-5.png","type":"","width":"","height":""}],"twitter_card":"summary_large_image","twitter_misc":{"Dur\u00e9e de lecture estim\u00e9e":"3 minutes"},"schema":{"@context":"https:\/\/schema.org","@graph":[{"@type":"WebPage","@id":"https:\/\/www.reseau-entreprendre.org\/vendee\/a-la-vendeenne-by-reseau-entreprendre-vendee\/","url":"https:\/\/www.reseau-entreprendre.org\/vendee\/a-la-vendeenne-by-reseau-entreprendre-vendee\/","name":"A La Vend\u00e9enne by R\u00e9seau Entreprendre Vend\u00e9e - R\u00e9seau Entreprendre Vend\u00e9e","isPartOf":{"@id":"https:\/\/www.reseau-entreprendre.org\/vendee\/#website"},"primaryImageOfPage":{"@id":"https:\/\/www.reseau-entreprendre.org\/vendee\/a-la-vendeenne-by-reseau-entreprendre-vendee\/#primaryimage"},"image":{"@id":"https:\/\/www.reseau-entreprendre.org\/vendee\/a-la-vendeenne-by-reseau-entreprendre-vendee\/#primaryimage"},"thumbnailUrl":"https:\/\/www.reseau-entreprendre.org\/vendee\/wp-content\/uploads\/sites\/18\/2023\/09\/Rendre-les-idees-amusantes-1-5.png","datePublished":"2023-09-27T08:51:11+00:00","dateModified":"2024-05-21T12:50:56+00:00","breadcrumb":{"@id":"https:\/\/www.reseau-entreprendre.org\/vendee\/a-la-vendeenne-by-reseau-entreprendre-vendee\/#breadcrumb"},"inLanguage":"fr-FR","potentialAction":[{"@type":"ReadAction","target":["https:\/\/www.reseau-entreprendre.org\/vendee\/a-la-vendeenne-by-reseau-entreprendre-vendee\/"]}]},{"@type":"ImageObject","inLanguage":"fr-FR","@id":"https:\/\/www.reseau-entreprendre.org\/vendee\/a-la-vendeenne-by-reseau-entreprendre-vendee\/#primaryimage","url":"https:\/\/www.reseau-entreprendre.org\/vendee\/wp-content\/uploads\/sites\/18\/2023\/09\/Rendre-les-idees-amusantes-1-5.png","contentUrl":"https:\/\/www.reseau-entreprendre.org\/vendee\/wp-content\/uploads\/sites\/18\/2023\/09\/Rendre-les-idees-amusantes-1-5.png","width":975,"height":287},{"@type":"BreadcrumbList","@id":"https:\/\/www.reseau-entreprendre.org\/vendee\/a-la-vendeenne-by-reseau-entreprendre-vendee\/#breadcrumb","itemListElement":[{"@type":"ListItem","position":1,"name":"Accueil","item":"https:\/\/www.reseau-entreprendre.org\/vendee\/"},{"@type":"ListItem","position":2,"name":"A La Vend\u00e9enne by R\u00e9seau Entreprendre Vend\u00e9e"}]},{"@type":"WebSite","@id":"https:\/\/www.reseau-entreprendre.org\/vendee\/#website","url":"https:\/\/www.reseau-entreprendre.org\/vendee\/","name":"R\u00e9seau Entreprendre Vend\u00e9e","description":"Un site utilisant Les sites de R\u00e9seau Entreprendre","potentialAction":[{"@type":"SearchAction","target":{"@type":"EntryPoint","urlTemplate":"https:\/\/www.reseau-entreprendre.org\/vendee\/?s={search_term_string}"},"query-input":{"@type":"PropertyValueSpecification","valueRequired":true,"valueName":"search_term_string"}}],"inLanguage":"fr-FR"}]}},"_links":{"self":[{"href":"https:\/\/www.reseau-entreprendre.org\/vendee\/wp-json\/wp\/v2\/pages\/7100","targetHints":{"allow":["GET"]}}],"collection":[{"href":"https:\/\/www.reseau-entreprendre.org\/vendee\/wp-json\/wp\/v2\/pages"}],"about":[{"href":"https:\/\/www.reseau-entreprendre.org\/vendee\/wp-json\/wp\/v2\/types\/page"}],"author":[{"embeddable":true,"href":"https:\/\/www.reseau-entreprendre.org\/vendee\/wp-json\/wp\/v2\/users\/18"}],"replies":[{"embeddable":true,"href":"https:\/\/www.reseau-entreprendre.org\/vendee\/wp-json\/wp\/v2\/comments?post=7100"}],"version-history":[{"count":0,"href":"https:\/\/www.reseau-entreprendre.org\/vendee\/wp-json\/wp\/v2\/pages\/7100\/revisions"}],"wp:attachment":[{"href":"https:\/\/www.reseau-entreprendre.org\/vendee\/wp-json\/wp\/v2\/media?parent=7100"}],"curies":[{"name":"wp","href":"https:\/\/api.w.org\/{rel}","templated":true}]}}