{"id":15,"date":"2017-04-28T12:33:47","date_gmt":"2017-04-28T10:33:47","guid":{"rendered":"https:\/\/www.reseau-entreprendre.org\/yvelines\/?page_id=15"},"modified":"2024-08-30T12:55:06","modified_gmt":"2024-08-30T10:55:06","slug":"accompagner","status":"publish","type":"page","link":"https:\/\/www.reseau-entreprendre.org\/yvelines\/accompagner\/","title":{"rendered":"ACCOMPAGNER"},"content":{"rendered":"\n<div class=\"wp-block-group has-background\" style=\"background-color:#fff9f9\"><div class=\"wp-block-group__inner-container is-layout-flow wp-block-group-is-layout-flow\">\n<div style=\"height:30px\" aria-hidden=\"true\" class=\"wp-block-spacer\"><\/div>\n\n\n\n<h1 class=\"wp-block-heading has-large-font-size\" style=\"line-height:1.4\"><strong><strong><mark class=\"has-inline-color has-re-red-color\">ACCOMPAGNER LES ENTREPRENEUR(E)S<\/mark><\/strong><mark class=\"has-inline-color has-re-blue-color\"> <\/mark><\/strong><\/h1>\n\n\n\n<h2 class=\"wp-block-heading has-large-font-size\" style=\"line-height:1.4\">DEVENEZ <strong>MEMBRE OU PARTENAIRE<\/strong> DU R\u00c9SEAU ENTREPRENDRE\u00ae YVELINES<\/h2>\n\n\n\n<div style=\"height:20px\" aria-hidden=\"true\" class=\"wp-block-spacer\"><\/div>\n\n\n\n<div class=\"wp-block-columns is-layout-flex wp-container-core-columns-is-layout-9d6595d7 wp-block-columns-is-layout-flex\">\n<div class=\"wp-block-column is-layout-flow wp-block-column-is-layout-flow\">\n<p style=\"font-size:20px\"><strong>Vous \u00eates chef d\u2019entreprise et vous souhaitez accompagner des cr\u00e9ateurs, repreneurs et d\u00e9veloppeurs d\u2019entreprise ?<\/strong><br><\/p>\n\n\n\n<p><strong>Devenez Membre R\u00e9seau Entreprendre \u00ae  Yvelines !<\/strong><\/p>\n\n\n\n<p>Aujourd\u2019hui plus de 135 membres participent \u00e0 la r\u00e9ussite des entrepreneurs de la r\u00e9gion et contribuent \u00e0 ces aventures humaines que vivent les Laur\u00e9ats.<\/p>\n\n\n\n<p class=\"has-re-red-color has-text-color has-link-color wp-elements-0d7a5a90d089f5ad68f57828f6d0ab43\" style=\"font-size:24px\"><strong>Pourquoi adh\u00e9rer ?<\/strong><\/p>\n\n\n\n<ul class=\"is-style-list-arrows wp-block-list\">\n<li>Pour animer, t\u00e9moigner et transmettre votre passion d\u2019entreprendre<\/li>\n\n\n\n<li>Contribuer au d\u00e9veloppement \u00e9conomique local, \u00e0 la cr\u00e9ation de richesses et d\u2019emplois de la r\u00e9gion<\/li>\n\n\n\n<li>Grandir au contact des cr\u00e9ateurs, repreneurs et d\u00e9veloppeurs d\u2019entreprise<\/li>\n\n\n\n<li>Faire partie d\u2019un r\u00e9seau unique d\u2019entraide entrepreneurial et participer \u00e0 des \u00e9v\u00e9nements conviviaux<\/li>\n<\/ul>\n<\/div>\n\n\n\n<div class=\"wp-block-column is-layout-flow wp-block-column-is-layout-flow\">\n<div style=\"height:30px\" aria-hidden=\"true\" class=\"wp-block-spacer\"><\/div>\n\n\n\n<p class=\"has-re-red-color has-text-color has-link-color wp-elements-c57f8b8d909f56efd8bbb4db236b93d9\" style=\"font-size:24px\"><strong>En quoi consiste l\u2019accompagnement ?<\/strong><\/p>\n\n\n\n<p>Les missions sont diverses&nbsp;en fonction du temps que vous souhaitez apporter&nbsp;:<\/p>\n\n\n\n<ul class=\"is-style-list-arrows wp-block-list\">\n<li>Etude de nouveaux projets<\/li>\n\n\n\n<li>Pr\u00e9-validation du projet avant le comit\u00e9 d\u2019engagement<\/li>\n\n\n\n<li>Participation \u00e0 des comit\u00e9s d\u2019engagement (validation du nouveau projet)<\/li>\n\n\n\n<li>Accompagnement personnalis\u00e9 d\u2019un laur\u00e9at sur 2 ans (sous forme de rendez-vous mensuels ponctuels)<\/li>\n\n\n\n<li>Intervention dans les clubs de Laur\u00e9ats<\/li>\n\n\n\n<li>Participation aux animations (Conviviales, F\u00eate des Laur\u00e9ats, d\u00eeners des membres, \u2026)<\/li>\n<\/ul>\n<\/div>\n<\/div>\n\n\n\n<div style=\"height:30px\" aria-hidden=\"true\" class=\"wp-block-spacer\"><\/div>\n<\/div><\/div>\n\n\n\n<div style=\"height:50px\" aria-hidden=\"true\" class=\"wp-block-spacer\"><\/div>\n\n\n\n<div class=\"wp-block-group\"><div class=\"wp-block-group__inner-container is-layout-flow wp-block-group-is-layout-flow\">\n<h2 class=\"wp-block-heading has-text-align-center\" style=\"font-size:32px;line-height:1.4\"><strong><span class=\"has-inline-color has-re-red-color\">UN ACCOMPAGNATEUR, QU&#8217;EST-CE QUE C&#8217;EST ?<\/span><\/strong><\/h2>\n\n\n\n<div style=\"height:20px\" aria-hidden=\"true\" class=\"wp-block-spacer\"><\/div>\n\n\n\n<p>Les 135 membres de  <strong>R\u00e9seau Entreprendre\u00ae Yvelines<\/strong>  accompagnent les cr\u00e9ateurs et repreneurs d\u2019entreprises \u00e0 potentiel. <\/p>\n\n\n\n<p>Cet accompagnement est fond\u00e9 sur la gratuit\u00e9 et l\u2019entraide entre entrepreneurs exp\u00e9riment\u00e9s.<\/p>\n\n\n\n<p>L\u2019accompagnement de  R\u00e9seau Entreprendre\u00ae Yvelines  s\u2019adresse aux cr\u00e9ateurs et repreneurs qui, par l\u2019ambition qu\u2019ils portent, leur potentiel entrepreneurial, leur m\u00e9tier et le march\u00e9 auquel ils s\u2019adressent, sont susceptibles de faire de leur entreprise, une PME apte \u00e0 se d\u00e9velopper.<\/p>\n<\/div><\/div>\n\n\n\n<div style=\"height:30px\" aria-hidden=\"true\" class=\"wp-block-spacer\"><\/div>\n\n\n\n<div class=\"wp-block-group has-background\" style=\"background-color:#fff9f9\"><div class=\"wp-block-group__inner-container is-layout-flow wp-block-group-is-layout-flow\">\n<h2 class=\"wp-block-heading has-text-align-center has-large-font-size\" style=\"line-height:1.4\"><strong><span class=\"has-inline-color has-re-red-color\">VOS ENGAGEMENTS<\/span><\/strong><\/h2>\n\n\n\n<div style=\"height:20px\" aria-hidden=\"true\" class=\"wp-block-spacer\"><\/div>\n\n\n\n<div class=\"wp-block-columns is-layout-flex wp-container-core-columns-is-layout-9d6595d7 wp-block-columns-is-layout-flex\">\n<div class=\"wp-block-column is-layout-flow wp-block-column-is-layout-flow\">\n<ul class=\"is-style-list-arrows wp-block-list\">\n<li>Adh\u00e9sion \u00e0 nos valeurs : l\u2019Humain, la gratuit\u00e9 et la r\u00e9ciprocit\u00e9<\/li>\n\n\n\n<li>Soutien financier \u00e0 l\u2019association sous forme d\u2019adh\u00e9sion (d\u00e9duction fiscale \u00e0 hauteur de 60%, et 66% \u00e0 titre individuel)<\/li>\n<\/ul>\n\n\n\n<div style=\"height:30px\" aria-hidden=\"true\" class=\"wp-block-spacer\"><\/div>\n\n\n\n<div class=\"wp-block-buttons is-horizontal is-content-justification-center is-layout-flex wp-container-core-buttons-is-layout-499968f5 wp-block-buttons-is-layout-flex\">\n<div class=\"wp-block-button is-style-outline is-style-outline--1\"><a class=\"wp-block-button__link has-re-red-color has-text-color wp-element-button\" href=\"https:\/\/www.reseau-entreprendre.org\/yvelines\/wp-content\/uploads\/sites\/24\/2020\/06\/manifeste-reseau-entreprendre-2020.pdf\" target=\"_blank\" rel=\"noreferrer noopener\">Notre manifeste<\/a><\/div>\n\n\n\n<div class=\"wp-block-button is-style-outline is-style-outline--2\"><a class=\"wp-block-button__link has-re-red-color has-text-color wp-element-button\" href=\"https:\/\/www.youtube.com\/playlist?list=PLftD2dQqWFqRG2fhDy786sEcS-vyp3Xzh\" target=\"_blank\" rel=\"noreferrer noopener\">Nos Membres &amp; Partenaires en parlent en vid\u00e9o<\/a><\/div>\n\n\n\n<div class=\"wp-block-button is-style-outline is-style-outline--3\"><a class=\"wp-block-button__link has-re-red-color has-text-color wp-element-button\" href=\"https:\/\/www.reseau-entreprendre.org\/yvelines\/contact\/\" target=\"_blank\" rel=\"noreferrer noopener\">Nous contacter<\/a><\/div>\n<\/div>\n\n\n\n<div style=\"height:50px\" aria-hidden=\"true\" class=\"wp-block-spacer\"><\/div>\n<\/div>\n<\/div>\n<\/div><\/div>\n\n\n\n<div style=\"height:70px\" aria-hidden=\"true\" class=\"wp-block-spacer\"><\/div>\n\n\n\n<div class=\"wp-block-group\"><div class=\"wp-block-group__inner-container is-layout-flow wp-block-group-is-layout-flow\">\n<ul class=\"wp-block-social-links has-normal-icon-size items-justified-right is-style-logos-only is-layout-flex wp-block-social-links-is-layout-flex\"><li class=\"wp-social-link wp-social-link-linkedin  wp-block-social-link\"><a rel=\"noopener nofollow\" target=\"_blank\" href=\"https:\/\/www.linkedin.com\/company\/r%C3%A9seau-entreprendre-yvelines\" class=\"wp-block-social-link-anchor\"><svg width=\"24\" height=\"24\" viewBox=\"0 0 24 24\" version=\"1.1\" xmlns=\"http:\/\/www.w3.org\/2000\/svg\" aria-hidden=\"true\" focusable=\"false\"><path d=\"M19.7,3H4.3C3.582,3,3,3.582,3,4.3v15.4C3,20.418,3.582,21,4.3,21h15.4c0.718,0,1.3-0.582,1.3-1.3V4.3 C21,3.582,20.418,3,19.7,3z M8.339,18.338H5.667v-8.59h2.672V18.338z M7.004,8.574c-0.857,0-1.549-0.694-1.549-1.548 c0-0.855,0.691-1.548,1.549-1.548c0.854,0,1.547,0.694,1.547,1.548C8.551,7.881,7.858,8.574,7.004,8.574z M18.339,18.338h-2.669 v-4.177c0-0.996-0.017-2.278-1.387-2.278c-1.389,0-1.601,1.086-1.601,2.206v4.249h-2.667v-8.59h2.559v1.174h0.037 c0.356-0.675,1.227-1.387,2.526-1.387c2.703,0,3.203,1.779,3.203,4.092V18.338z\"><\/path><\/svg><span class=\"wp-block-social-link-label screen-reader-text\">LinkedIn<\/span><\/a><\/li>\n\n<li class=\"wp-social-link wp-social-link-youtube  wp-block-social-link\"><a rel=\"noopener nofollow\" target=\"_blank\" href=\"https:\/\/www.youtube.com\/channel\/UCoMBpdUxliQuKZgLrXGtIUw\/featured\" class=\"wp-block-social-link-anchor\"><svg width=\"24\" height=\"24\" viewBox=\"0 0 24 24\" version=\"1.1\" xmlns=\"http:\/\/www.w3.org\/2000\/svg\" aria-hidden=\"true\" focusable=\"false\"><path d=\"M21.8,8.001c0,0-0.195-1.378-0.795-1.985c-0.76-0.797-1.613-0.801-2.004-0.847c-2.799-0.202-6.997-0.202-6.997-0.202 h-0.009c0,0-4.198,0-6.997,0.202C4.608,5.216,3.756,5.22,2.995,6.016C2.395,6.623,2.2,8.001,2.2,8.001S2,9.62,2,11.238v1.517 c0,1.618,0.2,3.237,0.2,3.237s0.195,1.378,0.795,1.985c0.761,0.797,1.76,0.771,2.205,0.855c1.6,0.153,6.8,0.201,6.8,0.201 s4.203-0.006,7.001-0.209c0.391-0.047,1.243-0.051,2.004-0.847c0.6-0.607,0.795-1.985,0.795-1.985s0.2-1.618,0.2-3.237v-1.517 C22,9.62,21.8,8.001,21.8,8.001z M9.935,14.594l-0.001-5.62l5.404,2.82L9.935,14.594z\"><\/path><\/svg><span class=\"wp-block-social-link-label screen-reader-text\">YouTube<\/span><\/a><\/li>\n\n<li class=\"wp-social-link wp-social-link-instagram  wp-block-social-link\"><a rel=\"noopener nofollow\" target=\"_blank\" href=\"https:\/\/www.instagram.com\/reyvelines\/\" class=\"wp-block-social-link-anchor\"><svg width=\"24\" height=\"24\" viewBox=\"0 0 24 24\" version=\"1.1\" xmlns=\"http:\/\/www.w3.org\/2000\/svg\" aria-hidden=\"true\" focusable=\"false\"><path d=\"M12,4.622c2.403,0,2.688,0.009,3.637,0.052c0.877,0.04,1.354,0.187,1.671,0.31c0.42,0.163,0.72,0.358,1.035,0.673 c0.315,0.315,0.51,0.615,0.673,1.035c0.123,0.317,0.27,0.794,0.31,1.671c0.043,0.949,0.052,1.234,0.052,3.637 s-0.009,2.688-0.052,3.637c-0.04,0.877-0.187,1.354-0.31,1.671c-0.163,0.42-0.358,0.72-0.673,1.035 c-0.315,0.315-0.615,0.51-1.035,0.673c-0.317,0.123-0.794,0.27-1.671,0.31c-0.949,0.043-1.233,0.052-3.637,0.052 s-2.688-0.009-3.637-0.052c-0.877-0.04-1.354-0.187-1.671-0.31c-0.42-0.163-0.72-0.358-1.035-0.673 c-0.315-0.315-0.51-0.615-0.673-1.035c-0.123-0.317-0.27-0.794-0.31-1.671C4.631,14.688,4.622,14.403,4.622,12 s0.009-2.688,0.052-3.637c0.04-0.877,0.187-1.354,0.31-1.671c0.163-0.42,0.358-0.72,0.673-1.035 c0.315-0.315,0.615-0.51,1.035-0.673c0.317-0.123,0.794-0.27,1.671-0.31C9.312,4.631,9.597,4.622,12,4.622 M12,3 C9.556,3,9.249,3.01,8.289,3.054C7.331,3.098,6.677,3.25,6.105,3.472C5.513,3.702,5.011,4.01,4.511,4.511 c-0.5,0.5-0.808,1.002-1.038,1.594C3.25,6.677,3.098,7.331,3.054,8.289C3.01,9.249,3,9.556,3,12c0,2.444,0.01,2.751,0.054,3.711 c0.044,0.958,0.196,1.612,0.418,2.185c0.23,0.592,0.538,1.094,1.038,1.594c0.5,0.5,1.002,0.808,1.594,1.038 c0.572,0.222,1.227,0.375,2.185,0.418C9.249,20.99,9.556,21,12,21s2.751-0.01,3.711-0.054c0.958-0.044,1.612-0.196,2.185-0.418 c0.592-0.23,1.094-0.538,1.594-1.038c0.5-0.5,0.808-1.002,1.038-1.594c0.222-0.572,0.375-1.227,0.418-2.185 C20.99,14.751,21,14.444,21,12s-0.01-2.751-0.054-3.711c-0.044-0.958-0.196-1.612-0.418-2.185c-0.23-0.592-0.538-1.094-1.038-1.594 c-0.5-0.5-1.002-0.808-1.594-1.038c-0.572-0.222-1.227-0.375-2.185-0.418C14.751,3.01,14.444,3,12,3L12,3z M12,7.378 c-2.552,0-4.622,2.069-4.622,4.622S9.448,16.622,12,16.622s4.622-2.069,4.622-4.622S14.552,7.378,12,7.378z M12,15 c-1.657,0-3-1.343-3-3s1.343-3,3-3s3,1.343,3,3S13.657,15,12,15z M16.804,6.116c-0.596,0-1.08,0.484-1.08,1.08 s0.484,1.08,1.08,1.08c0.596,0,1.08-0.484,1.08-1.08S17.401,6.116,16.804,6.116z\"><\/path><\/svg><span class=\"wp-block-social-link-label screen-reader-text\">Instagram<\/span><\/a><\/li>\n\n<li class=\"wp-social-link wp-social-link-facebook  wp-block-social-link\"><a rel=\"noopener nofollow\" target=\"_blank\" href=\"https:\/\/www.facebook.com\/profile.php?id=100079875924764\" class=\"wp-block-social-link-anchor\"><svg width=\"24\" height=\"24\" viewBox=\"0 0 24 24\" version=\"1.1\" xmlns=\"http:\/\/www.w3.org\/2000\/svg\" aria-hidden=\"true\" focusable=\"false\"><path d=\"M12 2C6.5 2 2 6.5 2 12c0 5 3.7 9.1 8.4 9.9v-7H7.9V12h2.5V9.8c0-2.5 1.5-3.9 3.8-3.9 1.1 0 2.2.2 2.2.2v2.5h-1.3c-1.2 0-1.6.8-1.6 1.6V12h2.8l-.4 2.9h-2.3v7C18.3 21.1 22 17 22 12c0-5.5-4.5-10-10-10z\"><\/path><\/svg><span class=\"wp-block-social-link-label screen-reader-text\">Facebook<\/span><\/a><\/li><\/ul>\n\n\n\n<p class=\"has-text-align-right has-small-font-size\"><strong>Soutenez nos actions<\/strong> en nous suivant sur les r\u00e9seaux.<\/p>\n<\/div><\/div>\n","protected":false},"excerpt":{"rendered":"<p>ACCOMPAGNER LES ENTREPRENEUR(E)S DEVENEZ MEMBRE OU PARTENAIRE DU R\u00c9SEAU ENTREPRENDRE\u00ae<\/p>\n","protected":false},"author":25,"featured_media":678,"parent":0,"menu_order":0,"comment_status":"closed","ping_status":"closed","template":"","meta":{"_acf_changed":false,"_monsterinsights_skip_tracking":false,"_monsterinsights_sitenote_active":false,"_monsterinsights_sitenote_note":"","_monsterinsights_sitenote_category":0,"footnotes":""},"class_list":["post-15","page","type-page","status-publish","has-post-thumbnail","hentry"],"acf":[],"yoast_head":"<!-- This site is optimized with the Yoast SEO plugin v27.4 - https:\/\/yoast.com\/product\/yoast-seo-wordpress\/ -->\n<title>Accompagner les entrepreneurs - R\u00e9seau Entreprendre\u00ae Yvelines<\/title>\n<meta name=\"description\" content=\"Vous \u00eates chef d\u2019entreprise et vous souhaitez accompagner des cr\u00e9ateurs, repreneurs et d\u00e9veloppeurs d\u2019entreprise? Devenez Membre d\u00e8s maintenant !\" \/>\n<meta name=\"robots\" content=\"index, follow, max-snippet:-1, max-image-preview:large, max-video-preview:-1\" \/>\n<link rel=\"canonical\" href=\"https:\/\/www.reseau-entreprendre.org\/yvelines\/accompagner\/\" \/>\n<meta name=\"twitter:card\" content=\"summary_large_image\" \/>\n<meta name=\"twitter:title\" content=\"Accompagner les entrepreneurs - R\u00e9seau Entreprendre\u00ae Yvelines\" \/>\n<meta name=\"twitter:description\" content=\"Vous \u00eates chef d\u2019entreprise et vous souhaitez accompagner des cr\u00e9ateurs, repreneurs et d\u00e9veloppeurs d\u2019entreprise? Devenez Membre d\u00e8s maintenant !\" \/>\n<meta name=\"twitter:site\" content=\"@reyvelines\" \/>\n<meta name=\"twitter:label1\" content=\"Dur\u00e9e de lecture estim\u00e9e\" \/>\n\t<meta name=\"twitter:data1\" content=\"2 minutes\" \/>\n<script type=\"application\/ld+json\" class=\"yoast-schema-graph\">{\"@context\":\"https:\\\/\\\/schema.org\",\"@graph\":[{\"@type\":\"WebPage\",\"@id\":\"https:\\\/\\\/www.reseau-entreprendre.org\\\/yvelines\\\/accompagner\\\/\",\"url\":\"https:\\\/\\\/www.reseau-entreprendre.org\\\/yvelines\\\/accompagner\\\/\",\"name\":\"Accompagner les entrepreneurs - R\u00e9seau Entreprendre\u00ae Yvelines\",\"isPartOf\":{\"@id\":\"https:\\\/\\\/www.reseau-entreprendre.org\\\/yvelines\\\/#website\"},\"primaryImageOfPage\":{\"@id\":\"https:\\\/\\\/www.reseau-entreprendre.org\\\/yvelines\\\/accompagner\\\/#primaryimage\"},\"image\":{\"@id\":\"https:\\\/\\\/www.reseau-entreprendre.org\\\/yvelines\\\/accompagner\\\/#primaryimage\"},\"thumbnailUrl\":\"\",\"datePublished\":\"2017-04-28T10:33:47+00:00\",\"dateModified\":\"2024-08-30T10:55:06+00:00\",\"description\":\"Vous \u00eates chef d\u2019entreprise et vous souhaitez accompagner des cr\u00e9ateurs, repreneurs et d\u00e9veloppeurs d\u2019entreprise? Devenez Membre d\u00e8s maintenant !\",\"breadcrumb\":{\"@id\":\"https:\\\/\\\/www.reseau-entreprendre.org\\\/yvelines\\\/accompagner\\\/#breadcrumb\"},\"inLanguage\":\"fr-FR\",\"potentialAction\":[{\"@type\":\"ReadAction\",\"target\":[\"https:\\\/\\\/www.reseau-entreprendre.org\\\/yvelines\\\/accompagner\\\/\"]}]},{\"@type\":\"ImageObject\",\"inLanguage\":\"fr-FR\",\"@id\":\"https:\\\/\\\/www.reseau-entreprendre.org\\\/yvelines\\\/accompagner\\\/#primaryimage\",\"url\":\"\",\"contentUrl\":\"\"},{\"@type\":\"BreadcrumbList\",\"@id\":\"https:\\\/\\\/www.reseau-entreprendre.org\\\/yvelines\\\/accompagner\\\/#breadcrumb\",\"itemListElement\":[{\"@type\":\"ListItem\",\"position\":1,\"name\":\"Accueil\",\"item\":\"https:\\\/\\\/www.reseau-entreprendre.org\\\/yvelines\\\/\"},{\"@type\":\"ListItem\",\"position\":2,\"name\":\"ACCOMPAGNER\"}]},{\"@type\":\"WebSite\",\"@id\":\"https:\\\/\\\/www.reseau-entreprendre.org\\\/yvelines\\\/#website\",\"url\":\"https:\\\/\\\/www.reseau-entreprendre.org\\\/yvelines\\\/\",\"name\":\"R\u00e9seau Entreprendre\u00ae Yvelines\",\"description\":\"Un site utilisant Les sites de R\u00e9seau Entreprendre\",\"publisher\":{\"@id\":\"https:\\\/\\\/www.reseau-entreprendre.org\\\/yvelines\\\/#organization\"},\"potentialAction\":[{\"@type\":\"SearchAction\",\"target\":{\"@type\":\"EntryPoint\",\"urlTemplate\":\"https:\\\/\\\/www.reseau-entreprendre.org\\\/yvelines\\\/?s={search_term_string}\"},\"query-input\":{\"@type\":\"PropertyValueSpecification\",\"valueRequired\":true,\"valueName\":\"search_term_string\"}}],\"inLanguage\":\"fr-FR\"},{\"@type\":\"Organization\",\"@id\":\"https:\\\/\\\/www.reseau-entreprendre.org\\\/yvelines\\\/#organization\",\"name\":\"R\u00e9seau Entreprendre\u00ae Yvelines\",\"url\":\"https:\\\/\\\/www.reseau-entreprendre.org\\\/yvelines\\\/\",\"logo\":{\"@type\":\"ImageObject\",\"inLanguage\":\"fr-FR\",\"@id\":\"https:\\\/\\\/www.reseau-entreprendre.org\\\/yvelines\\\/#\\\/schema\\\/logo\\\/image\\\/\",\"url\":\"https:\\\/\\\/www.reseau-entreprendre.org\\\/yvelines\\\/wp-content\\\/uploads\\\/sites\\\/24\\\/2020\\\/03\\\/logo_vertical_re_couleur_yvelines.png\",\"contentUrl\":\"https:\\\/\\\/www.reseau-entreprendre.org\\\/yvelines\\\/wp-content\\\/uploads\\\/sites\\\/24\\\/2020\\\/03\\\/logo_vertical_re_couleur_yvelines.png\",\"width\":4330,\"height\":3488,\"caption\":\"R\u00e9seau Entreprendre\u00ae Yvelines\"},\"image\":{\"@id\":\"https:\\\/\\\/www.reseau-entreprendre.org\\\/yvelines\\\/#\\\/schema\\\/logo\\\/image\\\/\"},\"sameAs\":[\"https:\\\/\\\/x.com\\\/reyvelines\",\"https:\\\/\\\/www.instagram.com\\\/reyvelines\\\/\",\"https:\\\/\\\/www.linkedin.com\\\/showcase\\\/r\u00e9seau-entreprendre-yvelines\\\/?viewAsMember=true\",\"https:\\\/\\\/www.youtube.com\\\/channel\\\/UCoMBpdUxliQuKZgLrXGtIUw\",\"https:\\\/\\\/fr.wikipedia.org\\\/wiki\\\/R\u00e9seau_Entreprendre_Yvelines\"]}]}<\/script>\n<!-- \/ Yoast SEO plugin. -->","yoast_head_json":{"title":"Accompagner les entrepreneurs - R\u00e9seau Entreprendre\u00ae Yvelines","description":"Vous \u00eates chef d\u2019entreprise et vous souhaitez accompagner des cr\u00e9ateurs, repreneurs et d\u00e9veloppeurs d\u2019entreprise? Devenez Membre d\u00e8s maintenant !","robots":{"index":"index","follow":"follow","max-snippet":"max-snippet:-1","max-image-preview":"max-image-preview:large","max-video-preview":"max-video-preview:-1"},"canonical":"https:\/\/www.reseau-entreprendre.org\/yvelines\/accompagner\/","twitter_card":"summary_large_image","twitter_title":"Accompagner les entrepreneurs - R\u00e9seau Entreprendre\u00ae Yvelines","twitter_description":"Vous \u00eates chef d\u2019entreprise et vous souhaitez accompagner des cr\u00e9ateurs, repreneurs et d\u00e9veloppeurs d\u2019entreprise? Devenez Membre d\u00e8s maintenant !","twitter_site":"@reyvelines","twitter_misc":{"Dur\u00e9e de lecture estim\u00e9e":"2 minutes"},"schema":{"@context":"https:\/\/schema.org","@graph":[{"@type":"WebPage","@id":"https:\/\/www.reseau-entreprendre.org\/yvelines\/accompagner\/","url":"https:\/\/www.reseau-entreprendre.org\/yvelines\/accompagner\/","name":"Accompagner les entrepreneurs - R\u00e9seau Entreprendre\u00ae Yvelines","isPartOf":{"@id":"https:\/\/www.reseau-entreprendre.org\/yvelines\/#website"},"primaryImageOfPage":{"@id":"https:\/\/www.reseau-entreprendre.org\/yvelines\/accompagner\/#primaryimage"},"image":{"@id":"https:\/\/www.reseau-entreprendre.org\/yvelines\/accompagner\/#primaryimage"},"thumbnailUrl":"","datePublished":"2017-04-28T10:33:47+00:00","dateModified":"2024-08-30T10:55:06+00:00","description":"Vous \u00eates chef d\u2019entreprise et vous souhaitez accompagner des cr\u00e9ateurs, repreneurs et d\u00e9veloppeurs d\u2019entreprise? Devenez Membre d\u00e8s maintenant !","breadcrumb":{"@id":"https:\/\/www.reseau-entreprendre.org\/yvelines\/accompagner\/#breadcrumb"},"inLanguage":"fr-FR","potentialAction":[{"@type":"ReadAction","target":["https:\/\/www.reseau-entreprendre.org\/yvelines\/accompagner\/"]}]},{"@type":"ImageObject","inLanguage":"fr-FR","@id":"https:\/\/www.reseau-entreprendre.org\/yvelines\/accompagner\/#primaryimage","url":"","contentUrl":""},{"@type":"BreadcrumbList","@id":"https:\/\/www.reseau-entreprendre.org\/yvelines\/accompagner\/#breadcrumb","itemListElement":[{"@type":"ListItem","position":1,"name":"Accueil","item":"https:\/\/www.reseau-entreprendre.org\/yvelines\/"},{"@type":"ListItem","position":2,"name":"ACCOMPAGNER"}]},{"@type":"WebSite","@id":"https:\/\/www.reseau-entreprendre.org\/yvelines\/#website","url":"https:\/\/www.reseau-entreprendre.org\/yvelines\/","name":"R\u00e9seau Entreprendre\u00ae Yvelines","description":"Un site utilisant Les sites de R\u00e9seau Entreprendre","publisher":{"@id":"https:\/\/www.reseau-entreprendre.org\/yvelines\/#organization"},"potentialAction":[{"@type":"SearchAction","target":{"@type":"EntryPoint","urlTemplate":"https:\/\/www.reseau-entreprendre.org\/yvelines\/?s={search_term_string}"},"query-input":{"@type":"PropertyValueSpecification","valueRequired":true,"valueName":"search_term_string"}}],"inLanguage":"fr-FR"},{"@type":"Organization","@id":"https:\/\/www.reseau-entreprendre.org\/yvelines\/#organization","name":"R\u00e9seau Entreprendre\u00ae Yvelines","url":"https:\/\/www.reseau-entreprendre.org\/yvelines\/","logo":{"@type":"ImageObject","inLanguage":"fr-FR","@id":"https:\/\/www.reseau-entreprendre.org\/yvelines\/#\/schema\/logo\/image\/","url":"https:\/\/www.reseau-entreprendre.org\/yvelines\/wp-content\/uploads\/sites\/24\/2020\/03\/logo_vertical_re_couleur_yvelines.png","contentUrl":"https:\/\/www.reseau-entreprendre.org\/yvelines\/wp-content\/uploads\/sites\/24\/2020\/03\/logo_vertical_re_couleur_yvelines.png","width":4330,"height":3488,"caption":"R\u00e9seau Entreprendre\u00ae Yvelines"},"image":{"@id":"https:\/\/www.reseau-entreprendre.org\/yvelines\/#\/schema\/logo\/image\/"},"sameAs":["https:\/\/x.com\/reyvelines","https:\/\/www.instagram.com\/reyvelines\/","https:\/\/www.linkedin.com\/showcase\/r\u00e9seau-entreprendre-yvelines\/?viewAsMember=true","https:\/\/www.youtube.com\/channel\/UCoMBpdUxliQuKZgLrXGtIUw","https:\/\/fr.wikipedia.org\/wiki\/R\u00e9seau_Entreprendre_Yvelines"]}]}},"_links":{"self":[{"href":"https:\/\/www.reseau-entreprendre.org\/yvelines\/wp-json\/wp\/v2\/pages\/15","targetHints":{"allow":["GET"]}}],"collection":[{"href":"https:\/\/www.reseau-entreprendre.org\/yvelines\/wp-json\/wp\/v2\/pages"}],"about":[{"href":"https:\/\/www.reseau-entreprendre.org\/yvelines\/wp-json\/wp\/v2\/types\/page"}],"author":[{"embeddable":true,"href":"https:\/\/www.reseau-entreprendre.org\/yvelines\/wp-json\/wp\/v2\/users\/25"}],"replies":[{"embeddable":true,"href":"https:\/\/www.reseau-entreprendre.org\/yvelines\/wp-json\/wp\/v2\/comments?post=15"}],"version-history":[{"count":0,"href":"https:\/\/www.reseau-entreprendre.org\/yvelines\/wp-json\/wp\/v2\/pages\/15\/revisions"}],"wp:featuredmedia":[{"embeddable":true,"href":"https:\/\/www.reseau-entreprendre.org\/yvelines\/wp-json\/"}],"wp:attachment":[{"href":"https:\/\/www.reseau-entreprendre.org\/yvelines\/wp-json\/wp\/v2\/media?parent=15"}],"curies":[{"name":"wp","href":"https:\/\/api.w.org\/{rel}","templated":true}]}}