{"id":3775,"date":"2021-09-30T11:22:54","date_gmt":"2021-09-30T09:22:54","guid":{"rendered":"https:\/\/www.reseau-entreprendre.org\/yvelines\/?page_id=3775"},"modified":"2021-09-30T11:25:25","modified_gmt":"2021-09-30T09:25:25","slug":"soutenir__trashed-2","status":"publish","type":"page","link":"https:\/\/www.reseau-entreprendre.org\/yvelines\/soutenir__trashed-2\/","title":{"rendered":"SOUTENIR"},"content":{"rendered":"\n<div class=\"wp-block-group\"><div class=\"wp-block-group__inner-container is-layout-flow wp-block-group-is-layout-flow\">\n<div class=\"wp-block-group\"><div class=\"wp-block-group__inner-container is-layout-flow wp-block-group-is-layout-flow\">\n<div class=\"wp-block-columns is-layout-flex wp-container-core-columns-is-layout-9d6595d7 wp-block-columns-is-layout-flex\">\n<div class=\"wp-block-column is-layout-flow wp-block-column-is-layout-flow\">\n<figure class=\"wp-block-image size-large is-resized is-style-default\"><img loading=\"lazy\" decoding=\"async\" src=\"https:\/\/www.reseau-entreprendre.org\/yvelines\/wp-content\/uploads\/sites\/24\/2021\/09\/pexels-gary-barnes-6231630-3-1024x876.jpg\" alt=\"\" class=\"wp-image-3517\" width=\"502\" height=\"429\" srcset=\"https:\/\/www.reseau-entreprendre.org\/yvelines\/wp-content\/uploads\/sites\/24\/2021\/09\/pexels-gary-barnes-6231630-3-1024x876.jpg 1024w, https:\/\/www.reseau-entreprendre.org\/yvelines\/wp-content\/uploads\/sites\/24\/2021\/09\/pexels-gary-barnes-6231630-3-300x257.jpg 300w, https:\/\/www.reseau-entreprendre.org\/yvelines\/wp-content\/uploads\/sites\/24\/2021\/09\/pexels-gary-barnes-6231630-3-768x657.jpg 768w, https:\/\/www.reseau-entreprendre.org\/yvelines\/wp-content\/uploads\/sites\/24\/2021\/09\/pexels-gary-barnes-6231630-3-1536x1314.jpg 1536w, https:\/\/www.reseau-entreprendre.org\/yvelines\/wp-content\/uploads\/sites\/24\/2021\/09\/pexels-gary-barnes-6231630-3-2048x1751.jpg 2048w\" sizes=\"auto, (max-width: 502px) 100vw, 502px\" \/><\/figure>\n<\/div>\n\n\n\n<div class=\"wp-block-column is-layout-flow wp-block-column-is-layout-flow\">\n<figure class=\"wp-block-pullquote alignwide is-style-default\"><blockquote><p>Nos partenaires sont des <strong>Hommes d\u2019entreprise, des consultants, des sp\u00e9cialistes dans leur domaine<\/strong> (juridique, marketing, communication, assurance, tableaux de bord\u2026) ou encore des <strong>responsables d\u2019institutions<\/strong>.<\/p><cite> R\u00e9seau Entreprendre\u00ae  Yvelines<\/cite><\/blockquote><\/figure>\n<\/div>\n<\/div>\n<\/div><\/div>\n\n\n\n<div style=\"height:40px\" aria-hidden=\"true\" class=\"wp-block-spacer\"><\/div>\n\n\n\n<p class=\"has-text-align-center\"><strong>Ils aident les cr\u00e9ateurs \u00e0 professionnaliser leur projet en leur apportant des services op\u00e9rationnels. Ils sont aussi des contributeurs publics qui participent au financement de l\u2019association.<\/strong><\/p>\n\n\n\n<div class=\"wp-block-columns has-background is-layout-flex wp-container-core-columns-is-layout-9d6595d7 wp-block-columns-is-layout-flex\" style=\"background-color:#fff8ef\">\n<div class=\"wp-block-column is-layout-flow wp-block-column-is-layout-flow\">\n<h2 class=\"has-text-align-center has-re-yellow-color has-text-color wp-block-heading\"><strong>\u00catre partenaire de R\u00e9seau Entreprendre<strong>\u00ae<\/strong> c\u2019est&nbsp;:<\/strong><\/h2>\n\n\n\n<div style=\"height:50px\" aria-hidden=\"true\" class=\"wp-block-spacer\"><\/div>\n\n\n\n<ul class=\"is-style-list-arrows wp-block-list\"><li>Participer \u00e0 un r\u00e9seau dynamique de plus de 14 000 chefs d\u2019entreprises engag\u00e9s citoyens.<\/li><li>Soutenir la cr\u00e9ation d\u2019emplois durables dans les territoires.<\/li><li>Faire vivre les valeurs entrepreneuriales \u00e0 vos \u00e9quipes.<\/li><li>Valoriser vos actions en faveur du d\u00e9veloppement \u00e9conomique local.<\/li><li>Proposer \u00e0 vos cadres de participer \u00e0 la vie de notre r\u00e9seau dans les territoires. Au contact des cr\u00e9ateurs d\u2019entreprises, start-up ou PME \u00e0 forte croissance, vous leur faites vivre les valeurs entrepreneuriales : audace, cr\u00e9ativit\u00e9, adaptation, etc\u2026.<\/li><li>Int\u00e9grer R\u00e9seau Entreprendre, c\u2019est \u00e9galement d\u00e9couvrir de nouveaux m\u00e9tiers, de nouveaux secteurs et \u00eatre toujours \u00e0 la pointe des derni\u00e8res tendances. Vos cadres reviendront riches de cette exp\u00e9rience pour nourrir leur propre vie professionnelle.<\/li><\/ul>\n\n\n\n<div style=\"height:20px\" aria-hidden=\"true\" class=\"wp-block-spacer\"><\/div>\n\n\n\n<h5 class=\"has-text-align-center wp-block-heading\"><strong>En devenant partenaire de R\u00e9seau Entreprendre\u00ae<\/strong>, vous acc\u00e9der \u00e0 un r\u00e9seau incontournable dans les milieux \u00e9conomiques et institutionnels r\u00e9gionaux.&nbsp; Vous entrez en contact avec des chefs d\u2019entreprises engag\u00e9s, mais aussi les futurs dirigeants de PME et ETI de demain. <\/h5>\n\n\n\n<div style=\"height:20px\" aria-hidden=\"true\" class=\"wp-block-spacer\"><\/div>\n<\/div>\n<\/div>\n\n\n\n<div class=\"wp-block-buttons is-content-justification-center is-layout-flex wp-block-buttons-is-layout-flex\">\n<div class=\"wp-block-button is-style-outline is-style-outline--1\"><a class=\"wp-block-button__link has-re-yellow-color has-text-color\" href=\"https:\/\/www.reseau-entreprendre.org\/yvelines\/contact\/\"><strong>NOUS CONTACTER<\/strong><\/a><\/div>\n\n\n\n<div class=\"wp-block-button is-style-outline is-style-outline--2\"><a class=\"wp-block-button__link has-re-yellow-color has-text-color\" href=\"https:\/\/www.reseau-entreprendre.org\/fr\/faire-un-don\/\"><strong>FAIRE UN DON<\/strong><\/a><\/div>\n<\/div>\n<\/div><\/div>\n\n\n\n<div style=\"height:50px\" aria-hidden=\"true\" class=\"wp-block-spacer\"><\/div>\n\n\n\n<div class=\"wp-block-group\"><div class=\"wp-block-group__inner-container is-layout-flow wp-block-group-is-layout-flow\">\n<ul class=\"wp-block-social-links has-normal-icon-size items-justified-right is-style-logos-only is-layout-flex wp-block-social-links-is-layout-flex\"><li class=\"wp-social-link wp-social-link-linkedin  wp-block-social-link\"><a rel=\"noopener nofollow\" target=\"_blank\" href=\"https:\/\/www.linkedin.com\/company\/r%C3%A9seau-entreprendre-yvelines\" class=\"wp-block-social-link-anchor\"><svg width=\"24\" height=\"24\" viewBox=\"0 0 24 24\" version=\"1.1\" xmlns=\"http:\/\/www.w3.org\/2000\/svg\" aria-hidden=\"true\" focusable=\"false\"><path d=\"M19.7,3H4.3C3.582,3,3,3.582,3,4.3v15.4C3,20.418,3.582,21,4.3,21h15.4c0.718,0,1.3-0.582,1.3-1.3V4.3 C21,3.582,20.418,3,19.7,3z M8.339,18.338H5.667v-8.59h2.672V18.338z M7.004,8.574c-0.857,0-1.549-0.694-1.549-1.548 c0-0.855,0.691-1.548,1.549-1.548c0.854,0,1.547,0.694,1.547,1.548C8.551,7.881,7.858,8.574,7.004,8.574z M18.339,18.338h-2.669 v-4.177c0-0.996-0.017-2.278-1.387-2.278c-1.389,0-1.601,1.086-1.601,2.206v4.249h-2.667v-8.59h2.559v1.174h0.037 c0.356-0.675,1.227-1.387,2.526-1.387c2.703,0,3.203,1.779,3.203,4.092V18.338z\"><\/path><\/svg><span class=\"wp-block-social-link-label screen-reader-text\">LinkedIn<\/span><\/a><\/li>\n\n<li class=\"wp-social-link wp-social-link-youtube  wp-block-social-link\"><a rel=\"noopener nofollow\" target=\"_blank\" href=\"https:\/\/www.youtube.com\/channel\/UCoMBpdUxliQuKZgLrXGtIUw\/featured\" class=\"wp-block-social-link-anchor\"><svg width=\"24\" height=\"24\" viewBox=\"0 0 24 24\" version=\"1.1\" xmlns=\"http:\/\/www.w3.org\/2000\/svg\" aria-hidden=\"true\" focusable=\"false\"><path d=\"M21.8,8.001c0,0-0.195-1.378-0.795-1.985c-0.76-0.797-1.613-0.801-2.004-0.847c-2.799-0.202-6.997-0.202-6.997-0.202 h-0.009c0,0-4.198,0-6.997,0.202C4.608,5.216,3.756,5.22,2.995,6.016C2.395,6.623,2.2,8.001,2.2,8.001S2,9.62,2,11.238v1.517 c0,1.618,0.2,3.237,0.2,3.237s0.195,1.378,0.795,1.985c0.761,0.797,1.76,0.771,2.205,0.855c1.6,0.153,6.8,0.201,6.8,0.201 s4.203-0.006,7.001-0.209c0.391-0.047,1.243-0.051,2.004-0.847c0.6-0.607,0.795-1.985,0.795-1.985s0.2-1.618,0.2-3.237v-1.517 C22,9.62,21.8,8.001,21.8,8.001z M9.935,14.594l-0.001-5.62l5.404,2.82L9.935,14.594z\"><\/path><\/svg><span class=\"wp-block-social-link-label screen-reader-text\">YouTube<\/span><\/a><\/li>\n\n<li class=\"wp-social-link wp-social-link-instagram  wp-block-social-link\"><a rel=\"noopener nofollow\" target=\"_blank\" href=\"https:\/\/www.youtube.com\/redirect?event=video_description&#038;redir_token=QUFFLUhqa2UzUzFoV3Btb0ZSZTBiLWhaMFEyTjRCNnpNQXxBQ3Jtc0trVVVPOVkyMXM3RmFVbjRaN0NaVmpTU2xiU25tbDlPaXVJUEMtYWZqbl9UUkZzQkNYZnNVamVBSFA2RUdwcFNlWnJSaU9qOFRtWjVsNUVXMFROVTgyaHFISlkxLTV4TW16RGp1ZVViWTgwdGUzeGJlcw&#038;q=https%3A%2F%2Fwww.instagram.com%2Freyvelines%2F\" class=\"wp-block-social-link-anchor\"><svg width=\"24\" height=\"24\" viewBox=\"0 0 24 24\" version=\"1.1\" xmlns=\"http:\/\/www.w3.org\/2000\/svg\" aria-hidden=\"true\" focusable=\"false\"><path d=\"M12,4.622c2.403,0,2.688,0.009,3.637,0.052c0.877,0.04,1.354,0.187,1.671,0.31c0.42,0.163,0.72,0.358,1.035,0.673 c0.315,0.315,0.51,0.615,0.673,1.035c0.123,0.317,0.27,0.794,0.31,1.671c0.043,0.949,0.052,1.234,0.052,3.637 s-0.009,2.688-0.052,3.637c-0.04,0.877-0.187,1.354-0.31,1.671c-0.163,0.42-0.358,0.72-0.673,1.035 c-0.315,0.315-0.615,0.51-1.035,0.673c-0.317,0.123-0.794,0.27-1.671,0.31c-0.949,0.043-1.233,0.052-3.637,0.052 s-2.688-0.009-3.637-0.052c-0.877-0.04-1.354-0.187-1.671-0.31c-0.42-0.163-0.72-0.358-1.035-0.673 c-0.315-0.315-0.51-0.615-0.673-1.035c-0.123-0.317-0.27-0.794-0.31-1.671C4.631,14.688,4.622,14.403,4.622,12 s0.009-2.688,0.052-3.637c0.04-0.877,0.187-1.354,0.31-1.671c0.163-0.42,0.358-0.72,0.673-1.035 c0.315-0.315,0.615-0.51,1.035-0.673c0.317-0.123,0.794-0.27,1.671-0.31C9.312,4.631,9.597,4.622,12,4.622 M12,3 C9.556,3,9.249,3.01,8.289,3.054C7.331,3.098,6.677,3.25,6.105,3.472C5.513,3.702,5.011,4.01,4.511,4.511 c-0.5,0.5-0.808,1.002-1.038,1.594C3.25,6.677,3.098,7.331,3.054,8.289C3.01,9.249,3,9.556,3,12c0,2.444,0.01,2.751,0.054,3.711 c0.044,0.958,0.196,1.612,0.418,2.185c0.23,0.592,0.538,1.094,1.038,1.594c0.5,0.5,1.002,0.808,1.594,1.038 c0.572,0.222,1.227,0.375,2.185,0.418C9.249,20.99,9.556,21,12,21s2.751-0.01,3.711-0.054c0.958-0.044,1.612-0.196,2.185-0.418 c0.592-0.23,1.094-0.538,1.594-1.038c0.5-0.5,0.808-1.002,1.038-1.594c0.222-0.572,0.375-1.227,0.418-2.185 C20.99,14.751,21,14.444,21,12s-0.01-2.751-0.054-3.711c-0.044-0.958-0.196-1.612-0.418-2.185c-0.23-0.592-0.538-1.094-1.038-1.594 c-0.5-0.5-1.002-0.808-1.594-1.038c-0.572-0.222-1.227-0.375-2.185-0.418C14.751,3.01,14.444,3,12,3L12,3z M12,7.378 c-2.552,0-4.622,2.069-4.622,4.622S9.448,16.622,12,16.622s4.622-2.069,4.622-4.622S14.552,7.378,12,7.378z M12,15 c-1.657,0-3-1.343-3-3s1.343-3,3-3s3,1.343,3,3S13.657,15,12,15z M16.804,6.116c-0.596,0-1.08,0.484-1.08,1.08 s0.484,1.08,1.08,1.08c0.596,0,1.08-0.484,1.08-1.08S17.401,6.116,16.804,6.116z\"><\/path><\/svg><span class=\"wp-block-social-link-label screen-reader-text\">Instagram<\/span><\/a><\/li>\n\n<li class=\"wp-social-link wp-social-link-facebook  wp-block-social-link\"><a rel=\"noopener nofollow\" target=\"_blank\" href=\"https:\/\/urlr.me\/MRZdp\" class=\"wp-block-social-link-anchor\"><svg width=\"24\" height=\"24\" viewBox=\"0 0 24 24\" version=\"1.1\" xmlns=\"http:\/\/www.w3.org\/2000\/svg\" aria-hidden=\"true\" focusable=\"false\"><path d=\"M12 2C6.5 2 2 6.5 2 12c0 5 3.7 9.1 8.4 9.9v-7H7.9V12h2.5V9.8c0-2.5 1.5-3.9 3.8-3.9 1.1 0 2.2.2 2.2.2v2.5h-1.3c-1.2 0-1.6.8-1.6 1.6V12h2.8l-.4 2.9h-2.3v7C18.3 21.1 22 17 22 12c0-5.5-4.5-10-10-10z\"><\/path><\/svg><span class=\"wp-block-social-link-label screen-reader-text\">Facebook<\/span><\/a><\/li><\/ul>\n\n\n\n<p class=\"has-text-align-right has-small-font-size\"><strong>Soutenez nos actions<\/strong> en nous suivant sur les r\u00e9seaux.<\/p>\n<\/div><\/div>\n","protected":false},"excerpt":{"rendered":"<p>Nos partenaires sont des Hommes d\u2019entreprise, des consultants, des sp\u00e9cialistes<\/p>\n","protected":false},"author":25,"featured_media":0,"parent":0,"menu_order":0,"comment_status":"closed","ping_status":"closed","template":"views\/page-widescreen.blade.php","meta":{"_acf_changed":false,"_monsterinsights_skip_tracking":false,"_monsterinsights_sitenote_active":false,"_monsterinsights_sitenote_note":"","_monsterinsights_sitenote_category":0,"footnotes":""},"class_list":["post-3775","page","type-page","status-publish","hentry"],"acf":[],"yoast_head":"<!-- This site is optimized with the Yoast SEO plugin v27.4 - https:\/\/yoast.com\/product\/yoast-seo-wordpress\/ -->\n<title>Soutenir | Reseau Entreprendre Bruxelles<\/title>\n<meta name=\"description\" content=\"Partenaire, vous souhaitez soutenir un r\u00e9seau 100% chefs d&#039;entreprise ? Rejoignez R\u00e9seau Entreprendre Bruxelles\" \/>\n<meta name=\"robots\" content=\"index, follow, max-snippet:-1, max-image-preview:large, max-video-preview:-1\" \/>\n<link rel=\"canonical\" href=\"https:\/\/www.reseau-entreprendre.org\/yvelines\/soutenir__trashed-2\/\" \/>\n<meta name=\"twitter:card\" content=\"summary_large_image\" \/>\n<meta name=\"twitter:title\" content=\"Soutenir | Reseau Entreprendre Bruxelles\" \/>\n<meta name=\"twitter:description\" content=\"Partenaire, vous souhaitez soutenir un r\u00e9seau 100% chefs d&#039;entreprise ? Rejoignez R\u00e9seau Entreprendre Bruxelles\" \/>\n<meta name=\"twitter:image\" content=\"https:\/\/www.reseau-entreprendre.org\/yvelines\/wp-content\/uploads\/sites\/24\/2021\/09\/pexels-gary-barnes-6231630-3-scaled.jpg\" \/>\n<meta name=\"twitter:site\" content=\"@reyvelines\" \/>\n<meta name=\"twitter:label1\" content=\"Dur\u00e9e de lecture estim\u00e9e\" \/>\n\t<meta name=\"twitter:data1\" content=\"2 minutes\" \/>\n<script type=\"application\/ld+json\" class=\"yoast-schema-graph\">{\"@context\":\"https:\\\/\\\/schema.org\",\"@graph\":[{\"@type\":\"WebPage\",\"@id\":\"https:\\\/\\\/www.reseau-entreprendre.org\\\/yvelines\\\/soutenir__trashed-2\\\/\",\"url\":\"https:\\\/\\\/www.reseau-entreprendre.org\\\/yvelines\\\/soutenir__trashed-2\\\/\",\"name\":\"Soutenir | Reseau Entreprendre Bruxelles\",\"isPartOf\":{\"@id\":\"https:\\\/\\\/www.reseau-entreprendre.org\\\/yvelines\\\/#website\"},\"primaryImageOfPage\":{\"@id\":\"https:\\\/\\\/www.reseau-entreprendre.org\\\/yvelines\\\/soutenir__trashed-2\\\/#primaryimage\"},\"image\":{\"@id\":\"https:\\\/\\\/www.reseau-entreprendre.org\\\/yvelines\\\/soutenir__trashed-2\\\/#primaryimage\"},\"thumbnailUrl\":\"https:\\\/\\\/www.reseau-entreprendre.org\\\/yvelines\\\/wp-content\\\/uploads\\\/sites\\\/24\\\/2021\\\/09\\\/pexels-gary-barnes-6231630-3-1024x876.jpg\",\"datePublished\":\"2021-09-30T09:22:54+00:00\",\"dateModified\":\"2021-09-30T09:25:25+00:00\",\"description\":\"Partenaire, vous souhaitez soutenir un r\u00e9seau 100% chefs d'entreprise ? Rejoignez R\u00e9seau Entreprendre Bruxelles\",\"breadcrumb\":{\"@id\":\"https:\\\/\\\/www.reseau-entreprendre.org\\\/yvelines\\\/soutenir__trashed-2\\\/#breadcrumb\"},\"inLanguage\":\"fr-FR\",\"potentialAction\":[{\"@type\":\"ReadAction\",\"target\":[\"https:\\\/\\\/www.reseau-entreprendre.org\\\/yvelines\\\/soutenir__trashed-2\\\/\"]}]},{\"@type\":\"ImageObject\",\"inLanguage\":\"fr-FR\",\"@id\":\"https:\\\/\\\/www.reseau-entreprendre.org\\\/yvelines\\\/soutenir__trashed-2\\\/#primaryimage\",\"url\":\"https:\\\/\\\/www.reseau-entreprendre.org\\\/yvelines\\\/wp-content\\\/uploads\\\/sites\\\/24\\\/2021\\\/09\\\/pexels-gary-barnes-6231630-3-scaled.jpg\",\"contentUrl\":\"https:\\\/\\\/www.reseau-entreprendre.org\\\/yvelines\\\/wp-content\\\/uploads\\\/sites\\\/24\\\/2021\\\/09\\\/pexels-gary-barnes-6231630-3-scaled.jpg\",\"width\":2560,\"height\":2189},{\"@type\":\"BreadcrumbList\",\"@id\":\"https:\\\/\\\/www.reseau-entreprendre.org\\\/yvelines\\\/soutenir__trashed-2\\\/#breadcrumb\",\"itemListElement\":[{\"@type\":\"ListItem\",\"position\":1,\"name\":\"Accueil\",\"item\":\"https:\\\/\\\/www.reseau-entreprendre.org\\\/yvelines\\\/\"},{\"@type\":\"ListItem\",\"position\":2,\"name\":\"SOUTENIR\"}]},{\"@type\":\"WebSite\",\"@id\":\"https:\\\/\\\/www.reseau-entreprendre.org\\\/yvelines\\\/#website\",\"url\":\"https:\\\/\\\/www.reseau-entreprendre.org\\\/yvelines\\\/\",\"name\":\"R\u00e9seau Entreprendre\u00ae Yvelines\",\"description\":\"Un site utilisant Les sites de R\u00e9seau Entreprendre\",\"publisher\":{\"@id\":\"https:\\\/\\\/www.reseau-entreprendre.org\\\/yvelines\\\/#organization\"},\"potentialAction\":[{\"@type\":\"SearchAction\",\"target\":{\"@type\":\"EntryPoint\",\"urlTemplate\":\"https:\\\/\\\/www.reseau-entreprendre.org\\\/yvelines\\\/?s={search_term_string}\"},\"query-input\":{\"@type\":\"PropertyValueSpecification\",\"valueRequired\":true,\"valueName\":\"search_term_string\"}}],\"inLanguage\":\"fr-FR\"},{\"@type\":\"Organization\",\"@id\":\"https:\\\/\\\/www.reseau-entreprendre.org\\\/yvelines\\\/#organization\",\"name\":\"R\u00e9seau Entreprendre\u00ae Yvelines\",\"url\":\"https:\\\/\\\/www.reseau-entreprendre.org\\\/yvelines\\\/\",\"logo\":{\"@type\":\"ImageObject\",\"inLanguage\":\"fr-FR\",\"@id\":\"https:\\\/\\\/www.reseau-entreprendre.org\\\/yvelines\\\/#\\\/schema\\\/logo\\\/image\\\/\",\"url\":\"https:\\\/\\\/www.reseau-entreprendre.org\\\/yvelines\\\/wp-content\\\/uploads\\\/sites\\\/24\\\/2020\\\/03\\\/logo_vertical_re_couleur_yvelines.png\",\"contentUrl\":\"https:\\\/\\\/www.reseau-entreprendre.org\\\/yvelines\\\/wp-content\\\/uploads\\\/sites\\\/24\\\/2020\\\/03\\\/logo_vertical_re_couleur_yvelines.png\",\"width\":4330,\"height\":3488,\"caption\":\"R\u00e9seau Entreprendre\u00ae Yvelines\"},\"image\":{\"@id\":\"https:\\\/\\\/www.reseau-entreprendre.org\\\/yvelines\\\/#\\\/schema\\\/logo\\\/image\\\/\"},\"sameAs\":[\"https:\\\/\\\/x.com\\\/reyvelines\",\"https:\\\/\\\/www.instagram.com\\\/reyvelines\\\/\",\"https:\\\/\\\/www.linkedin.com\\\/showcase\\\/r\u00e9seau-entreprendre-yvelines\\\/?viewAsMember=true\",\"https:\\\/\\\/www.youtube.com\\\/channel\\\/UCoMBpdUxliQuKZgLrXGtIUw\",\"https:\\\/\\\/fr.wikipedia.org\\\/wiki\\\/R\u00e9seau_Entreprendre_Yvelines\"]}]}<\/script>\n<!-- \/ Yoast SEO plugin. -->","yoast_head_json":{"title":"Soutenir | Reseau Entreprendre Bruxelles","description":"Partenaire, vous souhaitez soutenir un r\u00e9seau 100% chefs d'entreprise ? Rejoignez R\u00e9seau Entreprendre Bruxelles","robots":{"index":"index","follow":"follow","max-snippet":"max-snippet:-1","max-image-preview":"max-image-preview:large","max-video-preview":"max-video-preview:-1"},"canonical":"https:\/\/www.reseau-entreprendre.org\/yvelines\/soutenir__trashed-2\/","twitter_card":"summary_large_image","twitter_title":"Soutenir | Reseau Entreprendre Bruxelles","twitter_description":"Partenaire, vous souhaitez soutenir un r\u00e9seau 100% chefs d'entreprise ? Rejoignez R\u00e9seau Entreprendre Bruxelles","twitter_image":"https:\/\/www.reseau-entreprendre.org\/yvelines\/wp-content\/uploads\/sites\/24\/2021\/09\/pexels-gary-barnes-6231630-3-scaled.jpg","twitter_site":"@reyvelines","twitter_misc":{"Dur\u00e9e de lecture estim\u00e9e":"2 minutes"},"schema":{"@context":"https:\/\/schema.org","@graph":[{"@type":"WebPage","@id":"https:\/\/www.reseau-entreprendre.org\/yvelines\/soutenir__trashed-2\/","url":"https:\/\/www.reseau-entreprendre.org\/yvelines\/soutenir__trashed-2\/","name":"Soutenir | Reseau Entreprendre Bruxelles","isPartOf":{"@id":"https:\/\/www.reseau-entreprendre.org\/yvelines\/#website"},"primaryImageOfPage":{"@id":"https:\/\/www.reseau-entreprendre.org\/yvelines\/soutenir__trashed-2\/#primaryimage"},"image":{"@id":"https:\/\/www.reseau-entreprendre.org\/yvelines\/soutenir__trashed-2\/#primaryimage"},"thumbnailUrl":"https:\/\/www.reseau-entreprendre.org\/yvelines\/wp-content\/uploads\/sites\/24\/2021\/09\/pexels-gary-barnes-6231630-3-1024x876.jpg","datePublished":"2021-09-30T09:22:54+00:00","dateModified":"2021-09-30T09:25:25+00:00","description":"Partenaire, vous souhaitez soutenir un r\u00e9seau 100% chefs d'entreprise ? Rejoignez R\u00e9seau Entreprendre Bruxelles","breadcrumb":{"@id":"https:\/\/www.reseau-entreprendre.org\/yvelines\/soutenir__trashed-2\/#breadcrumb"},"inLanguage":"fr-FR","potentialAction":[{"@type":"ReadAction","target":["https:\/\/www.reseau-entreprendre.org\/yvelines\/soutenir__trashed-2\/"]}]},{"@type":"ImageObject","inLanguage":"fr-FR","@id":"https:\/\/www.reseau-entreprendre.org\/yvelines\/soutenir__trashed-2\/#primaryimage","url":"https:\/\/www.reseau-entreprendre.org\/yvelines\/wp-content\/uploads\/sites\/24\/2021\/09\/pexels-gary-barnes-6231630-3-scaled.jpg","contentUrl":"https:\/\/www.reseau-entreprendre.org\/yvelines\/wp-content\/uploads\/sites\/24\/2021\/09\/pexels-gary-barnes-6231630-3-scaled.jpg","width":2560,"height":2189},{"@type":"BreadcrumbList","@id":"https:\/\/www.reseau-entreprendre.org\/yvelines\/soutenir__trashed-2\/#breadcrumb","itemListElement":[{"@type":"ListItem","position":1,"name":"Accueil","item":"https:\/\/www.reseau-entreprendre.org\/yvelines\/"},{"@type":"ListItem","position":2,"name":"SOUTENIR"}]},{"@type":"WebSite","@id":"https:\/\/www.reseau-entreprendre.org\/yvelines\/#website","url":"https:\/\/www.reseau-entreprendre.org\/yvelines\/","name":"R\u00e9seau Entreprendre\u00ae Yvelines","description":"Un site utilisant Les sites de R\u00e9seau Entreprendre","publisher":{"@id":"https:\/\/www.reseau-entreprendre.org\/yvelines\/#organization"},"potentialAction":[{"@type":"SearchAction","target":{"@type":"EntryPoint","urlTemplate":"https:\/\/www.reseau-entreprendre.org\/yvelines\/?s={search_term_string}"},"query-input":{"@type":"PropertyValueSpecification","valueRequired":true,"valueName":"search_term_string"}}],"inLanguage":"fr-FR"},{"@type":"Organization","@id":"https:\/\/www.reseau-entreprendre.org\/yvelines\/#organization","name":"R\u00e9seau Entreprendre\u00ae Yvelines","url":"https:\/\/www.reseau-entreprendre.org\/yvelines\/","logo":{"@type":"ImageObject","inLanguage":"fr-FR","@id":"https:\/\/www.reseau-entreprendre.org\/yvelines\/#\/schema\/logo\/image\/","url":"https:\/\/www.reseau-entreprendre.org\/yvelines\/wp-content\/uploads\/sites\/24\/2020\/03\/logo_vertical_re_couleur_yvelines.png","contentUrl":"https:\/\/www.reseau-entreprendre.org\/yvelines\/wp-content\/uploads\/sites\/24\/2020\/03\/logo_vertical_re_couleur_yvelines.png","width":4330,"height":3488,"caption":"R\u00e9seau Entreprendre\u00ae Yvelines"},"image":{"@id":"https:\/\/www.reseau-entreprendre.org\/yvelines\/#\/schema\/logo\/image\/"},"sameAs":["https:\/\/x.com\/reyvelines","https:\/\/www.instagram.com\/reyvelines\/","https:\/\/www.linkedin.com\/showcase\/r\u00e9seau-entreprendre-yvelines\/?viewAsMember=true","https:\/\/www.youtube.com\/channel\/UCoMBpdUxliQuKZgLrXGtIUw","https:\/\/fr.wikipedia.org\/wiki\/R\u00e9seau_Entreprendre_Yvelines"]}]}},"_links":{"self":[{"href":"https:\/\/www.reseau-entreprendre.org\/yvelines\/wp-json\/wp\/v2\/pages\/3775","targetHints":{"allow":["GET"]}}],"collection":[{"href":"https:\/\/www.reseau-entreprendre.org\/yvelines\/wp-json\/wp\/v2\/pages"}],"about":[{"href":"https:\/\/www.reseau-entreprendre.org\/yvelines\/wp-json\/wp\/v2\/types\/page"}],"author":[{"embeddable":true,"href":"https:\/\/www.reseau-entreprendre.org\/yvelines\/wp-json\/wp\/v2\/users\/25"}],"replies":[{"embeddable":true,"href":"https:\/\/www.reseau-entreprendre.org\/yvelines\/wp-json\/wp\/v2\/comments?post=3775"}],"version-history":[{"count":0,"href":"https:\/\/www.reseau-entreprendre.org\/yvelines\/wp-json\/wp\/v2\/pages\/3775\/revisions"}],"wp:attachment":[{"href":"https:\/\/www.reseau-entreprendre.org\/yvelines\/wp-json\/wp\/v2\/media?parent=3775"}],"curies":[{"name":"wp","href":"https:\/\/api.w.org\/{rel}","templated":true}]}}