{"id":92,"date":"2017-06-12T12:28:14","date_gmt":"2017-06-12T10:28:14","guid":{"rendered":"https:\/\/www.reseau-entreprendre.org\/yvelines\/?page_id=92"},"modified":"2024-04-11T14:24:16","modified_gmt":"2024-04-11T12:24:16","slug":"ils-temoignent","status":"publish","type":"page","link":"https:\/\/www.reseau-entreprendre.org\/yvelines\/ils-temoignent\/","title":{"rendered":"ILS T\u00c9MOIGNENT"},"content":{"rendered":"\n<h2 class=\"wp-block-heading\"><strong>Success stories et t\u00e9moignages<\/strong><\/h2>\n\n\n\n<p>R\u00e9seau Entreprendre est une v\u00e9ritable fabrique \u00e0 success stories (Michel &amp; Augustin, Envie de Fraise, My Little Paris, 727Sailbags, Guest to Guest, Sushi Daily, G\u00e9olid, Good Go\u00fbt, Mano Mano&#8230;). Derri\u00e8re ces belles histoires, des chefs d&#8217;entreprise b\u00e9n\u00e9voles, engag\u00e9s pour les accompagner \u00e0 r\u00e9ussir. <\/p>\n\n\n\n<p>D\u00e9couvrez les t\u00e9moignages de nos laur\u00e9ats et des chefs d&#8217;entreprise qui les accompagnent.<\/p>\n\n\n\n<div style=\"height:50px\" aria-hidden=\"true\" class=\"wp-block-spacer\"><\/div>\n\n\n\n<div class=\"wp-block-group alignwide has-background\" style=\"background-color:#fafafa\"><div class=\"wp-block-group__inner-container is-layout-flow wp-block-group-is-layout-flow\">\n<div style=\"height:30px\" aria-hidden=\"true\" class=\"wp-block-spacer\"><\/div>\n\n\n\n<div class=\"wp-block-media-text alignwide has-media-on-the-right is-stacked-on-mobile is-vertically-aligned-center is-image-fill\" style=\"grid-template-columns:auto 41%\"><div class=\"wp-block-media-text__content\">\n<div style=\"height:20px\" aria-hidden=\"true\" class=\"wp-block-spacer\"><\/div>\n\n\n\n<h3 class=\"wp-block-heading has-re-blue-color has-text-color\" style=\"font-size:35px\"><strong>NOS LAUR\u00c9ATS EN PARLENT<\/strong><\/h3>\n\n\n\n<div style=\"height:30px\" aria-hidden=\"true\" class=\"wp-block-spacer\"><\/div>\n\n\n\n<p class=\"has-normal-font-size\"><em>Le R\u00e9seau Entreprendre\u00ae Yvelines nous a accompagn\u00e9s \u00e0 trois grands niveaux, je dirais.<\/em><\/p>\n\n\n\n<p class=\"has-normal-font-size\"><em>De l\u2019\u00e9laboration du produit avec Alain JOLY (notre charg\u00e9 d\u2019\u00e9tude) \u00e0 la deuxi\u00e8me grande phase qui a \u00e9t\u00e9 la structuration de l\u2019entreprise et enfin dans ce qui est plut\u00f4t li\u00e9e \u00e0 la gestion de crise et au financement.<\/em><\/p>\n\n\n\n<p class=\"has-text-color\" style=\"color:#000000;font-size:17px\"><strong>Fr\u00e9d\u00e9ric JOUSSET, Co-Fondateur de Maison Bonange<\/strong><\/p>\n\n\n\n<p class=\"has-text-color\" style=\"color:#000000;font-size:17px\">Laur\u00e9at Promotion 2020<\/p>\n\n\n\n<div class=\"wp-block-buttons is-layout-flex wp-block-buttons-is-layout-flex\">\n<div class=\"wp-block-button is-style-outline is-style-outline--1\"><a class=\"wp-block-button__link has-re-blue-color has-text-color wp-element-button\" href=\"https:\/\/www.youtube.com\/playlist?list=PLftD2dQqWFqTC3GYlfFyG9xYC1mRuS7Vp\" target=\"_blank\" rel=\"noreferrer noopener\"><strong>NOS LAUR\u00c9ATS EN PARLENT EN VID\u00c9O<\/strong><\/a><\/div>\n<\/div>\n<\/div><figure class=\"wp-block-media-text__media\" style=\"background-image:url(https:\/\/www.reseau-entreprendre.org\/yvelines\/wp-content\/uploads\/sites\/24\/2021\/09\/RES-ENT-21-050-1-1024x683.jpg);background-position:50% 50%\"><img loading=\"lazy\" decoding=\"async\" width=\"1024\" height=\"683\" src=\"https:\/\/www.reseau-entreprendre.org\/yvelines\/wp-content\/uploads\/sites\/24\/2021\/09\/RES-ENT-21-050-1-1024x683.jpg\" alt=\"\u00e9v\u00e8nement r\u00e9seau entreprendre yvelines, entrepreneur t\u00e9moignage\" class=\"wp-image-3614 size-full\" srcset=\"https:\/\/www.reseau-entreprendre.org\/yvelines\/wp-content\/uploads\/sites\/24\/2021\/09\/RES-ENT-21-050-1-1024x683.jpg 1024w, https:\/\/www.reseau-entreprendre.org\/yvelines\/wp-content\/uploads\/sites\/24\/2021\/09\/RES-ENT-21-050-1-300x200.jpg 300w, https:\/\/www.reseau-entreprendre.org\/yvelines\/wp-content\/uploads\/sites\/24\/2021\/09\/RES-ENT-21-050-1-768x512.jpg 768w, https:\/\/www.reseau-entreprendre.org\/yvelines\/wp-content\/uploads\/sites\/24\/2021\/09\/RES-ENT-21-050-1-391x260.jpg 391w, https:\/\/www.reseau-entreprendre.org\/yvelines\/wp-content\/uploads\/sites\/24\/2021\/09\/RES-ENT-21-050-1-1536x1024.jpg 1536w, https:\/\/www.reseau-entreprendre.org\/yvelines\/wp-content\/uploads\/sites\/24\/2021\/09\/RES-ENT-21-050-1-2048x1365.jpg 2048w\" sizes=\"auto, (max-width: 1024px) 100vw, 1024px\" \/><\/figure><\/div>\n\n\n\n<div style=\"height:30px\" aria-hidden=\"true\" class=\"wp-block-spacer\"><\/div>\n<\/div><\/div>\n\n\n\n<div style=\"height:50px\" aria-hidden=\"true\" class=\"wp-block-spacer\"><\/div>\n\n\n\n<div class=\"wp-block-group alignwide has-background\" style=\"background-color:#fafafa\"><div class=\"wp-block-group__inner-container is-layout-flow wp-block-group-is-layout-flow\">\n<div style=\"height:30px\" aria-hidden=\"true\" class=\"wp-block-spacer\"><\/div>\n\n\n\n<div class=\"wp-block-media-text alignwide has-media-on-the-right is-stacked-on-mobile is-vertically-aligned-center is-image-fill\" style=\"grid-template-columns:auto 41%\"><div class=\"wp-block-media-text__content\">\n<div style=\"height:20px\" aria-hidden=\"true\" class=\"wp-block-spacer\"><\/div>\n\n\n\n<h3 class=\"wp-block-heading has-re-red-color has-text-color\" style=\"font-size:35px\"><strong>NOS MEMBRES EN PARLENT<\/strong><\/h3>\n\n\n\n<div style=\"height:30px\" aria-hidden=\"true\" class=\"wp-block-spacer\"><\/div>\n\n\n\n<p class=\"has-text-color\" style=\"color:#000000;font-size:17px\"><em>Les Laur\u00e9ats ont tous le m\u00eame besoin\u2026 C&#8217;est un besoin d&#8217;accompagnement, d&#8217;\u00e9coute, et de confiance.<\/em><\/p>\n\n\n\n<p class=\"has-text-color\" style=\"color:#000000;font-size:17px\"><strong>Beno\u00eet FRELY, Dirigeant et Fondateur de ABC Informatik<\/strong><em> <\/em><\/p>\n\n\n\n<p class=\"has-text-color\" style=\"color:#000000;font-size:17px\">Membre et accompagnateur<\/p>\n\n\n\n<div class=\"wp-block-buttons is-layout-flex wp-block-buttons-is-layout-flex\">\n<div class=\"wp-block-button is-style-outline is-style-outline--2\"><a class=\"wp-block-button__link has-re-red-color has-text-color wp-element-button\" href=\"https:\/\/www.youtube.com\/playlist?list=PLftD2dQqWFqRG2fhDy786sEcS-vyp3Xzh\" target=\"_blank\" rel=\"noreferrer noopener\">NOS MEMBRES EN PARLENT EN VID\u00c9O<\/a><\/div>\n<\/div>\n<\/div><figure class=\"wp-block-media-text__media\" style=\"background-image:url(https:\/\/www.reseau-entreprendre.org\/yvelines\/wp-content\/uploads\/sites\/24\/2021\/09\/Benoit-Frely-e1632841238687-1024x851.jpg);background-position:50% 50%\"><img loading=\"lazy\" decoding=\"async\" width=\"1024\" height=\"851\" src=\"https:\/\/www.reseau-entreprendre.org\/yvelines\/wp-content\/uploads\/sites\/24\/2021\/09\/Benoit-Frely-e1632841238687-1024x851.jpg\" alt=\"membre r\u00e9seau entreprendre yvelines, t\u00e9moignage\" class=\"wp-image-3584 size-full\" srcset=\"https:\/\/www.reseau-entreprendre.org\/yvelines\/wp-content\/uploads\/sites\/24\/2021\/09\/Benoit-Frely-e1632841238687-1024x851.jpg 1024w, https:\/\/www.reseau-entreprendre.org\/yvelines\/wp-content\/uploads\/sites\/24\/2021\/09\/Benoit-Frely-e1632841238687-300x249.jpg 300w, https:\/\/www.reseau-entreprendre.org\/yvelines\/wp-content\/uploads\/sites\/24\/2021\/09\/Benoit-Frely-e1632841238687-768x638.jpg 768w, https:\/\/www.reseau-entreprendre.org\/yvelines\/wp-content\/uploads\/sites\/24\/2021\/09\/Benoit-Frely-e1632841238687.jpg 1300w\" sizes=\"auto, (max-width: 1024px) 100vw, 1024px\" \/><\/figure><\/div>\n\n\n\n<div style=\"height:30px\" aria-hidden=\"true\" class=\"wp-block-spacer\"><\/div>\n<\/div><\/div>\n\n\n\n<div style=\"height:50px\" aria-hidden=\"true\" class=\"wp-block-spacer\"><\/div>\n\n\n\n<div class=\"wp-block-group alignwide has-background\" style=\"background-color:#fafafa\"><div class=\"wp-block-group__inner-container is-layout-flow wp-block-group-is-layout-flow\">\n<div style=\"height:30px\" aria-hidden=\"true\" class=\"wp-block-spacer\"><\/div>\n\n\n\n<div class=\"wp-block-media-text alignwide has-media-on-the-right is-stacked-on-mobile is-vertically-aligned-center is-image-fill\" style=\"grid-template-columns:auto 40%\"><div class=\"wp-block-media-text__content\">\n<div style=\"height:20px\" aria-hidden=\"true\" class=\"wp-block-spacer\"><\/div>\n\n\n\n<h3 class=\"wp-block-heading has-re-yellow-color has-text-color\" style=\"font-size:35px\"><strong>NOS PARTENAIRES EN PARLENT<\/strong><\/h3>\n\n\n\n<div style=\"height:30px\" aria-hidden=\"true\" class=\"wp-block-spacer\"><\/div>\n\n\n\n<p class=\"has-text-color\" style=\"color:#000000;font-size:17px\"><\/p>\n\n\n\n<p class=\"has-text-color\" style=\"color:#000000;font-size:17px\"><\/p>\n\n\n\n<div class=\"wp-block-buttons is-layout-flex wp-block-buttons-is-layout-flex\">\n<div class=\"wp-block-button is-style-outline is-style-outline--3\"><a class=\"wp-block-button__link has-re-yellow-color has-text-color wp-element-button\" href=\"https:\/\/www.youtube.com\/playlist?list=PLftD2dQqWFqQHDo664T9LciJnE5whti4K\" target=\"_blank\" rel=\"noreferrer noopener\"><strong>NOS PARTENAIRES EN PARLENT EN VID\u00c9O<\/strong><\/a><\/div>\n<\/div>\n<\/div><figure class=\"wp-block-media-text__media\" style=\"background-image:url(https:\/\/www.reseau-entreprendre.org\/yvelines\/wp-content\/uploads\/sites\/24\/2021\/09\/RES-ENT-21-017-min-1-1024x683.jpg);background-position:50% 50%\"><img loading=\"lazy\" decoding=\"async\" width=\"1024\" height=\"683\" src=\"https:\/\/www.reseau-entreprendre.org\/yvelines\/wp-content\/uploads\/sites\/24\/2021\/09\/RES-ENT-21-017-min-1-1024x683.jpg\" alt=\"partenaire r\u00e9seau entreprendre yvelines, t\u00e9moignage\" class=\"wp-image-3551 size-full\" srcset=\"https:\/\/www.reseau-entreprendre.org\/yvelines\/wp-content\/uploads\/sites\/24\/2021\/09\/RES-ENT-21-017-min-1-1024x683.jpg 1024w, https:\/\/www.reseau-entreprendre.org\/yvelines\/wp-content\/uploads\/sites\/24\/2021\/09\/RES-ENT-21-017-min-1-300x200.jpg 300w, https:\/\/www.reseau-entreprendre.org\/yvelines\/wp-content\/uploads\/sites\/24\/2021\/09\/RES-ENT-21-017-min-1-768x512.jpg 768w, https:\/\/www.reseau-entreprendre.org\/yvelines\/wp-content\/uploads\/sites\/24\/2021\/09\/RES-ENT-21-017-min-1-391x260.jpg 391w, https:\/\/www.reseau-entreprendre.org\/yvelines\/wp-content\/uploads\/sites\/24\/2021\/09\/RES-ENT-21-017-min-1-1536x1024.jpg 1536w, https:\/\/www.reseau-entreprendre.org\/yvelines\/wp-content\/uploads\/sites\/24\/2021\/09\/RES-ENT-21-017-min-1-2048x1365.jpg 2048w\" sizes=\"auto, (max-width: 1024px) 100vw, 1024px\" \/><\/figure><\/div>\n\n\n\n<div style=\"height:30px\" aria-hidden=\"true\" class=\"wp-block-spacer\"><\/div>\n<\/div><\/div>\n\n\n\n<div style=\"height:50px\" aria-hidden=\"true\" class=\"wp-block-spacer\"><\/div>\n\n\n\n<div class=\"wp-block-group alignwide has-background\" style=\"background-color:#fafafa\"><div class=\"wp-block-group__inner-container is-layout-flow wp-block-group-is-layout-flow\">\n<div style=\"height:30px\" aria-hidden=\"true\" class=\"wp-block-spacer\"><\/div>\n\n\n\n<div class=\"wp-block-media-text alignwide has-media-on-the-right is-stacked-on-mobile is-vertically-aligned-center is-image-fill\" style=\"grid-template-columns:auto 40%\"><div class=\"wp-block-media-text__content\">\n<div style=\"height:20px\" aria-hidden=\"true\" class=\"wp-block-spacer\"><\/div>\n\n\n\n<h3 class=\"wp-block-heading has-re-blue-color has-text-color\" style=\"font-size:35px\"><strong>NOS COLLABORATEURS EN PARLENT<\/strong><\/h3>\n\n\n\n<div style=\"height:30px\" aria-hidden=\"true\" class=\"wp-block-spacer\"><\/div>\n\n\n\n<p><\/p>\n\n\n\n<div class=\"wp-block-buttons is-layout-flex wp-block-buttons-is-layout-flex\">\n<div class=\"wp-block-button is-style-outline is-style-outline--4\"><a class=\"wp-block-button__link has-re-blue-color has-text-color wp-element-button\" href=\"https:\/\/www.youtube.com\/playlist?list=PLftD2dQqWFqSO42IokbkZGwlJ-fPjBAb_\" target=\"_blank\" rel=\"noreferrer noopener\"><strong>NOS COLLABORATEURS EN PARLENT EN VID\u00c9O<\/strong><\/a><\/div>\n<\/div>\n<\/div><figure class=\"wp-block-media-text__media\" style=\"background-image:url(https:\/\/www.reseau-entreprendre.org\/yvelines\/wp-content\/uploads\/sites\/24\/2021\/09\/MAX-1-1-scaled-e1632993445971-1024x625.jpg);background-position:50% 50%\"><img loading=\"lazy\" decoding=\"async\" width=\"1024\" height=\"625\" src=\"https:\/\/www.reseau-entreprendre.org\/yvelines\/wp-content\/uploads\/sites\/24\/2021\/09\/MAX-1-1-scaled-e1632993445971-1024x625.jpg\" alt=\"collaborateur r\u00e9seau entreprendre yvelines, t\u00e9moignage\" class=\"wp-image-3757 size-full\" srcset=\"https:\/\/www.reseau-entreprendre.org\/yvelines\/wp-content\/uploads\/sites\/24\/2021\/09\/MAX-1-1-scaled-e1632993445971-1024x625.jpg 1024w, https:\/\/www.reseau-entreprendre.org\/yvelines\/wp-content\/uploads\/sites\/24\/2021\/09\/MAX-1-1-scaled-e1632993445971-300x183.jpg 300w, https:\/\/www.reseau-entreprendre.org\/yvelines\/wp-content\/uploads\/sites\/24\/2021\/09\/MAX-1-1-scaled-e1632993445971-768x468.jpg 768w, https:\/\/www.reseau-entreprendre.org\/yvelines\/wp-content\/uploads\/sites\/24\/2021\/09\/MAX-1-1-scaled-e1632993445971-1536x937.jpg 1536w, https:\/\/www.reseau-entreprendre.org\/yvelines\/wp-content\/uploads\/sites\/24\/2021\/09\/MAX-1-1-scaled-e1632993445971-2048x1249.jpg 2048w\" sizes=\"auto, (max-width: 1024px) 100vw, 1024px\" \/><\/figure><\/div>\n\n\n\n<div style=\"height:30px\" aria-hidden=\"true\" class=\"wp-block-spacer\"><\/div>\n<\/div><\/div>\n\n\n\n<div style=\"height:50px\" aria-hidden=\"true\" class=\"wp-block-spacer\"><\/div>\n\n\n\n<div class=\"wp-block-group\"><div class=\"wp-block-group__inner-container is-layout-flow wp-block-group-is-layout-flow\">\n<ul class=\"wp-block-social-links has-normal-icon-size items-justified-right is-style-logos-only is-layout-flex wp-block-social-links-is-layout-flex\"><li class=\"wp-social-link wp-social-link-linkedin  wp-block-social-link\"><a rel=\"noopener nofollow\" target=\"_blank\" href=\"https:\/\/www.linkedin.com\/company\/r%C3%A9seau-entreprendre-yvelines\" class=\"wp-block-social-link-anchor\"><svg width=\"24\" height=\"24\" viewBox=\"0 0 24 24\" version=\"1.1\" xmlns=\"http:\/\/www.w3.org\/2000\/svg\" aria-hidden=\"true\" focusable=\"false\"><path d=\"M19.7,3H4.3C3.582,3,3,3.582,3,4.3v15.4C3,20.418,3.582,21,4.3,21h15.4c0.718,0,1.3-0.582,1.3-1.3V4.3 C21,3.582,20.418,3,19.7,3z M8.339,18.338H5.667v-8.59h2.672V18.338z M7.004,8.574c-0.857,0-1.549-0.694-1.549-1.548 c0-0.855,0.691-1.548,1.549-1.548c0.854,0,1.547,0.694,1.547,1.548C8.551,7.881,7.858,8.574,7.004,8.574z M18.339,18.338h-2.669 v-4.177c0-0.996-0.017-2.278-1.387-2.278c-1.389,0-1.601,1.086-1.601,2.206v4.249h-2.667v-8.59h2.559v1.174h0.037 c0.356-0.675,1.227-1.387,2.526-1.387c2.703,0,3.203,1.779,3.203,4.092V18.338z\"><\/path><\/svg><span class=\"wp-block-social-link-label screen-reader-text\">LinkedIn<\/span><\/a><\/li>\n\n<li class=\"wp-social-link wp-social-link-youtube  wp-block-social-link\"><a rel=\"noopener nofollow\" target=\"_blank\" href=\"https:\/\/www.youtube.com\/channel\/UCoMBpdUxliQuKZgLrXGtIUw\/featured\" class=\"wp-block-social-link-anchor\"><svg width=\"24\" height=\"24\" viewBox=\"0 0 24 24\" version=\"1.1\" xmlns=\"http:\/\/www.w3.org\/2000\/svg\" aria-hidden=\"true\" focusable=\"false\"><path d=\"M21.8,8.001c0,0-0.195-1.378-0.795-1.985c-0.76-0.797-1.613-0.801-2.004-0.847c-2.799-0.202-6.997-0.202-6.997-0.202 h-0.009c0,0-4.198,0-6.997,0.202C4.608,5.216,3.756,5.22,2.995,6.016C2.395,6.623,2.2,8.001,2.2,8.001S2,9.62,2,11.238v1.517 c0,1.618,0.2,3.237,0.2,3.237s0.195,1.378,0.795,1.985c0.761,0.797,1.76,0.771,2.205,0.855c1.6,0.153,6.8,0.201,6.8,0.201 s4.203-0.006,7.001-0.209c0.391-0.047,1.243-0.051,2.004-0.847c0.6-0.607,0.795-1.985,0.795-1.985s0.2-1.618,0.2-3.237v-1.517 C22,9.62,21.8,8.001,21.8,8.001z M9.935,14.594l-0.001-5.62l5.404,2.82L9.935,14.594z\"><\/path><\/svg><span class=\"wp-block-social-link-label screen-reader-text\">YouTube<\/span><\/a><\/li>\n\n<li class=\"wp-social-link wp-social-link-instagram  wp-block-social-link\"><a rel=\"noopener nofollow\" target=\"_blank\" href=\"https:\/\/www.instagram.com\/reyvelines\/\" class=\"wp-block-social-link-anchor\"><svg width=\"24\" height=\"24\" viewBox=\"0 0 24 24\" version=\"1.1\" xmlns=\"http:\/\/www.w3.org\/2000\/svg\" aria-hidden=\"true\" focusable=\"false\"><path d=\"M12,4.622c2.403,0,2.688,0.009,3.637,0.052c0.877,0.04,1.354,0.187,1.671,0.31c0.42,0.163,0.72,0.358,1.035,0.673 c0.315,0.315,0.51,0.615,0.673,1.035c0.123,0.317,0.27,0.794,0.31,1.671c0.043,0.949,0.052,1.234,0.052,3.637 s-0.009,2.688-0.052,3.637c-0.04,0.877-0.187,1.354-0.31,1.671c-0.163,0.42-0.358,0.72-0.673,1.035 c-0.315,0.315-0.615,0.51-1.035,0.673c-0.317,0.123-0.794,0.27-1.671,0.31c-0.949,0.043-1.233,0.052-3.637,0.052 s-2.688-0.009-3.637-0.052c-0.877-0.04-1.354-0.187-1.671-0.31c-0.42-0.163-0.72-0.358-1.035-0.673 c-0.315-0.315-0.51-0.615-0.673-1.035c-0.123-0.317-0.27-0.794-0.31-1.671C4.631,14.688,4.622,14.403,4.622,12 s0.009-2.688,0.052-3.637c0.04-0.877,0.187-1.354,0.31-1.671c0.163-0.42,0.358-0.72,0.673-1.035 c0.315-0.315,0.615-0.51,1.035-0.673c0.317-0.123,0.794-0.27,1.671-0.31C9.312,4.631,9.597,4.622,12,4.622 M12,3 C9.556,3,9.249,3.01,8.289,3.054C7.331,3.098,6.677,3.25,6.105,3.472C5.513,3.702,5.011,4.01,4.511,4.511 c-0.5,0.5-0.808,1.002-1.038,1.594C3.25,6.677,3.098,7.331,3.054,8.289C3.01,9.249,3,9.556,3,12c0,2.444,0.01,2.751,0.054,3.711 c0.044,0.958,0.196,1.612,0.418,2.185c0.23,0.592,0.538,1.094,1.038,1.594c0.5,0.5,1.002,0.808,1.594,1.038 c0.572,0.222,1.227,0.375,2.185,0.418C9.249,20.99,9.556,21,12,21s2.751-0.01,3.711-0.054c0.958-0.044,1.612-0.196,2.185-0.418 c0.592-0.23,1.094-0.538,1.594-1.038c0.5-0.5,0.808-1.002,1.038-1.594c0.222-0.572,0.375-1.227,0.418-2.185 C20.99,14.751,21,14.444,21,12s-0.01-2.751-0.054-3.711c-0.044-0.958-0.196-1.612-0.418-2.185c-0.23-0.592-0.538-1.094-1.038-1.594 c-0.5-0.5-1.002-0.808-1.594-1.038c-0.572-0.222-1.227-0.375-2.185-0.418C14.751,3.01,14.444,3,12,3L12,3z M12,7.378 c-2.552,0-4.622,2.069-4.622,4.622S9.448,16.622,12,16.622s4.622-2.069,4.622-4.622S14.552,7.378,12,7.378z M12,15 c-1.657,0-3-1.343-3-3s1.343-3,3-3s3,1.343,3,3S13.657,15,12,15z M16.804,6.116c-0.596,0-1.08,0.484-1.08,1.08 s0.484,1.08,1.08,1.08c0.596,0,1.08-0.484,1.08-1.08S17.401,6.116,16.804,6.116z\"><\/path><\/svg><span class=\"wp-block-social-link-label screen-reader-text\">Instagram<\/span><\/a><\/li>\n\n<li class=\"wp-social-link wp-social-link-facebook  wp-block-social-link\"><a rel=\"noopener nofollow\" target=\"_blank\" href=\"https:\/\/www.facebook.com\/profile.php?id=100079875924764\" class=\"wp-block-social-link-anchor\"><svg width=\"24\" height=\"24\" viewBox=\"0 0 24 24\" version=\"1.1\" xmlns=\"http:\/\/www.w3.org\/2000\/svg\" aria-hidden=\"true\" focusable=\"false\"><path d=\"M12 2C6.5 2 2 6.5 2 12c0 5 3.7 9.1 8.4 9.9v-7H7.9V12h2.5V9.8c0-2.5 1.5-3.9 3.8-3.9 1.1 0 2.2.2 2.2.2v2.5h-1.3c-1.2 0-1.6.8-1.6 1.6V12h2.8l-.4 2.9h-2.3v7C18.3 21.1 22 17 22 12c0-5.5-4.5-10-10-10z\"><\/path><\/svg><span class=\"wp-block-social-link-label screen-reader-text\">Facebook<\/span><\/a><\/li><\/ul>\n\n\n\n<p class=\"has-text-align-right has-small-font-size\"><strong>Soutenez nos actions<\/strong> en nous suivant sur les r\u00e9seaux.<\/p>\n<\/div><\/div>\n","protected":false},"excerpt":{"rendered":"<p>Success stories et t\u00e9moignages R\u00e9seau Entreprendre est une v\u00e9ritable fabrique<\/p>\n","protected":false},"author":25,"featured_media":0,"parent":0,"menu_order":0,"comment_status":"closed","ping_status":"closed","template":"","meta":{"_acf_changed":false,"_monsterinsights_skip_tracking":false,"_monsterinsights_sitenote_active":false,"_monsterinsights_sitenote_note":"","_monsterinsights_sitenote_category":0,"footnotes":""},"class_list":["post-92","page","type-page","status-publish","hentry"],"acf":[],"yoast_head":"<!-- This site is optimized with the Yoast SEO plugin v27.4 - https:\/\/yoast.com\/product\/yoast-seo-wordpress\/ -->\n<title>Ils t\u00e9moignent - R\u00e9seau Entreprendre\u00aeYvelines<\/title>\n<meta name=\"description\" content=\"D\u00e9couvrez les chefs d&#039;entreprises, laur\u00e9ats, membres b\u00e9n\u00e9voles et partenaires qui composent la communaut\u00e9 R\u00e9seau Entreprendre\u00aeYvelines.\" \/>\n<meta name=\"robots\" content=\"index, follow, max-snippet:-1, max-image-preview:large, max-video-preview:-1\" \/>\n<link rel=\"canonical\" href=\"https:\/\/www.reseau-entreprendre.org\/yvelines\/ils-temoignent\/\" \/>\n<meta name=\"twitter:card\" content=\"summary_large_image\" \/>\n<meta name=\"twitter:title\" content=\"Ils t\u00e9moignent - R\u00e9seau Entreprendre\u00aeYvelines\" \/>\n<meta name=\"twitter:description\" content=\"D\u00e9couvrez les chefs d&#039;entreprises, laur\u00e9ats, membres b\u00e9n\u00e9voles et partenaires qui composent la communaut\u00e9 R\u00e9seau Entreprendre\u00aeYvelines.\" \/>\n<meta name=\"twitter:image\" content=\"https:\/\/www.reseau-entreprendre.org\/yvelines\/wp-content\/uploads\/sites\/24\/2021\/09\/RES-ENT-21-050-1-scaled.jpg\" \/>\n<meta name=\"twitter:site\" content=\"@reyvelines\" \/>\n<meta name=\"twitter:label1\" content=\"Dur\u00e9e de lecture estim\u00e9e\" \/>\n\t<meta name=\"twitter:data1\" content=\"2 minutes\" \/>\n<script type=\"application\/ld+json\" class=\"yoast-schema-graph\">{\"@context\":\"https:\\\/\\\/schema.org\",\"@graph\":[{\"@type\":\"WebPage\",\"@id\":\"https:\\\/\\\/www.reseau-entreprendre.org\\\/yvelines\\\/ils-temoignent\\\/\",\"url\":\"https:\\\/\\\/www.reseau-entreprendre.org\\\/yvelines\\\/ils-temoignent\\\/\",\"name\":\"Ils t\u00e9moignent - R\u00e9seau Entreprendre\u00aeYvelines\",\"isPartOf\":{\"@id\":\"https:\\\/\\\/www.reseau-entreprendre.org\\\/yvelines\\\/#website\"},\"primaryImageOfPage\":{\"@id\":\"https:\\\/\\\/www.reseau-entreprendre.org\\\/yvelines\\\/ils-temoignent\\\/#primaryimage\"},\"image\":{\"@id\":\"https:\\\/\\\/www.reseau-entreprendre.org\\\/yvelines\\\/ils-temoignent\\\/#primaryimage\"},\"thumbnailUrl\":\"https:\\\/\\\/www.reseau-entreprendre.org\\\/yvelines\\\/wp-content\\\/uploads\\\/sites\\\/24\\\/2021\\\/09\\\/RES-ENT-21-050-1-1024x683.jpg\",\"datePublished\":\"2017-06-12T10:28:14+00:00\",\"dateModified\":\"2024-04-11T12:24:16+00:00\",\"description\":\"D\u00e9couvrez les chefs d'entreprises, laur\u00e9ats, membres b\u00e9n\u00e9voles et partenaires qui composent la communaut\u00e9 R\u00e9seau Entreprendre\u00aeYvelines.\",\"breadcrumb\":{\"@id\":\"https:\\\/\\\/www.reseau-entreprendre.org\\\/yvelines\\\/ils-temoignent\\\/#breadcrumb\"},\"inLanguage\":\"fr-FR\",\"potentialAction\":[{\"@type\":\"ReadAction\",\"target\":[\"https:\\\/\\\/www.reseau-entreprendre.org\\\/yvelines\\\/ils-temoignent\\\/\"]}]},{\"@type\":\"ImageObject\",\"inLanguage\":\"fr-FR\",\"@id\":\"https:\\\/\\\/www.reseau-entreprendre.org\\\/yvelines\\\/ils-temoignent\\\/#primaryimage\",\"url\":\"https:\\\/\\\/www.reseau-entreprendre.org\\\/yvelines\\\/wp-content\\\/uploads\\\/sites\\\/24\\\/2021\\\/09\\\/RES-ENT-21-050-1-scaled.jpg\",\"contentUrl\":\"https:\\\/\\\/www.reseau-entreprendre.org\\\/yvelines\\\/wp-content\\\/uploads\\\/sites\\\/24\\\/2021\\\/09\\\/RES-ENT-21-050-1-scaled.jpg\",\"width\":2560,\"height\":1707},{\"@type\":\"BreadcrumbList\",\"@id\":\"https:\\\/\\\/www.reseau-entreprendre.org\\\/yvelines\\\/ils-temoignent\\\/#breadcrumb\",\"itemListElement\":[{\"@type\":\"ListItem\",\"position\":1,\"name\":\"Accueil\",\"item\":\"https:\\\/\\\/www.reseau-entreprendre.org\\\/yvelines\\\/\"},{\"@type\":\"ListItem\",\"position\":2,\"name\":\"ILS T\u00c9MOIGNENT\"}]},{\"@type\":\"WebSite\",\"@id\":\"https:\\\/\\\/www.reseau-entreprendre.org\\\/yvelines\\\/#website\",\"url\":\"https:\\\/\\\/www.reseau-entreprendre.org\\\/yvelines\\\/\",\"name\":\"R\u00e9seau Entreprendre\u00ae Yvelines\",\"description\":\"Un site utilisant Les sites de R\u00e9seau Entreprendre\",\"publisher\":{\"@id\":\"https:\\\/\\\/www.reseau-entreprendre.org\\\/yvelines\\\/#organization\"},\"potentialAction\":[{\"@type\":\"SearchAction\",\"target\":{\"@type\":\"EntryPoint\",\"urlTemplate\":\"https:\\\/\\\/www.reseau-entreprendre.org\\\/yvelines\\\/?s={search_term_string}\"},\"query-input\":{\"@type\":\"PropertyValueSpecification\",\"valueRequired\":true,\"valueName\":\"search_term_string\"}}],\"inLanguage\":\"fr-FR\"},{\"@type\":\"Organization\",\"@id\":\"https:\\\/\\\/www.reseau-entreprendre.org\\\/yvelines\\\/#organization\",\"name\":\"R\u00e9seau Entreprendre\u00ae Yvelines\",\"url\":\"https:\\\/\\\/www.reseau-entreprendre.org\\\/yvelines\\\/\",\"logo\":{\"@type\":\"ImageObject\",\"inLanguage\":\"fr-FR\",\"@id\":\"https:\\\/\\\/www.reseau-entreprendre.org\\\/yvelines\\\/#\\\/schema\\\/logo\\\/image\\\/\",\"url\":\"https:\\\/\\\/www.reseau-entreprendre.org\\\/yvelines\\\/wp-content\\\/uploads\\\/sites\\\/24\\\/2020\\\/03\\\/logo_vertical_re_couleur_yvelines.png\",\"contentUrl\":\"https:\\\/\\\/www.reseau-entreprendre.org\\\/yvelines\\\/wp-content\\\/uploads\\\/sites\\\/24\\\/2020\\\/03\\\/logo_vertical_re_couleur_yvelines.png\",\"width\":4330,\"height\":3488,\"caption\":\"R\u00e9seau Entreprendre\u00ae Yvelines\"},\"image\":{\"@id\":\"https:\\\/\\\/www.reseau-entreprendre.org\\\/yvelines\\\/#\\\/schema\\\/logo\\\/image\\\/\"},\"sameAs\":[\"https:\\\/\\\/x.com\\\/reyvelines\",\"https:\\\/\\\/www.instagram.com\\\/reyvelines\\\/\",\"https:\\\/\\\/www.linkedin.com\\\/showcase\\\/r\u00e9seau-entreprendre-yvelines\\\/?viewAsMember=true\",\"https:\\\/\\\/www.youtube.com\\\/channel\\\/UCoMBpdUxliQuKZgLrXGtIUw\",\"https:\\\/\\\/fr.wikipedia.org\\\/wiki\\\/R\u00e9seau_Entreprendre_Yvelines\"]}]}<\/script>\n<!-- \/ Yoast SEO plugin. -->","yoast_head_json":{"title":"Ils t\u00e9moignent - R\u00e9seau Entreprendre\u00aeYvelines","description":"D\u00e9couvrez les chefs d'entreprises, laur\u00e9ats, membres b\u00e9n\u00e9voles et partenaires qui composent la communaut\u00e9 R\u00e9seau Entreprendre\u00aeYvelines.","robots":{"index":"index","follow":"follow","max-snippet":"max-snippet:-1","max-image-preview":"max-image-preview:large","max-video-preview":"max-video-preview:-1"},"canonical":"https:\/\/www.reseau-entreprendre.org\/yvelines\/ils-temoignent\/","twitter_card":"summary_large_image","twitter_title":"Ils t\u00e9moignent - R\u00e9seau Entreprendre\u00aeYvelines","twitter_description":"D\u00e9couvrez les chefs d'entreprises, laur\u00e9ats, membres b\u00e9n\u00e9voles et partenaires qui composent la communaut\u00e9 R\u00e9seau Entreprendre\u00aeYvelines.","twitter_image":"https:\/\/www.reseau-entreprendre.org\/yvelines\/wp-content\/uploads\/sites\/24\/2021\/09\/RES-ENT-21-050-1-scaled.jpg","twitter_site":"@reyvelines","twitter_misc":{"Dur\u00e9e de lecture estim\u00e9e":"2 minutes"},"schema":{"@context":"https:\/\/schema.org","@graph":[{"@type":"WebPage","@id":"https:\/\/www.reseau-entreprendre.org\/yvelines\/ils-temoignent\/","url":"https:\/\/www.reseau-entreprendre.org\/yvelines\/ils-temoignent\/","name":"Ils t\u00e9moignent - R\u00e9seau Entreprendre\u00aeYvelines","isPartOf":{"@id":"https:\/\/www.reseau-entreprendre.org\/yvelines\/#website"},"primaryImageOfPage":{"@id":"https:\/\/www.reseau-entreprendre.org\/yvelines\/ils-temoignent\/#primaryimage"},"image":{"@id":"https:\/\/www.reseau-entreprendre.org\/yvelines\/ils-temoignent\/#primaryimage"},"thumbnailUrl":"https:\/\/www.reseau-entreprendre.org\/yvelines\/wp-content\/uploads\/sites\/24\/2021\/09\/RES-ENT-21-050-1-1024x683.jpg","datePublished":"2017-06-12T10:28:14+00:00","dateModified":"2024-04-11T12:24:16+00:00","description":"D\u00e9couvrez les chefs d'entreprises, laur\u00e9ats, membres b\u00e9n\u00e9voles et partenaires qui composent la communaut\u00e9 R\u00e9seau Entreprendre\u00aeYvelines.","breadcrumb":{"@id":"https:\/\/www.reseau-entreprendre.org\/yvelines\/ils-temoignent\/#breadcrumb"},"inLanguage":"fr-FR","potentialAction":[{"@type":"ReadAction","target":["https:\/\/www.reseau-entreprendre.org\/yvelines\/ils-temoignent\/"]}]},{"@type":"ImageObject","inLanguage":"fr-FR","@id":"https:\/\/www.reseau-entreprendre.org\/yvelines\/ils-temoignent\/#primaryimage","url":"https:\/\/www.reseau-entreprendre.org\/yvelines\/wp-content\/uploads\/sites\/24\/2021\/09\/RES-ENT-21-050-1-scaled.jpg","contentUrl":"https:\/\/www.reseau-entreprendre.org\/yvelines\/wp-content\/uploads\/sites\/24\/2021\/09\/RES-ENT-21-050-1-scaled.jpg","width":2560,"height":1707},{"@type":"BreadcrumbList","@id":"https:\/\/www.reseau-entreprendre.org\/yvelines\/ils-temoignent\/#breadcrumb","itemListElement":[{"@type":"ListItem","position":1,"name":"Accueil","item":"https:\/\/www.reseau-entreprendre.org\/yvelines\/"},{"@type":"ListItem","position":2,"name":"ILS T\u00c9MOIGNENT"}]},{"@type":"WebSite","@id":"https:\/\/www.reseau-entreprendre.org\/yvelines\/#website","url":"https:\/\/www.reseau-entreprendre.org\/yvelines\/","name":"R\u00e9seau Entreprendre\u00ae Yvelines","description":"Un site utilisant Les sites de R\u00e9seau Entreprendre","publisher":{"@id":"https:\/\/www.reseau-entreprendre.org\/yvelines\/#organization"},"potentialAction":[{"@type":"SearchAction","target":{"@type":"EntryPoint","urlTemplate":"https:\/\/www.reseau-entreprendre.org\/yvelines\/?s={search_term_string}"},"query-input":{"@type":"PropertyValueSpecification","valueRequired":true,"valueName":"search_term_string"}}],"inLanguage":"fr-FR"},{"@type":"Organization","@id":"https:\/\/www.reseau-entreprendre.org\/yvelines\/#organization","name":"R\u00e9seau Entreprendre\u00ae Yvelines","url":"https:\/\/www.reseau-entreprendre.org\/yvelines\/","logo":{"@type":"ImageObject","inLanguage":"fr-FR","@id":"https:\/\/www.reseau-entreprendre.org\/yvelines\/#\/schema\/logo\/image\/","url":"https:\/\/www.reseau-entreprendre.org\/yvelines\/wp-content\/uploads\/sites\/24\/2020\/03\/logo_vertical_re_couleur_yvelines.png","contentUrl":"https:\/\/www.reseau-entreprendre.org\/yvelines\/wp-content\/uploads\/sites\/24\/2020\/03\/logo_vertical_re_couleur_yvelines.png","width":4330,"height":3488,"caption":"R\u00e9seau Entreprendre\u00ae Yvelines"},"image":{"@id":"https:\/\/www.reseau-entreprendre.org\/yvelines\/#\/schema\/logo\/image\/"},"sameAs":["https:\/\/x.com\/reyvelines","https:\/\/www.instagram.com\/reyvelines\/","https:\/\/www.linkedin.com\/showcase\/r\u00e9seau-entreprendre-yvelines\/?viewAsMember=true","https:\/\/www.youtube.com\/channel\/UCoMBpdUxliQuKZgLrXGtIUw","https:\/\/fr.wikipedia.org\/wiki\/R\u00e9seau_Entreprendre_Yvelines"]}]}},"_links":{"self":[{"href":"https:\/\/www.reseau-entreprendre.org\/yvelines\/wp-json\/wp\/v2\/pages\/92","targetHints":{"allow":["GET"]}}],"collection":[{"href":"https:\/\/www.reseau-entreprendre.org\/yvelines\/wp-json\/wp\/v2\/pages"}],"about":[{"href":"https:\/\/www.reseau-entreprendre.org\/yvelines\/wp-json\/wp\/v2\/types\/page"}],"author":[{"embeddable":true,"href":"https:\/\/www.reseau-entreprendre.org\/yvelines\/wp-json\/wp\/v2\/users\/25"}],"replies":[{"embeddable":true,"href":"https:\/\/www.reseau-entreprendre.org\/yvelines\/wp-json\/wp\/v2\/comments?post=92"}],"version-history":[{"count":0,"href":"https:\/\/www.reseau-entreprendre.org\/yvelines\/wp-json\/wp\/v2\/pages\/92\/revisions"}],"wp:attachment":[{"href":"https:\/\/www.reseau-entreprendre.org\/yvelines\/wp-json\/wp\/v2\/media?parent=92"}],"curies":[{"name":"wp","href":"https:\/\/api.w.org\/{rel}","templated":true}]}}